{"id":29825,"date":"2023-04-03T10:00:26","date_gmt":"2023-04-03T07:00:26","guid":{"rendered":"https:\/\/candanmezili.com\/?page_id=29825"},"modified":"2025-09-11T19:25:43","modified_gmt":"2025-09-11T16:25:43","slug":"stirnverkleinerung","status":"publish","type":"page","link":"https:\/\/candanmezili.com\/de\/gesichtsaesthetik\/stirnverkleinerung\/","title":{"rendered":"Stirnverkleinerung in der T\u00fcrkei"},"content":{"rendered":"<div class=\"row\"  id=\"row-1278542182\">\n\n\t<div id=\"col-921417749\" class=\"col small-12 large-12\"  >\n\t\t\t\t<div class=\"col-inner\"  >\n\t\t\t\n\t\t\t\n\t<div class=\"img has-hover x md-x lg-x y md-y lg-y\" id=\"image_926994563\">\n\t\t\t\t\t\t\t\t<div class=\"img-inner dark\" >\n\t\t\t<img decoding=\"async\" width=\"1140\" height=\"500\" src=\"https:\/\/candanmezili.com\/wp-content\/uploads\/2023\/04\/Stirnverkleinerung-Haarliniensenkung-Operation-in-Izmir-Turkei.jpg\" class=\"attachment-full size-full\" alt=\"Stirnverkleinerung (Haarliniensenkung) Operation in Izmir, T\u00fcrkei\" srcset=\"https:\/\/candanmezili.com\/wp-content\/uploads\/2023\/04\/Stirnverkleinerung-Haarliniensenkung-Operation-in-Izmir-Turkei.jpg 1140w, https:\/\/candanmezili.com\/wp-content\/uploads\/2023\/04\/Stirnverkleinerung-Haarliniensenkung-Operation-in-Izmir-Turkei-300x132.jpg 300w, https:\/\/candanmezili.com\/wp-content\/uploads\/2023\/04\/Stirnverkleinerung-Haarliniensenkung-Operation-in-Izmir-Turkei-1024x449.jpg 1024w, https:\/\/candanmezili.com\/wp-content\/uploads\/2023\/04\/Stirnverkleinerung-Haarliniensenkung-Operation-in-Izmir-Turkei-768x337.jpg 768w, https:\/\/candanmezili.com\/wp-content\/uploads\/2023\/04\/Stirnverkleinerung-Haarliniensenkung-Operation-in-Izmir-Turkei-640x281.jpg 640w, https:\/\/candanmezili.com\/wp-content\/uploads\/2023\/04\/Stirnverkleinerung-Haarliniensenkung-Operation-in-Izmir-Turkei-400x175.jpg 400w\" sizes=\"(max-width: 1140px) 100vw, 1140px\" title=\"\">\t\t\t\t\t\t\n\t\t\t\t\t<\/div>\n\t\t\t\t\t\t\t\t\n<style>\n#image_926994563 {\n  width: 100%;\n}\n<\/style>\n\t<\/div>\n\t\n\t\t<\/div>\n\t\t\t\t\t<\/div>\n\n\t\n\n\t<div id=\"col-224116788\" class=\"col small-12 large-12\"  >\n\t\t\t\t<div class=\"col-inner\"  >\n\t\t\t\n\t\t\t\n<p>Stirnverkleinerung in der T\u00fcrkei ist ein plastisch-chirurgischer Eingriff, der die H\u00f6he der Stirn reduziert und so f\u00fcr harmonischere Gesichtsproportionen sorgt. Dabei wird der Haaransatz nach vorne verlagert oder \u00fcbersch\u00fcssige Haut entfernt, um ein ausgewogeneres und \u00e4sthetisch ansprechendes Gesamtbild zu erzielen.<\/p>\n<p>Die Kosten f\u00fcr eine Stirnverkleinerung in der T\u00fcrkei liegen deutlich unter denen vieler westeurop\u00e4ischer L\u00e4nder, bei gleichbleibend hohen medizinischen Standards. Der genaue Preis h\u00e4ngt von der angewandten Technik, der Dauer des Eingriffs sowie den enthaltenen Zusatzleistungen im Behandlungspaket ab.<\/p>\n<p>Die Genesung nach einer Stirnverkleinerung in der T\u00fcrkei dauert in der Regel ein bis zwei Wochen. W\u00e4hrend dieser Zeit k\u00f6nnen Schwellungen, Bluterg\u00fcsse oder Spannungsgef\u00fchle auftreten. Eine sorgf\u00e4ltige Nachsorge und die Befolgung \u00e4rztlicher Empfehlungen unterst\u00fctzen den Heilungsverlauf und die Haltbarkeit des Ergebnisses.<\/p>\n<p>Behandlungspakete f\u00fcr Stirnverkleinerung in der T\u00fcrkei umfassen meist Beratung, An\u00e4sthesie, Klinikaufenthalt und Nachsorge. Viele Kliniken bieten ma\u00dfgeschneiderte Betreuungskonzepte f\u00fcr internationale Patienten, die Sicherheit, Komfort und \u00e4sthetisch \u00fcberzeugende Resultate garantieren.<\/p>\n\t\t<\/div>\n\t\t\t\t\t<\/div>\n\n\t\n<\/div>\n<div class=\"row\"  id=\"row-1974366144\">\n\n\t<div id=\"col-2015575599\" class=\"col small-12 large-12\"  >\n\t\t\t\t<div class=\"col-inner\"  >\n\t\t\t\n\t\t\t\n<p>&nbsp;<\/p>\n\n\t<section class=\"section\" id=\"section_2045966304\">\n\t\t<div class=\"section-bg fill\" >\n\t\t\t\t\t\t\t\t\t\n\t\t\t\n\n\t\t<\/div>\n\n\t\t\n\n\t\t<div class=\"section-content relative\">\n\t\t\t\r\n\r\n<div class=\"row\"  id=\"row-818374241\">\r\n\r\n\n\t<div id=\"col-1065361800\" class=\"col small-12 large-12\"  >\n\t\t\t\t<div class=\"col-inner dark\" style=\"background-color:#004e7b;\" >\n\t\t\t\n\t\t\t\r\n\r\n<div class=\"row\"  id=\"row-98664359\">\r\n\r\n\n\t<div id=\"col-1821091932\" class=\"col medium-5 small-12 large-5\"  >\n\t\t\t\t<div class=\"col-inner\"  >\n\t\t\t\n\t\t\t\r\n\r\n\t<div class=\"img has-hover border-gorsel x md-x lg-x y md-y lg-y\" id=\"image_1164696888\">\n\t\t\t\t\t\t\t\t<div class=\"img-inner dark\" >\n\t\t\t<img decoding=\"async\" width=\"1500\" height=\"1531\" src=\"https:\/\/candanmezili.com\/wp-content\/uploads\/2022\/07\/candanweb.jpg\" class=\"attachment-2048x2048 size-2048x2048\" alt=\"\" srcset=\"https:\/\/candanmezili.com\/wp-content\/uploads\/2022\/07\/candanweb.jpg 1500w, https:\/\/candanmezili.com\/wp-content\/uploads\/2022\/07\/candanweb-294x300.jpg 294w, https:\/\/candanmezili.com\/wp-content\/uploads\/2022\/07\/candanweb-1003x1024.jpg 1003w, https:\/\/candanmezili.com\/wp-content\/uploads\/2022\/07\/candanweb-768x784.jpg 768w\" sizes=\"(max-width: 1500px) 100vw, 1500px\" title=\"\">\t\t\t\t\t\t\n\t\t\t\t\t<\/div>\n\t\t\t\t\t\t\t\t\n<style>\n#image_1164696888 {\n  width: 100%;\n}\n<\/style>\n\t<\/div>\n\t\r\n\r\n\r\n\t\t<\/div>\n\t\t\t\t\t<\/div>\n\n\t\r\n\n\t<div id=\"col-1282373669\" class=\"col medium-7 small-12 large-7\"  >\n\t\t\t\t<div class=\"col-inner\"  >\n\t\t\t\n\t\t\t\r\n\r\n\t<div id=\"text-242473336\" class=\"text\">\n\t\t\r\n\r\n<p><span style=\"font-size: 75%;\">Izmir Plastische und \u00c4sthetische Chirurgie<\/span><br \/><span style=\"font-size: 150%;\"><strong>Op. Dr. Candan Mezili<\/strong><\/span><\/p>\r\n\t\t\n<style>\n#text-242473336 {\n  font-size: 1rem;\n}\n@media (min-width:550px) {\n  #text-242473336 {\n    font-size: 1.5rem;\n  }\n}\n<\/style>\n\t<\/div>\n\t\r\n\t<div id=\"text-84083329\" class=\"text\">\n\t\t\r\n\r\n<p>Ich habe 2005 die Medizinische Fakult\u00e4t der Universit\u00e4t Ankara abgeschlossen und im selben Jahr meine Facharztausbildung f\u00fcr Plastische, \u00c4sthetische und Rekonstruktive Chirurgie an der Medizinischen Fakult\u00e4t der Universit\u00e4t Ege begonnen. Die M\u00f6glichkeit, Formen zu ver\u00e4ndern und Kreativit\u00e4t einzusetzen, war der wichtigste Grund, warum ich mich f\u00fcr dieses Fach entschieden habe. W\u00e4hrend meiner Facharztausbildung hatte ich die Gelegenheit, zahlreiche Operationen mit vielen gesch\u00e4tzten Professoren durchzuf\u00fchren. Derzeit arbeite ich in meiner eigenen Klinik in Izmir.<\/p>\r\n\t\t\n<style>\n#text-84083329 {\n  text-align: left;\n}\n<\/style>\n\t<\/div>\n\t\r\n<a href=\"https:\/\/candanmezili.com\/de\/uber-mich\/\" class=\"button white is-small lowercase\" style=\"border-radius:10px;\">\n\t\t<span>\u00dcber mich<\/span>\n\t<i class=\"icon-angle-right\" aria-hidden=\"true\"><\/i><\/a>\n\r\n\r\n<a href=\"https:\/\/api.whatsapp.com\/send\/?phone=905334008240\" class=\"button white is-small lowercase\" style=\"border-radius:10px;\" target=\"_blank\" rel=\"noopener\">\n\t\t<span>WhatsApp<\/span>\n\t<i class=\"icon-whatsapp\" aria-hidden=\"true\"><\/i><\/a>\n\r\n\r\n<div class=\"social-icons follow-icons homepage-icon\" ><a href=\"https:\/\/www.facebook.com\/opdrcandanmezili\/\" target=\"_blank\" data-label=\"Facebook\" class=\"icon button circle is-outline tooltip facebook\" title=\"Auf Facebook folgen\" aria-label=\"Auf Facebook folgen\" rel=\"noopener nofollow\"><i class=\"icon-facebook\" aria-hidden=\"true\"><\/i><\/a><a href=\"https:\/\/www.instagram.com\/drcandanmezili\/\" target=\"_blank\" data-label=\"Instagram\" class=\"icon button circle is-outline tooltip instagram\" title=\"Auf Instagram folgen\" aria-label=\"Auf Instagram folgen\" rel=\"noopener nofollow\"><i class=\"icon-instagram\" aria-hidden=\"true\"><\/i><\/a><a href=\"mailto:info@candanmezili.com\" data-label=\"E-mail\" target=\"_blank\" class=\"icon button circle is-outline tooltip email\" title=\"Sende uns eine E-Mail\" aria-label=\"Sende uns eine E-Mail\" rel=\"nofollow noopener\"><i class=\"icon-envelop\" aria-hidden=\"true\"><\/i><\/a><a href=\"tel:+90 533 400 82 40\" data-label=\"Phone\" target=\"_blank\" class=\"icon button circle is-outline tooltip phone\" title=\"Rufe uns an\" aria-label=\"Rufe uns an\" rel=\"nofollow noopener\"><i class=\"icon-phone\" aria-hidden=\"true\"><\/i><\/a><a href=\"https:\/\/www.youtube.com\/@CandanMezili\/\" data-label=\"YouTube\" target=\"_blank\" class=\"icon button circle is-outline tooltip youtube\" title=\"Auf YouTube folgen\" aria-label=\"Auf YouTube folgen\" rel=\"noopener nofollow\"><i class=\"icon-youtube\" aria-hidden=\"true\"><\/i><\/a><\/div>\r\n\r\n\r\n\t\t<\/div>\n\t\t\t\t\t<\/div>\n\n\t\r\n\r\n<\/div>\r\n\r\n\t\t<\/div>\n\t\t\t\t\n<style>\n#col-1065361800 > .col-inner {\n  padding: 30px 15px 1px 15px;\n  margin: 0px 0px -20px 0px;\n  border-radius: 20px;\n}\n@media (min-width:550px) {\n  #col-1065361800 > .col-inner {\n    padding: 30px 30px 1px 30px;\n  }\n}\n<\/style>\n\t<\/div>\n\n\t\r\n\r\n<\/div>\r\n\r\n\t\t<\/div>\n\n\t\t\n<style>\n#section_2045966304 {\n  padding-top: 30px;\n  padding-bottom: 30px;\n}\n<\/style>\n\t<\/section>\n\t\r\n\n<p>&nbsp;<\/p>\n<div id=\"ez-toc-container\" class=\"ez-toc-v2_0_82_2 counter-hierarchy ez-toc-counter ez-toc-custom ez-toc-container-direction\">\n<div class=\"ez-toc-title-container\">\n<p class=\"ez-toc-title\" style=\"cursor:inherit\">Inhaltsverzeichnis<\/p>\n<span class=\"ez-toc-title-toggle\"><a href=\"#\" class=\"ez-toc-pull-right ez-toc-btn ez-toc-btn-xs ez-toc-btn-default ez-toc-toggle\" aria-label=\"Toggle Table of Content\"><span class=\"ez-toc-js-icon-con\"><span class=\"\"><span class=\"eztoc-hide\" style=\"display:none;\">Toggle<\/span><span class=\"ez-toc-icon-toggle-span\"><svg style=\"fill: #ffffff;color:#ffffff\" xmlns=\"http:\/\/www.w3.org\/2000\/svg\" class=\"list-377408\" width=\"20px\" height=\"20px\" viewBox=\"0 0 24 24\" fill=\"none\"><path d=\"M6 6H4v2h2V6zm14 0H8v2h12V6zM4 11h2v2H4v-2zm16 0H8v2h12v-2zM4 16h2v2H4v-2zm16 0H8v2h12v-2z\" fill=\"currentColor\"><\/path><\/svg><svg style=\"fill: #ffffff;color:#ffffff\" class=\"arrow-unsorted-368013\" xmlns=\"http:\/\/www.w3.org\/2000\/svg\" width=\"10px\" height=\"10px\" viewBox=\"0 0 24 24\" version=\"1.2\" baseProfile=\"tiny\"><path d=\"M18.2 9.3l-6.2-6.3-6.2 6.3c-.2.2-.3.4-.3.7s.1.5.3.7c.2.2.4.3.7.3h11c.3 0 .5-.1.7-.3.2-.2.3-.5.3-.7s-.1-.5-.3-.7zM5.8 14.7l6.2 6.3 6.2-6.3c.2-.2.3-.5.3-.7s-.1-.5-.3-.7c-.2-.2-.4-.3-.7-.3h-11c-.3 0-.5.1-.7.3-.2.2-.3.5-.3.7s.1.5.3.7z\"\/><\/svg><\/span><\/span><\/span><\/a><\/span><\/div>\n<nav><ul class='ez-toc-list ez-toc-list-level-1 ' ><li class='ez-toc-page-1 ez-toc-heading-level-2'><a class=\"ez-toc-link ez-toc-heading-1\" href=\"https:\/\/candanmezili.com\/de\/gesichtsaesthetik\/stirnverkleinerung\/#Was_ist_eine_Stirnverkleinerungsoperation\" >Was ist eine Stirnverkleinerungsoperation?<\/a><\/li><li class='ez-toc-page-1 ez-toc-heading-level-2'><a class=\"ez-toc-link ez-toc-heading-2\" href=\"https:\/\/candanmezili.com\/de\/gesichtsaesthetik\/stirnverkleinerung\/#Wie_funktioniert_eine_Stirnverkleinerungsoperation\" >Wie funktioniert eine Stirnverkleinerungsoperation?<\/a><\/li><li class='ez-toc-page-1 ez-toc-heading-level-2'><a class=\"ez-toc-link ez-toc-heading-3\" href=\"https:\/\/candanmezili.com\/de\/gesichtsaesthetik\/stirnverkleinerung\/#Wie_lange_dauert_es_sich_von_einer_Stirnverkleinerungsoperation_zu_erholen\" >Wie lange dauert es, sich von einer Stirnverkleinerungsoperation zu erholen?<\/a><\/li><li class='ez-toc-page-1 ez-toc-heading-level-2'><a class=\"ez-toc-link ez-toc-heading-4\" href=\"https:\/\/candanmezili.com\/de\/gesichtsaesthetik\/stirnverkleinerung\/#Die_Vor-_und_Nachteile_der_Operation_zur_Herabsetzung_der_Haarlinie\" >Die Vor- und Nachteile der Operation zur Herabsetzung der Haarlinie<\/a><\/li><li class='ez-toc-page-1 ez-toc-heading-level-2'><a class=\"ez-toc-link ez-toc-heading-5\" href=\"https:\/\/candanmezili.com\/de\/gesichtsaesthetik\/stirnverkleinerung\/#Wer_ist_ein_guter_Kandidat_fuer_eine_Stirnverkleinerung\" >Wer ist ein guter Kandidat f\u00fcr eine Stirnverkleinerung?<\/a><\/li><li class='ez-toc-page-1 ez-toc-heading-level-2'><a class=\"ez-toc-link ez-toc-heading-6\" href=\"https:\/\/candanmezili.com\/de\/gesichtsaesthetik\/stirnverkleinerung\/#Warum_ist_die_Tuerkei_fuer_Stirnverkleinerungsoperationen_guenstig\" >Warum ist die T\u00fcrkei f\u00fcr Stirnverkleinerungsoperationen g\u00fcnstig?<\/a><\/li><li class='ez-toc-page-1 ez-toc-heading-level-2'><a class=\"ez-toc-link ez-toc-heading-7\" href=\"https:\/\/candanmezili.com\/de\/gesichtsaesthetik\/stirnverkleinerung\/#Wie_viel_kostet_eine_Stirnverkleinerungsoperation_in_Izmir_Tuerkei\" >Wie viel kostet eine Stirnverkleinerungsoperation in Izmir, T\u00fcrkei?<\/a><\/li><li class='ez-toc-page-1 ez-toc-heading-level-2'><a class=\"ez-toc-link ez-toc-heading-8\" href=\"https:\/\/candanmezili.com\/de\/gesichtsaesthetik\/stirnverkleinerung\/#Erfahrungen\" >Erfahrungen<\/a><\/li><li class='ez-toc-page-1 ez-toc-heading-level-2'><a class=\"ez-toc-link ez-toc-heading-9\" href=\"https:\/\/candanmezili.com\/de\/gesichtsaesthetik\/stirnverkleinerung\/#Unsere_Zertifikate\" >Unsere Zertifikate<\/a><\/li><\/ul><\/nav><\/div>\n<h2><span class=\"ez-toc-section\" id=\"Was_ist_eine_Stirnverkleinerungsoperation\"><\/span>Was ist eine Stirnverkleinerungsoperation?<span class=\"ez-toc-section-end\"><\/span><\/h2>\n<p>Eine Stirnverkleinerungsoperation ist ein kosmetischer Eingriff, bei dem die Haarlinie nach unten verschoben wird, um eine niedrigere Stirn zu erzeugen. Diese Operation kann auch mit anderen Eingriffen wie einer Augenbrauenkorrektur oder einer Haartransplantation kombiniert werden, um das Gesamtbild des Gesichts zu verbessern.<\/p>\n<p>Die Stirnverkleinerungsoperation wird normalerweise unter \u00f6rtlicher Bet\u00e4ubung und Sedierung durchgef\u00fchrt und dauert etwa 2-3 Stunden. W\u00e4hrend des Eingriffs wird eine Linie entlang der Haarlinie markiert, die als Schnittlinie dient. Dann wird ein Teil der Kopfhaut, der das Haar enth\u00e4lt, entfernt und die Haarlinie nach unten verschoben. Die Wunde wird anschlie\u00dfend vern\u00e4ht und der Kopf wird bandagiert, um die Heilung zu unterst\u00fctzen. Der Patient kann normalerweise noch am selben Tag nach Hause gehen und es ist wichtig, die Anweisungen des Arztes zur Pflege der Wunde und zur Erholung genau zu befolgen.<\/p>\n<h2><span class=\"ez-toc-section\" id=\"Wie_funktioniert_eine_Stirnverkleinerungsoperation\"><\/span>Wie funktioniert eine Stirnverkleinerungsoperation?<span class=\"ez-toc-section-end\"><\/span><\/h2>\n<p>Bei einer Stirnverkleinerungsoperation wird ein Schnitt entlang der Haarlinie gemacht, um \u00fcbersch\u00fcssige Haut zu entfernen und die Position der Haarlinie nach unten zu verschieben. Der Chirurg wird die Gr\u00f6\u00dfe und Form der Stirn sowie die W\u00fcnsche des Patienten ber\u00fccksichtigen, um ein individuelles Ergebnis zu erzielen.<\/p>\n<h2><span class=\"ez-toc-section\" id=\"Wie_lange_dauert_es_sich_von_einer_Stirnverkleinerungsoperation_zu_erholen\"><\/span>Wie lange dauert es, sich von einer Stirnverkleinerungsoperation zu erholen?<span class=\"ez-toc-section-end\"><\/span><\/h2>\n<p>Die Erholungszeit nach einer Stirnverkleinerungsoperation kann je nach individuellem Fall variieren. In der Regel dauert es jedoch einige Tage bis eine Woche, bis Schmerzen, Schwellungen und Bluterg\u00fcsse abgeklungen sind. Es wird empfohlen, k\u00f6rperliche Anstrengungen in den ersten Wochen nach der Operation zu vermeiden. Der Chirurg wird auch Anweisungen zur Wundpflege und Einnahme von Schmerzmitteln geben.<\/p>\n<h2><span class=\"ez-toc-section\" id=\"Die_Vor-_und_Nachteile_der_Operation_zur_Herabsetzung_der_Haarlinie\"><\/span>Die Vor- und Nachteile der Operation zur Herabsetzung der Haarlinie<span class=\"ez-toc-section-end\"><\/span><\/h2>\n<p>Zu den Vorteilen einer Stirnverkleinerungsoperation geh\u00f6rt eine verbesserte Gesichtsproportion, die zu einem \u00e4sthetisch ansprechenderen Aussehen f\u00fchren kann. Der Eingriff kann auch das Selbstvertrauen und das Selbstwertgef\u00fchl des Patienten steigern. Zu den Nachteilen geh\u00f6ren das Risiko von Komplikationen wie Infektionen und Narbenbildung sowie das Risiko, dass das Ergebnis m\u00f6glicherweise nicht den Erwartungen des Patienten entspricht.<\/p>\n<p>Eine weitere \u00dcberlegung ist, dass eine Stirnverkleinerung eine dauerhafte Ver\u00e4nderung des Aussehens des Patienten darstellt und nicht reversibel ist. Auch die Kosten sollten in Betracht gezogen werden, da die Operation nicht von den meisten Versicherungen abgedeckt wird. Der Patient sollte sich daher gr\u00fcndlich \u00fcber die Vor- und Nachteile informieren und eine fundierte Entscheidung treffen.<\/p>\n<p><img decoding=\"async\" class=\"aligncenter size-full wp-image-29858\" src=\"https:\/\/candanmezili.com\/wp-content\/uploads\/2023\/04\/Stirnverkleinerung-Haarliniensenkung-Operation.jpg\" alt=\"Stirnverkleinerung (Haarliniensenkung) Operation in Izmir, T\u00fcrkei\" width=\"1140\" height=\"500\" title=\"\" srcset=\"https:\/\/candanmezili.com\/wp-content\/uploads\/2023\/04\/Stirnverkleinerung-Haarliniensenkung-Operation.jpg 1140w, https:\/\/candanmezili.com\/wp-content\/uploads\/2023\/04\/Stirnverkleinerung-Haarliniensenkung-Operation-300x132.jpg 300w, https:\/\/candanmezili.com\/wp-content\/uploads\/2023\/04\/Stirnverkleinerung-Haarliniensenkung-Operation-1024x449.jpg 1024w, https:\/\/candanmezili.com\/wp-content\/uploads\/2023\/04\/Stirnverkleinerung-Haarliniensenkung-Operation-768x337.jpg 768w, https:\/\/candanmezili.com\/wp-content\/uploads\/2023\/04\/Stirnverkleinerung-Haarliniensenkung-Operation-640x281.jpg 640w, https:\/\/candanmezili.com\/wp-content\/uploads\/2023\/04\/Stirnverkleinerung-Haarliniensenkung-Operation-400x175.jpg 400w\" sizes=\"(max-width: 1140px) 100vw, 1140px\" \/><\/p>\n<h2><span class=\"ez-toc-section\" id=\"Wer_ist_ein_guter_Kandidat_fuer_eine_Stirnverkleinerung\"><\/span>Wer ist ein guter Kandidat f\u00fcr eine Stirnverkleinerung?<span class=\"ez-toc-section-end\"><\/span><\/h2>\n<p>Ein guter Kandidat f\u00fcr eine Stirnverkleinerung ist jemand, der mit der Position seiner Haarlinie unzufrieden ist und eine niedrigere Stirn w\u00fcnscht. Der Patient sollte auch in guter k\u00f6rperlicher Verfassung sein und keine schweren gesundheitlichen Probleme haben, die das Risiko von Komplikationen erh\u00f6hen k\u00f6nnten.<\/p>\n<p>Es ist auch wichtig, dass der Patient realistische Erwartungen an das Ergebnis der Operation hat und sich der potenziellen Risiken und Einschr\u00e4nkungen bewusst ist. Der Chirurg wird vor der Operation eine gr\u00fcndliche Untersuchung durchf\u00fchren und den Patienten \u00fcber alle Aspekte des Verfahrens aufkl\u00e4ren, um sicherzustellen, dass er ein geeigneter Kandidat f\u00fcr die Operation ist. In einigen F\u00e4llen kann eine Stirnverkleinerung auch in Verbindung mit anderen Gesichtsoperationen durchgef\u00fchrt werden, um ein ausgewogenes und harmonisches Erscheinungsbild zu erreichen.<\/p>\n<h2><span class=\"ez-toc-section\" id=\"Warum_ist_die_Tuerkei_fuer_Stirnverkleinerungsoperationen_guenstig\"><\/span>Warum ist die T\u00fcrkei f\u00fcr Stirnverkleinerungsoperationen g\u00fcnstig?<span class=\"ez-toc-section-end\"><\/span><\/h2>\n<p>Die T\u00fcrkei hat sich zu einem der f\u00fchrenden Ziele f\u00fcr medizinische Tourismus entwickelt. Eine der Hauptgr\u00fcnde, warum viele Menschen in die T\u00fcrkei reisen, um sich einer Stirnverkleinerungsoperation zu unterziehen, ist die relativ niedrigen Kosten im Vergleich zu anderen L\u00e4ndern. Die t\u00fcrkischen Kliniken bieten qualitativ hochwertige Dienstleistungen zu einem Bruchteil der Kosten, die in westlichen L\u00e4ndern anfallen w\u00fcrden. Die niedrigeren Kosten sind jedoch kein Kompromiss f\u00fcr die Qualit\u00e4t der Behandlung. Die t\u00fcrkischen Kliniken sind mit den neuesten Technologien und Ger\u00e4ten ausgestattet und die Chirurgen und \u00c4rzte sind qualifiziert und erfahren. Die T\u00fcrkei ist auch bekannt f\u00fcr ihre hohe Gastfreundschaft und die Warmherzigkeit ihrer Menschen, was zu einem angenehmen Erlebnis f\u00fcr ausl\u00e4ndische Patienten beitr\u00e4gt.<\/p>\n<h2><span class=\"ez-toc-section\" id=\"Wie_viel_kostet_eine_Stirnverkleinerungsoperation_in_Izmir_Tuerkei\"><\/span>Wie viel kostet eine Stirnverkleinerungsoperation in Izmir, T\u00fcrkei?<span class=\"ez-toc-section-end\"><\/span><\/h2>\n<figure style=\"width: 1920px\" class=\"wp-caption alignnone\"><img decoding=\"async\" class=\"wp-image-16478 size-full\" src=\"https:\/\/candanmezili.com\/wp-content\/uploads\/2023\/02\/candanmezilli-OP-Pakete.jpg\" alt=\"All-Inclusive-Paket f\u00fcr Sch\u00f6nheitsoperationen in der T\u00fcrkei\" width=\"1920\" height=\"1080\" title=\"\" srcset=\"https:\/\/candanmezili.com\/wp-content\/uploads\/2023\/02\/candanmezilli-OP-Pakete.jpg 1920w, https:\/\/candanmezili.com\/wp-content\/uploads\/2023\/02\/candanmezilli-OP-Pakete-300x169.jpg 300w, https:\/\/candanmezili.com\/wp-content\/uploads\/2023\/02\/candanmezilli-OP-Pakete-1024x576.jpg 1024w, https:\/\/candanmezili.com\/wp-content\/uploads\/2023\/02\/candanmezilli-OP-Pakete-768x432.jpg 768w, https:\/\/candanmezili.com\/wp-content\/uploads\/2023\/02\/candanmezilli-OP-Pakete-1536x864.jpg 1536w, https:\/\/candanmezili.com\/wp-content\/uploads\/2023\/02\/candanmezilli-OP-Pakete-640x360.jpg 640w, https:\/\/candanmezili.com\/wp-content\/uploads\/2023\/02\/candanmezilli-OP-Pakete-400x225.jpg 400w\" sizes=\"(max-width: 1920px) 100vw, 1920px\" \/><figcaption class=\"wp-caption-text\">All-Inclusive-Paket f\u00fcr Sch\u00f6nheitsoperationen in der T\u00fcrkei<\/figcaption><\/figure>\n<p>Die Kosten f\u00fcr eine Stirnverkleinerungsoperation in Izmir, T\u00fcrkei k\u00f6nnen je nach individuellem Fall und den Anforderungen des Patienten variieren. Es ist jedoch wichtig, sich vor der Operation \u00fcber die genauen Kosten und alle zus\u00e4tzlichen Ausgaben wie Nachsorge und Medikamente zu informieren, um unerwartete Kosten zu vermeiden. Viele t\u00fcrkische Kliniken bieten auch Paketangebote an, die Transport, Unterkunft und medizinische Dienstleistungen zu einem erm\u00e4\u00dfigten Preis beinhalten k\u00f6nnen.<\/p>\n<h2><span class=\"ez-toc-section\" id=\"Erfahrungen\"><\/span> Erfahrungen<span class=\"ez-toc-section-end\"><\/span><\/h2>\r\n<script defer async src='https:\/\/cdn.trustindex.io\/loader.js?1bd0c3c436f256436016492ccc2'><\/script>\n<h2 style=\"text-align: center;\"><span class=\"ez-toc-section\" id=\"Unsere_Zertifikate\"><\/span>Unsere Zertifikate<span class=\"ez-toc-section-end\"><\/span><\/h2>\n\t\t<\/div>\n\t\t\t\t\t<\/div>\n\n\t\n\n\t<div id=\"col-1513408756\" class=\"col medium-3 small-6 large-3\"  >\n\t\t\t\t<div class=\"col-inner\"  >\n\t\t\t\n\t\t\t\n\t<div class=\"img has-hover x md-x lg-x y md-y lg-y\" id=\"image_1719331798\">\n\t\t\t\t\t\t\t\t<div class=\"img-inner dark\" >\n\t\t\t<img decoding=\"async\" width=\"500\" height=\"200\" src=\"https:\/\/candanmezili.com\/wp-content\/uploads\/2022\/08\/bakanlik-1.png\" class=\"attachment-large size-large\" alt=\"\" srcset=\"https:\/\/candanmezili.com\/wp-content\/uploads\/2022\/08\/bakanlik-1.png 500w, https:\/\/candanmezili.com\/wp-content\/uploads\/2022\/08\/bakanlik-1-300x120.png 300w\" sizes=\"(max-width: 500px) 100vw, 500px\" title=\"\">\t\t\t\t\t\t\n\t\t\t\t\t<\/div>\n\t\t\t\t\t\t\t\t\n<style>\n#image_1719331798 {\n  width: 100%;\n}\n<\/style>\n\t<\/div>\n\t\n\t\t<\/div>\n\t\t\t\t\t<\/div>\n\n\t\n\n\t<div id=\"col-1892597754\" class=\"col medium-3 small-6 large-3\"  >\n\t\t\t\t<div class=\"col-inner\"  >\n\t\t\t\n\t\t\t\n\t<div class=\"img has-hover x md-x lg-x y md-y lg-y\" id=\"image_1347052652\">\n\t\t\t\t\t\t\t\t<div class=\"img-inner dark\" >\n\t\t\t<img decoding=\"async\" width=\"500\" height=\"200\" src=\"https:\/\/candanmezili.com\/wp-content\/uploads\/2022\/08\/isaps-1.png\" class=\"attachment-large size-large\" alt=\"\" srcset=\"https:\/\/candanmezili.com\/wp-content\/uploads\/2022\/08\/isaps-1.png 500w, https:\/\/candanmezili.com\/wp-content\/uploads\/2022\/08\/isaps-1-300x120.png 300w\" sizes=\"(max-width: 500px) 100vw, 500px\" title=\"\">\t\t\t\t\t\t\n\t\t\t\t\t<\/div>\n\t\t\t\t\t\t\t\t\n<style>\n#image_1347052652 {\n  width: 100%;\n}\n<\/style>\n\t<\/div>\n\t\n\t\t<\/div>\n\t\t\t\t\t<\/div>\n\n\t\n\n\t<div id=\"col-1775618744\" class=\"col medium-3 small-6 large-3\"  >\n\t\t\t\t<div class=\"col-inner\"  >\n\t\t\t\n\t\t\t\n\t<div class=\"img has-hover x md-x lg-x y md-y lg-y\" id=\"image_792932361\">\n\t\t\t\t\t\t\t\t<div class=\"img-inner dark\" >\n\t\t\t<img decoding=\"async\" width=\"500\" height=\"200\" src=\"https:\/\/candanmezili.com\/wp-content\/uploads\/2022\/08\/jci-1.png\" class=\"attachment-large size-large\" alt=\"\" srcset=\"https:\/\/candanmezili.com\/wp-content\/uploads\/2022\/08\/jci-1.png 500w, https:\/\/candanmezili.com\/wp-content\/uploads\/2022\/08\/jci-1-300x120.png 300w\" sizes=\"(max-width: 500px) 100vw, 500px\" title=\"\">\t\t\t\t\t\t\n\t\t\t\t\t<\/div>\n\t\t\t\t\t\t\t\t\n<style>\n#image_792932361 {\n  width: 100%;\n}\n<\/style>\n\t<\/div>\n\t\n\t\t<\/div>\n\t\t\t\t\t<\/div>\n\n\t\n\n\t<div id=\"col-432539423\" class=\"col medium-3 small-6 large-3\"  >\n\t\t\t\t<div class=\"col-inner\"  >\n\t\t\t\n\t\t\t\n\t<div class=\"img has-hover x md-x lg-x y md-y lg-y\" id=\"image_1710319335\">\n\t\t\t\t\t\t\t\t<div class=\"img-inner dark\" >\n\t\t\t<img decoding=\"async\" width=\"500\" height=\"200\" src=\"https:\/\/candanmezili.com\/wp-content\/uploads\/2022\/08\/dernek-1.png\" class=\"attachment-large size-large\" alt=\"\" srcset=\"https:\/\/candanmezili.com\/wp-content\/uploads\/2022\/08\/dernek-1.png 500w, https:\/\/candanmezili.com\/wp-content\/uploads\/2022\/08\/dernek-1-300x120.png 300w\" sizes=\"(max-width: 500px) 100vw, 500px\" title=\"\">\t\t\t\t\t\t\n\t\t\t\t\t<\/div>\n\t\t\t\t\t\t\t\t\n<style>\n#image_1710319335 {\n  width: 100%;\n}\n<\/style>\n\t<\/div>\n\t\n\t\t<\/div>\n\t\t\t\t\t<\/div>\n\n\t\n<\/div>\n","protected":false},"excerpt":{"rendered":"","protected":false},"author":2,"featured_media":29852,"parent":5156,"menu_order":0,"comment_status":"closed","ping_status":"closed","template":"","meta":{"inline_featured_image":false,"footnotes":""},"class_list":["post-29825","page","type-page","status-publish","has-post-thumbnail","hentry"],"_links":{"self":[{"href":"https:\/\/candanmezili.com\/de\/wp-json\/wp\/v2\/pages\/29825","targetHints":{"allow":["GET"]}}],"collection":[{"href":"https:\/\/candanmezili.com\/de\/wp-json\/wp\/v2\/pages"}],"about":[{"href":"https:\/\/candanmezili.com\/de\/wp-json\/wp\/v2\/types\/page"}],"author":[{"embeddable":true,"href":"https:\/\/candanmezili.com\/de\/wp-json\/wp\/v2\/users\/2"}],"replies":[{"embeddable":true,"href":"https:\/\/candanmezili.com\/de\/wp-json\/wp\/v2\/comments?post=29825"}],"version-history":[{"count":5,"href":"https:\/\/candanmezili.com\/de\/wp-json\/wp\/v2\/pages\/29825\/revisions"}],"predecessor-version":[{"id":41396,"href":"https:\/\/candanmezili.com\/de\/wp-json\/wp\/v2\/pages\/29825\/revisions\/41396"}],"up":[{"embeddable":true,"href":"https:\/\/candanmezili.com\/de\/wp-json\/wp\/v2\/pages\/5156"}],"wp:featuredmedia":[{"embeddable":true,"href":"https:\/\/candanmezili.com\/de\/wp-json\/wp\/v2\/media\/29852"}],"wp:attachment":[{"href":"https:\/\/candanmezili.com\/de\/wp-json\/wp\/v2\/media?parent=29825"}],"curies":[{"name":"wp","href":"https:\/\/api.w.org\/{rel}","templated":true}]}}