{"id":5173,"date":"2017-07-14T17:10:01","date_gmt":"2017-07-14T14:10:01","guid":{"rendered":"https:\/\/candanmezili.com\/?page_id=2618"},"modified":"2025-09-11T19:23:12","modified_gmt":"2025-09-11T16:23:12","slug":"segelohr","status":"publish","type":"page","link":"https:\/\/candanmezili.com\/de\/gesichtsaesthetik\/segelohr\/","title":{"rendered":"Ohrenkorrektur OP in der T\u00fcrkei"},"content":{"rendered":"<div class=\"row\"  id=\"row-1852924431\">\n\n\t<div id=\"col-1176868104\" class=\"col small-12 large-12\"  >\n\t\t\t\t<div class=\"col-inner\"  >\n\t\t\t\n\t\t\t\n\t<div class=\"img has-hover x md-x lg-x y md-y lg-y\" id=\"image_1432274562\">\n\t\t\t\t\t\t\t\t<div class=\"img-inner dark\" >\n\t\t\t<img decoding=\"async\" width=\"1200\" height=\"675\" src=\"https:\/\/candanmezili.com\/wp-content\/uploads\/2022\/06\/19-2.jpg\" class=\"attachment-full size-full\" alt=\"\" srcset=\"https:\/\/candanmezili.com\/wp-content\/uploads\/2022\/06\/19-2.jpg 1200w, https:\/\/candanmezili.com\/wp-content\/uploads\/2022\/06\/19-2-300x169.jpg 300w, https:\/\/candanmezili.com\/wp-content\/uploads\/2022\/06\/19-2-1024x576.jpg 1024w, https:\/\/candanmezili.com\/wp-content\/uploads\/2022\/06\/19-2-768x432.jpg 768w\" sizes=\"(max-width: 1200px) 100vw, 1200px\" title=\"\">\t\t\t\t\t\t\n\t\t\t\t\t<\/div>\n\t\t\t\t\t\t\t\t\n<style>\n#image_1432274562 {\n  width: 100%;\n}\n<\/style>\n\t<\/div>\n\t\n\t\t<\/div>\n\t\t\t\t\t<\/div>\n\n\t\n\n\t<div id=\"col-1662029552\" class=\"col small-12 large-12\"  >\n\t\t\t\t<div class=\"col-inner\"  >\n\t\t\t\n\t\t\t\n<p>Ohrenkorrektur-OP in der T\u00fcrkei ist ein chirurgischer Eingriff zur Korrektur abstehender oder asymmetrischer Ohren. Dabei wird Knorpelgewebe neu geformt oder repositioniert, um ein harmonischeres Gesamtbild zu erzielen. Der Eingriff eignet sich sowohl f\u00fcr Kinder als auch f\u00fcr Erwachsene und liefert dauerhafte Ergebnisse.<\/p>\n<p>Die Kosten f\u00fcr eine Ohrenkorrektur-OP in der T\u00fcrkei sind deutlich niedriger als in vielen westeurop\u00e4ischen L\u00e4ndern, ohne Abstriche bei Qualit\u00e4t und Sicherheit. Der genaue Preis h\u00e4ngt von der Komplexit\u00e4t des Eingriffs, der Erfahrung des Chirurgen und den enthaltenen Zusatzleistungen im Behandlungspaket ab.<\/p>\n<p>Die Genesung nach einer Ohrenkorrektur-OP in der T\u00fcrkei dauert meist ein bis zwei Wochen. W\u00e4hrend dieser Zeit k\u00f6nnen leichte Schmerzen, Schwellungen oder Bluterg\u00fcsse auftreten. Das Tragen eines speziellen Verbandes oder Stirnbandes unterst\u00fctzt die Heilung und stabilisiert das Operationsergebnis.<\/p>\n<p>Behandlungspakete f\u00fcr Ohrenkorrektur-OPs in der T\u00fcrkei umfassen in der Regel Beratungsgespr\u00e4ch, An\u00e4sthesie, Klinikaufenthalt und Nachsorge. Internationale Patienten profitieren von umfassender Betreuung, hoher medizinischer Qualit\u00e4t und \u00e4sthetisch ansprechenden, langfristigen Resultaten.<\/p>\n\t\t<\/div>\n\t\t\t\t\t<\/div>\n\n\t\n<\/div>\n<div class=\"row\"  id=\"row-1743804841\">\n\n\t<div id=\"col-980729951\" class=\"col small-12 large-12\"  >\n\t\t\t\t<div class=\"col-inner\"  >\n\t\t\t\n\t\t\t\n<p>&nbsp;<\/p>\n\n\t<section class=\"section\" id=\"section_766446041\">\n\t\t<div class=\"section-bg fill\" >\n\t\t\t\t\t\t\t\t\t\n\t\t\t\n\n\t\t<\/div>\n\n\t\t\n\n\t\t<div class=\"section-content relative\">\n\t\t\t\r\n\r\n<div class=\"row\"  id=\"row-1101203199\">\r\n\r\n\n\t<div id=\"col-504157774\" class=\"col small-12 large-12\"  >\n\t\t\t\t<div class=\"col-inner dark\" style=\"background-color:#004e7b;\" >\n\t\t\t\n\t\t\t\r\n\r\n<div class=\"row\"  id=\"row-1153713076\">\r\n\r\n\n\t<div id=\"col-1132229424\" class=\"col medium-5 small-12 large-5\"  >\n\t\t\t\t<div class=\"col-inner\"  >\n\t\t\t\n\t\t\t\r\n\r\n\t<div class=\"img has-hover border-gorsel x md-x lg-x y md-y lg-y\" id=\"image_806120429\">\n\t\t\t\t\t\t\t\t<div class=\"img-inner dark\" >\n\t\t\t<img decoding=\"async\" width=\"1500\" height=\"1531\" src=\"https:\/\/candanmezili.com\/wp-content\/uploads\/2022\/07\/candanweb.jpg\" class=\"attachment-2048x2048 size-2048x2048\" alt=\"\" srcset=\"https:\/\/candanmezili.com\/wp-content\/uploads\/2022\/07\/candanweb.jpg 1500w, https:\/\/candanmezili.com\/wp-content\/uploads\/2022\/07\/candanweb-294x300.jpg 294w, https:\/\/candanmezili.com\/wp-content\/uploads\/2022\/07\/candanweb-1003x1024.jpg 1003w, https:\/\/candanmezili.com\/wp-content\/uploads\/2022\/07\/candanweb-768x784.jpg 768w\" sizes=\"(max-width: 1500px) 100vw, 1500px\" title=\"\">\t\t\t\t\t\t\n\t\t\t\t\t<\/div>\n\t\t\t\t\t\t\t\t\n<style>\n#image_806120429 {\n  width: 100%;\n}\n<\/style>\n\t<\/div>\n\t\r\n\r\n\r\n\t\t<\/div>\n\t\t\t\t\t<\/div>\n\n\t\r\n\n\t<div id=\"col-844685009\" class=\"col medium-7 small-12 large-7\"  >\n\t\t\t\t<div class=\"col-inner\"  >\n\t\t\t\n\t\t\t\r\n\r\n\t<div id=\"text-3606872316\" class=\"text\">\n\t\t\r\n\r\n<p><span style=\"font-size: 75%;\">Izmir Plastische und \u00c4sthetische Chirurgie<\/span><br \/><span style=\"font-size: 150%;\"><strong>Op. Dr. Candan Mezili<\/strong><\/span><\/p>\r\n\t\t\n<style>\n#text-3606872316 {\n  font-size: 1rem;\n}\n@media (min-width:550px) {\n  #text-3606872316 {\n    font-size: 1.5rem;\n  }\n}\n<\/style>\n\t<\/div>\n\t\r\n\t<div id=\"text-3085359150\" class=\"text\">\n\t\t\r\n\r\n<p>Ich habe 2005 die Medizinische Fakult\u00e4t der Universit\u00e4t Ankara abgeschlossen und im selben Jahr meine Facharztausbildung f\u00fcr Plastische, \u00c4sthetische und Rekonstruktive Chirurgie an der Medizinischen Fakult\u00e4t der Universit\u00e4t Ege begonnen. Die M\u00f6glichkeit, Formen zu ver\u00e4ndern und Kreativit\u00e4t einzusetzen, war der wichtigste Grund, warum ich mich f\u00fcr dieses Fach entschieden habe. W\u00e4hrend meiner Facharztausbildung hatte ich die Gelegenheit, zahlreiche Operationen mit vielen gesch\u00e4tzten Professoren durchzuf\u00fchren. Derzeit arbeite ich in meiner eigenen Klinik in Izmir.<\/p>\r\n\t\t\n<style>\n#text-3085359150 {\n  text-align: left;\n}\n<\/style>\n\t<\/div>\n\t\r\n<a href=\"https:\/\/candanmezili.com\/de\/uber-mich\/\" class=\"button white is-small lowercase\" style=\"border-radius:10px;\">\n\t\t<span>\u00dcber mich<\/span>\n\t<i class=\"icon-angle-right\" aria-hidden=\"true\"><\/i><\/a>\n\r\n\r\n<a href=\"https:\/\/api.whatsapp.com\/send\/?phone=905334008240\" class=\"button white is-small lowercase\" style=\"border-radius:10px;\" target=\"_blank\" rel=\"noopener\">\n\t\t<span>WhatsApp<\/span>\n\t<i class=\"icon-whatsapp\" aria-hidden=\"true\"><\/i><\/a>\n\r\n\r\n<div class=\"social-icons follow-icons homepage-icon\" ><a href=\"https:\/\/www.facebook.com\/opdrcandanmezili\/\" target=\"_blank\" data-label=\"Facebook\" class=\"icon button circle is-outline tooltip facebook\" title=\"Auf Facebook folgen\" aria-label=\"Auf Facebook folgen\" rel=\"noopener nofollow\"><i class=\"icon-facebook\" aria-hidden=\"true\"><\/i><\/a><a href=\"https:\/\/www.instagram.com\/drcandanmezili\/\" target=\"_blank\" data-label=\"Instagram\" class=\"icon button circle is-outline tooltip instagram\" title=\"Auf Instagram folgen\" aria-label=\"Auf Instagram folgen\" rel=\"noopener nofollow\"><i class=\"icon-instagram\" aria-hidden=\"true\"><\/i><\/a><a href=\"mailto:info@candanmezili.com\" data-label=\"E-mail\" target=\"_blank\" class=\"icon button circle is-outline tooltip email\" title=\"Sende uns eine E-Mail\" aria-label=\"Sende uns eine E-Mail\" rel=\"nofollow noopener\"><i class=\"icon-envelop\" aria-hidden=\"true\"><\/i><\/a><a href=\"tel:+90 533 400 82 40\" data-label=\"Phone\" target=\"_blank\" class=\"icon button circle is-outline tooltip phone\" title=\"Rufe uns an\" aria-label=\"Rufe uns an\" rel=\"nofollow noopener\"><i class=\"icon-phone\" aria-hidden=\"true\"><\/i><\/a><a href=\"https:\/\/www.youtube.com\/@CandanMezili\/\" data-label=\"YouTube\" target=\"_blank\" class=\"icon button circle is-outline tooltip youtube\" title=\"Auf YouTube folgen\" aria-label=\"Auf YouTube folgen\" rel=\"noopener nofollow\"><i class=\"icon-youtube\" aria-hidden=\"true\"><\/i><\/a><\/div>\r\n\r\n\r\n\t\t<\/div>\n\t\t\t\t\t<\/div>\n\n\t\r\n\r\n<\/div>\r\n\r\n\t\t<\/div>\n\t\t\t\t\n<style>\n#col-504157774 > .col-inner {\n  padding: 30px 15px 1px 15px;\n  margin: 0px 0px -20px 0px;\n  border-radius: 20px;\n}\n@media (min-width:550px) {\n  #col-504157774 > .col-inner {\n    padding: 30px 30px 1px 30px;\n  }\n}\n<\/style>\n\t<\/div>\n\n\t\r\n\r\n<\/div>\r\n\r\n\t\t<\/div>\n\n\t\t\n<style>\n#section_766446041 {\n  padding-top: 30px;\n  padding-bottom: 30px;\n}\n<\/style>\n\t<\/section>\n\t\r\n\n<p>&nbsp;<\/p>\n<div id=\"ez-toc-container\" class=\"ez-toc-v2_0_82_2 counter-hierarchy ez-toc-counter ez-toc-custom ez-toc-container-direction\">\n<div class=\"ez-toc-title-container\">\n<p class=\"ez-toc-title\" style=\"cursor:inherit\">Inhaltsverzeichnis<\/p>\n<span class=\"ez-toc-title-toggle\"><a href=\"#\" class=\"ez-toc-pull-right ez-toc-btn ez-toc-btn-xs ez-toc-btn-default ez-toc-toggle\" aria-label=\"Toggle Table of Content\"><span class=\"ez-toc-js-icon-con\"><span class=\"\"><span class=\"eztoc-hide\" style=\"display:none;\">Toggle<\/span><span class=\"ez-toc-icon-toggle-span\"><svg style=\"fill: #ffffff;color:#ffffff\" xmlns=\"http:\/\/www.w3.org\/2000\/svg\" class=\"list-377408\" width=\"20px\" height=\"20px\" viewBox=\"0 0 24 24\" fill=\"none\"><path d=\"M6 6H4v2h2V6zm14 0H8v2h12V6zM4 11h2v2H4v-2zm16 0H8v2h12v-2zM4 16h2v2H4v-2zm16 0H8v2h12v-2z\" fill=\"currentColor\"><\/path><\/svg><svg style=\"fill: #ffffff;color:#ffffff\" class=\"arrow-unsorted-368013\" xmlns=\"http:\/\/www.w3.org\/2000\/svg\" width=\"10px\" height=\"10px\" viewBox=\"0 0 24 24\" version=\"1.2\" baseProfile=\"tiny\"><path d=\"M18.2 9.3l-6.2-6.3-6.2 6.3c-.2.2-.3.4-.3.7s.1.5.3.7c.2.2.4.3.7.3h11c.3 0 .5-.1.7-.3.2-.2.3-.5.3-.7s-.1-.5-.3-.7zM5.8 14.7l6.2 6.3 6.2-6.3c.2-.2.3-.5.3-.7s-.1-.5-.3-.7c-.2-.2-.4-.3-.7-.3h-11c-.3 0-.5.1-.7.3-.2.2-.3.5-.3.7s.1.5.3.7z\"\/><\/svg><\/span><\/span><\/span><\/a><\/span><\/div>\n<nav><ul class='ez-toc-list ez-toc-list-level-1 ' ><li class='ez-toc-page-1 ez-toc-heading-level-2'><a class=\"ez-toc-link ez-toc-heading-1\" href=\"https:\/\/candanmezili.com\/de\/gesichtsaesthetik\/segelohr\/#Warum_Ohrenkorrektur_OP_in_Tuerkei\" >Warum Ohrenkorrektur OP in T\u00fcrkei?<\/a><\/li><li class='ez-toc-page-1 ez-toc-heading-level-2'><a class=\"ez-toc-link ez-toc-heading-2\" href=\"https:\/\/candanmezili.com\/de\/gesichtsaesthetik\/segelohr\/#Methoden_zur_Korrektur_von_abstehenden_Ohren\" >Methoden zur Korrektur von abstehenden Ohren<\/a><\/li><li class='ez-toc-page-1 ez-toc-heading-level-2'><a class=\"ez-toc-link ez-toc-heading-3\" href=\"https:\/\/candanmezili.com\/de\/gesichtsaesthetik\/segelohr\/#Otoplastik_zur_Korrektur_von_abstehenden_Ohren\" >Otoplastik zur Korrektur von abstehenden Ohren<\/a><\/li><li class='ez-toc-page-1 ez-toc-heading-level-2'><a class=\"ez-toc-link ez-toc-heading-4\" href=\"https:\/\/candanmezili.com\/de\/gesichtsaesthetik\/segelohr\/#Genetische_Ursachen_fuer_abstehende_Ohren\" >Genetische Ursachen f\u00fcr abstehende Ohren<\/a><\/li><li class='ez-toc-page-1 ez-toc-heading-level-2'><a class=\"ez-toc-link ez-toc-heading-5\" href=\"https:\/\/candanmezili.com\/de\/gesichtsaesthetik\/segelohr\/#Psychologische_Auswirkungen_von_abstehenden_Ohren\" >Psychologische Auswirkungen von abstehenden Ohren<\/a><\/li><li class='ez-toc-page-1 ez-toc-heading-level-2'><a class=\"ez-toc-link ez-toc-heading-6\" href=\"https:\/\/candanmezili.com\/de\/gesichtsaesthetik\/segelohr\/#Definition_der_Ohrenkorrektur\" >Definition der Ohrenkorrektur<\/a><\/li><li class='ez-toc-page-1 ez-toc-heading-level-2'><a class=\"ez-toc-link ez-toc-heading-7\" href=\"https:\/\/candanmezili.com\/de\/gesichtsaesthetik\/segelohr\/#Erholungsphase_nach_einer_Ohrenkorrektur\" >Erholungsphase nach einer Ohrenkorrektur<\/a><\/li><li class='ez-toc-page-1 ez-toc-heading-level-2'><a class=\"ez-toc-link ez-toc-heading-8\" href=\"https:\/\/candanmezili.com\/de\/gesichtsaesthetik\/segelohr\/#Ohrenkorrektur_im_Kindesalter\" >Ohrenkorrektur im Kindesalter<\/a><\/li><li class='ez-toc-page-1 ez-toc-heading-level-2'><a class=\"ez-toc-link ez-toc-heading-9\" href=\"https:\/\/candanmezili.com\/de\/gesichtsaesthetik\/segelohr\/#Erwartungen_und_Erholungsprozess_nach_einer_Ohrenkorrektur\" >Erwartungen und Erholungsprozess nach einer Ohrenkorrektur<\/a><\/li><li class='ez-toc-page-1 ez-toc-heading-level-2'><a class=\"ez-toc-link ez-toc-heading-10\" href=\"https:\/\/candanmezili.com\/de\/gesichtsaesthetik\/segelohr\/#Methoden_zur_Korrektur_von_abstehenden_Ohren_bei_Saeuglingen\" >Methoden zur Korrektur von abstehenden Ohren bei S\u00e4uglingen<\/a><ul class='ez-toc-list-level-3' ><li class='ez-toc-heading-level-3'><a class=\"ez-toc-link ez-toc-heading-11\" href=\"https:\/\/candanmezili.com\/de\/gesichtsaesthetik\/segelohr\/#Haeufig_Gestellte_Fragen\" >H\u00e4ufig Gestellte Fragen<\/a><\/li><li class='ez-toc-page-1 ez-toc-heading-level-3'><a class=\"ez-toc-link ez-toc-heading-12\" href=\"https:\/\/candanmezili.com\/de\/gesichtsaesthetik\/segelohr\/#In_welchem_Alter_kann_eine_Otoplastik_durchgefuehrt_werden\" >In welchem Alter kann eine Otoplastik durchgef\u00fchrt werden?<\/a><\/li><li class='ez-toc-page-1 ez-toc-heading-level-3'><a class=\"ez-toc-link ez-toc-heading-13\" href=\"https:\/\/candanmezili.com\/de\/gesichtsaesthetik\/segelohr\/#Welche_Techniken_werden_waehrend_des_Eingriffs_angewendet\" >Welche Techniken werden w\u00e4hrend des Eingriffs angewendet?<\/a><\/li><li class='ez-toc-page-1 ez-toc-heading-level-3'><a class=\"ez-toc-link ez-toc-heading-14\" href=\"https:\/\/candanmezili.com\/de\/gesichtsaesthetik\/segelohr\/#Wirkt_das_Ergebnis_der_Otoplastik_natuerlich\" >Wirkt das Ergebnis der Otoplastik nat\u00fcrlich?<\/a><\/li><li class='ez-toc-page-1 ez-toc-heading-level-3'><a class=\"ez-toc-link ez-toc-heading-15\" href=\"https:\/\/candanmezili.com\/de\/gesichtsaesthetik\/segelohr\/#Wie_lange_dauert_die_Genesungsphase_nach_dem_Eingriff\" >Wie lange dauert die Genesungsphase nach dem Eingriff?<\/a><\/li><li class='ez-toc-page-1 ez-toc-heading-level-3'><a class=\"ez-toc-link ez-toc-heading-16\" href=\"https:\/\/candanmezili.com\/de\/gesichtsaesthetik\/segelohr\/#Erzielt_die_Otoplastik_dauerhafte_Ergebnisse\" >Erzielt die Otoplastik dauerhafte Ergebnisse?<\/a><\/li><\/ul><\/li><li class='ez-toc-page-1 ez-toc-heading-level-2'><a class=\"ez-toc-link ez-toc-heading-17\" href=\"https:\/\/candanmezili.com\/de\/gesichtsaesthetik\/segelohr\/#Erfahrungen\" >Erfahrungen<\/a><\/li><li class='ez-toc-page-1 ez-toc-heading-level-2'><a class=\"ez-toc-link ez-toc-heading-18\" href=\"https:\/\/candanmezili.com\/de\/gesichtsaesthetik\/segelohr\/#Unsere_Zertifikate\" >Unsere Zertifikate<\/a><\/li><\/ul><\/nav><\/div>\n<h2><span class=\"ez-toc-section\" id=\"Warum_Ohrenkorrektur_OP_in_Tuerkei\"><\/span>Warum Ohrenkorrektur OP in T\u00fcrkei?<span class=\"ez-toc-section-end\"><\/span><\/h2>\n<p><span style=\"font-weight: 400;\">Patienten, die eine <strong>Ohrkorrekturchirurgie in der T\u00fcrkei<\/strong> suchen, sind in der Regel selbstbewusst zu ihren unverh\u00e4ltnism\u00e4\u00dfigen oder prominenten Ohren. <\/span><\/p>\n<p><span style=\"font-weight: 400;\">Sie m\u00f6chten ihre Ohren aus kosmetischen Gr\u00fcnden korrigieren. W\u00e4hrend der Operation sollten die Patienten bei guter allgemeiner Gesundheit sein und realistische Erwartungen haben. <\/span><\/p>\n<p><span style=\"font-weight: 400;\">Die chirurgischen Ergebnisse variieren von Person zu Person. Daher ist es wichtig, vor der Planung Ihres Verfahrens gut informiert zu sein. Im Verlauf des Verfahrens k\u00f6nnen Sie erwarten, dass Sie geringf\u00fcgige Schwellungen und Taubheit in Ihren Ohren haben. <\/span><\/p>\n<p><span style=\"font-weight: 400;\">In der T\u00fcrkei sind die Kosten f\u00fcr die <a href=\"https:\/\/medidate.de\/schoenheitschirurgie\/ohrenkorrektur\/\" target=\"_blank\" rel=\"noopener\">ohrenkorrektur<\/a> relativ kosteng\u00fcnstig und h\u00e4ngen von mehreren Faktoren ab, einschlie\u00dflich der Art des durchgef\u00fchrten Verfahrens, der Anzahl der Komplikationen und der Dauer des Krankenhausaufenthalts.<\/span><\/p>\n<h2><span class=\"ez-toc-section\" id=\"Methoden_zur_Korrektur_von_abstehenden_Ohren\"><\/span>Methoden zur Korrektur von abstehenden Ohren<span class=\"ez-toc-section-end\"><\/span><\/h2>\n<p>F\u00fcr abstehende Ohren gibt es verschiedene Korrekturmethoden, die je nach Altersgruppe unterschiedlich sind. Bei S\u00e4uglingen k\u00f6nnen die Ohren vor dem ersten Monat mit speziellen Apparaten in die richtige Position gebracht werden. Diese Ger\u00e4te k\u00f6nnen die Ohrstrukturen kleiner Kinder leicht formen. Mit zunehmendem Alter der Kinder ist diese Methode jedoch nicht mehr wirksam. In diesem Fall:<\/p>\n<p><strong>F\u00fcr S\u00e4uglinge:<\/strong><\/p>\n<ul>\n<li>Stabilisierungsvorrichtungen<\/li>\n<\/ul>\n<p>F\u00fcr Kinder und Erwachsene werden in der Regel dauerhaftere L\u00f6sungen gesucht. Die bei Erwachsenen angewandten chirurgischen Methoden bieten eine dauerhafte Korrektur und werden h\u00e4ufig als Otoplastik bezeichnet.<\/p>\n<h2><span class=\"ez-toc-section\" id=\"Otoplastik_zur_Korrektur_von_abstehenden_Ohren\"><\/span>Otoplastik zur Korrektur von abstehenden Ohren<span class=\"ez-toc-section-end\"><\/span><\/h2>\n<p>Abstehende Ohren k\u00f6nnen insbesondere bei Kindern und jungen Erwachsenen \u00e4sthetische und psychologische Probleme verursachen. Unbehandelt kann dieses Problem auch im sp\u00e4teren Alter bestehen bleiben. Moderne chirurgische Techniken bieten eine schnelle und einfache L\u00f6sung f\u00fcr dieses \u00e4sthetische Problem. Der Eingriff sollte in einem Krankenhaus und von einem Facharzt f\u00fcr plastische Chirurgie durchgef\u00fchrt werden. Die Operationsdauer h\u00e4ngt vom Zustand des Ohrs ab, betr\u00e4gt jedoch typischerweise etwa anderthalb Stunden.<\/p>\n<p><strong>Operationsschritte:<\/strong><\/p>\n<ul>\n<li>Untersuchung der Ohrstruktur<\/li>\n<li>Bestimmung der am besten geeigneten Behandlungstechnik<\/li>\n<li>Durchf\u00fchrung des Eingriffs unter lokaler oder allgemeiner An\u00e4sthesie<\/li>\n<\/ul>\n<p>Bei Personen \u00fcber 11 Jahren wird der Eingriff in der Regel unter lokaler An\u00e4sthesie durchgef\u00fchrt, kann jedoch auf Wunsch des Patienten auch unter allgemeiner An\u00e4sthesie erfolgen. Die Erholungszeit nach der Operation ist sehr schnell, und die Patienten k\u00f6nnen in der Regel noch am selben Tag nach Hause zur\u00fcckkehren. W\u00e4hrend der Erholungsphase sollte der Patient den Empfehlungen des Chirurgen folgen, um das bestm\u00f6gliche Ergebnis zu erzielen. In der postoperativen Phase werden spezielle B\u00e4nder an den Ohren angebracht, die etwa eine Woche sp\u00e4ter entfernt werden. Da die Schnitte normalerweise hinter den Ohren liegen, sind Narben kaum sichtbar. Die Otoplastik hat keine negativen Auswirkungen auf das H\u00f6rverm\u00f6gen, und die Patienten k\u00f6nnen ihr normales Leben fortsetzen.<\/p>\n<h2><span class=\"ez-toc-section\" id=\"Genetische_Ursachen_fuer_abstehende_Ohren\"><\/span>Genetische Ursachen f\u00fcr abstehende Ohren<span class=\"ez-toc-section-end\"><\/span><\/h2>\n<p>Das Problem der abstehenden Ohren wird h\u00e4ufig mit genetischen Faktoren in Verbindung gebracht. Wenn dieses Problem bei Familienmitgliedern, insbesondere bei den Eltern, vorhanden ist, steigt das Risiko, dass auch die Kinder \u00e4hnliche Probleme haben. Abstehende Ohren sind eine angeborene Eigenschaft und k\u00f6nnen durch verschiedene anatomische Unterschiede verursacht werden:<\/p>\n<ul>\n<li>Ein gro\u00dfer Winkel zwischen dem hinteren Ohrknochen und der Ohrmuschel<\/li>\n<li>\u00dcberm\u00e4\u00dfig gro\u00dfe Ohrknorpel<\/li>\n<li>Fehlende Falten im oberen Teil der Ohrmuschel, was zu einem flachen Erscheinungsbild der Ohren f\u00fchrt<\/li>\n<\/ul>\n<p>Diese anatomischen Unterschiede k\u00f6nnen das \u00e4sthetische Empfinden einer Person beeinflussen und indirekt das soziale Leben beeintr\u00e4chtigen.<\/p>\n<h2><span class=\"ez-toc-section\" id=\"Psychologische_Auswirkungen_von_abstehenden_Ohren\"><\/span>Psychologische Auswirkungen von abstehenden Ohren<span class=\"ez-toc-section-end\"><\/span><\/h2>\n<p>Abstehende Ohren k\u00f6nnen bei den Betroffenen verschiedene negative psychologische Auswirkungen haben. Besonders in der Pubert\u00e4t, wenn der soziale Druck zunimmt, kann dieses Problem das Selbstbewusstsein beeintr\u00e4chtigen. Die psychologischen Auswirkungen sind wie folgt:<\/p>\n<ul>\n<li><strong>Mangelndes Selbstvertrauen:<\/strong> Personen, die mit ihrem Aussehen unzufrieden sind, f\u00fchlen sich in ihrem sozialen Umfeld m\u00f6glicherweise unzul\u00e4nglich.<\/li>\n<li><strong>Depression:<\/strong> St\u00e4ndige H\u00e4nseleien und Kritik k\u00f6nnen insbesondere bei Jugendlichen das Depressionsrisiko erh\u00f6hen.<\/li>\n<li><strong>Geringes Selbstwertgef\u00fchl:<\/strong> Menschen, die mit ihrem Aussehen nicht im Reinen sind, k\u00f6nnen ein geringes Selbstwertgef\u00fchl entwickeln.<\/li>\n<\/ul>\n<p>Diese psychologischen Probleme k\u00f6nnen das t\u00e4gliche Leben und die sozialen Beziehungen erheblich beeintr\u00e4chtigen. Kinder und Jugendliche, die mit H\u00e4nseleien und Mobbing konfrontiert sind, k\u00f6nnen in ihrer schulischen und sozialen Leistung nachlassen. Daher ist es wichtig, sich der durch abstehende Ohren verursachten Probleme bewusst zu sein und bei Bedarf professionelle Hilfe in Anspruch zu nehmen. Dar\u00fcber hinaus kann eine bewusste und unterst\u00fctzende Gesellschaft den Betroffenen helfen, mit solchen \u00e4sthetischen Sorgen besser umzugehen.<\/p>\n<h2><span class=\"ez-toc-section\" id=\"Definition_der_Ohrenkorrektur\"><\/span>Definition der Ohrenkorrektur<span class=\"ez-toc-section-end\"><\/span><\/h2>\n<p>Die Ohrenkorrektur hat im Bereich der \u00e4sthetischen Chirurgie eine wichtige Bedeutung. Sie sorgt daf\u00fcr, dass die Ohren harmonischer zum Gesicht passen, was den Betroffenen ein besseres Gef\u00fchl gibt. Durch diesen chirurgischen Eingriff werden folgende Ziele erreicht:<\/p>\n<ul>\n<li>Die Ohren werden n\u00e4her am Kopf positioniert<\/li>\n<li>Die Knorpel werden neu geformt<\/li>\n<li>Die Ohren erhalten ein nat\u00fcrlicheres Aussehen<\/li>\n<\/ul>\n<p>Dieser Prozess wird in der Regel in einer einzigen Sitzung abgeschlossen und kann sowohl unter lokaler als auch unter allgemeiner An\u00e4sthesie durchgef\u00fchrt werden. Nach dem Eingriff k\u00f6nnen die Betroffenen ihr soziales Leben selbstbewusster fortsetzen.<\/p>\n<h2><span class=\"ez-toc-section\" id=\"Erholungsphase_nach_einer_Ohrenkorrektur\"><\/span>Erholungsphase nach einer Ohrenkorrektur<span class=\"ez-toc-section-end\"><\/span><\/h2>\n<p>Die Ohrenkorrektur bietet eine schnelle und effektive L\u00f6sung f\u00fcr Personen mit \u00e4sthetischen Bedenken. Der Eingriff wird in der Regel unter lokaler An\u00e4sthesie durchgef\u00fchrt, und die Patienten k\u00f6nnen kurz nach dem Ende der Operation nach Hause zur\u00fcckkehren. Die Erholungszeit ist kurz, und die meisten Patienten kehren innerhalb weniger Tage zu ihren t\u00e4glichen Aktivit\u00e4ten zur\u00fcck. Wenn der Operationsbereich vor \u00e4u\u00dferen Einfl\u00fcssen gesch\u00fctzt wird, beschleunigt sich die Erholungszeit weiter. W\u00e4hrend der Erholungsphase sollten folgende Punkte beachtet werden:<\/p>\n<ul>\n<li>Die Patienten k\u00f6nnen innerhalb der ersten 48 Stunden duschen<\/li>\n<li>Eine Woche nach der Operation kehren die meisten Patienten zu ihren normalen Alltagsroutinen zur\u00fcck<\/li>\n<li>Der Schutz der Ohren beschleunigt die Heilung und reduziert das Risiko von Komplikationen<\/li>\n<\/ul>\n<p>Nach der Operation erreichen die Patienten nicht nur ein \u00e4sthetisch zufriedenstellendes Erscheinungsbild, sondern erleben auch eine erhebliche psychologische Erleichterung. Der Heilungsprozess verl\u00e4uft in der Regel reibungslos, und die Betroffenen haben die M\u00f6glichkeit, ein besseres soziales Leben zu f\u00fchren.<\/p>\n<h2><span class=\"ez-toc-section\" id=\"Ohrenkorrektur_im_Kindesalter\"><\/span>Ohrenkorrektur im Kindesalter<span class=\"ez-toc-section-end\"><\/span><\/h2>\n<p>Die Ohrenkorrektur bei Kindern ist ein \u00e4sthetischer Eingriff, der fr\u00fchzeitig durchgef\u00fchrt werden sollte. Bei fr\u00fchzeitig diagnostizierten F\u00e4llen k\u00f6nnen unter \u00e4rztlicher Aufsicht einfache Methoden angewendet werden, um das Fortschreiten des Problems zu verhindern. Wenn diese Ma\u00dfnahmen nicht ausreichen, wird eine chirurgische Behandlung unvermeidlich. Diese Operationen werden in der Regel vor dem Schulbeginn durchgef\u00fchrt, um das Kind vor negativen sozialen Interaktionen zu bewahren. Das ideale Alter f\u00fcr diese Operationen liegt in folgendem Bereich:<\/p>\n<ul>\n<li><strong>Fr\u00fchestes Alter:<\/strong> Operationen k\u00f6nnen ab einem Alter von 5-6 Jahren durchgef\u00fchrt werden.<\/li>\n<\/ul>\n<p>Dieses Alter ist wichtig, da die Ohrstruktur fast vollst\u00e4ndig entwickelt ist und das Kind das Problem loswerden kann, bevor es in die Schule kommt. Es ist jedoch auch wichtig, dass die Kinder selbst die Operation w\u00fcnschen. Nach dem Eingriff f\u00fchlen sich die Kinder in ihrem Freundeskreis wohler. Dieser Prozess st\u00e4rkt ihr Selbstbewusstsein und f\u00f6rdert eine gesunde psychologische Entwicklung.<\/p>\n<h2><span class=\"ez-toc-section\" id=\"Erwartungen_und_Erholungsprozess_nach_einer_Ohrenkorrektur\"><\/span>Erwartungen und Erholungsprozess nach einer Ohrenkorrektur<span class=\"ez-toc-section-end\"><\/span><\/h2>\n<p>Nach einer Ohrenkorrektur erreichen die Patienten in der Regel ein ausgewogenes Gesichtsprofil. Der Heilungsprozess variiert je nach individuellen Merkmalen. Es ist wichtig, den von den \u00c4rzten empfohlenen Pflegeanweisungen nach der Operation sorgf\u00e4ltig zu folgen. Die Patienten sollten in der postoperativen Phase folgende Schritte befolgen:<\/p>\n<ul>\n<li>In der ersten Woche Bandagen und Kopfbedeckungen verwenden<\/li>\n<li>Medikamente regelm\u00e4\u00dfig einnehmen<\/li>\n<li>Das Aktivit\u00e4tsniveau entsprechend den Empfehlungen des Arztes anpassen<\/li>\n<\/ul>\n<p>Dieser sorgf\u00e4ltige Prozess beschleunigt die Heilung und minimiert das Infektionsrisiko. Dar\u00fcber hinaus haben die \u00e4sthetischen Ergebnisse positive Auswirkungen auf die sozialen Interaktionen der Patienten. Nach Abschluss des Heilungsprozesses erreichen die Patienten in der Regel ein h\u00f6heres Selbstbewusstsein. Dieser Heilungsprozess tr\u00e4gt dazu bei, dass sich die Betroffenen sowohl k\u00f6rperlich als auch psychisch besser f\u00fchlen.<\/p>\n<h2><span class=\"ez-toc-section\" id=\"Methoden_zur_Korrektur_von_abstehenden_Ohren_bei_Saeuglingen\"><\/span>Methoden zur Korrektur von abstehenden Ohren bei S\u00e4uglingen<span class=\"ez-toc-section-end\"><\/span><\/h2>\n<p>Abstehende Ohren bei S\u00e4uglingen werden durch eine abnormal nach au\u00dfen geneigte Position der Ohren charakterisiert. Diese genetische Neigung kann durch eine fr\u00fchzeitige Intervention leicht korrigiert werden. Der Behandlungsprozess umfasst die Verwendung eines speziell entworfenen Ger\u00e4ts. Dieses Ger\u00e4t f\u00f6rdert eine ges\u00fcndere Entwicklung der Knorpel und hilft den Ohren, die richtige Position einzunehmen. Ein fr\u00fchzeitiger Beginn erh\u00f6ht den Behandlungserfolg und sorgt f\u00fcr dauerhafte Korrekturen.<\/p>\n<p><strong>Ger\u00e4teverwendung:<\/strong> Speziell entworfene Apparate, die die Ohren in der normalen Position fixieren.<\/p>\n<p><strong>Fr\u00fche Intervention:<\/strong> Sollte so fr\u00fch wie m\u00f6glich begonnen werden.<br \/>\n<h3 class=\"accordion_title\"><span class=\"ez-toc-section\" id=\"Haeufig_Gestellte_Fragen\"><\/span>H\u00e4ufig Gestellte Fragen<span class=\"ez-toc-section-end\"><\/span><\/h3><div class=\"accordion\">\n\t<div id=\"accordion-4115620068\" class=\"accordion-item\">\n\t\t<a id=\"accordion-4115620068-label\" class=\"accordion-title plain\" href=\"#accordion-item-in-welchem-alter-kann-eine-otoplastik-durchgef\u00fchrt-werden?\" aria-expanded=\"false\" aria-controls=\"accordion-4115620068-content\">\n\t\t\t<button class=\"toggle\" aria-label=\"Umschalten\"><i class=\"icon-angle-down\" aria-hidden=\"true\"><\/i><\/button>\n\t\t\t<h3 class=\"accordion-heading\" role=\"heading\" aria-level=\"3\"><span class=\"ez-toc-section\" id=\"In_welchem_Alter_kann_eine_Otoplastik_durchgefuehrt_werden\"><\/span>In welchem Alter kann eine Otoplastik durchgef\u00fchrt werden?<span class=\"ez-toc-section-end\"><\/span><\/h3>\n\t\t<\/a>\n\t\t<div id=\"accordion-4115620068-content\" class=\"accordion-inner\" aria-labelledby=\"accordion-4115620068-label\">\n\t\t\t\n<p>Die Otoplastik wird in der Regel bei Kindern ab 5 Jahren durchgef\u00fchrt, da die Ohren in diesem Alter etwa 90 % ihrer Erwachsenengr\u00f6\u00dfe erreicht haben und ausreichend entwickelt f\u00fcr die Knorpelumformung sind. Eine Operation im Vorschulalter kann helfen, Spott zu vermeiden und das Selbstbewusstsein des Kindes zu st\u00e4rken. Obwohl die Otoplastik bei Kindern und Jugendlichen h\u00e4ufig durchgef\u00fchrt wird, kann sie auch bei Erwachsenen bis in die 60er Jahre zur Verbesserung der Gesichts\u00e4sthetik und des allgemeinen Erscheinungsbilds effektiv angewendet werden. Bei Erwachsenen ist der Knorpel jedoch weniger flexibel, weshalb die chirurgischen Ergebnisse etwas variieren k\u00f6nnen. In einigen F\u00e4llen wurde die Otoplastik auch bei 4-j\u00e4hrigen Kindern durchgef\u00fchrt, was jedoch seltener vorkommt.<\/p>\n\t\t<\/div>\n\t<\/div>\n\t\n\t<div id=\"accordion-3698259151\" class=\"accordion-item\">\n\t\t<a id=\"accordion-3698259151-label\" class=\"accordion-title plain\" href=\"#accordion-item-welche-techniken-werden-w\u00e4hrend-des-eingriffs-angewendet?\" aria-expanded=\"false\" aria-controls=\"accordion-3698259151-content\">\n\t\t\t<button class=\"toggle\" aria-label=\"Umschalten\"><i class=\"icon-angle-down\" aria-hidden=\"true\"><\/i><\/button>\n\t\t\t<h3 class=\"accordion-heading\" role=\"heading\" aria-level=\"3\"><span class=\"ez-toc-section\" id=\"Welche_Techniken_werden_waehrend_des_Eingriffs_angewendet\"><\/span>Welche Techniken werden w\u00e4hrend des Eingriffs angewendet?<span class=\"ez-toc-section-end\"><\/span><\/h3>\n\t\t<\/a>\n\t\t<div id=\"accordion-3698259151-content\" class=\"accordion-inner\" aria-labelledby=\"accordion-3698259151-label\">\n\t\t\t\n<p>Bei der Otoplastik werden verschiedene Techniken eingesetzt, um die Ohren n\u00e4her an den Kopf zu bringen. Bei der traditionellen Methode wird ein Schnitt hinter dem Ohr gemacht, der Knorpel geformt und mit dauerhaften N\u00e4hten in der neuen Position fixiert. Bei der weniger invasiven Methode, der schnittlosen Otoplastik, werden mit Nadeln N\u00e4hte gesetzt, ohne dass ein \u00e4u\u00dferer Schnitt erforderlich ist; diese Methode bietet eine schnellere Erholungszeit und minimale Narben. Eine weitere Technik, das Ohrsplinting, ist ein nicht-chirurgisches Verfahren, bei dem Schienen verwendet werden, um den Knorpel zu formen; diese Methode ist bei S\u00e4uglingen unter sechs Monaten, in denen der Knorpel flexibler ist, wirksam. Die Auswahl der Technik richtet sich nach dem Alter des Patienten, der Ohrstruktur und dem gew\u00fcnschten Ergebnis.<\/p>\n\t\t<\/div>\n\t<\/div>\n\t\n\t<div id=\"accordion-1555718088\" class=\"accordion-item\">\n\t\t<a id=\"accordion-1555718088-label\" class=\"accordion-title plain\" href=\"#accordion-item-wirkt-das-ergebnis-der-otoplastik-nat\u00fcrlich?\" aria-expanded=\"false\" aria-controls=\"accordion-1555718088-content\">\n\t\t\t<button class=\"toggle\" aria-label=\"Umschalten\"><i class=\"icon-angle-down\" aria-hidden=\"true\"><\/i><\/button>\n\t\t\t<h3 class=\"accordion-heading\" role=\"heading\" aria-level=\"3\"><span class=\"ez-toc-section\" id=\"Wirkt_das_Ergebnis_der_Otoplastik_natuerlich\"><\/span>Wirkt das Ergebnis der Otoplastik nat\u00fcrlich?<span class=\"ez-toc-section-end\"><\/span><\/h3>\n\t\t<\/a>\n\t\t<div id=\"accordion-1555718088-content\" class=\"accordion-inner\" aria-labelledby=\"accordion-1555718088-label\">\n\t\t\t\n<p>Die Otoplastik sorgt in der Regel durch die Umformung und Neupositionierung des Ohrknorpels f\u00fcr ein nat\u00fcrliches Erscheinungsbild. W\u00e4hrend des Eingriffs werden Schnitte hinter dem Ohr gesetzt, um Zugang zum Knorpel zu erhalten, und N\u00e4hten sorgen daf\u00fcr, dass die neue Position beibehalten wird. Wird der Eingriff von einem erfahrenen Chirurgen durchgef\u00fchrt, kann die Otoplastik die Gesichtssymmetrie verbessern, auff\u00e4llige Ohren korrigieren und das Selbstbewusstsein des Patienten steigern. Allerdings k\u00f6nnen die Ergebnisse, wie bei jedem chirurgischen Eingriff, je nach individuellen Faktoren und verwendeter Technik variieren.<\/p>\n\t\t<\/div>\n\t<\/div>\n\t\n\t<div id=\"accordion-3837243329\" class=\"accordion-item\">\n\t\t<a id=\"accordion-3837243329-label\" class=\"accordion-title plain\" href=\"#accordion-item-wie-lange-dauert-die-genesungsphase-nach-dem-eingriff?\" aria-expanded=\"false\" aria-controls=\"accordion-3837243329-content\">\n\t\t\t<button class=\"toggle\" aria-label=\"Umschalten\"><i class=\"icon-angle-down\" aria-hidden=\"true\"><\/i><\/button>\n\t\t\t<h3 class=\"accordion-heading\" role=\"heading\" aria-level=\"3\"><span class=\"ez-toc-section\" id=\"Wie_lange_dauert_die_Genesungsphase_nach_dem_Eingriff\"><\/span>Wie lange dauert die Genesungsphase nach dem Eingriff?<span class=\"ez-toc-section-end\"><\/span><\/h3>\n\t\t<\/a>\n\t\t<div id=\"accordion-3837243329-content\" class=\"accordion-inner\" aria-labelledby=\"accordion-3837243329-label\">\n\t\t\t\n<p>Nach einer Otoplastik ist in der Regel in der ersten Woche eine Bandage erforderlich, um die neue Position der Ohren zu sichern und die Heilung zu unterst\u00fctzen. In diesem Zeitraum k\u00f6nnen Schwellungen und Unbehagen auftreten, die jedoch mit verschreibungspflichtigen Schmerzmitteln kontrolliert werden k\u00f6nnen. Nach der ersten Woche werden die Bandagen \u00fcblicherweise durch einen leichteren Verband oder ein nachts zu tragendes Kopfband ersetzt, und diese Anwendung wird noch einige Wochen fortgesetzt. Die meisten Patienten k\u00f6nnen 1\u20132 Wochen nach der Operation zu ihren t\u00e4glichen Aktivit\u00e4ten, in die Schule oder zur Arbeit zur\u00fcckkehren. Allerdings sollten anstrengende Aktivit\u00e4ten und Kontaktsportarten mindestens einen Monat lang vermieden werden. Das vollst\u00e4ndige Abklingen der Schwellungen und das Erreichen der endg\u00fcltigen Ergebnisse erfolgen in der Regel etwa 3 Monate nach dem Eingriff.<\/p>\n\t\t<\/div>\n\t<\/div>\n\t\n\t<div id=\"accordion-3250619388\" class=\"accordion-item\">\n\t\t<a id=\"accordion-3250619388-label\" class=\"accordion-title plain\" href=\"#accordion-item-erzielt-die-otoplastik-dauerhafte-ergebnisse?\" aria-expanded=\"false\" aria-controls=\"accordion-3250619388-content\">\n\t\t\t<button class=\"toggle\" aria-label=\"Umschalten\"><i class=\"icon-angle-down\" aria-hidden=\"true\"><\/i><\/button>\n\t\t\t<h3 class=\"accordion-heading\" role=\"heading\" aria-level=\"3\"><span class=\"ez-toc-section\" id=\"Erzielt_die_Otoplastik_dauerhafte_Ergebnisse\"><\/span>Erzielt die Otoplastik dauerhafte Ergebnisse?<span class=\"ez-toc-section-end\"><\/span><\/h3>\n\t\t<\/a>\n\t\t<div id=\"accordion-3250619388-content\" class=\"accordion-inner\" aria-labelledby=\"accordion-3250619388-label\">\n\t\t\t\n<p>Ja, die Ergebnisse der Otoplastik sind in der Regel dauerhaft. W\u00e4hrend des Eingriffs wird der Ohrknorpel umgeformt, und nach Abschluss der Heilung bleibt die neue Ohrposition lebenslang erhalten. Wie bei jedem chirurgischen Eingriff besteht jedoch ein geringes Risiko, dass die Ohren in ihre urspr\u00fcngliche Position zur\u00fcckkehren, was eine Revisionsoperation erforderlich machen k\u00f6nnte. Die Einhaltung der postoperativen Anweisungen ist entscheidend, um das bestm\u00f6gliche Ergebnis zu erzielen.<\/p>\n\t\t<\/div>\n\t<\/div>\n\t\n<\/div>\n<h2><span class=\"ez-toc-section\" id=\"Erfahrungen\"><\/span> Erfahrungen<span class=\"ez-toc-section-end\"><\/span><\/h2>\r\n<script defer async src='https:\/\/cdn.trustindex.io\/loader.js?1bd0c3c436f256436016492ccc2'><\/script>\n<p>&nbsp;<\/p>\n<h2 style=\"text-align: center;\"><span class=\"ez-toc-section\" id=\"Unsere_Zertifikate\"><\/span>Unsere Zertifikate<span class=\"ez-toc-section-end\"><\/span><\/h2>\n\t\t<\/div>\n\t\t\t\t\t<\/div>\n\n\t\n\n\t<div id=\"col-874201409\" class=\"col medium-3 small-6 large-3\"  >\n\t\t\t\t<div class=\"col-inner\"  >\n\t\t\t\n\t\t\t\n\t<div class=\"img has-hover x md-x lg-x y md-y lg-y\" id=\"image_1067140452\">\n\t\t\t\t\t\t\t\t<div class=\"img-inner dark\" >\n\t\t\t<img decoding=\"async\" width=\"500\" height=\"200\" src=\"https:\/\/candanmezili.com\/wp-content\/uploads\/2022\/08\/bakanlik-1.png\" class=\"attachment-large size-large\" alt=\"\" srcset=\"https:\/\/candanmezili.com\/wp-content\/uploads\/2022\/08\/bakanlik-1.png 500w, https:\/\/candanmezili.com\/wp-content\/uploads\/2022\/08\/bakanlik-1-300x120.png 300w\" sizes=\"(max-width: 500px) 100vw, 500px\" title=\"\">\t\t\t\t\t\t\n\t\t\t\t\t<\/div>\n\t\t\t\t\t\t\t\t\n<style>\n#image_1067140452 {\n  width: 100%;\n}\n<\/style>\n\t<\/div>\n\t\n\t\t<\/div>\n\t\t\t\t\t<\/div>\n\n\t\n\n\t<div id=\"col-16708801\" class=\"col medium-3 small-6 large-3\"  >\n\t\t\t\t<div class=\"col-inner\"  >\n\t\t\t\n\t\t\t\n\t<div class=\"img has-hover x md-x lg-x y md-y lg-y\" id=\"image_2120542403\">\n\t\t\t\t\t\t\t\t<div class=\"img-inner dark\" >\n\t\t\t<img decoding=\"async\" width=\"500\" height=\"200\" src=\"https:\/\/candanmezili.com\/wp-content\/uploads\/2022\/08\/isaps-1.png\" class=\"attachment-large size-large\" alt=\"\" srcset=\"https:\/\/candanmezili.com\/wp-content\/uploads\/2022\/08\/isaps-1.png 500w, https:\/\/candanmezili.com\/wp-content\/uploads\/2022\/08\/isaps-1-300x120.png 300w\" sizes=\"(max-width: 500px) 100vw, 500px\" title=\"\">\t\t\t\t\t\t\n\t\t\t\t\t<\/div>\n\t\t\t\t\t\t\t\t\n<style>\n#image_2120542403 {\n  width: 100%;\n}\n<\/style>\n\t<\/div>\n\t\n\t\t<\/div>\n\t\t\t\t\t<\/div>\n\n\t\n\n\t<div id=\"col-1860502012\" class=\"col medium-3 small-6 large-3\"  >\n\t\t\t\t<div class=\"col-inner\"  >\n\t\t\t\n\t\t\t\n\t<div class=\"img has-hover x md-x lg-x y md-y lg-y\" id=\"image_582866261\">\n\t\t\t\t\t\t\t\t<div class=\"img-inner dark\" >\n\t\t\t<img decoding=\"async\" width=\"500\" height=\"200\" src=\"https:\/\/candanmezili.com\/wp-content\/uploads\/2022\/08\/jci-1.png\" class=\"attachment-large size-large\" alt=\"\" srcset=\"https:\/\/candanmezili.com\/wp-content\/uploads\/2022\/08\/jci-1.png 500w, https:\/\/candanmezili.com\/wp-content\/uploads\/2022\/08\/jci-1-300x120.png 300w\" sizes=\"(max-width: 500px) 100vw, 500px\" title=\"\">\t\t\t\t\t\t\n\t\t\t\t\t<\/div>\n\t\t\t\t\t\t\t\t\n<style>\n#image_582866261 {\n  width: 100%;\n}\n<\/style>\n\t<\/div>\n\t\n\t\t<\/div>\n\t\t\t\t\t<\/div>\n\n\t\n\n\t<div id=\"col-865728304\" class=\"col medium-3 small-6 large-3\"  >\n\t\t\t\t<div class=\"col-inner\"  >\n\t\t\t\n\t\t\t\n\t<div class=\"img has-hover x md-x lg-x y md-y lg-y\" id=\"image_147281302\">\n\t\t\t\t\t\t\t\t<div class=\"img-inner dark\" >\n\t\t\t<img decoding=\"async\" width=\"500\" height=\"200\" src=\"https:\/\/candanmezili.com\/wp-content\/uploads\/2022\/08\/dernek-1.png\" class=\"attachment-large size-large\" alt=\"\" srcset=\"https:\/\/candanmezili.com\/wp-content\/uploads\/2022\/08\/dernek-1.png 500w, https:\/\/candanmezili.com\/wp-content\/uploads\/2022\/08\/dernek-1-300x120.png 300w\" sizes=\"(max-width: 500px) 100vw, 500px\" title=\"\">\t\t\t\t\t\t\n\t\t\t\t\t<\/div>\n\t\t\t\t\t\t\t\t\n<style>\n#image_147281302 {\n  width: 100%;\n}\n<\/style>\n\t<\/div>\n\t\n\t\t<\/div>\n\t\t\t\t\t<\/div>\n\n\t\n<p>Referenzen:<\/p>\n<p>Bumm, K. (Ed.). (2017).\u00a0<a href=\"https:\/\/books.google.com.tr\/books?hl=tr&amp;lr=&amp;id=zYc0DgAAQBAJ&amp;oi=fnd&amp;pg=PR7&amp;dq=Ohr%C3%A4sthetik&amp;ots=xW4RaM_2oS&amp;sig=Fg7v-lDzZLLo7UTWoTSueJPrfdY&amp;redir_esc=y#v=onepage&amp;q=Ohr%C3%A4sthetik&amp;f=false\" target=\"_blank\" rel=\"noopener\"><i>Korrektur und Rekonstruktion der Ohrmuschel<\/i><\/a>. Springer-Verlag.<\/p>\n<\/div>\n","protected":false},"excerpt":{"rendered":"","protected":false},"author":2,"featured_media":38481,"parent":5156,"menu_order":0,"comment_status":"open","ping_status":"closed","template":"","meta":{"inline_featured_image":false,"footnotes":""},"class_list":["post-5173","page","type-page","status-publish","has-post-thumbnail","hentry"],"_links":{"self":[{"href":"https:\/\/candanmezili.com\/de\/wp-json\/wp\/v2\/pages\/5173","targetHints":{"allow":["GET"]}}],"collection":[{"href":"https:\/\/candanmezili.com\/de\/wp-json\/wp\/v2\/pages"}],"about":[{"href":"https:\/\/candanmezili.com\/de\/wp-json\/wp\/v2\/types\/page"}],"author":[{"embeddable":true,"href":"https:\/\/candanmezili.com\/de\/wp-json\/wp\/v2\/users\/2"}],"replies":[{"embeddable":true,"href":"https:\/\/candanmezili.com\/de\/wp-json\/wp\/v2\/comments?post=5173"}],"version-history":[{"count":4,"href":"https:\/\/candanmezili.com\/de\/wp-json\/wp\/v2\/pages\/5173\/revisions"}],"predecessor-version":[{"id":41394,"href":"https:\/\/candanmezili.com\/de\/wp-json\/wp\/v2\/pages\/5173\/revisions\/41394"}],"up":[{"embeddable":true,"href":"https:\/\/candanmezili.com\/de\/wp-json\/wp\/v2\/pages\/5156"}],"wp:featuredmedia":[{"embeddable":true,"href":"https:\/\/candanmezili.com\/de\/wp-json\/wp\/v2\/media\/38481"}],"wp:attachment":[{"href":"https:\/\/candanmezili.com\/de\/wp-json\/wp\/v2\/media?parent=5173"}],"curies":[{"name":"wp","href":"https:\/\/api.w.org\/{rel}","templated":true}]}}