{"id":29220,"date":"2017-07-14T15:25:37","date_gmt":"2017-07-14T12:25:37","guid":{"rendered":"https:\/\/candanmezili.com\/?page_id=29220"},"modified":"2026-04-02T16:19:56","modified_gmt":"2026-04-02T13:19:56","slug":"cirugia-de-estiramiento-del-tercio-medio-facial","status":"publish","type":"page","link":"https:\/\/candanmezili.com\/es\/estetica-facial\/cirugia-de-estiramiento-del-tercio-medio-facial\/","title":{"rendered":"Estiramiento Del Tercio Medio Facial en Turqu\u00eda"},"content":{"rendered":"<div class=\"row\"  id=\"row-2145091815\">\n\t<div id=\"col-2146861163\" class=\"col medium-12 small-12 large-12\"  >\n\t\t\t\t<div class=\"col-inner\"  >\n\t\t\t\n\t\t\t\t<div class=\"img has-hover x md-x lg-x y md-y lg-y\" id=\"image_1288273678\">\n\t\t\t\t\t\t\t\t<div class=\"img-inner dark\" >\n\t\t\t<img decoding=\"async\" width=\"1200\" height=\"675\" src=\"https:\/\/candanmezili.com\/wp-content\/uploads\/2022\/06\/12-1.jpg\" class=\"attachment-full size-full\" alt=\"\" srcset=\"https:\/\/candanmezili.com\/wp-content\/uploads\/2022\/06\/12-1.jpg 1200w, https:\/\/candanmezili.com\/wp-content\/uploads\/2022\/06\/12-1-300x169.jpg 300w, https:\/\/candanmezili.com\/wp-content\/uploads\/2022\/06\/12-1-1024x576.jpg 1024w, https:\/\/candanmezili.com\/wp-content\/uploads\/2022\/06\/12-1-768x432.jpg 768w\" sizes=\"(max-width: 1200px) 100vw, 1200px\" title=\"\">\t\t\t\t\t\t\n\t\t\t\t\t<\/div>\n\t\t\t\t\t\t\t\t\n<style>\n#image_1288273678 {\n  width: 100%;\n}\n<\/style>\n\t<\/div>\n\t\t\t<\/div>\n\t\t\t\t\t<\/div>\n\n\t\n\t<div id=\"col-1194396119\" class=\"col medium-12 small-12 large-12\"  >\n\t\t\t\t<div class=\"col-inner\"  >\n\t\t\t\n\t\t\t\n<p>El estiramiento del tercio medio facial en Turqu\u00eda es un procedimiento quir\u00fargico est\u00e9tico dise\u00f1ado para reposicionar los tejidos de la zona media del rostro, restaurando el volumen perdido y mejorando la apariencia de mejillas y surcos nasogenianos con resultados naturales y duraderos.<\/p>\n<p>Cirug\u00eda de lifting del tercio medio facial en Turqu\u00eda se realiza mediante t\u00e9cnicas avanzadas m\u00ednimamente invasivas que elevan los tejidos profundos sin alterar la expresi\u00f3n facial. Este procedimiento est\u00e1 indicado en pacientes con flacidez moderada y p\u00e9rdida de soporte en la regi\u00f3n malar.<\/p>\n<p>Resultados del estiramiento del tercio medio facial en cl\u00ednicas turcas destacan por su equilibrio entre est\u00e9tica y funcionalidad, logrando una apariencia rejuvenecida sin signos evidentes de intervenci\u00f3n. La recuperaci\u00f3n suele ser progresiva, con disminuci\u00f3n del edema en pocas semanas.<\/p>\n<p>Costo y recuperaci\u00f3n del lifting medio facial en Turqu\u00eda var\u00edan seg\u00fan la t\u00e9cnica empleada y la experiencia del cirujano, siendo el pa\u00eds un destino reconocido por ofrecer atenci\u00f3n especializada, tecnolog\u00eda moderna y protocolos m\u00e9dicos estandarizados en cirug\u00eda est\u00e9tica facial.<\/p>\n\t\t<\/div>\n\t\t\t\t\t<\/div>\n\n\t<\/div><div class=\"row\"  id=\"row-1617013725\">\n\t<div id=\"col-2100909890\" class=\"col medium-12 small-12 large-12\"  >\n\t\t\t\t<div class=\"col-inner\"  >\n\t\t\t\n\t\t\t\n\n\t<section class=\"section\" id=\"section_1144104931\">\n\t\t<div class=\"section-bg fill\" >\n\t\t\t\t\t\t\t\t\t\n\t\t\t\n\n\t\t<\/div>\n\n\t\t\n\n\t\t<div class=\"section-content relative\">\n\t\t\t\r\n\r\n<div class=\"row\"  id=\"row-550260837\">\r\n\r\n\n\t<div id=\"col-992879839\" class=\"col small-12 large-12\"  >\n\t\t\t\t<div class=\"col-inner dark\" style=\"background-color:#004e7b;\" >\n\t\t\t\n\t\t\t\r\n\r\n<div class=\"row\"  id=\"row-1803407466\">\r\n\r\n\n\t<div id=\"col-743866481\" class=\"col medium-5 small-12 large-5\"  >\n\t\t\t\t<div class=\"col-inner\"  >\n\t\t\t\n\t\t\t\r\n\r\n\t<div class=\"img has-hover border-gorsel x md-x lg-x y md-y lg-y\" id=\"image_1848882198\">\n\t\t\t\t\t\t\t\t<div class=\"img-inner dark\" >\n\t\t\t<img decoding=\"async\" width=\"1500\" height=\"1531\" src=\"https:\/\/candanmezili.com\/wp-content\/uploads\/2022\/07\/candanweb.jpg\" class=\"attachment-2048x2048 size-2048x2048\" alt=\"\" srcset=\"https:\/\/candanmezili.com\/wp-content\/uploads\/2022\/07\/candanweb.jpg 1500w, https:\/\/candanmezili.com\/wp-content\/uploads\/2022\/07\/candanweb-294x300.jpg 294w, https:\/\/candanmezili.com\/wp-content\/uploads\/2022\/07\/candanweb-1003x1024.jpg 1003w, https:\/\/candanmezili.com\/wp-content\/uploads\/2022\/07\/candanweb-768x784.jpg 768w\" sizes=\"(max-width: 1500px) 100vw, 1500px\" title=\"\">\t\t\t\t\t\t\n\t\t\t\t\t<\/div>\n\t\t\t\t\t\t\t\t\n<style>\n#image_1848882198 {\n  width: 100%;\n}\n<\/style>\n\t<\/div>\n\t\r\n\r\n\r\n\t\t<\/div>\n\t\t\t\t\t<\/div>\n\n\t\r\n\n\t<div id=\"col-429527529\" class=\"col medium-7 small-12 large-7\"  >\n\t\t\t\t<div class=\"col-inner\"  >\n\t\t\t\n\t\t\t\r\n\r\n\t<div id=\"text-115605176\" class=\"text\">\n\t\t\r\n\r\n<p><span style=\"font-size: 75%;\">Cirug\u00eda Pl\u00e1stica y Est\u00e9tica en Esmirna<\/span><br \/><span style=\"font-size: 150%;\"><strong>Op. Dr. Candan Mezili<\/strong><\/span><\/p>\r\n\t\t\n<style>\n#text-115605176 {\n  font-size: 1rem;\n}\n@media (min-width:550px) {\n  #text-115605176 {\n    font-size: 1.5rem;\n  }\n}\n<\/style>\n\t<\/div>\n\t\r\n\t<div id=\"text-3842432692\" class=\"text\">\n\t\t\r\n\r\n<p>Me gradu\u00e9 de la Facultad de Medicina de la Universidad de Ankara en 2005 y ese mismo a\u00f1o comenc\u00e9 mi formaci\u00f3n de especializaci\u00f3n en Cirug\u00eda Pl\u00e1stica, Est\u00e9tica y Reconstructiva en la Facultad de Medicina de la Universidad de Ege. La capacidad de transformar la forma y la imaginaci\u00f3n fueron los factores clave que me dirigieron a este campo. Durante mi especializaci\u00f3n tuve la oportunidad de realizar innumerables cirug\u00edas con muchos profesores distinguidos. Actualmente, ejerzo en mi propia cl\u00ednica en Esmirna.<\/p>\r\n\t\t\n<style>\n#text-3842432692 {\n  text-align: left;\n}\n<\/style>\n\t<\/div>\n\t\r\n<a href=\"https:\/\/candanmezili.com\/es\/acerca-de-mi\/\" class=\"button white is-small lowercase\" style=\"border-radius:10px;\">\n\t\t<span>Sobre m\u00ed<\/span>\n\t<i class=\"icon-angle-right\" aria-hidden=\"true\"><\/i><\/a>\n\r\n\r\n<a href=\"https:\/\/api.whatsapp.com\/send\/?phone=905334008240\" class=\"button white is-small lowercase\" style=\"border-radius:10px;\" target=\"_blank\" rel=\"noopener\">\n\t\t<span>WhatsApp<\/span>\n\t<i class=\"icon-whatsapp\" aria-hidden=\"true\"><\/i><\/a>\n\r\n\r\n<div class=\"social-icons follow-icons homepage-icon\" ><a href=\"https:\/\/www.facebook.com\/opdrcandanmezili\/\" target=\"_blank\" data-label=\"Facebook\" class=\"icon button circle is-outline tooltip facebook\" title=\"S\u00edguenos en Facebook\" aria-label=\"S\u00edguenos en Facebook\" rel=\"noopener nofollow\"><i class=\"icon-facebook\" aria-hidden=\"true\"><\/i><\/a><a href=\"https:\/\/www.instagram.com\/drcandanmezili\/\" target=\"_blank\" data-label=\"Instagram\" class=\"icon button circle is-outline tooltip instagram\" title=\"S\u00edguenos en Instagram\" aria-label=\"S\u00edguenos en Instagram\" rel=\"noopener nofollow\"><i class=\"icon-instagram\" aria-hidden=\"true\"><\/i><\/a><a href=\"mailto:info@candanmezili.com\" data-label=\"E-mail\" target=\"_blank\" class=\"icon button circle is-outline tooltip email\" title=\"Env\u00edanos un email\" aria-label=\"Env\u00edanos un email\" rel=\"nofollow noopener\"><i class=\"icon-envelop\" aria-hidden=\"true\"><\/i><\/a><a href=\"tel:+90 533 400 82 40\" data-label=\"Phone\" target=\"_blank\" class=\"icon button circle is-outline tooltip phone\" title=\"Ll\u00e1menos\" aria-label=\"Ll\u00e1menos\" rel=\"nofollow noopener\"><i class=\"icon-phone\" aria-hidden=\"true\"><\/i><\/a><a href=\"https:\/\/www.youtube.com\/@CandanMezili\/\" data-label=\"YouTube\" target=\"_blank\" class=\"icon button circle is-outline tooltip youtube\" title=\"S\u00edguenos en Youtube\" aria-label=\"S\u00edguenos en Youtube\" rel=\"noopener nofollow\"><i class=\"icon-youtube\" aria-hidden=\"true\"><\/i><\/a><\/div>\r\n\r\n\r\n\t\t<\/div>\n\t\t\t\t\t<\/div>\n\n\t\r\n\r\n<\/div>\r\n\r\n\t\t<\/div>\n\t\t\t\t\n<style>\n#col-992879839 > .col-inner {\n  padding: 30px 15px 1px 15px;\n  margin: 0px 0px -20px 0px;\n  border-radius: 20px;\n}\n@media (min-width:550px) {\n  #col-992879839 > .col-inner {\n    padding: 30px 30px 1px 30px;\n  }\n}\n<\/style>\n\t<\/div>\n\n\t\r\n\r\n<\/div>\r\n\r\n\t\t<\/div>\n\n\t\t\n<style>\n#section_1144104931 {\n  padding-top: 30px;\n  padding-bottom: 30px;\n}\n<\/style>\n\t<\/section>\n\t\r\n\n<div id=\"ez-toc-container\" class=\"ez-toc-v2_0_82_2 counter-hierarchy ez-toc-counter ez-toc-custom ez-toc-container-direction\">\n<div class=\"ez-toc-title-container\">\n<p class=\"ez-toc-title\" style=\"cursor:inherit\">\u00cdndice de contenidos<\/p>\n<span class=\"ez-toc-title-toggle\"><a href=\"#\" class=\"ez-toc-pull-right ez-toc-btn ez-toc-btn-xs ez-toc-btn-default ez-toc-toggle\" aria-label=\"Alternar tabla de contenidos\"><span class=\"ez-toc-js-icon-con\"><span class=\"\"><span class=\"eztoc-hide\" style=\"display:none;\">Toggle<\/span><span class=\"ez-toc-icon-toggle-span\"><svg style=\"fill: #ffffff;color:#ffffff\" xmlns=\"http:\/\/www.w3.org\/2000\/svg\" class=\"list-377408\" width=\"20px\" height=\"20px\" viewBox=\"0 0 24 24\" fill=\"none\"><path d=\"M6 6H4v2h2V6zm14 0H8v2h12V6zM4 11h2v2H4v-2zm16 0H8v2h12v-2zM4 16h2v2H4v-2zm16 0H8v2h12v-2z\" fill=\"currentColor\"><\/path><\/svg><svg style=\"fill: #ffffff;color:#ffffff\" class=\"arrow-unsorted-368013\" xmlns=\"http:\/\/www.w3.org\/2000\/svg\" width=\"10px\" height=\"10px\" viewBox=\"0 0 24 24\" version=\"1.2\" baseProfile=\"tiny\"><path d=\"M18.2 9.3l-6.2-6.3-6.2 6.3c-.2.2-.3.4-.3.7s.1.5.3.7c.2.2.4.3.7.3h11c.3 0 .5-.1.7-.3.2-.2.3-.5.3-.7s-.1-.5-.3-.7zM5.8 14.7l6.2 6.3 6.2-6.3c.2-.2.3-.5.3-.7s-.1-.5-.3-.7c-.2-.2-.4-.3-.7-.3h-11c-.3 0-.5.1-.7.3-.2.2-.3.5-.3.7s.1.5.3.7z\"\/><\/svg><\/span><\/span><\/span><\/a><\/span><\/div>\n<nav><ul class='ez-toc-list ez-toc-list-level-1 ' ><li class='ez-toc-page-1 ez-toc-heading-level-2'><a class=\"ez-toc-link ez-toc-heading-1\" href=\"https:\/\/candanmezili.com\/es\/estetica-facial\/cirugia-de-estiramiento-del-tercio-medio-facial\/#%C2%BFQue_es_el_lifting_de_la_zona_media_de_la_cara\" >\u00bfQu\u00e9 es el lifting de la zona media de la cara?<\/a><\/li><li class='ez-toc-page-1 ez-toc-heading-level-2'><a class=\"ez-toc-link ez-toc-heading-2\" href=\"https:\/\/candanmezili.com\/es\/estetica-facial\/cirugia-de-estiramiento-del-tercio-medio-facial\/#Candidatos_adecuados_para_el_lifting_de_la_zona_media_de_la_cara\" >Candidatos adecuados para el lifting de la zona media de la cara<\/a><\/li><li class='ez-toc-page-1 ez-toc-heading-level-2'><a class=\"ez-toc-link ez-toc-heading-3\" href=\"https:\/\/candanmezili.com\/es\/estetica-facial\/cirugia-de-estiramiento-del-tercio-medio-facial\/#Areas_objetivo_del_lifting_de_la_zona_media_de_la_cara\" >\u00c1reas objetivo del lifting de la zona media de la cara<\/a><\/li><li class='ez-toc-page-1 ez-toc-heading-level-2'><a class=\"ez-toc-link ez-toc-heading-4\" href=\"https:\/\/candanmezili.com\/es\/estetica-facial\/cirugia-de-estiramiento-del-tercio-medio-facial\/#Proceso_de_recuperacion_tras_el_lifting_de_la_zona_media_de_la_cara\" >Proceso de recuperaci\u00f3n tras el lifting de la zona media de la cara<\/a><\/li><li class='ez-toc-page-1 ez-toc-heading-level-2'><a class=\"ez-toc-link ez-toc-heading-5\" href=\"https:\/\/candanmezili.com\/es\/estetica-facial\/cirugia-de-estiramiento-del-tercio-medio-facial\/#Preparacion_para_la_cirugia_de_lifting_de_la_zona_media_de_la_cara\" >Preparaci\u00f3n para la cirug\u00eda de lifting de la zona media de la cara<\/a><\/li><li class='ez-toc-page-1 ez-toc-heading-level-2'><a class=\"ez-toc-link ez-toc-heading-6\" href=\"https:\/\/candanmezili.com\/es\/estetica-facial\/cirugia-de-estiramiento-del-tercio-medio-facial\/#Comparacion_entre_lifting_de_la_zona_media_de_la_cara_y_lifting_facial_completo\" >Comparaci\u00f3n entre lifting de la zona media de la cara y lifting facial completo<\/a><\/li><li class='ez-toc-page-1 ez-toc-heading-level-2'><a class=\"ez-toc-link ez-toc-heading-7\" href=\"https:\/\/candanmezili.com\/es\/estetica-facial\/cirugia-de-estiramiento-del-tercio-medio-facial\/#Duracion_de_la_apariencia_juvenil_tras_el_lifting_de_la_zona_media\" >Duraci\u00f3n de la apariencia juvenil tras el lifting de la zona media<\/a><\/li><li class='ez-toc-page-1 ez-toc-heading-level-2'><a class=\"ez-toc-link ez-toc-heading-8\" href=\"https:\/\/candanmezili.com\/es\/estetica-facial\/cirugia-de-estiramiento-del-tercio-medio-facial\/#%C2%BFCuantas_personas_se_realizan_lifting_de_la_zona_media_en_Turquia\" >\u00bfCu\u00e1ntas personas se realizan lifting de la zona media en Turqu\u00eda?<\/a><\/li><li class='ez-toc-page-1 ez-toc-heading-level-2'><a class=\"ez-toc-link ez-toc-heading-9\" href=\"https:\/\/candanmezili.com\/es\/estetica-facial\/cirugia-de-estiramiento-del-tercio-medio-facial\/#%C2%BFPor_que_es_barato_el_lifting_de_la_zona_media_en_Turquia\" >\u00bfPor qu\u00e9 es barato el lifting de la zona media en Turqu\u00eda?<\/a><ul class='ez-toc-list-level-3' ><li class='ez-toc-heading-level-3'><a class=\"ez-toc-link ez-toc-heading-10\" href=\"https:\/\/candanmezili.com\/es\/estetica-facial\/cirugia-de-estiramiento-del-tercio-medio-facial\/#%C2%BFPor_que_la_cirugia_de_lifting_de_la_zona_media_es_tan_economica_en_Turquia\" >\u00bfPor qu\u00e9 la cirug\u00eda de lifting de la zona media es tan econ\u00f3mica en Turqu\u00eda?<\/a><\/li><\/ul><\/li><li class='ez-toc-page-1 ez-toc-heading-level-2'><a class=\"ez-toc-link ez-toc-heading-11\" href=\"https:\/\/candanmezili.com\/es\/estetica-facial\/cirugia-de-estiramiento-del-tercio-medio-facial\/#%C2%BFCuanto_cuesta_el_lifting_de_la_zona_media_de_la_cara_en_Esmirna_Turquia\" >\u00bfCu\u00e1nto cuesta el lifting de la zona media de la cara en Esmirna, Turqu\u00eda?<\/a><ul class='ez-toc-list-level-3' ><li class='ez-toc-heading-level-3'><a class=\"ez-toc-link ez-toc-heading-12\" href=\"https:\/\/candanmezili.com\/es\/estetica-facial\/cirugia-de-estiramiento-del-tercio-medio-facial\/#Preguntas_Frecuentes\" >Preguntas Frecuentes<\/a><\/li><li class='ez-toc-page-1 ez-toc-heading-level-3'><a class=\"ez-toc-link ez-toc-heading-13\" href=\"https:\/\/candanmezili.com\/es\/estetica-facial\/cirugia-de-estiramiento-del-tercio-medio-facial\/#%C2%BFQue_es_el_lifting_de_la_zona_media_de_la_cara_y_que_areas_aborda\" >\u00bfQu\u00e9 es el lifting de la zona media de la cara y qu\u00e9 \u00e1reas aborda?<\/a><\/li><li class='ez-toc-page-1 ez-toc-heading-level-3'><a class=\"ez-toc-link ez-toc-heading-14\" href=\"https:\/\/candanmezili.com\/es\/estetica-facial\/cirugia-de-estiramiento-del-tercio-medio-facial\/#%C2%BFPara_quien_se_recomienda_la_cirugia_de_lifting_de_la_zona_media_de_la_cara\" >\u00bfPara qui\u00e9n se recomienda la cirug\u00eda de lifting de la zona media de la cara?<\/a><\/li><li class='ez-toc-page-1 ez-toc-heading-level-3'><a class=\"ez-toc-link ez-toc-heading-15\" href=\"https:\/\/candanmezili.com\/es\/estetica-facial\/cirugia-de-estiramiento-del-tercio-medio-facial\/#%C2%BFCuanto_tiempo_tarda_en_notarse_el_resultado_despues_de_la_cirugia\" >\u00bfCu\u00e1nto tiempo tarda en notarse el resultado despu\u00e9s de la cirug\u00eda?<\/a><\/li><li class='ez-toc-page-1 ez-toc-heading-level-3'><a class=\"ez-toc-link ez-toc-heading-16\" href=\"https:\/\/candanmezili.com\/es\/estetica-facial\/cirugia-de-estiramiento-del-tercio-medio-facial\/#%C2%BFQue_tipo_de_anestesia_se_prefiere_durante_el_procedimiento\" >\u00bfQu\u00e9 tipo de anestesia se prefiere durante el procedimiento?<\/a><\/li><li class='ez-toc-page-1 ez-toc-heading-level-3'><a class=\"ez-toc-link ez-toc-heading-17\" href=\"https:\/\/candanmezili.com\/es\/estetica-facial\/cirugia-de-estiramiento-del-tercio-medio-facial\/#%C2%BFCuanto_duran_los_efectos_de_un_lifting_de_la_zona_media_de_la_cara\" >\u00bfCu\u00e1nto duran los efectos de un lifting de la zona media de la cara?<\/a><\/li><\/ul><\/li><li class='ez-toc-page-1 ez-toc-heading-level-2'><a class=\"ez-toc-link ez-toc-heading-18\" href=\"https:\/\/candanmezili.com\/es\/estetica-facial\/cirugia-de-estiramiento-del-tercio-medio-facial\/#Erfahrungen\" >Erfahrungen<\/a><\/li><li class='ez-toc-page-1 ez-toc-heading-level-2'><a class=\"ez-toc-link ez-toc-heading-19\" href=\"https:\/\/candanmezili.com\/es\/estetica-facial\/cirugia-de-estiramiento-del-tercio-medio-facial\/#Nuestros_Certificados\" >Nuestros Certificados<\/a><\/li><\/ul><\/nav><\/div>\n<h2><span class=\"ez-toc-section\" id=\"%C2%BFQue_es_el_lifting_de_la_zona_media_de_la_cara\"><\/span>\u00bfQu\u00e9 es el lifting de la zona media de la cara?<span class=\"ez-toc-section-end\"><\/span><\/h2>\n<p>En cirug\u00eda pl\u00e1stica, la zona media del rostro se refiere al \u00e1rea entre los p\u00e1rpados inferiores y el labio superior, incluyendo las mejillas y las regiones circundantes. El envejecimiento en esta \u00e1rea puede hacer que una persona luzca cansada. Algunas personas j\u00f3venes pueden tener tejido gen\u00e9ticamente m\u00e1s bajo en esta regi\u00f3n. Para estos casos, se realiza un lifting de la zona media de la cara con fines est\u00e9ticos. El lifting de la zona media de la cara ofrece una apariencia m\u00e1s joven y din\u00e1mica al reposicionar las bolsas de grasa para reducir los hundimientos bajo los ojos y crear transiciones m\u00e1s suaves de las mejillas a los ojos. Este procedimiento da como resultado:<\/p>\n<ul>\n<li>Una transici\u00f3n m\u00e1s suave entre las mejillas y los ojos<\/li>\n<li>Reducci\u00f3n del aspecto hundido bajo los ojos<\/li>\n<li>P\u00f3mulos m\u00e1s prominentes<\/li>\n<\/ul>\n<p>Si es necesario, se puede realizar un lifting de cejas al mismo tiempo que el lifting de la zona media, lo que mejora a\u00fan m\u00e1s la apariencia juvenil y renovada. Este procedimiento no solo mejora la est\u00e9tica, sino que tambi\u00e9n refuerza la confianza de la persona.<\/p>\n<h2><span class=\"ez-toc-section\" id=\"Candidatos_adecuados_para_el_lifting_de_la_zona_media_de_la_cara\"><\/span>Candidatos adecuados para el lifting de la zona media de la cara<span class=\"ez-toc-section-end\"><\/span><\/h2>\n<p>Los grupos de menor edad son generalmente m\u00e1s adecuados cuando el lifting de la zona media se realiza de forma aislada, t\u00edpicamente entre los 25 y 45 a\u00f1os. Para quienes presentan flacidez en todo el rostro, puede ser m\u00e1s apropiado un lifting facial y de cuello completo. Los especialistas en cirug\u00eda pl\u00e1stica y est\u00e9tica eval\u00faan el estado f\u00edsico de cada persona para determinar su idoneidad. Los candidatos ideales suelen ser:<\/p>\n<ul>\n<li>Quienes muestran signos de envejecimiento en las \u00e1reas bajo los ojos y la zona media de la cara<\/li>\n<li>Personas con predisposici\u00f3n gen\u00e9tica a la flacidez o envejecimiento facial temprano<\/li>\n<li>Quienes experimentan p\u00e9rdida de contorno facial<\/li>\n<li>Personas j\u00f3venes con p\u00f3mulos y mejillas gen\u00e9ticamente m\u00e1s bajos<\/li>\n<\/ul>\n<p>Los candidatos no deben fumar, deben hacer ejercicio regularmente, mantener h\u00e1bitos alimenticios saludables y en general llevar un estilo de vida sano. Las evaluaciones exhaustivas garantizan la selecci\u00f3n de candidatos f\u00edsica y psicol\u00f3gicamente adecuados.<\/p>\n<h2><span class=\"ez-toc-section\" id=\"Areas_objetivo_del_lifting_de_la_zona_media_de_la_cara\"><\/span>\u00c1reas objetivo del lifting de la zona media de la cara<span class=\"ez-toc-section-end\"><\/span><\/h2>\n<p>El lifting de la zona media se centra en \u00e1reas espec\u00edficas para lograr un rejuvenecimiento notable. El cirujano tensa la zona desde justo debajo de los ojos hasta las esquinas superiores de la boca. Este procedimiento revitaliza la zona media abordando dos \u00e1reas principales:<\/p>\n<ul>\n<li>Hundimientos bajo los ojos: Logrando un aspecto m\u00e1s suave y joven.<\/li>\n<li>Mejillas: Tensando la piel para una apariencia m\u00e1s llena y elevada.<\/li>\n<\/ul>\n<h4>Riesgos y efectos secundarios posibles del lifting de la zona media de la cara<\/h4>\n<p>Como en cualquier intervenci\u00f3n quir\u00fargica, el lifting de la zona media conlleva ciertos riesgos y efectos secundarios. Los efectos postoperatorios que los pacientes pueden experimentar incluyen:<\/p>\n<ul>\n<li>Hematomas<\/li>\n<li>Hinchaz\u00f3n prolongada<\/li>\n<li>Riesgos de anestesia<\/li>\n<li>Infecci\u00f3n<\/li>\n<li>Dolor<\/li>\n<li>Cicatrices<\/li>\n<\/ul>\n<p>Si el dolor postoperatorio aumenta o la hinchaz\u00f3n no disminuye, es fundamental informar al m\u00e9dico. Manejar estos efectos secundarios hace que el proceso de recuperaci\u00f3n sea m\u00e1s c\u00f3modo.<br \/>\n\n\t<section class=\"section\" id=\"section_1319548257\">\n\t\t<div class=\"section-bg fill\" >\n\t\t\t\t\t\t\t\t\t\n\t\t\t\n\n\t\t<\/div>\n\n\t\t\n\n\t\t<div class=\"section-content relative\">\n\t\t\t\r\n\r\n<div class=\"row\"  id=\"row-1013575301\">\r\n\r\n\n\t<div id=\"col-1705817042\" class=\"col small-12 large-12\"  >\n\t\t\t\t<div class=\"col-inner box-shadow-2\"  >\n\t\t\t\n\t\t\t\r\n\r\n<div class=\"row\"  id=\"row-1083820389\">\r\n\r\n\n\t<div id=\"col-347996338\" class=\"col whatsapp-alani hide-for-small medium-3 small-12 large-3\"  >\n\t\t\t\t<div class=\"col-inner box-shadow-2\" style=\"background-color:rgb(37, 211, 102);\" >\n\t\t\t\n\t\t\t\r\n\r\n\t<div id=\"text-1475118551\" class=\"text\">\n\t\t\r\n\r\n<p><a href=\"https:\/\/api.whatsapp.com\/send\/?phone=905334008240&amp;text&amp;type=phone_number&amp;app_absent=0\" target=\"_blank\" rel=\"noopener\"><span style=\"color: #ffffff;\">Haga clic para <br \/>WhatsApp 24\/7<\/span><\/a><\/p>\r\n\r\n\t\t\n<style>\n#text-1475118551 {\n  font-size: 1.5rem;\n  text-align: center;\n  color: rgb(255,255,255);\n}\n#text-1475118551 > * {\n  color: rgb(255,255,255);\n}\n<\/style>\n\t<\/div>\n\t\r\n\r\n\t\t<\/div>\n\t\t\t\t\n<style>\n#col-347996338 > .col-inner {\n  padding: 30px 0px 12px 0px;\n  margin: 0px 0px -31px 0px;\n}\n<\/style>\n\t<\/div>\n\n\t\r\n\n\t<div id=\"col-190725745\" class=\"col show-for-small medium-3 small-12 large-3\"  >\n\t\t\t\t<div class=\"col-inner box-shadow-2\" style=\"background-color:rgb(37, 211, 102);\" >\n\t\t\t\n\t\t\t\r\n\r\n\t<div id=\"text-191533049\" class=\"text\">\n\t\t\r\n\r\n<p><a href=\"https:\/\/api.whatsapp.com\/send\/?phone=905334008240&amp;text&amp;type=phone_number&amp;app_absent=0\" target=\"_blank\" rel=\"noopener\"><span style=\"color: #ffffff;\">Haga clic para WhatsApp 24\/7<\/span><\/a><\/p>\r\n\t\t\n<style>\n#text-191533049 {\n  font-size: 1.25rem;\n  text-align: center;\n  color: rgb(255,255,255);\n}\n#text-191533049 > * {\n  color: rgb(255,255,255);\n}\n@media (min-width:550px) {\n  #text-191533049 {\n    font-size: 1.5rem;\n  }\n}\n<\/style>\n\t<\/div>\n\t\r\n\r\n\t\t<\/div>\n\t\t\t\t\n<style>\n#col-190725745 > .col-inner {\n  padding: 20px 0px 1px 0px;\n  margin: 0px 0px 0px 0px;\n  border-radius: 100px;\n}\n@media (min-width:550px) {\n  #col-190725745 > .col-inner {\n    margin: 0px 0px -40px 0px;\n  }\n}\n<\/style>\n\t<\/div>\n\n\t\r\n\n\t<div id=\"col-1669972041\" class=\"col medium-9 small-12 large-9\"  >\n\t\t\t\t<div class=\"col-inner text-left\"  >\n\t\t\t\n\t<div class=\"is-border\"\n\t\tstyle=\"border-width:0px 0px 0px 0px;margin:0px 0px 0px 0px;\">\n\t<\/div>\n\t\t\t\r\n\r\n<div class=\"row\"  id=\"row-2086262810\">\r\n\r\n\n\t<div id=\"col-2100544064\" class=\"col small-12 large-12\"  >\n\t\t\t\t<div class=\"col-inner\"  >\n\t\t\t\n\t\t\t\r\n\r\n\n<div class=\"wpcf7 no-js\" id=\"wpcf7-f39692-o1\" lang=\"es-ES\" dir=\"ltr\" data-wpcf7-id=\"39692\">\n<div class=\"screen-reader-response\"><p role=\"status\" aria-live=\"polite\" aria-atomic=\"true\"><\/p> <ul><\/ul><\/div>\n<form action=\"\/es\/wp-json\/wp\/v2\/pages\/29220#wpcf7-f39692-o1\" method=\"post\" class=\"wpcf7-form init\" aria-label=\"Formulario de contacto\" novalidate=\"novalidate\" data-status=\"init\">\n<fieldset class=\"hidden-fields-container\"><input type=\"hidden\" name=\"_wpcf7\" value=\"39692\" \/><input type=\"hidden\" name=\"_wpcf7_version\" value=\"6.1.5\" \/><input type=\"hidden\" name=\"_wpcf7_locale\" value=\"es_ES\" \/><input type=\"hidden\" name=\"_wpcf7_unit_tag\" value=\"wpcf7-f39692-o1\" \/><input type=\"hidden\" name=\"_wpcf7_container_post\" value=\"0\" \/><input type=\"hidden\" name=\"_wpcf7_posted_data_hash\" value=\"\" \/><input type=\"hidden\" name=\"_wpcf7_recaptcha_response\" value=\"\" \/>\n<\/fieldset>\n<div class=\"call-to-action\">\n\t<div class=\"col-row\">\n\t\t<div class=\"col-quarter\">\n\t\t\t<p><span class=\"wpcf7-form-control-wrap\" data-name=\"text-340\"><input size=\"40\" maxlength=\"400\" class=\"wpcf7-form-control wpcf7-text wpcf7-validates-as-required\" autocomplete=\"name\" aria-required=\"true\" aria-invalid=\"false\" placeholder=\"Nombre\" value=\"\" type=\"text\" name=\"text-340\" \/><\/span>\n\t\t\t<\/p>\n\t\t<\/div>\n\t\t<div class=\"col-quarter\">\n\t\t\t<p><span class=\"wpcf7-form-control-wrap\" data-name=\"tel-10\"><input size=\"40\" maxlength=\"400\" class=\"wpcf7-form-control wpcf7-tel wpcf7-validates-as-required wpcf7-text wpcf7-validates-as-tel\" autocomplete=\"name\" aria-required=\"true\" aria-invalid=\"false\" placeholder=\"Tel\u00e9fono\" value=\"\" type=\"tel\" name=\"tel-10\" \/><\/span>\n\t\t\t<\/p>\n\t\t<\/div>\n\t\t<div class=\"col-quarter\">\n\t\t\t<p><span class=\"wpcf7-form-control-wrap\" data-name=\"email-563\"><input size=\"40\" maxlength=\"400\" class=\"wpcf7-form-control wpcf7-email wpcf7-validates-as-required wpcf7-text wpcf7-validates-as-email\" autocomplete=\"name\" aria-required=\"true\" aria-invalid=\"false\" placeholder=\"Correo Electr\u00f3nico\" value=\"\" type=\"email\" name=\"email-563\" \/><\/span>\n\t\t\t<\/p>\n\t\t<\/div>\n\t\t<div class=\"col-quarter\">\n\t\t\t<p><input class=\"wpcf7-form-control wpcf7-submit has-spinner\" type=\"submit\" value=\"ENVIAR\" \/>\n\t\t\t<\/p>\n\t\t<\/div>\n\t<span class=\"wpcf7-form-control-wrap recaptcha\" data-name=\"recaptcha\"><span data-sitekey=\"6LeLvXMrAAAAAE38Im_4Oy8glwWIawWAxnTj5xPi\" class=\"wpcf7-form-control wpcf7-recaptcha g-recaptcha\"><\/span>\r\n<noscript>\r\n\t<div class=\"grecaptcha-noscript\">\r\n\t\t<iframe src=\"https:\/\/www.google.com\/recaptcha\/api\/fallback?k=6LeLvXMrAAAAAE38Im_4Oy8glwWIawWAxnTj5xPi\" frameborder=\"0\" scrolling=\"no\" width=\"310\" height=\"430\">\r\n\t\t<\/iframe>\r\n\t\t<textarea name=\"g-recaptcha-response\" rows=\"3\" cols=\"40\" placeholder=\"Aqu\u00ed la respuesta de reCAPTCHA\">\r\n\t\t<\/textarea>\r\n\t<\/div>\r\n<\/noscript>\r\n<\/span>\n\t<\/div>\n<\/div><p style=\"display: none !important;\" class=\"akismet-fields-container\" data-prefix=\"_wpcf7_ak_\"><label>&#916;<textarea name=\"_wpcf7_ak_hp_textarea\" cols=\"45\" rows=\"8\" maxlength=\"100\"><\/textarea><\/label><input type=\"hidden\" id=\"ak_js_1\" name=\"_wpcf7_ak_js\" value=\"116\"\/><script type=\"text\/javascript\">\n\/* <![CDATA[ *\/\ndocument.getElementById( \"ak_js_1\" ).setAttribute( \"value\", ( new Date() ).getTime() );\n\/* ]]> *\/\n<\/script>\n<\/p><div class=\"wpcf7-response-output\" aria-hidden=\"true\"><\/div>\n<\/form>\n<\/div>\n\r\n\r\n\t\t<\/div>\n\t\t\t\t\n<style>\n#col-2100544064 > .col-inner {\n  margin: 0px 0px -60px 0px;\n}\n<\/style>\n\t<\/div>\n\n\t\r\n\n\t<div id=\"col-510067356\" class=\"col small-12 large-12\"  >\n\t\t\t\t<div class=\"col-inner\"  >\n\t\t\t\n\t\t\t\r\n\r\n\t<div id=\"text-4112635399\" class=\"text\">\n\t\t\r\n\r\n<p>*Recomendamos llenar todos los campos para garantizar la mejor respuesta.<\/p>\r\n\t\t\n<style>\n#text-4112635399 {\n  font-size: 0.85rem;\n  line-height: 1.5;\n}\n@media (min-width:550px) {\n  #text-4112635399 {\n    line-height: 0.75;\n  }\n}\n<\/style>\n\t<\/div>\n\t\r\n\r\n\t\t<\/div>\n\t\t\t\t\n<style>\n#col-510067356 > .col-inner {\n  margin: 0px 0px -40px 0px;\n}\n<\/style>\n\t<\/div>\n\n\t\r\n\r\n<\/div>\r\n\r\n\t\t<\/div>\n\t\t\t\t\n<style>\n#col-1669972041 > .col-inner {\n  padding: 0px 0px 0px 0px;\n  margin: 0px 0px -20px 0px;\n}\n@media (min-width:550px) {\n  #col-1669972041 > .col-inner {\n    padding: 20px 0px 0px 0px;\n    margin: 0px 0px -66px 0px;\n  }\n}\n<\/style>\n\t<\/div>\n\n\t\r\n\r\n<\/div>\r\n\r\n\t\t<\/div>\n\t\t\t\t\n<style>\n#col-1705817042 > .col-inner {\n  padding: 30px 10px 0px 10px;\n  border-radius: 30px;\n}\n@media (min-width:550px) {\n  #col-1705817042 > .col-inner {\n    padding: 0px 20px 0px 0px;\n  }\n}\n<\/style>\n\t<\/div>\n\n\t\r\n\r\n<\/div>\r\n\r\n\t\t<\/div>\n\n\t\t\n<style>\n#section_1319548257 {\n  padding-top: 30px;\n  padding-bottom: 30px;\n}\n<\/style>\n\t<\/section>\n\t\r\n\n<h2><span class=\"ez-toc-section\" id=\"Proceso_de_recuperacion_tras_el_lifting_de_la_zona_media_de_la_cara\"><\/span>Proceso de recuperaci\u00f3n tras el lifting de la zona media de la cara<span class=\"ez-toc-section-end\"><\/span><\/h2>\n<p>El proceso de recuperaci\u00f3n tras un lifting de la zona media es ligeramente m\u00e1s largo que en otras cirug\u00edas faciales. Los pacientes suelen necesitar de 3 a 4 semanas antes de socializar. La mayor\u00eda nota los resultados completos entre 2 y 3 meses despu\u00e9s de la operaci\u00f3n. Aspectos clave a considerar durante las primeras tres semanas:<\/p>\n<ul>\n<li>Evitar actividades f\u00edsicas intensas y el ejercicio<\/li>\n<li>Dormir con la cabeza ligeramente elevada y de espaldas<\/li>\n<li>Aplicar hielo para reducir la hinchaz\u00f3n<\/li>\n<\/ul>\n<p>Si se utilizan puntos no reabsorbibles, deben ser retirados por el cirujano aproximadamente una semana despu\u00e9s de la operaci\u00f3n.<\/p>\n<h2><span class=\"ez-toc-section\" id=\"Preparacion_para_la_cirugia_de_lifting_de_la_zona_media_de_la_cara\"><\/span>Preparaci\u00f3n para la cirug\u00eda de lifting de la zona media de la cara<span class=\"ez-toc-section-end\"><\/span><\/h2>\n<p>La preparaci\u00f3n preoperatoria es crucial para asegurar que el paciente est\u00e9 en las mejores condiciones para la cirug\u00eda. Los pacientes deben evitar medicamentos anticoagulantes como aspirina, omega-3 y ciertos suplementos herbales. Tambi\u00e9n se recomienda preparar art\u00edculos personales para pasar la noche en el hospital y organizar el transporte a casa. El d\u00eda de la cirug\u00eda, la piel debe estar limpia y seca, sin maquillaje ni cremas hidratantes. Estas preparaciones contribuyen al \u00e9xito de la cirug\u00eda y aceleran la recuperaci\u00f3n.<\/p>\n<h2><span class=\"ez-toc-section\" id=\"Comparacion_entre_lifting_de_la_zona_media_de_la_cara_y_lifting_facial_completo\"><\/span>Comparaci\u00f3n entre lifting de la zona media de la cara y lifting facial completo<span class=\"ez-toc-section-end\"><\/span><\/h2>\n<p>El lifting de la zona media se centra espec\u00edficamente en el \u00e1rea entre las esquinas de los ojos y el labio superior, realzando los p\u00f3mulos y aportando juventud al centro del rostro. Por otro lado, un lifting facial completo aborda una zona m\u00e1s amplia desde el cuello hasta las cejas, tratando la flacidez en mejillas, papada, pliegues nasolabiales y cuello.<br \/>\nAunque es un procedimiento m\u00e1s invasivo, la recuperaci\u00f3n de un lifting facial completo puede ser m\u00e1s corta, permitiendo socializar en 2-3 semanas y regresar a las actividades diarias generalmente en dos semanas. Los resultados completos pueden tardar de dos a tres meses en aparecer. Ambos procedimientos suelen involucrar incisiones en forma de \u201cS\u201d a lo largo de la l\u00ednea del cabello y alrededor de las orejas. Cada procedimiento rejuvenece el rostro, pero el lifting facial completo ofrece una mejora m\u00e1s integral.<\/p>\n<h2><span class=\"ez-toc-section\" id=\"Duracion_de_la_apariencia_juvenil_tras_el_lifting_de_la_zona_media\"><\/span>Duraci\u00f3n de la apariencia juvenil tras el lifting de la zona media<span class=\"ez-toc-section-end\"><\/span><\/h2>\n<p>Los efectos juveniles de un lifting de la zona media pueden variar, pero generalmente son duraderos y efectivos durante 5 a 10 a\u00f1os. Factores que influyen en la duraci\u00f3n de los resultados:<\/p>\n<ul>\n<li>Tipo de piel<\/li>\n<li>Estilo de vida<\/li>\n<li>Exposici\u00f3n al sol<\/li>\n<li>Gen\u00e9tica<\/li>\n<\/ul>\n<p>Aunque el envejecimiento facial es un proceso natural, el lifting de la zona media reduce y ralentiza significativamente la aparici\u00f3n de signos de envejecimiento. Seguir los cuidados postoperatorios recomendados y mantener h\u00e1bitos saludables ayuda a preservar los resultados el mayor tiempo posible, mejorando la calidad de vida de muchos pacientes.<\/p>\n<h2><span class=\"ez-toc-section\" id=\"%C2%BFCuantas_personas_se_realizan_lifting_de_la_zona_media_en_Turquia\"><\/span>\u00bfCu\u00e1ntas personas se realizan lifting de la zona media en Turqu\u00eda?<span class=\"ez-toc-section-end\"><\/span><\/h2>\n<p>Seg\u00fan la <a href=\"https:\/\/www.ncbi.nlm.nih.gov\/books\/NBK564338\" target=\"_blank\" rel=\"noopener\">American Society of Plastic Surgeons<\/a>, la ritidectom\u00eda, com\u00fanmente conocida como lifting facial, est\u00e1 entre las cinco cirug\u00edas est\u00e9ticas m\u00e1s realizadas. Solo en 2019, se realizaron m\u00e1s de 120,000 procedimientos de ritidectom\u00eda. Esta alta prevalencia resalta la importancia de que los cirujanos est\u00e9ticos dominen la historia, la anatom\u00eda relevante y los aspectos t\u00e9cnicos del procedimiento. Sin embargo, no se detallan estad\u00edsticas espec\u00edficas para el lifting de la zona media, que es un subconjunto de la ritidectom\u00eda y se centra en la regi\u00f3n media de la cara. Por lo tanto, no se proporciona el n\u00famero exacto de liftings de la zona media realizados.<\/p>\n<h2><span class=\"ez-toc-section\" id=\"%C2%BFPor_que_es_barato_el_lifting_de_la_zona_media_en_Turquia\"><\/span>\u00bfPor qu\u00e9 es barato el lifting de la zona media en Turqu\u00eda?<span class=\"ez-toc-section-end\"><\/span><\/h2>\n<h3><span class=\"ez-toc-section\" id=\"%C2%BFPor_que_la_cirugia_de_lifting_de_la_zona_media_es_tan_economica_en_Turquia\"><\/span>\u00bfPor qu\u00e9 la cirug\u00eda de lifting de la zona media es tan econ\u00f3mica en Turqu\u00eda?<span class=\"ez-toc-section-end\"><\/span><\/h3>\n<p>Existen razones de peso para esto. Los precios suelen ser un tercio de los de Europa o Estados Unidos, las instalaciones m\u00e9dicas suelen ser de la m\u00e1s alta calidad y los m\u00e9dicos han desarrollado competencias especializadas en tratamientos est\u00e9ticos espec\u00edficos.<br \/>\nTurqu\u00eda es tanto el mejor como el pa\u00eds m\u00e1s barato en lifting de la zona media del rostro a nivel mundial. La raz\u00f3n de este bajo costo es la econom\u00eda, como todos podemos imaginar. El hecho de que las monedas se conviertan a cierto tipo de cambio facilita esta econom\u00eda.<\/p>\n<h2><span class=\"ez-toc-section\" id=\"%C2%BFCuanto_cuesta_el_lifting_de_la_zona_media_de_la_cara_en_Esmirna_Turquia\"><\/span>\u00bfCu\u00e1nto cuesta el lifting de la zona media de la cara en Esmirna, Turqu\u00eda?<span class=\"ez-toc-section-end\"><\/span><\/h2>\n<div>\n<dl id=\"\">\n<dt><img decoding=\"async\" src=\"https:\/\/candanmezili.com\/wp-content\/uploads\/2023\/02\/candan-menzili-operation-packages.jpg\" alt=\"Paquete todo incluido para cirug\u00eda est\u00e9tica en Turqu\u00eda\" width=\"1080\" height=\"608\" title=\"\"><\/dt>\n<dd>Paquete todo incluido para cirug\u00eda est\u00e9tica en Turqu\u00eda<\/dd>\n<\/dl>\n<\/div>\n<p>Los precios de los liftings de la zona media en Esmirna son m\u00e1s bajos que en muchos otros lugares. La zona de la cara que es visible al trazar el surco en los laterales de la nariz, la l\u00ednea horizontal de los bordes del labio y el borde exterior de los ojos se conoce como zona media del rostro.<\/p>\n<p>No siempre asociado al envejecimiento, la zona media puede hundirse por razones anat\u00f3micas en algunos casos.<\/p>\n<p>Un lifting de la zona media puede realizarse mediante varias t\u00e9cnicas.<\/p>\n<p>La preferencia y el estado de salud de la persona se tienen en cuenta al elegir el m\u00e9todo. Esmirna, como muchas otras ciudades importantes, es un centro para la comunidad m\u00e9dica.<\/p>\n<p>Nuestros m\u00e9dicos, que son autoridades en sus campos, pueden ayudarte si necesitas informaci\u00f3n sobre los costos de lifting de la zona media en Esmirna, Turqu\u00eda.<br \/>\n<h3 class=\"accordion_title\"><span class=\"ez-toc-section\" id=\"Preguntas_Frecuentes\"><\/span>Preguntas Frecuentes<span class=\"ez-toc-section-end\"><\/span><\/h3><div class=\"accordion\">\n\t<div id=\"accordion-2336503239\" class=\"accordion-item\">\n\t\t<a id=\"accordion-2336503239-label\" class=\"accordion-title plain\" href=\"#accordion-item-\u00bfqu\u00e9-es-el-lifting-de-la-zona-media-de-la-cara-y-qu\u00e9-\u00e1reas-aborda?\" aria-expanded=\"false\" aria-controls=\"accordion-2336503239-content\">\n\t\t\t<button class=\"toggle\" aria-label=\"Toggle\"><i class=\"icon-angle-down\" aria-hidden=\"true\"><\/i><\/button>\n\t\t\t<h3 class=\"accordion-heading\" role=\"heading\" aria-level=\"3\"><span class=\"ez-toc-section\" id=\"%C2%BFQue_es_el_lifting_de_la_zona_media_de_la_cara_y_que_areas_aborda\"><\/span>\u00bfQu\u00e9 es el lifting de la zona media de la cara y qu\u00e9 \u00e1reas aborda?<span class=\"ez-toc-section-end\"><\/span><\/h3>\n\t\t<\/a>\n\t\t<div id=\"accordion-2336503239-content\" class=\"accordion-inner\" aria-labelledby=\"accordion-2336503239-label\">\n\t\t\t\n<p>El lifting de la zona media, tambi\u00e9n conocido como lifting de mejillas, es un procedimiento quir\u00fargico est\u00e9tico que se realiza para rejuvenecer la parte media de la cara y se dirige espec\u00edficamente al \u00e1rea entre el labio superior y los p\u00e1rpados inferiores. Este procedimiento abarca las mejillas, las \u00e1reas bajo los ojos y los pliegues nasolabiales que van desde los lados de la nariz hasta las comisuras de la boca. El procedimiento eleva las mejillas ca\u00eddas, restaura el volumen, suaviza las l\u00edneas de la sonrisa y reduce el aspecto hundido bajo los ojos para brindar un aspecto facial m\u00e1s joven y fresco.<\/p>\n\t\t<\/div>\n\t<\/div>\n\t\n\t<div id=\"accordion-1344947328\" class=\"accordion-item\">\n\t\t<a id=\"accordion-1344947328-label\" class=\"accordion-title plain\" href=\"#accordion-item-\u00bfpara-qui\u00e9n-se-recomienda-la-cirug\u00eda-de-lifting-de-la-zona-media-de-la-cara?\" aria-expanded=\"false\" aria-controls=\"accordion-1344947328-content\">\n\t\t\t<button class=\"toggle\" aria-label=\"Toggle\"><i class=\"icon-angle-down\" aria-hidden=\"true\"><\/i><\/button>\n\t\t\t<h3 class=\"accordion-heading\" role=\"heading\" aria-level=\"3\"><span class=\"ez-toc-section\" id=\"%C2%BFPara_quien_se_recomienda_la_cirugia_de_lifting_de_la_zona_media_de_la_cara\"><\/span>\u00bfPara qui\u00e9n se recomienda la cirug\u00eda de lifting de la zona media de la cara?<span class=\"ez-toc-section-end\"><\/span><\/h3>\n\t\t<\/a>\n\t\t<div id=\"accordion-1344947328-content\" class=\"accordion-inner\" aria-labelledby=\"accordion-1344947328-label\">\n\t\t\t\n<p>Un buen candidato para un lifting de la zona media suele ser alguien de entre 40 y 50 a\u00f1os que muestra signos de envejecimiento como mejillas ca\u00eddas, hundimiento bajo los ojos y pliegues nasolabiales pronunciados. Los candidatos ideales son personas en buen estado general de salud, que tengan expectativas realistas y posean suficiente elasticidad en la piel para una \u00f3ptima cicatrizaci\u00f3n y resultados. Los estudios muestran tasas de satisfacci\u00f3n superiores al 75% para los procedimientos de lifting facial. Adem\u00e1s, las personas con una estructura \u00f3sea bien definida y volumen facial moderado se consideran adecuadas para este procedimiento. Aunque la edad es un factor, la decisi\u00f3n debe basarse en las caracter\u00edsticas de envejecimiento del individuo y sus objetivos personales.<\/p>\n\t\t<\/div>\n\t<\/div>\n\t\n\t<div id=\"accordion-2531130047\" class=\"accordion-item\">\n\t\t<a id=\"accordion-2531130047-label\" class=\"accordion-title plain\" href=\"#accordion-item-\u00bfcu\u00e1nto-tiempo-tarda-en-notarse-el-resultado-despu\u00e9s-de-la-cirug\u00eda?\" aria-expanded=\"false\" aria-controls=\"accordion-2531130047-content\">\n\t\t\t<button class=\"toggle\" aria-label=\"Toggle\"><i class=\"icon-angle-down\" aria-hidden=\"true\"><\/i><\/button>\n\t\t\t<h3 class=\"accordion-heading\" role=\"heading\" aria-level=\"3\"><span class=\"ez-toc-section\" id=\"%C2%BFCuanto_tiempo_tarda_en_notarse_el_resultado_despues_de_la_cirugia\"><\/span>\u00bfCu\u00e1nto tiempo tarda en notarse el resultado despu\u00e9s de la cirug\u00eda?<span class=\"ez-toc-section-end\"><\/span><\/h3>\n\t\t<\/a>\n\t\t<div id=\"accordion-2531130047-content\" class=\"accordion-inner\" aria-labelledby=\"accordion-2531130047-label\">\n\t\t\t\n<p>Despu\u00e9s de una cirug\u00eda de lifting de la zona media, las mejoras iniciales son notables de inmediato; sin embargo, debido a la hinchaz\u00f3n y los hematomas, los resultados finales suelen ser visibles entre 2 y 4 meses. La fase inicial de recuperaci\u00f3n dura aproximadamente dos semanas y la mayor\u00eda de los pacientes puede volver al trabajo al final de este periodo. Para una correcta recuperaci\u00f3n, se deben evitar actividades f\u00edsicas intensas durante seis semanas. Es importante seguir las indicaciones postoperatorias de tu cirujano para obtener resultados \u00f3ptimos.<\/p>\n\t\t<\/div>\n\t<\/div>\n\t\n\t<div id=\"accordion-1576220261\" class=\"accordion-item\">\n\t\t<a id=\"accordion-1576220261-label\" class=\"accordion-title plain\" href=\"#accordion-item-\u00bfqu\u00e9-tipo-de-anestesia-se-prefiere-durante-el-procedimiento?\" aria-expanded=\"false\" aria-controls=\"accordion-1576220261-content\">\n\t\t\t<button class=\"toggle\" aria-label=\"Toggle\"><i class=\"icon-angle-down\" aria-hidden=\"true\"><\/i><\/button>\n\t\t\t<h3 class=\"accordion-heading\" role=\"heading\" aria-level=\"3\"><span class=\"ez-toc-section\" id=\"%C2%BFQue_tipo_de_anestesia_se_prefiere_durante_el_procedimiento\"><\/span>\u00bfQu\u00e9 tipo de anestesia se prefiere durante el procedimiento?<span class=\"ez-toc-section-end\"><\/span><\/h3>\n\t\t<\/a>\n\t\t<div id=\"accordion-1576220261-content\" class=\"accordion-inner\" aria-labelledby=\"accordion-1576220261-label\">\n\t\t\t\n<p>Durante una cirug\u00eda de lifting de la zona media, se puede utilizar anestesia local con sedaci\u00f3n, anestesia crepuscular (sedaci\u00f3n intravenosa) o anestesia general. La elecci\u00f3n depende de la complejidad del procedimiento y de las preferencias del paciente. La anestesia local con sedaci\u00f3n adormece el \u00e1rea y relaja al paciente, permiti\u00e9ndole permanecer despierto sin sentir dolor. La anestesia crepuscular proporciona una sedaci\u00f3n m\u00e1s profunda, haciendo que el paciente est\u00e9 somnoliento y tenga menos recuerdos del procedimiento. La anestesia general induce una inconsciencia completa. Cada m\u00e9todo tiene sus ventajas y riesgos, por lo que debe evaluarse cuidadosamente con el cirujano.<\/p>\n\t\t<\/div>\n\t<\/div>\n\t\n\t<div id=\"accordion-469230070\" class=\"accordion-item\">\n\t\t<a id=\"accordion-469230070-label\" class=\"accordion-title plain\" href=\"#accordion-item-\u00bfcu\u00e1nto-duran-los-efectos-de-un-lifting-de-la-zona-media-de-la-cara?\" aria-expanded=\"false\" aria-controls=\"accordion-469230070-content\">\n\t\t\t<button class=\"toggle\" aria-label=\"Toggle\"><i class=\"icon-angle-down\" aria-hidden=\"true\"><\/i><\/button>\n\t\t\t<h3 class=\"accordion-heading\" role=\"heading\" aria-level=\"3\"><span class=\"ez-toc-section\" id=\"%C2%BFCuanto_duran_los_efectos_de_un_lifting_de_la_zona_media_de_la_cara\"><\/span>\u00bfCu\u00e1nto duran los efectos de un lifting de la zona media de la cara?<span class=\"ez-toc-section-end\"><\/span><\/h3>\n\t\t<\/a>\n\t\t<div id=\"accordion-469230070-content\" class=\"accordion-inner\" aria-labelledby=\"accordion-469230070-label\">\n\t\t\t\n<p>Los efectos de un lifting de la zona media suelen durar entre 5 y 10 a\u00f1os, aunque algunas fuentes indican que la duraci\u00f3n puede extenderse hasta 15 a\u00f1os. La longevidad de los resultados depende de factores como el tipo de piel, el estilo de vida, la exposici\u00f3n al sol y la gen\u00e9tica. Si bien el procedimiento rejuvenece notablemente el rostro, el proceso natural de envejecimiento contin\u00faa y con el tiempo puede reaparecer una leve flacidez.<\/p>\n\t\t<\/div>\n\t<\/div>\n\t\n<\/div>\n<div><h2><span class=\"ez-toc-section\" id=\"Erfahrungen\"><\/span> Erfahrungen<span class=\"ez-toc-section-end\"><\/span><\/h2>\r\n<script defer async src='https:\/\/cdn.trustindex.io\/loader.js?1bd0c3c436f256436016492ccc2'><\/script><\/div>\n<p>&nbsp;<\/p>\n<h2><span class=\"ez-toc-section\" id=\"Nuestros_Certificados\"><\/span>Nuestros Certificados<span class=\"ez-toc-section-end\"><\/span><\/h2>\n\t\t<\/div>\n\t\t\t\t\t<\/div>\n\n\t \n\t<div id=\"col-150980050\" class=\"col medium-3 small-6 large-3\"  >\n\t\t\t\t<div class=\"col-inner\"  >\n\t\t\t\n\t\t\t\n\t<div class=\"img has-hover x md-x lg-x y md-y lg-y\" id=\"image_470910925\">\n\t\t\t\t\t\t\t\t<div class=\"img-inner dark\" >\n\t\t\t<img decoding=\"async\" width=\"500\" height=\"200\" src=\"https:\/\/candanmezili.com\/wp-content\/uploads\/2022\/08\/bakanlik-1.png\" class=\"attachment-large size-large\" alt=\"\" srcset=\"https:\/\/candanmezili.com\/wp-content\/uploads\/2022\/08\/bakanlik-1.png 500w, https:\/\/candanmezili.com\/wp-content\/uploads\/2022\/08\/bakanlik-1-300x120.png 300w\" sizes=\"(max-width: 500px) 100vw, 500px\" title=\"\">\t\t\t\t\t\t\n\t\t\t\t\t<\/div>\n\t\t\t\t\t\t\t\t\n<style>\n#image_470910925 {\n  width: 100%;\n}\n<\/style>\n\t<\/div>\n\t\n\t\t<\/div>\n\t\t\t\t\t<\/div>\n\n\t\n\n\t<div id=\"col-922947335\" class=\"col medium-3 small-6 large-3\"  >\n\t\t\t\t<div class=\"col-inner\"  >\n\t\t\t\n\t\t\t\n\t<div class=\"img has-hover x md-x lg-x y md-y lg-y\" id=\"image_1163520951\">\n\t\t\t\t\t\t\t\t<div class=\"img-inner dark\" >\n\t\t\t<img decoding=\"async\" width=\"500\" height=\"200\" src=\"https:\/\/candanmezili.com\/wp-content\/uploads\/2022\/08\/isaps-1.png\" class=\"attachment-large size-large\" alt=\"\" srcset=\"https:\/\/candanmezili.com\/wp-content\/uploads\/2022\/08\/isaps-1.png 500w, https:\/\/candanmezili.com\/wp-content\/uploads\/2022\/08\/isaps-1-300x120.png 300w\" sizes=\"(max-width: 500px) 100vw, 500px\" title=\"\">\t\t\t\t\t\t\n\t\t\t\t\t<\/div>\n\t\t\t\t\t\t\t\t\n<style>\n#image_1163520951 {\n  width: 100%;\n}\n<\/style>\n\t<\/div>\n\t\n\t\t<\/div>\n\t\t\t\t\t<\/div>\n\n\t\n\n\t<div id=\"col-1606487028\" class=\"col medium-3 small-6 large-3\"  >\n\t\t\t\t<div class=\"col-inner\"  >\n\t\t\t\n\t\t\t\n\t<div class=\"img has-hover x md-x lg-x y md-y lg-y\" id=\"image_135844205\">\n\t\t\t\t\t\t\t\t<div class=\"img-inner dark\" >\n\t\t\t<img decoding=\"async\" width=\"500\" height=\"200\" src=\"https:\/\/candanmezili.com\/wp-content\/uploads\/2022\/08\/jci-1.png\" class=\"attachment-large size-large\" alt=\"\" srcset=\"https:\/\/candanmezili.com\/wp-content\/uploads\/2022\/08\/jci-1.png 500w, https:\/\/candanmezili.com\/wp-content\/uploads\/2022\/08\/jci-1-300x120.png 300w\" sizes=\"(max-width: 500px) 100vw, 500px\" title=\"\">\t\t\t\t\t\t\n\t\t\t\t\t<\/div>\n\t\t\t\t\t\t\t\t\n<style>\n#image_135844205 {\n  width: 100%;\n}\n<\/style>\n\t<\/div>\n\t\n\t\t<\/div>\n\t\t\t\t\t<\/div>\n\n\t\n\n\t<div id=\"col-1653301723\" class=\"col medium-3 small-6 large-3\"  >\n\t\t\t\t<div class=\"col-inner\"  >\n\t\t\t\n\t\t\t\n\t<div class=\"img has-hover x md-x lg-x y md-y lg-y\" id=\"image_1182004471\">\n\t\t\t\t\t\t\t\t<div class=\"img-inner dark\" >\n\t\t\t<img decoding=\"async\" width=\"500\" height=\"200\" src=\"https:\/\/candanmezili.com\/wp-content\/uploads\/2022\/08\/dernek-1.png\" class=\"attachment-large size-large\" alt=\"\" srcset=\"https:\/\/candanmezili.com\/wp-content\/uploads\/2022\/08\/dernek-1.png 500w, https:\/\/candanmezili.com\/wp-content\/uploads\/2022\/08\/dernek-1-300x120.png 300w\" sizes=\"(max-width: 500px) 100vw, 500px\" title=\"\">\t\t\t\t\t\t\n\t\t\t\t\t<\/div>\n\t\t\t\t\t\t\t\t\n<style>\n#image_1182004471 {\n  width: 100%;\n}\n<\/style>\n\t<\/div>\n\t\n\t\t<\/div>\n\t\t\t\t\t<\/div>\n\n\t\n<\/div>\n","protected":false},"excerpt":{"rendered":"","protected":false},"author":2,"featured_media":38492,"parent":29186,"menu_order":0,"comment_status":"open","ping_status":"closed","template":"","meta":{"inline_featured_image":false,"footnotes":""},"class_list":["post-29220","page","type-page","status-publish","has-post-thumbnail","hentry"],"_links":{"self":[{"href":"https:\/\/candanmezili.com\/es\/wp-json\/wp\/v2\/pages\/29220","targetHints":{"allow":["GET"]}}],"collection":[{"href":"https:\/\/candanmezili.com\/es\/wp-json\/wp\/v2\/pages"}],"about":[{"href":"https:\/\/candanmezili.com\/es\/wp-json\/wp\/v2\/types\/page"}],"author":[{"embeddable":true,"href":"https:\/\/candanmezili.com\/es\/wp-json\/wp\/v2\/users\/2"}],"replies":[{"embeddable":true,"href":"https:\/\/candanmezili.com\/es\/wp-json\/wp\/v2\/comments?post=29220"}],"version-history":[{"count":4,"href":"https:\/\/candanmezili.com\/es\/wp-json\/wp\/v2\/pages\/29220\/revisions"}],"predecessor-version":[{"id":44952,"href":"https:\/\/candanmezili.com\/es\/wp-json\/wp\/v2\/pages\/29220\/revisions\/44952"}],"up":[{"embeddable":true,"href":"https:\/\/candanmezili.com\/es\/wp-json\/wp\/v2\/pages\/29186"}],"wp:featuredmedia":[{"embeddable":true,"href":"https:\/\/candanmezili.com\/es\/wp-json\/wp\/v2\/media\/38492"}],"wp:attachment":[{"href":"https:\/\/candanmezili.com\/es\/wp-json\/wp\/v2\/media?parent=29220"}],"curies":[{"name":"wp","href":"https:\/\/api.w.org\/{rel}","templated":true}]}}