{"id":29244,"date":"2017-07-14T17:10:01","date_gmt":"2017-07-14T14:10:01","guid":{"rendered":"https:\/\/candanmezili.com\/?page_id=29244"},"modified":"2026-04-02T16:22:42","modified_gmt":"2026-04-02T13:22:42","slug":"estetica-destacada-del-oido","status":"publish","type":"page","link":"https:\/\/candanmezili.com\/es\/estetica-facial\/estetica-destacada-del-oido\/","title":{"rendered":"Costo de la correcci\u00f3n de o\u00eddo en Turqu\u00eda"},"content":{"rendered":"<div class=\"row\"  id=\"row-1717085974\">\n\t<div id=\"col-1879369776\" class=\"col medium-12 small-12 large-12\"  >\n\t\t\t\t<div class=\"col-inner\"  >\n\t\t\t\n\t\t\t\t<div class=\"img has-hover x md-x lg-x y md-y lg-y\" id=\"image_979972029\">\n\t\t\t\t\t\t\t\t<div class=\"img-inner dark\" >\n\t\t\t<img decoding=\"async\" width=\"1200\" height=\"675\" src=\"https:\/\/candanmezili.com\/wp-content\/uploads\/2022\/06\/19-1.jpg\" class=\"attachment-full size-full\" alt=\"\" srcset=\"https:\/\/candanmezili.com\/wp-content\/uploads\/2022\/06\/19-1.jpg 1200w, https:\/\/candanmezili.com\/wp-content\/uploads\/2022\/06\/19-1-300x169.jpg 300w, https:\/\/candanmezili.com\/wp-content\/uploads\/2022\/06\/19-1-1024x576.jpg 1024w, https:\/\/candanmezili.com\/wp-content\/uploads\/2022\/06\/19-1-768x432.jpg 768w\" sizes=\"(max-width: 1200px) 100vw, 1200px\" title=\"\">\t\t\t\t\t\t\n\t\t\t\t\t<\/div>\n\t\t\t\t\t\t\t\t\n<style>\n#image_979972029 {\n  width: 100%;\n}\n<\/style>\n\t<\/div>\n\t\t\t<\/div>\n\t\t\t\t\t<\/div>\n\n\t\n\t<div id=\"col-522492080\" class=\"col medium-12 small-12 large-12\"  >\n\t\t\t\t<div class=\"col-inner\"  >\n\t\t\t\n\t\t\t\n<p>El costo de la correcci\u00f3n de o\u00eddo en Turqu\u00eda var\u00eda seg\u00fan la t\u00e9cnica quir\u00fargica empleada, la experiencia del cirujano y las condiciones cl\u00ednicas del paciente, situ\u00e1ndose generalmente entre 1.500 y 3.500 euros, incluyendo evaluaci\u00f3n preoperatoria, procedimiento y seguimiento postoperatorio.<\/p>\n<p>Precio de otoplastia en Turqu\u00eda incluye servicios integrales como consulta m\u00e9dica, anestesia, hospitalizaci\u00f3n de corta estancia y controles posteriores, lo que permite un abordaje seguro y estructurado; adem\u00e1s, los centros acreditados cumplen est\u00e1ndares internacionales de calidad sanitaria.<\/p>\n<p>Costo de cirug\u00eda est\u00e9tica de orejas en cl\u00ednicas turcas se determina tambi\u00e9n por factores como la complejidad anat\u00f3mica, necesidad de correcciones bilaterales y uso de tecnolog\u00edas avanzadas, garantizando resultados funcionales y est\u00e9ticos con m\u00ednimos riesgos y recuperaci\u00f3n controlada.<\/p>\n<p>Tarifas de operaci\u00f3n de orejas prominentes en Turqu\u00eda ofrecen una relaci\u00f3n costo-beneficio favorable, dado que los especialistas cuentan con amplia experiencia en cirug\u00eda facial, protocolos cl\u00ednicos actualizados y atenci\u00f3n personalizada, optimizando la satisfacci\u00f3n del paciente y los resultados a largo plazo.<\/p>\n\t\t<\/div>\n\t\t\t\t\t<\/div>\n\n\t<\/div><div class=\"row\"  id=\"row-1275238135\">\n\t<div id=\"col-233216247\" class=\"col medium-12 small-12 large-12\"  >\n\t\t\t\t<div class=\"col-inner\"  >\n\t\t\t\n\t\t\t\n\n\t<section class=\"section\" id=\"section_414655920\">\n\t\t<div class=\"section-bg fill\" >\n\t\t\t\t\t\t\t\t\t\n\t\t\t\n\n\t\t<\/div>\n\n\t\t\n\n\t\t<div class=\"section-content relative\">\n\t\t\t\r\n\r\n<div class=\"row\"  id=\"row-720702944\">\r\n\r\n\n\t<div id=\"col-436099160\" class=\"col small-12 large-12\"  >\n\t\t\t\t<div class=\"col-inner dark\" style=\"background-color:#004e7b;\" >\n\t\t\t\n\t\t\t\r\n\r\n<div class=\"row\"  id=\"row-1818106536\">\r\n\r\n\n\t<div id=\"col-382985789\" class=\"col medium-5 small-12 large-5\"  >\n\t\t\t\t<div class=\"col-inner\"  >\n\t\t\t\n\t\t\t\r\n\r\n\t<div class=\"img has-hover border-gorsel x md-x lg-x y md-y lg-y\" id=\"image_442719022\">\n\t\t\t\t\t\t\t\t<div class=\"img-inner dark\" >\n\t\t\t<img decoding=\"async\" width=\"1500\" height=\"1531\" src=\"https:\/\/candanmezili.com\/wp-content\/uploads\/2022\/07\/candanweb.jpg\" class=\"attachment-2048x2048 size-2048x2048\" alt=\"\" srcset=\"https:\/\/candanmezili.com\/wp-content\/uploads\/2022\/07\/candanweb.jpg 1500w, https:\/\/candanmezili.com\/wp-content\/uploads\/2022\/07\/candanweb-294x300.jpg 294w, https:\/\/candanmezili.com\/wp-content\/uploads\/2022\/07\/candanweb-1003x1024.jpg 1003w, https:\/\/candanmezili.com\/wp-content\/uploads\/2022\/07\/candanweb-768x784.jpg 768w\" sizes=\"(max-width: 1500px) 100vw, 1500px\" title=\"\">\t\t\t\t\t\t\n\t\t\t\t\t<\/div>\n\t\t\t\t\t\t\t\t\n<style>\n#image_442719022 {\n  width: 100%;\n}\n<\/style>\n\t<\/div>\n\t\r\n\r\n\r\n\t\t<\/div>\n\t\t\t\t\t<\/div>\n\n\t\r\n\n\t<div id=\"col-1064793794\" class=\"col medium-7 small-12 large-7\"  >\n\t\t\t\t<div class=\"col-inner\"  >\n\t\t\t\n\t\t\t\r\n\r\n\t<div id=\"text-1947935112\" class=\"text\">\n\t\t\r\n\r\n<p><span style=\"font-size: 75%;\">Cirug\u00eda Pl\u00e1stica y Est\u00e9tica en Esmirna<\/span><br \/><span style=\"font-size: 150%;\"><strong>Op. Dr. Candan Mezili<\/strong><\/span><\/p>\r\n\t\t\n<style>\n#text-1947935112 {\n  font-size: 1rem;\n}\n@media (min-width:550px) {\n  #text-1947935112 {\n    font-size: 1.5rem;\n  }\n}\n<\/style>\n\t<\/div>\n\t\r\n\t<div id=\"text-1457123177\" class=\"text\">\n\t\t\r\n\r\n<p>Me gradu\u00e9 de la Facultad de Medicina de la Universidad de Ankara en 2005 y ese mismo a\u00f1o comenc\u00e9 mi formaci\u00f3n de especializaci\u00f3n en Cirug\u00eda Pl\u00e1stica, Est\u00e9tica y Reconstructiva en la Facultad de Medicina de la Universidad de Ege. La capacidad de transformar la forma y la imaginaci\u00f3n fueron los factores clave que me dirigieron a este campo. Durante mi especializaci\u00f3n tuve la oportunidad de realizar innumerables cirug\u00edas con muchos profesores distinguidos. Actualmente, ejerzo en mi propia cl\u00ednica en Esmirna.<\/p>\r\n\t\t\n<style>\n#text-1457123177 {\n  text-align: left;\n}\n<\/style>\n\t<\/div>\n\t\r\n<a href=\"https:\/\/candanmezili.com\/es\/acerca-de-mi\/\" class=\"button white is-small lowercase\" style=\"border-radius:10px;\">\n\t\t<span>Sobre m\u00ed<\/span>\n\t<i class=\"icon-angle-right\" aria-hidden=\"true\"><\/i><\/a>\n\r\n\r\n<a href=\"https:\/\/api.whatsapp.com\/send\/?phone=905334008240\" class=\"button white is-small lowercase\" style=\"border-radius:10px;\" target=\"_blank\" rel=\"noopener\">\n\t\t<span>WhatsApp<\/span>\n\t<i class=\"icon-whatsapp\" aria-hidden=\"true\"><\/i><\/a>\n\r\n\r\n<div class=\"social-icons follow-icons homepage-icon\" ><a href=\"https:\/\/www.facebook.com\/opdrcandanmezili\/\" target=\"_blank\" data-label=\"Facebook\" class=\"icon button circle is-outline tooltip facebook\" title=\"S\u00edguenos en Facebook\" aria-label=\"S\u00edguenos en Facebook\" rel=\"noopener nofollow\"><i class=\"icon-facebook\" aria-hidden=\"true\"><\/i><\/a><a href=\"https:\/\/www.instagram.com\/drcandanmezili\/\" target=\"_blank\" data-label=\"Instagram\" class=\"icon button circle is-outline tooltip instagram\" title=\"S\u00edguenos en Instagram\" aria-label=\"S\u00edguenos en Instagram\" rel=\"noopener nofollow\"><i class=\"icon-instagram\" aria-hidden=\"true\"><\/i><\/a><a href=\"mailto:info@candanmezili.com\" data-label=\"E-mail\" target=\"_blank\" class=\"icon button circle is-outline tooltip email\" title=\"Env\u00edanos un email\" aria-label=\"Env\u00edanos un email\" rel=\"nofollow noopener\"><i class=\"icon-envelop\" aria-hidden=\"true\"><\/i><\/a><a href=\"tel:+90 533 400 82 40\" data-label=\"Phone\" target=\"_blank\" class=\"icon button circle is-outline tooltip phone\" title=\"Ll\u00e1menos\" aria-label=\"Ll\u00e1menos\" rel=\"nofollow noopener\"><i class=\"icon-phone\" aria-hidden=\"true\"><\/i><\/a><a href=\"https:\/\/www.youtube.com\/@CandanMezili\/\" data-label=\"YouTube\" target=\"_blank\" class=\"icon button circle is-outline tooltip youtube\" title=\"S\u00edguenos en Youtube\" aria-label=\"S\u00edguenos en Youtube\" rel=\"noopener nofollow\"><i class=\"icon-youtube\" aria-hidden=\"true\"><\/i><\/a><\/div>\r\n\r\n\r\n\t\t<\/div>\n\t\t\t\t\t<\/div>\n\n\t\r\n\r\n<\/div>\r\n\r\n\t\t<\/div>\n\t\t\t\t\n<style>\n#col-436099160 > .col-inner {\n  padding: 30px 15px 1px 15px;\n  margin: 0px 0px -20px 0px;\n  border-radius: 20px;\n}\n@media (min-width:550px) {\n  #col-436099160 > .col-inner {\n    padding: 30px 30px 1px 30px;\n  }\n}\n<\/style>\n\t<\/div>\n\n\t\r\n\r\n<\/div>\r\n\r\n\t\t<\/div>\n\n\t\t\n<style>\n#section_414655920 {\n  padding-top: 30px;\n  padding-bottom: 30px;\n}\n<\/style>\n\t<\/section>\n\t\r\n\n<div id=\"ez-toc-container\" class=\"ez-toc-v2_0_82_2 counter-hierarchy ez-toc-counter ez-toc-custom ez-toc-container-direction\">\n<div class=\"ez-toc-title-container\">\n<p class=\"ez-toc-title\" style=\"cursor:inherit\">\u00cdndice de contenidos<\/p>\n<span class=\"ez-toc-title-toggle\"><a href=\"#\" class=\"ez-toc-pull-right ez-toc-btn ez-toc-btn-xs ez-toc-btn-default ez-toc-toggle\" aria-label=\"Alternar tabla de contenidos\"><span class=\"ez-toc-js-icon-con\"><span class=\"\"><span class=\"eztoc-hide\" style=\"display:none;\">Toggle<\/span><span class=\"ez-toc-icon-toggle-span\"><svg style=\"fill: #ffffff;color:#ffffff\" xmlns=\"http:\/\/www.w3.org\/2000\/svg\" class=\"list-377408\" width=\"20px\" height=\"20px\" viewBox=\"0 0 24 24\" fill=\"none\"><path d=\"M6 6H4v2h2V6zm14 0H8v2h12V6zM4 11h2v2H4v-2zm16 0H8v2h12v-2zM4 16h2v2H4v-2zm16 0H8v2h12v-2z\" fill=\"currentColor\"><\/path><\/svg><svg style=\"fill: #ffffff;color:#ffffff\" class=\"arrow-unsorted-368013\" xmlns=\"http:\/\/www.w3.org\/2000\/svg\" width=\"10px\" height=\"10px\" viewBox=\"0 0 24 24\" version=\"1.2\" baseProfile=\"tiny\"><path d=\"M18.2 9.3l-6.2-6.3-6.2 6.3c-.2.2-.3.4-.3.7s.1.5.3.7c.2.2.4.3.7.3h11c.3 0 .5-.1.7-.3.2-.2.3-.5.3-.7s-.1-.5-.3-.7zM5.8 14.7l6.2 6.3 6.2-6.3c.2-.2.3-.5.3-.7s-.1-.5-.3-.7c-.2-.2-.4-.3-.7-.3h-11c-.3 0-.5.1-.7.3-.2.2-.3.5-.3.7s.1.5.3.7z\"\/><\/svg><\/span><\/span><\/span><\/a><\/span><\/div>\n<nav><ul class='ez-toc-list ez-toc-list-level-1 ' ><ul class='ez-toc-list-level-3' ><li class='ez-toc-heading-level-3'><a class=\"ez-toc-link ez-toc-heading-1\" href=\"https:\/\/candanmezili.com\/es\/estetica-facial\/estetica-destacada-del-oido\/#Metodos_para_corregir_las_orejas_prominentes\" >M\u00e9todos para corregir las orejas prominentes<\/a><\/li><li class='ez-toc-page-1 ez-toc-heading-level-3'><a class=\"ez-toc-link ez-toc-heading-2\" href=\"https:\/\/candanmezili.com\/es\/estetica-facial\/estetica-destacada-del-oido\/#Procedimiento_de_otoplastia_para_orejas_prominentes\" >Procedimiento de otoplastia para orejas prominentes<\/a><\/li><li class='ez-toc-page-1 ez-toc-heading-level-3'><a class=\"ez-toc-link ez-toc-heading-3\" href=\"https:\/\/candanmezili.com\/es\/estetica-facial\/estetica-destacada-del-oido\/#Origen_genetico_de_las_orejas_prominentes\" >Origen gen\u00e9tico de las orejas prominentes<\/a><\/li><li class='ez-toc-page-1 ez-toc-heading-level-3'><a class=\"ez-toc-link ez-toc-heading-4\" href=\"https:\/\/candanmezili.com\/es\/estetica-facial\/estetica-destacada-del-oido\/#Efectos_psicologicos_de_las_orejas_prominentes\" >Efectos psicol\u00f3gicos de las orejas prominentes<\/a><\/li><li class='ez-toc-page-1 ez-toc-heading-level-3'><a class=\"ez-toc-link ez-toc-heading-5\" href=\"https:\/\/candanmezili.com\/es\/estetica-facial\/estetica-destacada-del-oido\/#Definicion_de_estetica_de_oreja_prominente\" >Definici\u00f3n de est\u00e9tica de oreja prominente<\/a><\/li><li class='ez-toc-page-1 ez-toc-heading-level-3'><a class=\"ez-toc-link ez-toc-heading-6\" href=\"https:\/\/candanmezili.com\/es\/estetica-facial\/estetica-destacada-del-oido\/#Fase_de_recuperacion_tras_la_otoplastia\" >Fase de recuperaci\u00f3n tras la otoplastia<\/a><\/li><li class='ez-toc-page-1 ez-toc-heading-level-3'><a class=\"ez-toc-link ez-toc-heading-7\" href=\"https:\/\/candanmezili.com\/es\/estetica-facial\/estetica-destacada-del-oido\/#Cirugias_de_correccion_auricular_en_la_infancia\" >Cirug\u00edas de correcci\u00f3n auricular en la infancia<\/a><\/li><li class='ez-toc-page-1 ez-toc-heading-level-3'><a class=\"ez-toc-link ez-toc-heading-8\" href=\"https:\/\/candanmezili.com\/es\/estetica-facial\/estetica-destacada-del-oido\/#Expectativas_y_recuperacion_tras_la_correccion_de_orejas_prominentes\" >Expectativas y recuperaci\u00f3n tras la correcci\u00f3n de orejas prominentes<\/a><\/li><li class='ez-toc-page-1 ez-toc-heading-level-3'><a class=\"ez-toc-link ez-toc-heading-9\" href=\"https:\/\/candanmezili.com\/es\/estetica-facial\/estetica-destacada-del-oido\/#Metodos_de_correccion_auricular_en_bebes\" >M\u00e9todos de correcci\u00f3n auricular en beb\u00e9s<\/a><\/li><\/ul><\/li><li class='ez-toc-page-1 ez-toc-heading-level-2'><a class=\"ez-toc-link ez-toc-heading-10\" href=\"https:\/\/candanmezili.com\/es\/estetica-facial\/estetica-destacada-del-oido\/#%C2%BFEs_buena_Turquia_para_la_otoplastia\" >\u00bfEs buena Turqu\u00eda para la otoplastia?<\/a><\/li><li class='ez-toc-page-1 ez-toc-heading-level-2'><a class=\"ez-toc-link ez-toc-heading-11\" href=\"https:\/\/candanmezili.com\/es\/estetica-facial\/estetica-destacada-del-oido\/#%C2%BFEs_seguro_realizar_una_otoplastia_en_Turquia\" >\u00bfEs seguro realizar una otoplastia en Turqu\u00eda?<\/a><\/li><li class='ez-toc-page-1 ez-toc-heading-level-2'><a class=\"ez-toc-link ez-toc-heading-12\" href=\"https:\/\/candanmezili.com\/es\/estetica-facial\/estetica-destacada-del-oido\/#%C2%BFPor_que_es_barata_la_otoplastia_en_Turquia\" >\u00bfPor qu\u00e9 es barata la otoplastia en Turqu\u00eda?<\/a><\/li><li class='ez-toc-page-1 ez-toc-heading-level-2'><a class=\"ez-toc-link ez-toc-heading-13\" href=\"https:\/\/candanmezili.com\/es\/estetica-facial\/estetica-destacada-del-oido\/#%C2%BFCuanto_cuesta_la_cirugia_de_orejas_prominentes_en_Esmirna_Turquia\" >\u00bfCu\u00e1nto cuesta la cirug\u00eda de orejas prominentes en Esmirna, Turqu\u00eda?<\/a><ul class='ez-toc-list-level-3' ><li class='ez-toc-heading-level-3'><a class=\"ez-toc-link ez-toc-heading-14\" href=\"https:\/\/candanmezili.com\/es\/estetica-facial\/estetica-destacada-del-oido\/#Preguntas_Frecuentes\" >Preguntas Frecuentes<\/a><\/li><li class='ez-toc-page-1 ez-toc-heading-level-3'><a class=\"ez-toc-link ez-toc-heading-15\" href=\"https:\/\/candanmezili.com\/es\/estetica-facial\/estetica-destacada-del-oido\/#%C2%BFA_que_edad_se_puede_realizar_una_otoplastia\" >\u00bfA qu\u00e9 edad se puede realizar una otoplastia?<\/a><\/li><li class='ez-toc-page-1 ez-toc-heading-level-3'><a class=\"ez-toc-link ez-toc-heading-16\" href=\"https:\/\/candanmezili.com\/es\/estetica-facial\/estetica-destacada-del-oido\/#%C2%BFQue_tecnicas_se_utilizan_durante_el_procedimiento\" >\u00bfQu\u00e9 t\u00e9cnicas se utilizan durante el procedimiento?<\/a><\/li><li class='ez-toc-page-1 ez-toc-heading-level-3'><a class=\"ez-toc-link ez-toc-heading-17\" href=\"https:\/\/candanmezili.com\/es\/estetica-facial\/estetica-destacada-del-oido\/#%C2%BFLa_otoplastia_proporciona_una_estructura_de_oreja_de_aspecto_natural\" >\u00bfLa otoplastia proporciona una estructura de oreja de aspecto natural?<\/a><\/li><li class='ez-toc-page-1 ez-toc-heading-level-3'><a class=\"ez-toc-link ez-toc-heading-18\" href=\"https:\/\/candanmezili.com\/es\/estetica-facial\/estetica-destacada-del-oido\/#%C2%BFComo_es_la_recuperacion_postoperatoria\" >\u00bfC\u00f3mo es la recuperaci\u00f3n postoperatoria?<\/a><\/li><li class='ez-toc-page-1 ez-toc-heading-level-3'><a class=\"ez-toc-link ez-toc-heading-19\" href=\"https:\/\/candanmezili.com\/es\/estetica-facial\/estetica-destacada-del-oido\/#%C2%BFLa_otoplastia_ofrece_resultados_permanentes\" >\u00bfLa otoplastia ofrece resultados permanentes?<\/a><\/li><\/ul><\/li><li class='ez-toc-page-1 ez-toc-heading-level-2'><a class=\"ez-toc-link ez-toc-heading-20\" href=\"https:\/\/candanmezili.com\/es\/estetica-facial\/estetica-destacada-del-oido\/#Erfahrungen\" >Erfahrungen<\/a><\/li><li class='ez-toc-page-1 ez-toc-heading-level-2'><a class=\"ez-toc-link ez-toc-heading-21\" href=\"https:\/\/candanmezili.com\/es\/estetica-facial\/estetica-destacada-del-oido\/#Nuestros_Certificados\" >Nuestros Certificados<\/a><\/li><\/ul><\/nav><\/div>\n<h3><span class=\"ez-toc-section\" id=\"Metodos_para_corregir_las_orejas_prominentes\"><\/span>M\u00e9todos para corregir las orejas prominentes<span class=\"ez-toc-section-end\"><\/span><\/h3>\n<p>Existen varios m\u00e9todos para corregir las orejas prominentes, que var\u00edan seg\u00fan la edad. En los beb\u00e9s, se pueden utilizar dispositivos especiales para corregir la posici\u00f3n de las orejas si se emplean antes del primer mes de vida. Estos dispositivos moldean f\u00e1cilmente la estructura de las orejas de los ni\u00f1os peque\u00f1os. A medida que los ni\u00f1os crecen, estos m\u00e9todos dejan de ser efectivos. En tales casos:<br \/>\nEn beb\u00e9s:<\/p>\n<ul>\n<li>Dispositivos de estabilizaci\u00f3n<\/li>\n<\/ul>\n<p>En ni\u00f1os y adultos, se buscan soluciones m\u00e1s permanentes. Los m\u00e9todos quir\u00fargicos, conocidos como otoplastia, son los preferidos para lograr correcciones duraderas.<\/p>\n<h3><span class=\"ez-toc-section\" id=\"Procedimiento_de_otoplastia_para_orejas_prominentes\"><\/span>Procedimiento de otoplastia para orejas prominentes<span class=\"ez-toc-section-end\"><\/span><\/h3>\n<p>Las orejas prominentes pueden causar problemas est\u00e9ticos y psicol\u00f3gicos, especialmente en ni\u00f1os y adolescentes. Si no se trata, esta condici\u00f3n puede continuar en la adultez. Las t\u00e9cnicas quir\u00fargicas modernas ofrecen una soluci\u00f3n r\u00e1pida y sencilla a este problema. La operaci\u00f3n debe realizarse en un hospital por un cirujano pl\u00e1stico especialista. Aunque el tiempo de cirug\u00eda var\u00eda seg\u00fan el caso, normalmente dura alrededor de una hora y media.<br \/>\nPasos de la operaci\u00f3n:<\/p>\n<ol>\n<li>Examen de la estructura auricular<\/li>\n<li>Determinaci\u00f3n de la t\u00e9cnica de tratamiento m\u00e1s adecuada<\/li>\n<li>Procedimiento bajo anestesia local o general<\/li>\n<\/ol>\n<p>En personas mayores de 11 a\u00f1os, la cirug\u00eda se realiza generalmente bajo anestesia local, aunque tambi\u00e9n puede usarse anestesia general seg\u00fan la preferencia del paciente. La recuperaci\u00f3n es r\u00e1pida y normalmente los pacientes regresan a casa el mismo d\u00eda. Durante la recuperaci\u00f3n, se deben seguir las recomendaciones del cirujano para lograr los mejores resultados. Se colocan bandas especiales en las orejas tras la operaci\u00f3n, que suelen retirarse tras una semana. Las incisiones suelen estar detr\u00e1s de la oreja, por lo que las cicatrices no son visibles. La otoplastia no afecta la capacidad auditiva, permitiendo a los pacientes seguir con su vida normal.<br \/>\n\n\t<section class=\"section\" id=\"section_466120704\">\n\t\t<div class=\"section-bg fill\" >\n\t\t\t\t\t\t\t\t\t\n\t\t\t\n\n\t\t<\/div>\n\n\t\t\n\n\t\t<div class=\"section-content relative\">\n\t\t\t\r\n\r\n<div class=\"row\"  id=\"row-440573679\">\r\n\r\n\n\t<div id=\"col-2022847639\" class=\"col small-12 large-12\"  >\n\t\t\t\t<div class=\"col-inner box-shadow-2\"  >\n\t\t\t\n\t\t\t\r\n\r\n<div class=\"row\"  id=\"row-176330370\">\r\n\r\n\n\t<div id=\"col-943277760\" class=\"col whatsapp-alani hide-for-small medium-3 small-12 large-3\"  >\n\t\t\t\t<div class=\"col-inner box-shadow-2\" style=\"background-color:rgb(37, 211, 102);\" >\n\t\t\t\n\t\t\t\r\n\r\n\t<div id=\"text-3649045039\" class=\"text\">\n\t\t\r\n\r\n<p><a href=\"https:\/\/api.whatsapp.com\/send\/?phone=905334008240&amp;text&amp;type=phone_number&amp;app_absent=0\" target=\"_blank\" rel=\"noopener\"><span style=\"color: #ffffff;\">Haga clic para <br \/>WhatsApp 24\/7<\/span><\/a><\/p>\r\n\r\n\t\t\n<style>\n#text-3649045039 {\n  font-size: 1.5rem;\n  text-align: center;\n  color: rgb(255,255,255);\n}\n#text-3649045039 > * {\n  color: rgb(255,255,255);\n}\n<\/style>\n\t<\/div>\n\t\r\n\r\n\t\t<\/div>\n\t\t\t\t\n<style>\n#col-943277760 > .col-inner {\n  padding: 30px 0px 12px 0px;\n  margin: 0px 0px -31px 0px;\n}\n<\/style>\n\t<\/div>\n\n\t\r\n\n\t<div id=\"col-1388903968\" class=\"col show-for-small medium-3 small-12 large-3\"  >\n\t\t\t\t<div class=\"col-inner box-shadow-2\" style=\"background-color:rgb(37, 211, 102);\" >\n\t\t\t\n\t\t\t\r\n\r\n\t<div id=\"text-1609282658\" class=\"text\">\n\t\t\r\n\r\n<p><a href=\"https:\/\/api.whatsapp.com\/send\/?phone=905334008240&amp;text&amp;type=phone_number&amp;app_absent=0\" target=\"_blank\" rel=\"noopener\"><span style=\"color: #ffffff;\">Haga clic para WhatsApp 24\/7<\/span><\/a><\/p>\r\n\t\t\n<style>\n#text-1609282658 {\n  font-size: 1.25rem;\n  text-align: center;\n  color: rgb(255,255,255);\n}\n#text-1609282658 > * {\n  color: rgb(255,255,255);\n}\n@media (min-width:550px) {\n  #text-1609282658 {\n    font-size: 1.5rem;\n  }\n}\n<\/style>\n\t<\/div>\n\t\r\n\r\n\t\t<\/div>\n\t\t\t\t\n<style>\n#col-1388903968 > .col-inner {\n  padding: 20px 0px 1px 0px;\n  margin: 0px 0px 0px 0px;\n  border-radius: 100px;\n}\n@media (min-width:550px) {\n  #col-1388903968 > .col-inner {\n    margin: 0px 0px -40px 0px;\n  }\n}\n<\/style>\n\t<\/div>\n\n\t\r\n\n\t<div id=\"col-1317735866\" class=\"col medium-9 small-12 large-9\"  >\n\t\t\t\t<div class=\"col-inner text-left\"  >\n\t\t\t\n\t<div class=\"is-border\"\n\t\tstyle=\"border-width:0px 0px 0px 0px;margin:0px 0px 0px 0px;\">\n\t<\/div>\n\t\t\t\r\n\r\n<div class=\"row\"  id=\"row-518830537\">\r\n\r\n\n\t<div id=\"col-1093474953\" class=\"col small-12 large-12\"  >\n\t\t\t\t<div class=\"col-inner\"  >\n\t\t\t\n\t\t\t\r\n\r\n\n<div class=\"wpcf7 no-js\" id=\"wpcf7-f39692-o1\" lang=\"es-ES\" dir=\"ltr\" data-wpcf7-id=\"39692\">\n<div class=\"screen-reader-response\"><p role=\"status\" aria-live=\"polite\" aria-atomic=\"true\"><\/p> <ul><\/ul><\/div>\n<form action=\"\/es\/wp-json\/wp\/v2\/pages\/29244#wpcf7-f39692-o1\" method=\"post\" class=\"wpcf7-form init\" aria-label=\"Formulario de contacto\" novalidate=\"novalidate\" data-status=\"init\">\n<fieldset class=\"hidden-fields-container\"><input type=\"hidden\" name=\"_wpcf7\" value=\"39692\" \/><input type=\"hidden\" name=\"_wpcf7_version\" value=\"6.1.5\" \/><input type=\"hidden\" name=\"_wpcf7_locale\" value=\"es_ES\" \/><input type=\"hidden\" name=\"_wpcf7_unit_tag\" value=\"wpcf7-f39692-o1\" \/><input type=\"hidden\" name=\"_wpcf7_container_post\" value=\"0\" \/><input type=\"hidden\" name=\"_wpcf7_posted_data_hash\" value=\"\" \/><input type=\"hidden\" name=\"_wpcf7_recaptcha_response\" value=\"\" \/>\n<\/fieldset>\n<div class=\"call-to-action\">\n\t<div class=\"col-row\">\n\t\t<div class=\"col-quarter\">\n\t\t\t<p><span class=\"wpcf7-form-control-wrap\" data-name=\"text-340\"><input size=\"40\" maxlength=\"400\" class=\"wpcf7-form-control wpcf7-text wpcf7-validates-as-required\" autocomplete=\"name\" aria-required=\"true\" aria-invalid=\"false\" placeholder=\"Nombre\" value=\"\" type=\"text\" name=\"text-340\" \/><\/span>\n\t\t\t<\/p>\n\t\t<\/div>\n\t\t<div class=\"col-quarter\">\n\t\t\t<p><span class=\"wpcf7-form-control-wrap\" data-name=\"tel-10\"><input size=\"40\" maxlength=\"400\" class=\"wpcf7-form-control wpcf7-tel wpcf7-validates-as-required wpcf7-text wpcf7-validates-as-tel\" autocomplete=\"name\" aria-required=\"true\" aria-invalid=\"false\" placeholder=\"Tel\u00e9fono\" value=\"\" type=\"tel\" name=\"tel-10\" \/><\/span>\n\t\t\t<\/p>\n\t\t<\/div>\n\t\t<div class=\"col-quarter\">\n\t\t\t<p><span class=\"wpcf7-form-control-wrap\" data-name=\"email-563\"><input size=\"40\" maxlength=\"400\" class=\"wpcf7-form-control wpcf7-email wpcf7-validates-as-required wpcf7-text wpcf7-validates-as-email\" autocomplete=\"name\" aria-required=\"true\" aria-invalid=\"false\" placeholder=\"Correo Electr\u00f3nico\" value=\"\" type=\"email\" name=\"email-563\" \/><\/span>\n\t\t\t<\/p>\n\t\t<\/div>\n\t\t<div class=\"col-quarter\">\n\t\t\t<p><input class=\"wpcf7-form-control wpcf7-submit has-spinner\" type=\"submit\" value=\"ENVIAR\" \/>\n\t\t\t<\/p>\n\t\t<\/div>\n\t<span class=\"wpcf7-form-control-wrap recaptcha\" data-name=\"recaptcha\"><span data-sitekey=\"6LeLvXMrAAAAAE38Im_4Oy8glwWIawWAxnTj5xPi\" class=\"wpcf7-form-control wpcf7-recaptcha g-recaptcha\"><\/span>\r\n<noscript>\r\n\t<div class=\"grecaptcha-noscript\">\r\n\t\t<iframe src=\"https:\/\/www.google.com\/recaptcha\/api\/fallback?k=6LeLvXMrAAAAAE38Im_4Oy8glwWIawWAxnTj5xPi\" frameborder=\"0\" scrolling=\"no\" width=\"310\" height=\"430\">\r\n\t\t<\/iframe>\r\n\t\t<textarea name=\"g-recaptcha-response\" rows=\"3\" cols=\"40\" placeholder=\"Aqu\u00ed la respuesta de reCAPTCHA\">\r\n\t\t<\/textarea>\r\n\t<\/div>\r\n<\/noscript>\r\n<\/span>\n\t<\/div>\n<\/div><p style=\"display: none !important;\" class=\"akismet-fields-container\" data-prefix=\"_wpcf7_ak_\"><label>&#916;<textarea name=\"_wpcf7_ak_hp_textarea\" cols=\"45\" rows=\"8\" maxlength=\"100\"><\/textarea><\/label><input type=\"hidden\" id=\"ak_js_1\" name=\"_wpcf7_ak_js\" value=\"212\"\/><script type=\"text\/javascript\">\n\/* <![CDATA[ *\/\ndocument.getElementById( \"ak_js_1\" ).setAttribute( \"value\", ( new Date() ).getTime() );\n\/* ]]> *\/\n<\/script>\n<\/p><div class=\"wpcf7-response-output\" aria-hidden=\"true\"><\/div>\n<\/form>\n<\/div>\n\r\n\r\n\t\t<\/div>\n\t\t\t\t\n<style>\n#col-1093474953 > .col-inner {\n  margin: 0px 0px -60px 0px;\n}\n<\/style>\n\t<\/div>\n\n\t\r\n\n\t<div id=\"col-1843266472\" class=\"col small-12 large-12\"  >\n\t\t\t\t<div class=\"col-inner\"  >\n\t\t\t\n\t\t\t\r\n\r\n\t<div id=\"text-506865905\" class=\"text\">\n\t\t\r\n\r\n<p>*Recomendamos llenar todos los campos para garantizar la mejor respuesta.<\/p>\r\n\t\t\n<style>\n#text-506865905 {\n  font-size: 0.85rem;\n  line-height: 1.5;\n}\n@media (min-width:550px) {\n  #text-506865905 {\n    line-height: 0.75;\n  }\n}\n<\/style>\n\t<\/div>\n\t\r\n\r\n\t\t<\/div>\n\t\t\t\t\n<style>\n#col-1843266472 > .col-inner {\n  margin: 0px 0px -40px 0px;\n}\n<\/style>\n\t<\/div>\n\n\t\r\n\r\n<\/div>\r\n\r\n\t\t<\/div>\n\t\t\t\t\n<style>\n#col-1317735866 > .col-inner {\n  padding: 0px 0px 0px 0px;\n  margin: 0px 0px -20px 0px;\n}\n@media (min-width:550px) {\n  #col-1317735866 > .col-inner {\n    padding: 20px 0px 0px 0px;\n    margin: 0px 0px -66px 0px;\n  }\n}\n<\/style>\n\t<\/div>\n\n\t\r\n\r\n<\/div>\r\n\r\n\t\t<\/div>\n\t\t\t\t\n<style>\n#col-2022847639 > .col-inner {\n  padding: 30px 10px 0px 10px;\n  border-radius: 30px;\n}\n@media (min-width:550px) {\n  #col-2022847639 > .col-inner {\n    padding: 0px 20px 0px 0px;\n  }\n}\n<\/style>\n\t<\/div>\n\n\t\r\n\r\n<\/div>\r\n\r\n\t\t<\/div>\n\n\t\t\n<style>\n#section_466120704 {\n  padding-top: 30px;\n  padding-bottom: 30px;\n}\n<\/style>\n\t<\/section>\n\t\r\n\n<h3><span class=\"ez-toc-section\" id=\"Origen_genetico_de_las_orejas_prominentes\"><\/span>Origen gen\u00e9tico de las orejas prominentes<span class=\"ez-toc-section-end\"><\/span><\/h3>\n<p>La prominencia auricular suele estar relacionada con factores gen\u00e9ticos. Si existe este problema en la familia, especialmente en los padres, aumenta el riesgo en los hijos. Es un rasgo cong\u00e9nito y puede deberse a varias diferencias anat\u00f3micas:<\/p>\n<ul>\n<li>\u00c1ngulo amplio entre el hueso mastoideo y la oreja<\/li>\n<li>Cart\u00edlago auricular m\u00e1s grande de lo normal<\/li>\n<li>Falta de pliegues en la parte superior de la oreja, lo que le da un aspecto plano<\/li>\n<\/ul>\n<p>Estas diferencias anat\u00f3micas pueden afectar la percepci\u00f3n est\u00e9tica e influir indirectamente en la vida social de la persona.<\/p>\n<h3><span class=\"ez-toc-section\" id=\"Efectos_psicologicos_de_las_orejas_prominentes\"><\/span>Efectos psicol\u00f3gicos de las orejas prominentes<span class=\"ez-toc-section-end\"><\/span><\/h3>\n<p>Las orejas prominentes pueden causar efectos psicol\u00f3gicos negativos, especialmente con la presi\u00f3n social durante la adolescencia. Los impactos incluyen:<\/p>\n<ul>\n<li>Falta de confianza en uno mismo<\/li>\n<li>Depresi\u00f3n debido a burlas o cr\u00edticas<\/li>\n<li>Baja autoestima<\/li>\n<\/ul>\n<p>Estos problemas pueden crear barreras en la vida diaria y social. Los ni\u00f1os y j\u00f3venes que sufren acoso pueden ver afectados su rendimiento acad\u00e9mico y social. Por eso, es importante ser consciente del problema y buscar ayuda profesional cuando sea necesario. Adem\u00e1s, una comunidad m\u00e1s informada y comprensiva puede ayudar a sobrellevar estas inquietudes est\u00e9ticas.<\/p>\n<h3><span class=\"ez-toc-section\" id=\"Definicion_de_estetica_de_oreja_prominente\"><\/span>Definici\u00f3n de est\u00e9tica de oreja prominente<span class=\"ez-toc-section-end\"><\/span><\/h3>\n<p>La est\u00e9tica de la oreja prominente juega un papel importante en la cirug\u00eda est\u00e9tica, ayudando a armonizar las orejas con el rostro y a que las personas se sientan mejor consigo mismas. Este procedimiento quir\u00fargico tiene como objetivo:<\/p>\n<ul>\n<li>Posicionar las orejas m\u00e1s cerca de la cabeza<\/li>\n<li>Remodelar el cart\u00edlago<\/li>\n<li>Lograr un aspecto m\u00e1s natural<\/li>\n<\/ul>\n<p>El proceso suele completarse en una sola sesi\u00f3n y puede realizarse bajo anestesia local o general. Tras el procedimiento, las personas pueden continuar su vida social con mayor confianza.<\/p>\n<h3><span class=\"ez-toc-section\" id=\"Fase_de_recuperacion_tras_la_otoplastia\"><\/span>Fase de recuperaci\u00f3n tras la otoplastia<span class=\"ez-toc-section-end\"><\/span><\/h3>\n<p>La correcci\u00f3n de orejas prominentes ofrece una soluci\u00f3n r\u00e1pida y eficaz. Normalmente se realiza bajo anestesia local y los pacientes regresan a casa poco despu\u00e9s. La recuperaci\u00f3n es r\u00e1pida y la mayor\u00eda vuelve a sus actividades en pocos d\u00edas. Proteger la zona operada acelera la recuperaci\u00f3n. Durante este per\u00edodo, se recomienda:<\/p>\n<ul>\n<li>Ducharse a partir de las 48 horas<\/li>\n<li>Volver a la rutina normal tras una semana<\/li>\n<li>Proteger las orejas acelera la curaci\u00f3n y reduce el riesgo de complicaciones<\/li>\n<\/ul>\n<p>Tras la operaci\u00f3n, los pacientes experimentan un alivio psicol\u00f3gico significativo y satisfacci\u00f3n con su nueva apariencia. El proceso de recuperaci\u00f3n suele ser fluido y permite disfrutar de una vida social m\u00e1s plena.<\/p>\n<h3><span class=\"ez-toc-section\" id=\"Cirugias_de_correccion_auricular_en_la_infancia\"><\/span>Cirug\u00edas de correcci\u00f3n auricular en la infancia<span class=\"ez-toc-section-end\"><\/span><\/h3>\n<p>Las cirug\u00edas para corregir orejas prominentes son procedimientos que deben considerarse en la infancia temprana. Con diagn\u00f3stico precoz y seguimiento m\u00e9dico, algunos m\u00e9todos simples pueden prevenir el agravamiento del problema. Si no es suficiente, la cirug\u00eda se vuelve inevitable. Suele realizarse antes de la edad escolar, siendo ideal entre los 5 y 6 a\u00f1os, ya que la oreja est\u00e1 casi completamente desarrollada y se evita el impacto social negativo. Es fundamental que el ni\u00f1o desee la intervenci\u00f3n. Tras la cirug\u00eda, los ni\u00f1os logran una mayor confianza y mejor integraci\u00f3n social.<\/p>\n<h3><span class=\"ez-toc-section\" id=\"Expectativas_y_recuperacion_tras_la_correccion_de_orejas_prominentes\"><\/span>Expectativas y recuperaci\u00f3n tras la correcci\u00f3n de orejas prominentes<span class=\"ez-toc-section-end\"><\/span><\/h3>\n<p>Tras la correcci\u00f3n de orejas prominentes, los pacientes logran un perfil facial equilibrado. El proceso de recuperaci\u00f3n var\u00eda seg\u00fan las caracter\u00edsticas individuales. Es fundamental seguir las indicaciones del m\u00e9dico, como:<\/p>\n<ul>\n<li>Uso de vendajes y bandas durante la primera semana<\/li>\n<li>Tomar la medicaci\u00f3n prescrita<\/li>\n<li>Ajustar la actividad f\u00edsica seg\u00fan las recomendaciones<\/li>\n<\/ul>\n<p>Este cuidado acelera la recuperaci\u00f3n y minimiza riesgos de infecci\u00f3n. Los resultados est\u00e9ticos impactan positivamente en la vida social y la confianza del paciente.<\/p>\n<h3><span class=\"ez-toc-section\" id=\"Metodos_de_correccion_auricular_en_bebes\"><\/span>M\u00e9todos de correcci\u00f3n auricular en beb\u00e9s<span class=\"ez-toc-section-end\"><\/span><\/h3>\n<p>En los beb\u00e9s, la condici\u00f3n se manifiesta por la inclinaci\u00f3n anormal de las orejas. Esta tendencia gen\u00e9tica puede corregirse f\u00e1cilmente con intervenci\u00f3n temprana usando un dispositivo especial que ayuda al desarrollo adecuado del cart\u00edlago. Empezar pronto aumenta el \u00e9xito y garantiza resultados permanentes.<br \/>\nUso de dispositivos: Dispositivos especialmente dise\u00f1ados que estabilizan las orejas en posici\u00f3n normal. Intervenci\u00f3n temprana: Debe iniciarse lo antes posible.<\/p>\n<h2><span class=\"ez-toc-section\" id=\"%C2%BFEs_buena_Turquia_para_la_otoplastia\"><\/span>\u00bfEs buena Turqu\u00eda para la otoplastia?<span class=\"ez-toc-section-end\"><\/span><\/h2>\n<p>Se recomienda aprovechar al m\u00e1ximo la consulta para informarse bien antes de tomar la decisi\u00f3n.<br \/>\nContestar honestamente las preguntas del cirujano y aclarar cualquier duda es fundamental para la eficacia del procedimiento.<\/p>\n<p>Si sigues estos pasos, tendr\u00e1s una cirug\u00eda exitosa. De lo contrario, no ser\u00eda tan efectiva. Los m\u00e9dicos turcos te lo informar\u00e1n antes de la operaci\u00f3n.<\/p>\n<p>Entrar\u00e1s en el procedimiento bien informado, lo que elimina el miedo y te permitir\u00e1 vivir la cirug\u00eda con tranquilidad.<\/p>\n<h2><span class=\"ez-toc-section\" id=\"%C2%BFEs_seguro_realizar_una_otoplastia_en_Turquia\"><\/span>\u00bfEs seguro realizar una otoplastia en Turqu\u00eda?<span class=\"ez-toc-section-end\"><\/span><\/h2>\n<div>\n<dl id=\"\">\n<dt><img decoding=\"async\" src=\"https:\/\/candanmezili.com\/wp-content\/uploads\/2022\/06\/candan1-min.png\" alt=\"Dr. Candan Mezili realizando operaci\u00f3n en Esmirna, Turqu\u00eda\" width=\"1000\" height=\"667\" title=\"\"><\/dt>\n<dd>Dr. Candan Mezili realizando operaci\u00f3n en Esmirna, Turqu\u00eda<\/dd>\n<\/dl>\n<\/div>\n<p>Los cirujanos en Turqu\u00eda reciben una formaci\u00f3n rigurosa que les permite destacar en su especialidad. Adem\u00e1s, durante su formaci\u00f3n, ven una gran variedad de pacientes.<\/p>\n<p>Por eso, personas de todo el mundo viajan a Esmirna, Turqu\u00eda, para la otoplastia. Esta cirug\u00eda puede ofrecer los mejores resultados de forma segura.<\/p>\n<p>Realizar una otoplastia en Turqu\u00eda es seguro. Los cirujanos son muy meticulosos y prestan especial atenci\u00f3n a cada paciente.<\/p>\n<p>As\u00ed es como consiguen el \u00e9xito. No hay casos de pacientes con molestias tras la cirug\u00eda en Turqu\u00eda. Solo si no se siguen las indicaciones postoperatorias pueden aparecer problemas.<\/p>\n<h2><span class=\"ez-toc-section\" id=\"%C2%BFPor_que_es_barata_la_otoplastia_en_Turquia\"><\/span>\u00bfPor qu\u00e9 es barata la otoplastia en Turqu\u00eda?<span class=\"ez-toc-section-end\"><\/span><\/h2>\n<p>Quiz\u00e1s te preguntes por qu\u00e9 procedimientos est\u00e9ticos como la <a href=\"https:\/\/www.mayoclinic.org\/tests-procedures\/otoplasty\/about\/pac-20394822\" target=\"_blank\" rel=\"noopener\">otoplastia<\/a> son tan econ\u00f3micos en Turqu\u00eda en estas condiciones.<br \/>\nEl bajo coste de vida, los impuestos, la moneda extranjera y los subsidios estatales contribuyen a que los precios sean bajos, permitiendo a las cl\u00ednicas turcas ofrecer servicios de alta calidad a precios accesibles.<\/p>\n<p>Adem\u00e1s, las cl\u00ednicas turcas ofrecen paquetes todo incluido que combinan varios procedimientos a bajo coste, que ser\u00edan m\u00e1s caros si se hicieran por separado.<\/p>\n<p>Esto te permite ahorrar combinando procedimientos. La raz\u00f3n principal es la econom\u00eda internacional y la diferencia de valor entre monedas.<\/p>\n<h2><span class=\"ez-toc-section\" id=\"%C2%BFCuanto_cuesta_la_cirugia_de_orejas_prominentes_en_Esmirna_Turquia\"><\/span>\u00bfCu\u00e1nto cuesta la cirug\u00eda de orejas prominentes en Esmirna, Turqu\u00eda?<span class=\"ez-toc-section-end\"><\/span><\/h2>\n<div>\n<dl id=\"\">\n<dt><img decoding=\"async\" src=\"https:\/\/candanmezili.com\/wp-content\/uploads\/2023\/02\/candan-menzili-operation-packages.jpg\" alt=\"Paquete todo incluido para cirug\u00eda est\u00e9tica en Turqu\u00eda\" width=\"1080\" height=\"608\" title=\"\"><\/dt>\n<dd>Paquete todo incluido para cirug\u00eda est\u00e9tica en Turqu\u00eda<\/dd>\n<\/dl>\n<\/div>\n<p>En Esmirna hay numerosos expertos en este campo, aunque los costos de la cirug\u00eda de orejas prominentes var\u00edan seg\u00fan el hospital y el especialista.<\/p>\n<p>El t\u00e9rmino \u00aboreja prominente\u00bb se refiere a un aumento en el \u00e1ngulo o la distancia entre la oreja y la cabeza. El malestar puede ir de leve a severo.<\/p>\n<p>En algunos casos, el cart\u00edlago auricular puede ser grande, lo que contribuye a la prominencia. Por eso, muchas personas buscan soluci\u00f3n.<\/p>\n<p>Esmirna tiene una posici\u00f3n destacada en muchos sectores, incluido el de la salud. Los precios pueden variar seg\u00fan el procedimiento.<\/p>\n<p>Puedes consultar con nuestros m\u00e9dicos, especialistas en su campo, para conocer los costos de la cirug\u00eda de orejas prominentes en Esmirna.<br \/>\n<h3 class=\"accordion_title\"><span class=\"ez-toc-section\" id=\"Preguntas_Frecuentes\"><\/span>Preguntas Frecuentes<span class=\"ez-toc-section-end\"><\/span><\/h3><div class=\"accordion\">\n\t<div id=\"accordion-436234919\" class=\"accordion-item\">\n\t\t<a id=\"accordion-436234919-label\" class=\"accordion-title plain\" href=\"#accordion-item-\u00bfa-qu\u00e9-edad-se-puede-realizar-una-otoplastia?\" aria-expanded=\"false\" aria-controls=\"accordion-436234919-content\">\n\t\t\t<button class=\"toggle\" aria-label=\"Toggle\"><i class=\"icon-angle-down\" aria-hidden=\"true\"><\/i><\/button>\n\t\t\t<h3 class=\"accordion-heading\" role=\"heading\" aria-level=\"3\"><span class=\"ez-toc-section\" id=\"%C2%BFA_que_edad_se_puede_realizar_una_otoplastia\"><\/span>\u00bfA qu\u00e9 edad se puede realizar una otoplastia?<span class=\"ez-toc-section-end\"><\/span><\/h3>\n\t\t<\/a>\n\t\t<div id=\"accordion-436234919-content\" class=\"accordion-inner\" aria-labelledby=\"accordion-436234919-label\">\n\t\t\t\n<p>La otoplastia suele realizarse en ni\u00f1os a partir de los 5 a\u00f1os, ya que a esa edad las orejas han alcanzado alrededor del 90% de su tama\u00f1o adulto y el cart\u00edlago est\u00e1 lo suficientemente desarrollado para ser remodelado. Hacer la cirug\u00eda en la etapa preescolar puede prevenir burlas y aumentar la confianza del ni\u00f1o. Aunque se realiza con frecuencia en ni\u00f1os y adolescentes, tambi\u00e9n se practica con \u00e9xito en adultos de hasta 60 a\u00f1os para mejorar la est\u00e9tica facial. Sin embargo, en adultos el cart\u00edlago es menos flexible, por lo que los resultados pueden variar. En algunos casos, la otoplastia se ha realizado en ni\u00f1os de 4 a\u00f1os, aunque es menos frecuente.<\/p>\n\t\t<\/div>\n\t<\/div>\n\t\n\t<div id=\"accordion-2342941252\" class=\"accordion-item\">\n\t\t<a id=\"accordion-2342941252-label\" class=\"accordion-title plain\" href=\"#accordion-item-\u00bfqu\u00e9-t\u00e9cnicas-se-utilizan-durante-el-procedimiento?\" aria-expanded=\"false\" aria-controls=\"accordion-2342941252-content\">\n\t\t\t<button class=\"toggle\" aria-label=\"Toggle\"><i class=\"icon-angle-down\" aria-hidden=\"true\"><\/i><\/button>\n\t\t\t<h3 class=\"accordion-heading\" role=\"heading\" aria-level=\"3\"><span class=\"ez-toc-section\" id=\"%C2%BFQue_tecnicas_se_utilizan_durante_el_procedimiento\"><\/span>\u00bfQu\u00e9 t\u00e9cnicas se utilizan durante el procedimiento?<span class=\"ez-toc-section-end\"><\/span><\/h3>\n\t\t<\/a>\n\t\t<div id=\"accordion-2342941252-content\" class=\"accordion-inner\" aria-labelledby=\"accordion-2342941252-label\">\n\t\t\t\n<p>La otoplastia utiliza diversas t\u00e9cnicas para acercar las orejas a la cabeza. En el m\u00e9todo tradicional, se realiza una incisi\u00f3n detr\u00e1s de la oreja y el cart\u00edlago se remodela y fija con suturas permanentes. En una variante menos invasiva llamada otoplastia sin incisi\u00f3n, se colocan puntos con agujas sin incisi\u00f3n externa; esto permite una recuperaci\u00f3n m\u00e1s r\u00e1pida y cicatrices m\u00ednimas. Otra t\u00e9cnica, el entablillado auricular, es un m\u00e9todo no quir\u00fargico que utiliza f\u00e9rulas para moldear el cart\u00edlago; se utiliza en beb\u00e9s menores de seis meses cuando el cart\u00edlago es m\u00e1s flexible. La t\u00e9cnica elegida depende de la edad, la estructura auricular y el resultado esperado.<\/p>\n\t\t<\/div>\n\t<\/div>\n\t\n\t<div id=\"accordion-468974441\" class=\"accordion-item\">\n\t\t<a id=\"accordion-468974441-label\" class=\"accordion-title plain\" href=\"#accordion-item-\u00bfla-otoplastia-proporciona-una-estructura-de-oreja-de-aspecto-natural?\" aria-expanded=\"false\" aria-controls=\"accordion-468974441-content\">\n\t\t\t<button class=\"toggle\" aria-label=\"Toggle\"><i class=\"icon-angle-down\" aria-hidden=\"true\"><\/i><\/button>\n\t\t\t<h3 class=\"accordion-heading\" role=\"heading\" aria-level=\"3\"><span class=\"ez-toc-section\" id=\"%C2%BFLa_otoplastia_proporciona_una_estructura_de_oreja_de_aspecto_natural\"><\/span>\u00bfLa otoplastia proporciona una estructura de oreja de aspecto natural?<span class=\"ez-toc-section-end\"><\/span><\/h3>\n\t\t<\/a>\n\t\t<div id=\"accordion-468974441-content\" class=\"accordion-inner\" aria-labelledby=\"accordion-468974441-label\">\n\t\t\t\n<p>La otoplastia suele lograr una apariencia natural al remodelar y reposicionar el cart\u00edlago. Al realizar incisiones detr\u00e1s de la oreja y fijar el nuevo posicionamiento con suturas, el resultado puede mejorar la simetr\u00eda facial y aumentar la confianza del paciente. Sin embargo, como toda cirug\u00eda, los resultados pueden variar seg\u00fan las caracter\u00edsticas individuales y la t\u00e9cnica utilizada.<\/p>\n\t\t<\/div>\n\t<\/div>\n\t\n\t<div id=\"accordion-3046513679\" class=\"accordion-item\">\n\t\t<a id=\"accordion-3046513679-label\" class=\"accordion-title plain\" href=\"#accordion-item-\u00bfc\u00f3mo-es-la-recuperaci\u00f3n-postoperatoria?\" aria-expanded=\"false\" aria-controls=\"accordion-3046513679-content\">\n\t\t\t<button class=\"toggle\" aria-label=\"Toggle\"><i class=\"icon-angle-down\" aria-hidden=\"true\"><\/i><\/button>\n\t\t\t<h3 class=\"accordion-heading\" role=\"heading\" aria-level=\"3\"><span class=\"ez-toc-section\" id=\"%C2%BFComo_es_la_recuperacion_postoperatoria\"><\/span>\u00bfC\u00f3mo es la recuperaci\u00f3n postoperatoria?<span class=\"ez-toc-section-end\"><\/span><\/h3>\n\t\t<\/a>\n\t\t<div id=\"accordion-3046513679-content\" class=\"accordion-inner\" aria-labelledby=\"accordion-3046513679-label\">\n\t\t\t\n<p>Tras la otoplastia, normalmente se utiliza un vendaje durante la primera semana para mantener la nueva posici\u00f3n y facilitar la curaci\u00f3n. En este periodo puede haber hinchaz\u00f3n y molestias, controladas con analg\u00e9sicos recetados. Despu\u00e9s de la primera semana, los vendajes suelen sustituirse por una banda m\u00e1s ligera recomendada para usar de noche, durante varias semanas m\u00e1s. La mayor\u00eda puede volver a sus actividades diarias, colegio o trabajo en 1-2 semanas tras la cirug\u00eda. Sin embargo, deben evitarse actividades f\u00edsicas intensas y deportes de contacto al menos durante un mes. La resoluci\u00f3n total de la hinchaz\u00f3n y los resultados finales suelen observarse en unos 3 meses.<\/p>\n\t\t<\/div>\n\t<\/div>\n\t\n\t<div id=\"accordion-2921410049\" class=\"accordion-item\">\n\t\t<a id=\"accordion-2921410049-label\" class=\"accordion-title plain\" href=\"#accordion-item-\u00bfla-otoplastia-ofrece-resultados-permanentes?\" aria-expanded=\"false\" aria-controls=\"accordion-2921410049-content\">\n\t\t\t<button class=\"toggle\" aria-label=\"Toggle\"><i class=\"icon-angle-down\" aria-hidden=\"true\"><\/i><\/button>\n\t\t\t<h3 class=\"accordion-heading\" role=\"heading\" aria-level=\"3\"><span class=\"ez-toc-section\" id=\"%C2%BFLa_otoplastia_ofrece_resultados_permanentes\"><\/span>\u00bfLa otoplastia ofrece resultados permanentes?<span class=\"ez-toc-section-end\"><\/span><\/h3>\n\t\t<\/a>\n\t\t<div id=\"accordion-2921410049-content\" class=\"accordion-inner\" aria-labelledby=\"accordion-2921410049-label\">\n\t\t\t\n<p>S\u00ed, los resultados de la otoplastia suelen ser permanentes. El cart\u00edlago auricular se remodela y, una vez cicatrizado, la nueva posici\u00f3n se mantiene de por vida. Sin embargo, como en cualquier cirug\u00eda, existe el raro riesgo de que las orejas regresen a su posici\u00f3n original, lo que podr\u00eda requerir una cirug\u00eda de revisi\u00f3n. Seguir las instrucciones postoperatorias es clave para obtener el mejor resultado.<\/p>\n\t\t<\/div>\n\t<\/div>\n\t\n<\/div>\n<div><h2><span class=\"ez-toc-section\" id=\"Erfahrungen\"><\/span> Erfahrungen<span class=\"ez-toc-section-end\"><\/span><\/h2>\r\n<script defer async src='https:\/\/cdn.trustindex.io\/loader.js?1bd0c3c436f256436016492ccc2'><\/script><\/div>\n<p>&nbsp;<\/p>\n<h2><span class=\"ez-toc-section\" id=\"Nuestros_Certificados\"><\/span>Nuestros Certificados<span class=\"ez-toc-section-end\"><\/span><\/h2>\n\t\t<\/div>\n\t\t\t\t\t<\/div>\n\n\t \n\t<div id=\"col-330930048\" class=\"col medium-3 small-6 large-3\"  >\n\t\t\t\t<div class=\"col-inner\"  >\n\t\t\t\n\t\t\t\n\t<div class=\"img has-hover x md-x lg-x y md-y lg-y\" id=\"image_137421219\">\n\t\t\t\t\t\t\t\t<div class=\"img-inner dark\" >\n\t\t\t<img decoding=\"async\" width=\"500\" height=\"200\" src=\"https:\/\/candanmezili.com\/wp-content\/uploads\/2022\/08\/bakanlik-1.png\" class=\"attachment-large size-large\" alt=\"\" srcset=\"https:\/\/candanmezili.com\/wp-content\/uploads\/2022\/08\/bakanlik-1.png 500w, https:\/\/candanmezili.com\/wp-content\/uploads\/2022\/08\/bakanlik-1-300x120.png 300w\" sizes=\"(max-width: 500px) 100vw, 500px\" title=\"\">\t\t\t\t\t\t\n\t\t\t\t\t<\/div>\n\t\t\t\t\t\t\t\t\n<style>\n#image_137421219 {\n  width: 100%;\n}\n<\/style>\n\t<\/div>\n\t\n\t\t<\/div>\n\t\t\t\t\t<\/div>\n\n\t\n\n\t<div id=\"col-586574475\" class=\"col medium-3 small-6 large-3\"  >\n\t\t\t\t<div class=\"col-inner\"  >\n\t\t\t\n\t\t\t\n\t<div class=\"img has-hover x md-x lg-x y md-y lg-y\" id=\"image_977752274\">\n\t\t\t\t\t\t\t\t<div class=\"img-inner dark\" >\n\t\t\t<img decoding=\"async\" width=\"500\" height=\"200\" src=\"https:\/\/candanmezili.com\/wp-content\/uploads\/2022\/08\/isaps-1.png\" class=\"attachment-large size-large\" alt=\"\" srcset=\"https:\/\/candanmezili.com\/wp-content\/uploads\/2022\/08\/isaps-1.png 500w, https:\/\/candanmezili.com\/wp-content\/uploads\/2022\/08\/isaps-1-300x120.png 300w\" sizes=\"(max-width: 500px) 100vw, 500px\" title=\"\">\t\t\t\t\t\t\n\t\t\t\t\t<\/div>\n\t\t\t\t\t\t\t\t\n<style>\n#image_977752274 {\n  width: 100%;\n}\n<\/style>\n\t<\/div>\n\t\n\t\t<\/div>\n\t\t\t\t\t<\/div>\n\n\t\n\n\t<div id=\"col-463432167\" class=\"col medium-3 small-6 large-3\"  >\n\t\t\t\t<div class=\"col-inner\"  >\n\t\t\t\n\t\t\t\n\t<div class=\"img has-hover x md-x lg-x y md-y lg-y\" id=\"image_979505615\">\n\t\t\t\t\t\t\t\t<div class=\"img-inner dark\" >\n\t\t\t<img decoding=\"async\" width=\"500\" height=\"200\" src=\"https:\/\/candanmezili.com\/wp-content\/uploads\/2022\/08\/jci-1.png\" class=\"attachment-large size-large\" alt=\"\" srcset=\"https:\/\/candanmezili.com\/wp-content\/uploads\/2022\/08\/jci-1.png 500w, https:\/\/candanmezili.com\/wp-content\/uploads\/2022\/08\/jci-1-300x120.png 300w\" sizes=\"(max-width: 500px) 100vw, 500px\" title=\"\">\t\t\t\t\t\t\n\t\t\t\t\t<\/div>\n\t\t\t\t\t\t\t\t\n<style>\n#image_979505615 {\n  width: 100%;\n}\n<\/style>\n\t<\/div>\n\t\n\t\t<\/div>\n\t\t\t\t\t<\/div>\n\n\t\n\n\t<div id=\"col-1898180414\" class=\"col medium-3 small-6 large-3\"  >\n\t\t\t\t<div class=\"col-inner\"  >\n\t\t\t\n\t\t\t\n\t<div class=\"img has-hover x md-x lg-x y md-y lg-y\" id=\"image_1652114572\">\n\t\t\t\t\t\t\t\t<div class=\"img-inner dark\" >\n\t\t\t<img decoding=\"async\" width=\"500\" height=\"200\" src=\"https:\/\/candanmezili.com\/wp-content\/uploads\/2022\/08\/dernek-1.png\" class=\"attachment-large size-large\" alt=\"\" srcset=\"https:\/\/candanmezili.com\/wp-content\/uploads\/2022\/08\/dernek-1.png 500w, https:\/\/candanmezili.com\/wp-content\/uploads\/2022\/08\/dernek-1-300x120.png 300w\" sizes=\"(max-width: 500px) 100vw, 500px\" title=\"\">\t\t\t\t\t\t\n\t\t\t\t\t<\/div>\n\t\t\t\t\t\t\t\t\n<style>\n#image_1652114572 {\n  width: 100%;\n}\n<\/style>\n\t<\/div>\n\t\n\t\t<\/div>\n\t\t\t\t\t<\/div>\n\n\t\n<\/div>\n","protected":false},"excerpt":{"rendered":"","protected":false},"author":2,"featured_media":38482,"parent":29186,"menu_order":0,"comment_status":"open","ping_status":"closed","template":"","meta":{"inline_featured_image":false,"footnotes":""},"class_list":["post-29244","page","type-page","status-publish","has-post-thumbnail","hentry"],"_links":{"self":[{"href":"https:\/\/candanmezili.com\/es\/wp-json\/wp\/v2\/pages\/29244","targetHints":{"allow":["GET"]}}],"collection":[{"href":"https:\/\/candanmezili.com\/es\/wp-json\/wp\/v2\/pages"}],"about":[{"href":"https:\/\/candanmezili.com\/es\/wp-json\/wp\/v2\/types\/page"}],"author":[{"embeddable":true,"href":"https:\/\/candanmezili.com\/es\/wp-json\/wp\/v2\/users\/2"}],"replies":[{"embeddable":true,"href":"https:\/\/candanmezili.com\/es\/wp-json\/wp\/v2\/comments?post=29244"}],"version-history":[{"count":4,"href":"https:\/\/candanmezili.com\/es\/wp-json\/wp\/v2\/pages\/29244\/revisions"}],"predecessor-version":[{"id":44958,"href":"https:\/\/candanmezili.com\/es\/wp-json\/wp\/v2\/pages\/29244\/revisions\/44958"}],"up":[{"embeddable":true,"href":"https:\/\/candanmezili.com\/es\/wp-json\/wp\/v2\/pages\/29186"}],"wp:featuredmedia":[{"embeddable":true,"href":"https:\/\/candanmezili.com\/es\/wp-json\/wp\/v2\/media\/38482"}],"wp:attachment":[{"href":"https:\/\/candanmezili.com\/es\/wp-json\/wp\/v2\/media?parent=29244"}],"curies":[{"name":"wp","href":"https:\/\/api.w.org\/{rel}","templated":true}]}}