{"id":42349,"date":"2017-07-14T15:25:37","date_gmt":"2017-07-14T12:25:37","guid":{"rendered":"https:\/\/candanmezili.com\/?page_id=42349"},"modified":"2025-12-12T11:38:09","modified_gmt":"2025-12-12T08:38:09","slug":"chirurgie-de-lifting-medio-facial","status":"publish","type":"page","link":"https:\/\/candanmezili.com\/fr\/visage\/chirurgie-de-lifting-medio-facial\/","title":{"rendered":"Chirurgie de lifting m\u00e9dio-facial"},"content":{"rendered":"<div class=\"row\"  id=\"row-453592943\">\n\t<div id=\"col-1137794536\" class=\"col medium-12 small-12 large-12\"  >\n\t\t\t\t<div class=\"col-inner\"  >\n\t\t\t\n\t\t\t\t<div class=\"img has-hover x md-x lg-x y md-y lg-y\" id=\"image_1902856518\">\n\t\t\t\t\t\t\t\t<div class=\"img-inner dark\" >\n\t\t\t<img decoding=\"async\" width=\"1200\" height=\"675\" src=\"https:\/\/candanmezili.com\/wp-content\/uploads\/2022\/06\/12-1.jpg\" class=\"attachment-full size-full\" alt=\"\" srcset=\"https:\/\/candanmezili.com\/wp-content\/uploads\/2022\/06\/12-1.jpg 1200w, https:\/\/candanmezili.com\/wp-content\/uploads\/2022\/06\/12-1-300x169.jpg 300w, https:\/\/candanmezili.com\/wp-content\/uploads\/2022\/06\/12-1-1024x576.jpg 1024w, https:\/\/candanmezili.com\/wp-content\/uploads\/2022\/06\/12-1-768x432.jpg 768w\" sizes=\"(max-width: 1200px) 100vw, 1200px\" title=\"\">\t\t\t\t\t\t\n\t\t\t\t\t<\/div>\n\t\t\t\t\t\t\t\t\n<style>\n#image_1902856518 {\n  width: 100%;\n}\n<\/style>\n\t<\/div>\n\t\t\t<\/div>\n\t\t\t\t\t<\/div>\n\n\t\n\t<div id=\"col-1908131782\" class=\"col medium-12 small-12 large-12\"  >\n\t\t\t\t<div class=\"col-inner\"  >\n\t\t\t\n\t\t\t\n<p>La chirurgie de lifting du tiers moyen du visage (midface lift) en Turquie est une proc\u00e9dure esth\u00e9tique sp\u00e9cialis\u00e9e visant \u00e0 rajeunir la zone autour des joues, des paupi\u00e8res inf\u00e9rieures et des sillons nasog\u00e9niens. En repositionnant les tissus affaiss\u00e9s du tiers moyen du visage, elle restaure le galbe juv\u00e9nile et les contours naturels, cr\u00e9ant une apparence rafra\u00eechie et harmonieuse.<\/p>\n<p>Le co\u00fbt de la chirurgie de lifting du tiers moyen du visage en Turquie est plus abordable que dans de nombreux pays occidentaux, offrant un excellent rapport qualit\u00e9-prix sans compromettre la qualit\u00e9 chirurgicale. Le prix total peut varier en fonction de la technique utilis\u00e9e, de l\u2019ampleur de la correction n\u00e9cessaire, des infrastructures hospitali\u00e8res et du niveau de soins post-op\u00e9ratoires propos\u00e9s.<\/p>\n<p>Les r\u00e9sultats de la chirurgie de lifting du tiers moyen du visage en Turquie sont r\u00e9put\u00e9s pour offrir un aspect jeune et naturel qui am\u00e9liore l\u2019harmonie entre les yeux, les joues et les lignes du sourire. Cette intervention peut apporter des am\u00e9liorations durables, surtout lorsqu\u2019elle est associ\u00e9e \u00e0 une bonne prise en charge post-op\u00e9ratoire et \u00e0 un mode de vie sain.<\/p>\n<p>Les avis sur la chirurgie de lifting du tiers moyen du visage en Turquie mettent en avant la satisfaction des patients, tant sur le plan esth\u00e9tique que sur la qualit\u00e9 du processus de r\u00e9cup\u00e9ration. Candan Mezili est l\u2019un des meilleurs chirurgiens pour le lifting du tiers moyen du visage en Turquie, proposant des plans chirurgicaux personnalis\u00e9s et une technique m\u00e9ticuleuse pour garantir des r\u00e9sultats naturels et durables.<\/p>\n\t\t<\/div>\n\t\t\t\t\t<\/div>\n\n\t<\/div><div class=\"row\"  id=\"row-1459963034\">\n\t<div id=\"col-1079935479\" class=\"col medium-12 small-12 large-12\"  >\n\t\t\t\t<div class=\"col-inner\"  >\n\t\t\t\n\t\t\t\n\n\t<section class=\"section\" id=\"section_460428483\">\n\t\t<div class=\"section-bg fill\" >\n\t\t\t\t\t\t\t\t\t\n\t\t\t\n\n\t\t<\/div>\n\n\t\t\n\n\t\t<div class=\"section-content relative\">\n\t\t\t\r\n\r\n<div class=\"row\"  id=\"row-183516429\">\r\n\r\n\n\t<div id=\"col-406790861\" class=\"col small-12 large-12\"  >\n\t\t\t\t<div class=\"col-inner dark\" style=\"background-color:#004e7b;\" >\n\t\t\t\n\t\t\t\r\n\r\n<div class=\"row\"  id=\"row-1175551365\">\r\n\r\n\n\t<div id=\"col-88345147\" class=\"col medium-5 small-12 large-5\"  >\n\t\t\t\t<div class=\"col-inner\"  >\n\t\t\t\n\t\t\t\r\n\r\n\t<div class=\"img has-hover border-gorsel x md-x lg-x y md-y lg-y\" id=\"image_1847728404\">\n\t\t\t\t\t\t\t\t<div class=\"img-inner dark\" >\n\t\t\t<img decoding=\"async\" width=\"1500\" height=\"1531\" src=\"https:\/\/candanmezili.com\/wp-content\/uploads\/2022\/07\/candanweb.jpg\" class=\"attachment-2048x2048 size-2048x2048\" alt=\"\" srcset=\"https:\/\/candanmezili.com\/wp-content\/uploads\/2022\/07\/candanweb.jpg 1500w, https:\/\/candanmezili.com\/wp-content\/uploads\/2022\/07\/candanweb-294x300.jpg 294w, https:\/\/candanmezili.com\/wp-content\/uploads\/2022\/07\/candanweb-1003x1024.jpg 1003w, https:\/\/candanmezili.com\/wp-content\/uploads\/2022\/07\/candanweb-768x784.jpg 768w\" sizes=\"(max-width: 1500px) 100vw, 1500px\" title=\"\">\t\t\t\t\t\t\n\t\t\t\t\t<\/div>\n\t\t\t\t\t\t\t\t\n<style>\n#image_1847728404 {\n  width: 100%;\n}\n<\/style>\n\t<\/div>\n\t\r\n\r\n\r\n\t\t<\/div>\n\t\t\t\t\t<\/div>\n\n\t\r\n\n\t<div id=\"col-796467284\" class=\"col medium-7 small-12 large-7\"  >\n\t\t\t\t<div class=\"col-inner\"  >\n\t\t\t\n\t\t\t\r\n\r\n\t<div id=\"text-1877487322\" class=\"text\">\n\t\t\r\n\r\n<p><span style=\"font-size: 75%;\">Chirurgie Plastique et Esth\u00e9tique \u00e0 Izmir<\/span><br \/><span style=\"font-size: 150%;\"><strong>Op. Dr. Candan Mezili<\/strong><\/span><\/p>\r\n\t\t\n<style>\n#text-1877487322 {\n  font-size: 1rem;\n}\n@media (min-width:550px) {\n  #text-1877487322 {\n    font-size: 1.5rem;\n  }\n}\n<\/style>\n\t<\/div>\n\t\r\n\t<div id=\"text-3347157041\" class=\"text\">\n\t\t\r\n\r\n<p>J'ai \u00e9t\u00e9 dipl\u00f4m\u00e9 de la Facult\u00e9 de M\u00e9decine de l'Universit\u00e9 d'Ankara en 2005 et la m\u00eame ann\u00e9e, j'ai commenc\u00e9 ma formation de sp\u00e9cialisation en Chirurgie Plastique, Esth\u00e9tique et Reconstructrice \u00e0 la Facult\u00e9 de M\u00e9decine de l'Universit\u00e9 d'Ege. La capacit\u00e9 de remodeler et d\u2019utiliser la cr\u00e9ativit\u00e9 en chirurgie plastique a \u00e9t\u00e9 l\u2019un des principaux facteurs qui m\u2019ont conduit vers ce domaine. Au cours de ma sp\u00e9cialisation, j\u2019ai eu l\u2019opportunit\u00e9 de r\u00e9aliser d\u2019innombrables interventions aux c\u00f4t\u00e9s de nombreux professeurs renomm\u00e9s. J\u2019exerce actuellement dans ma propre clinique \u00e0 Izmir.<\/p>\r\n\t\t\n<style>\n#text-3347157041 {\n  text-align: left;\n}\n<\/style>\n\t<\/div>\n\t\r\n<a href=\"https:\/\/candanmezili.com\/fr\/sur-moi\/\" class=\"button white is-small lowercase\" style=\"border-radius:10px;\">\n\t\t<span>About Me<\/span>\n\t<i class=\"icon-angle-right\" aria-hidden=\"true\"><\/i><\/a>\n\r\n\r\n<a href=\"https:\/\/api.whatsapp.com\/send\/?phone=905334008240\" class=\"button white is-small lowercase\" style=\"border-radius:10px;\" target=\"_blank\" rel=\"noopener\">\n\t\t<span>WhatsApp<\/span>\n\t<i class=\"icon-whatsapp\" aria-hidden=\"true\"><\/i><\/a>\n\r\n\r\n<div class=\"social-icons follow-icons homepage-icon\" ><a href=\"https:\/\/www.facebook.com\/opdrcandanmezili\/\" target=\"_blank\" data-label=\"Facebook\" class=\"icon button circle is-outline tooltip facebook\" title=\"Nous suivre sur Facebook\" aria-label=\"Nous suivre sur Facebook\" rel=\"noopener nofollow\"><i class=\"icon-facebook\" aria-hidden=\"true\"><\/i><\/a><a href=\"https:\/\/www.instagram.com\/drcandanmezili\/\" target=\"_blank\" data-label=\"Instagram\" class=\"icon button circle is-outline tooltip instagram\" title=\"Nous suivre sur Instagram\" aria-label=\"Nous suivre sur Instagram\" rel=\"noopener nofollow\"><i class=\"icon-instagram\" aria-hidden=\"true\"><\/i><\/a><a href=\"mailto:info@candanmezili.com\" data-label=\"E-mail\" target=\"_blank\" class=\"icon button circle is-outline tooltip email\" title=\"Nous envoyer un email\" aria-label=\"Nous envoyer un email\" rel=\"nofollow noopener\"><i class=\"icon-envelop\" aria-hidden=\"true\"><\/i><\/a><a href=\"tel:+90 533 400 82 40\" data-label=\"Phone\" target=\"_blank\" class=\"icon button circle is-outline tooltip phone\" title=\"Appelez-nous\" aria-label=\"Appelez-nous\" rel=\"nofollow noopener\"><i class=\"icon-phone\" aria-hidden=\"true\"><\/i><\/a><a href=\"https:\/\/www.youtube.com\/@CandanMezili\/\" data-label=\"YouTube\" target=\"_blank\" class=\"icon button circle is-outline tooltip youtube\" title=\"Nous suivre sur Youtube\" aria-label=\"Nous suivre sur Youtube\" rel=\"noopener nofollow\"><i class=\"icon-youtube\" aria-hidden=\"true\"><\/i><\/a><\/div>\r\n\r\n\r\n\t\t<\/div>\n\t\t\t\t\t<\/div>\n\n\t\r\n\r\n<\/div>\r\n\r\n\t\t<\/div>\n\t\t\t\t\n<style>\n#col-406790861 > .col-inner {\n  padding: 30px 15px 1px 15px;\n  margin: 0px 0px -20px 0px;\n  border-radius: 20px;\n}\n@media (min-width:550px) {\n  #col-406790861 > .col-inner {\n    padding: 30px 30px 1px 30px;\n  }\n}\n<\/style>\n\t<\/div>\n\n\t\r\n\r\n<\/div>\r\n\r\n\t\t<\/div>\n\n\t\t\n<style>\n#section_460428483 {\n  padding-top: 30px;\n  padding-bottom: 30px;\n}\n<\/style>\n\t<\/section>\n\t\r\n\n<div id=\"ez-toc-container\" class=\"ez-toc-v2_0_82_2 counter-hierarchy ez-toc-counter ez-toc-custom ez-toc-container-direction\">\n<div class=\"ez-toc-title-container\">\n<p class=\"ez-toc-title\" style=\"cursor:inherit\">Contenu de l\u2019article<\/p>\n<span class=\"ez-toc-title-toggle\"><a href=\"#\" class=\"ez-toc-pull-right ez-toc-btn ez-toc-btn-xs ez-toc-btn-default ez-toc-toggle\" aria-label=\"Toggle Table of Content\"><span class=\"ez-toc-js-icon-con\"><span class=\"\"><span class=\"eztoc-hide\" style=\"display:none;\">Toggle<\/span><span class=\"ez-toc-icon-toggle-span\"><svg style=\"fill: #ffffff;color:#ffffff\" xmlns=\"http:\/\/www.w3.org\/2000\/svg\" class=\"list-377408\" width=\"20px\" height=\"20px\" viewBox=\"0 0 24 24\" fill=\"none\"><path d=\"M6 6H4v2h2V6zm14 0H8v2h12V6zM4 11h2v2H4v-2zm16 0H8v2h12v-2zM4 16h2v2H4v-2zm16 0H8v2h12v-2z\" fill=\"currentColor\"><\/path><\/svg><svg style=\"fill: #ffffff;color:#ffffff\" class=\"arrow-unsorted-368013\" xmlns=\"http:\/\/www.w3.org\/2000\/svg\" width=\"10px\" height=\"10px\" viewBox=\"0 0 24 24\" version=\"1.2\" baseProfile=\"tiny\"><path d=\"M18.2 9.3l-6.2-6.3-6.2 6.3c-.2.2-.3.4-.3.7s.1.5.3.7c.2.2.4.3.7.3h11c.3 0 .5-.1.7-.3.2-.2.3-.5.3-.7s-.1-.5-.3-.7zM5.8 14.7l6.2 6.3 6.2-6.3c.2-.2.3-.5.3-.7s-.1-.5-.3-.7c-.2-.2-.4-.3-.7-.3h-11c-.3 0-.5.1-.7.3-.2.2-.3.5-.3.7s.1.5.3.7z\"\/><\/svg><\/span><\/span><\/span><\/a><\/span><\/div>\n<nav><ul class='ez-toc-list ez-toc-list-level-1 ' ><li class='ez-toc-page-1 ez-toc-heading-level-2'><a class=\"ez-toc-link ez-toc-heading-1\" href=\"https:\/\/candanmezili.com\/fr\/visage\/chirurgie-de-lifting-medio-facial\/#Quest-ce_quun_lifting_du_tiers_moyen_du_visage\" >Qu\u2019est-ce qu\u2019un lifting du tiers moyen du visage ?<\/a><\/li><li class='ez-toc-page-1 ez-toc-heading-level-2'><a class=\"ez-toc-link ez-toc-heading-2\" href=\"https:\/\/candanmezili.com\/fr\/visage\/chirurgie-de-lifting-medio-facial\/#Candidats_adaptes_au_lifting_du_tiers_moyen_du_visage\" >Candidats adapt\u00e9s au lifting du tiers moyen du visage<\/a><\/li><li class='ez-toc-page-1 ez-toc-heading-level-2'><a class=\"ez-toc-link ez-toc-heading-3\" href=\"https:\/\/candanmezili.com\/fr\/visage\/chirurgie-de-lifting-medio-facial\/#Zones_ciblees_par_le_lifting_du_tiers_moyen_du_visage\" >Zones cibl\u00e9es par le lifting du tiers moyen du visage<\/a><\/li><li class='ez-toc-page-1 ez-toc-heading-level-2'><a class=\"ez-toc-link ez-toc-heading-4\" href=\"https:\/\/candanmezili.com\/fr\/visage\/chirurgie-de-lifting-medio-facial\/#Processus_de_recuperation_apres_un_lifting_du_tiers_moyen_du_visage\" >Processus de r\u00e9cup\u00e9ration apr\u00e8s un lifting du tiers moyen du visage<\/a><\/li><li class='ez-toc-page-1 ez-toc-heading-level-2'><a class=\"ez-toc-link ez-toc-heading-5\" href=\"https:\/\/candanmezili.com\/fr\/visage\/chirurgie-de-lifting-medio-facial\/#Preparation_a_la_chirurgie_de_lifting_du_tiers_moyen_du_visage\" >Pr\u00e9paration \u00e0 la chirurgie de lifting du tiers moyen du visage<\/a><\/li><li class='ez-toc-page-1 ez-toc-heading-level-2'><a class=\"ez-toc-link ez-toc-heading-6\" href=\"https:\/\/candanmezili.com\/fr\/visage\/chirurgie-de-lifting-medio-facial\/#Comparaison_entre_lifting_du_tiers_moyen_et_lifting_complet_du_visage\" >Comparaison entre lifting du tiers moyen et lifting complet du visage<\/a><\/li><li class='ez-toc-page-1 ez-toc-heading-level-2'><a class=\"ez-toc-link ez-toc-heading-7\" href=\"https:\/\/candanmezili.com\/fr\/visage\/chirurgie-de-lifting-medio-facial\/#Duree_du_resultat_rajeunissant_apres_un_lifting_du_tiers_moyen_du_visage\" >Dur\u00e9e du r\u00e9sultat rajeunissant apr\u00e8s un lifting du tiers moyen du visage<\/a><\/li><li class='ez-toc-page-1 ez-toc-heading-level-2'><a class=\"ez-toc-link ez-toc-heading-8\" href=\"https:\/\/candanmezili.com\/fr\/visage\/chirurgie-de-lifting-medio-facial\/#Combien_de_personnes_subissent_une_chirurgie_de_lifting_du_tiers_moyen_du_visage_en_Turquie\" >Combien de personnes subissent une chirurgie de lifting du tiers moyen du visage en Turquie ?<\/a><\/li><li class='ez-toc-page-1 ez-toc-heading-level-2'><a class=\"ez-toc-link ez-toc-heading-9\" href=\"https:\/\/candanmezili.com\/fr\/visage\/chirurgie-de-lifting-medio-facial\/#Pourquoi_le_lifting_du_tiers_moyen_du_visage_est-il_peu_couteux_en_Turquie\" >Pourquoi le lifting du tiers moyen du visage est-il peu co\u00fbteux en Turquie ?<\/a><ul class='ez-toc-list-level-3' ><li class='ez-toc-heading-level-3'><a class=\"ez-toc-link ez-toc-heading-10\" href=\"https:\/\/candanmezili.com\/fr\/visage\/chirurgie-de-lifting-medio-facial\/#Pourquoi_la_chirurgie_de_lifting_du_tiers_moyen_du_visage_est-elle_si_peu_couteuse_en_Turquie\" >Pourquoi la chirurgie de lifting du tiers moyen du visage est-elle si peu co\u00fbteuse en Turquie ?<\/a><\/li><\/ul><\/li><li class='ez-toc-page-1 ez-toc-heading-level-2'><a class=\"ez-toc-link ez-toc-heading-11\" href=\"https:\/\/candanmezili.com\/fr\/visage\/chirurgie-de-lifting-medio-facial\/#Combien_coute_un_lifting_du_tiers_moyen_du_visage_a_Izmir_en_Turquie\" >Combien co\u00fbte un lifting du tiers moyen du visage \u00e0 Izmir, en Turquie ?<\/a><ul class='ez-toc-list-level-3' ><li class='ez-toc-heading-level-3'><a class=\"ez-toc-link ez-toc-heading-12\" href=\"https:\/\/candanmezili.com\/fr\/visage\/chirurgie-de-lifting-medio-facial\/#Questions_Frequemment_Posees\" >Questions Fr\u00e9quemment Pos\u00e9es<\/a><\/li><li class='ez-toc-page-1 ez-toc-heading-level-3'><a class=\"ez-toc-link ez-toc-heading-13\" href=\"https:\/\/candanmezili.com\/fr\/visage\/chirurgie-de-lifting-medio-facial\/#Quest-ce_quun_midface_lift_et_quelles_zones_traite-t-il\" >Qu\u2019est-ce qu\u2019un midface lift et quelles zones traite-t-il ?<\/a><\/li><li class='ez-toc-page-1 ez-toc-heading-level-3'><a class=\"ez-toc-link ez-toc-heading-14\" href=\"https:\/\/candanmezili.com\/fr\/visage\/chirurgie-de-lifting-medio-facial\/#Pour_qui_la_chirurgie_de_midface_lift_est-elle_recommandee\" >Pour qui la chirurgie de midface lift est-elle recommand\u00e9e ?<\/a><\/li><li class='ez-toc-page-1 ez-toc-heading-level-3'><a class=\"ez-toc-link ez-toc-heading-15\" href=\"https:\/\/candanmezili.com\/fr\/visage\/chirurgie-de-lifting-medio-facial\/#Combien_de_temps_faut-il_pour_que_les_resultats_de_la_chirurgie_deviennent_visibles\" >Combien de temps faut-il pour que les r\u00e9sultats de la chirurgie deviennent visibles ?<\/a><\/li><li class='ez-toc-page-1 ez-toc-heading-level-3'><a class=\"ez-toc-link ez-toc-heading-16\" href=\"https:\/\/candanmezili.com\/fr\/visage\/chirurgie-de-lifting-medio-facial\/#Quel_type_danesthesie_est_privilegie_pendant_lintervention\" >Quel type d\u2019anesth\u00e9sie est privil\u00e9gi\u00e9 pendant l\u2019intervention ?<\/a><\/li><li class='ez-toc-page-1 ez-toc-heading-level-3'><a class=\"ez-toc-link ez-toc-heading-17\" href=\"https:\/\/candanmezili.com\/fr\/visage\/chirurgie-de-lifting-medio-facial\/#Combien_de_temps_durent_les_effets_dun_midface_lift\" >Combien de temps durent les effets d\u2019un midface lift ?<\/a><\/li><\/ul><\/li><li class='ez-toc-page-1 ez-toc-heading-level-2'><a class=\"ez-toc-link ez-toc-heading-18\" href=\"https:\/\/candanmezili.com\/fr\/visage\/chirurgie-de-lifting-medio-facial\/#Avis_de\" >Avis de<\/a><\/li><li class='ez-toc-page-1 ez-toc-heading-level-2'><a class=\"ez-toc-link ez-toc-heading-19\" href=\"https:\/\/candanmezili.com\/fr\/visage\/chirurgie-de-lifting-medio-facial\/#Nos_certificats\" >Nos certificats<\/a><\/li><\/ul><\/nav><\/div>\n<h2><span class=\"ez-toc-section\" id=\"Quest-ce_quun_lifting_du_tiers_moyen_du_visage\"><\/span>Qu\u2019est-ce qu\u2019un lifting du tiers moyen du visage ?<span class=\"ez-toc-section-end\"><\/span><\/h2>\n<p>En chirurgie plastique, le tiers moyen du visage correspond \u00e0 la zone situ\u00e9e entre les paupi\u00e8res inf\u00e9rieures et la l\u00e8vre sup\u00e9rieure, incluant les joues et les r\u00e9gions avoisinantes. Le vieillissement dans cette zone peut donner au visage un aspect fatigu\u00e9. Chez certains jeunes, les tissus de cette r\u00e9gion peuvent \u00eatre positionn\u00e9s plus bas pour des raisons g\u00e9n\u00e9tiques. Pour ces personnes, un lifting du tiers moyen du visage est r\u00e9alis\u00e9 \u00e0 des fins esth\u00e9tiques. Le lifting du tiers moyen du visage permet d\u2019obtenir un aspect plus jeune et plus dynamique en repositionnant les coussinets graisseux, ce qui r\u00e9duit les creux sous les yeux et cr\u00e9e une transition plus douce entre les joues et les yeux. Cette proc\u00e9dure entra\u00eene :<\/p>\n<ul>\n<li>Une transition plus harmonieuse entre les joues et les yeux<\/li>\n<li>Une r\u00e9duction de l\u2019aspect creux sous les yeux<\/li>\n<li>Des pommettes plus marqu\u00e9es<\/li>\n<\/ul>\n<p>Si n\u00e9cessaire, un lifting des sourcils peut \u00eatre r\u00e9alis\u00e9 simultan\u00e9ment \u00e0 un lifting du tiers moyen du visage, renfor\u00e7ant encore l\u2019aspect rajeuni et repos\u00e9. Cette intervention am\u00e9liore non seulement l\u2019esth\u00e9tique, mais augmente \u00e9galement la confiance en soi de la personne.<\/p>\n<h2><span class=\"ez-toc-section\" id=\"Candidats_adaptes_au_lifting_du_tiers_moyen_du_visage\"><\/span>Candidats adapt\u00e9s au lifting du tiers moyen du visage<span class=\"ez-toc-section-end\"><\/span><\/h2>\n<p>Les groupes d\u2019\u00e2ge plus jeunes constituent g\u00e9n\u00e9ralement de meilleurs candidats pour un lifting du tiers moyen du visage lorsqu\u2019il est r\u00e9alis\u00e9 seul, en particulier les personnes \u00e2g\u00e9es d\u2019environ 25 \u00e0 45 ans. Pour les individus pr\u00e9sentant un affaissement de l\u2019ensemble du visage, un lifting complet du visage et du cou peut \u00eatre plus appropri\u00e9. Les sp\u00e9cialistes en chirurgie esth\u00e9tique et plastique \u00e9valuent l\u2019\u00e9tat physique de chaque personne afin de d\u00e9terminer son \u00e9ligibilit\u00e9. Les candidats id\u00e9aux sont souvent :<\/p>\n<ul>\n<li>Ceux qui pr\u00e9sentent des signes de vieillissement dans les zones sous les yeux et au niveau du tiers moyen du visage<\/li>\n<li>Les personnes ayant une pr\u00e9disposition g\u00e9n\u00e9tique \u00e0 un affaissement ou un vieillissement pr\u00e9coce du visage<\/li>\n<li>Ceux qui constatent une perte de contours au niveau du visage<\/li>\n<li>Les individus plus jeunes pr\u00e9sentant des joues et des pommettes g\u00e9n\u00e9tiquement plac\u00e9es plus bas<\/li>\n<\/ul>\n<p>Les candidats ne doivent pas fumer, doivent faire de l\u2019exercice r\u00e9guli\u00e8rement, adopter des habitudes alimentaires saines et, de fa\u00e7on g\u00e9n\u00e9rale, mener un mode de vie sain. Des \u00e9valuations compl\u00e8tes permettent de s\u00e9lectionner des candidats adapt\u00e9s tant sur le plan physique que psychologique.<\/p>\n<h2><span class=\"ez-toc-section\" id=\"Zones_ciblees_par_le_lifting_du_tiers_moyen_du_visage\"><\/span>Zones cibl\u00e9es par le lifting du tiers moyen du visage<span class=\"ez-toc-section-end\"><\/span><\/h2>\n<p>Le lifting du tiers moyen du visage se concentre sur des zones sp\u00e9cifiques pour obtenir un rajeunissement visible. Le chirurgien retend la r\u00e9gion allant directement sous les yeux jusqu\u2019aux commissures sup\u00e9rieures des l\u00e8vres. Cette intervention revitalise le tiers moyen du visage en ciblant principalement deux zones :<\/p>\n<ul>\n<li>Creux sous les yeux : pour un aspect plus lisse et plus jeune.<\/li>\n<li>Joues : en retendant la peau pour un aspect plus plein et plus remont\u00e9.<\/li>\n<\/ul>\n<h4>Risques et effets secondaires possibles du lifting du tiers moyen du visage<\/h4>\n<p>Comme pour toute intervention chirurgicale, le lifting du tiers moyen du visage comporte certains risques et effets secondaires. Parmi les effets secondaires postop\u00e9ratoires que les patients peuvent rencontrer, on retrouve :<\/p>\n<ul>\n<li>Ecchymoses<\/li>\n<li>Gonflement prolong\u00e9<\/li>\n<li>Risques li\u00e9s \u00e0 l\u2019anesth\u00e9sie<\/li>\n<li>Infection<\/li>\n<li>Douleur<\/li>\n<li>Cicatrices<\/li>\n<\/ul>\n<p>Si la douleur postop\u00e9ratoire augmente ou si le gonflement ne diminue pas, il est essentiel d\u2019en informer le m\u00e9decin. Une prise en charge adapt\u00e9e de ces effets secondaires rend le processus de r\u00e9cup\u00e9ration plus confortable.<\/p>\n\n\t<section class=\"section\" id=\"section_749190469\">\n\t\t<div class=\"section-bg fill\" >\n\t\t\t\t\t\t\t\t\t\n\t\t\t\n\n\t\t<\/div>\n\n\t\t\n\n\t\t<div class=\"section-content relative\">\n\t\t\t\r\n\r\n<div class=\"row\"  id=\"row-1490530843\">\r\n\r\n\n\t<div id=\"col-2083664024\" class=\"col small-12 large-12\"  >\n\t\t\t\t<div class=\"col-inner box-shadow-2\"  >\n\t\t\t\n\t\t\t\r\n\r\n<div class=\"row\"  id=\"row-2032203031\">\r\n\r\n\n\t<div id=\"col-2116084649\" class=\"col whatsapp-alani hide-for-small medium-3 small-12 large-3\"  >\n\t\t\t\t<div class=\"col-inner box-shadow-2\" style=\"background-color:rgb(37, 211, 102);\" >\n\t\t\t\n\t\t\t\r\n\r\n\t<div id=\"text-3183818657\" class=\"text\">\n\t\t\r\n\r\n<p><a href=\"https:\/\/api.whatsapp.com\/send\/?phone=905334008240&amp;text&amp;type=phone_number&amp;app_absent=0\" target=\"_blank\" rel=\"noopener\"><span style=\"color: #ffffff;\">Cliquez pour <br \/>WhatsApp 24\/7<\/span><\/a><\/p>\r\n\r\n\t\t\n<style>\n#text-3183818657 {\n  font-size: 1.5rem;\n  text-align: center;\n  color: rgb(255,255,255);\n}\n#text-3183818657 > * {\n  color: rgb(255,255,255);\n}\n<\/style>\n\t<\/div>\n\t\r\n\r\n\t\t<\/div>\n\t\t\t\t\n<style>\n#col-2116084649 > .col-inner {\n  padding: 30px 0px 12px 0px;\n  margin: 0px 0px -31px 0px;\n}\n<\/style>\n\t<\/div>\n\n\t\r\n\n\t<div id=\"col-700329695\" class=\"col show-for-small medium-3 small-12 large-3\"  >\n\t\t\t\t<div class=\"col-inner box-shadow-2\" style=\"background-color:rgb(37, 211, 102);\" >\n\t\t\t\n\t\t\t\r\n\r\n\t<div id=\"text-2835539093\" class=\"text\">\n\t\t\r\n\r\n<p><a href=\"https:\/\/api.whatsapp.com\/send\/?phone=905334008240&amp;text&amp;type=phone_number&amp;app_absent=0\" target=\"_blank\" rel=\"noopener\"><span style=\"color: #ffffff;\">Cliquez pour WhatsApp 24\/7<\/span><\/a><\/p>\r\n\t\t\n<style>\n#text-2835539093 {\n  font-size: 1.25rem;\n  text-align: center;\n  color: rgb(255,255,255);\n}\n#text-2835539093 > * {\n  color: rgb(255,255,255);\n}\n@media (min-width:550px) {\n  #text-2835539093 {\n    font-size: 1.5rem;\n  }\n}\n<\/style>\n\t<\/div>\n\t\r\n\r\n\t\t<\/div>\n\t\t\t\t\n<style>\n#col-700329695 > .col-inner {\n  padding: 20px 0px 1px 0px;\n  margin: 0px 0px 0px 0px;\n  border-radius: 100px;\n}\n@media (min-width:550px) {\n  #col-700329695 > .col-inner {\n    margin: 0px 0px -40px 0px;\n  }\n}\n<\/style>\n\t<\/div>\n\n\t\r\n\n\t<div id=\"col-988816335\" class=\"col medium-9 small-12 large-9\"  >\n\t\t\t\t<div class=\"col-inner text-left\"  >\n\t\t\t\n\t<div class=\"is-border\"\n\t\tstyle=\"border-width:0px 0px 0px 0px;margin:0px 0px 0px 0px;\">\n\t<\/div>\n\t\t\t\r\n\r\n<div class=\"row\"  id=\"row-1621780409\">\r\n\r\n\n\t<div id=\"col-707713557\" class=\"col small-12 large-12\"  >\n\t\t\t\t<div class=\"col-inner\"  >\n\t\t\t\n\t\t\t\r\n\r\n\n<div class=\"wpcf7 no-js\" id=\"wpcf7-f41852-o1\" lang=\"fr-FR\" dir=\"ltr\" data-wpcf7-id=\"41852\">\n<div class=\"screen-reader-response\"><p role=\"status\" aria-live=\"polite\" aria-atomic=\"true\"><\/p> <ul><\/ul><\/div>\n<form action=\"\/fr\/wp-json\/wp\/v2\/pages\/42349#wpcf7-f41852-o1\" method=\"post\" class=\"wpcf7-form init\" aria-label=\"Formulaire de contact\" novalidate=\"novalidate\" data-status=\"init\">\n<fieldset class=\"hidden-fields-container\"><input type=\"hidden\" name=\"_wpcf7\" value=\"41852\" \/><input type=\"hidden\" name=\"_wpcf7_version\" value=\"6.1.5\" \/><input type=\"hidden\" name=\"_wpcf7_locale\" value=\"fr_FR\" \/><input type=\"hidden\" name=\"_wpcf7_unit_tag\" value=\"wpcf7-f41852-o1\" \/><input type=\"hidden\" name=\"_wpcf7_container_post\" value=\"0\" \/><input type=\"hidden\" name=\"_wpcf7_posted_data_hash\" value=\"\" \/><input type=\"hidden\" name=\"_wpcf7_recaptcha_response\" value=\"\" \/>\n<\/fieldset>\n<div class=\"call-to-action\">\n\t<div class=\"col-row\">\n\t\t<div class=\"col-quarter\">\n\t\t\t<p><span class=\"wpcf7-form-control-wrap\" data-name=\"text-340\"><input size=\"40\" maxlength=\"400\" class=\"wpcf7-form-control wpcf7-text wpcf7-validates-as-required\" autocomplete=\"name\" aria-required=\"true\" aria-invalid=\"false\" placeholder=\"Nom\" value=\"\" type=\"text\" name=\"text-340\" \/><\/span>\n\t\t\t<\/p>\n\t\t<\/div>\n\t\t<div class=\"col-quarter\">\n\t\t\t<p><span class=\"wpcf7-form-control-wrap\" data-name=\"tel-10\"><input size=\"40\" maxlength=\"400\" class=\"wpcf7-form-control wpcf7-tel wpcf7-validates-as-required wpcf7-text wpcf7-validates-as-tel\" autocomplete=\"name\" aria-required=\"true\" aria-invalid=\"false\" placeholder=\"T\u00e9l\u00e9phone\" value=\"\" type=\"tel\" name=\"tel-10\" \/><\/span>\n\t\t\t<\/p>\n\t\t<\/div>\n\t\t<div class=\"col-quarter\">\n\t\t\t<p><span class=\"wpcf7-form-control-wrap\" data-name=\"email-563\"><input size=\"40\" maxlength=\"400\" class=\"wpcf7-form-control wpcf7-email wpcf7-validates-as-required wpcf7-text wpcf7-validates-as-email\" autocomplete=\"name\" aria-required=\"true\" aria-invalid=\"false\" placeholder=\"E-mail\" value=\"\" type=\"email\" name=\"email-563\" \/><\/span>\n\t\t\t<\/p>\n\t\t<\/div>\n\t\t<div class=\"col-quarter\">\n\t\t\t<p><input class=\"wpcf7-form-control wpcf7-submit has-spinner\" type=\"submit\" value=\"ENVOYER\" \/>\n\t\t\t<\/p>\n\t\t<\/div>\n\t<span class=\"wpcf7-form-control-wrap recaptcha\" data-name=\"recaptcha\"><span data-sitekey=\"6LeLvXMrAAAAAE38Im_4Oy8glwWIawWAxnTj5xPi\" class=\"wpcf7-form-control wpcf7-recaptcha g-recaptcha\"><\/span>\r\n<noscript>\r\n\t<div class=\"grecaptcha-noscript\">\r\n\t\t<iframe src=\"https:\/\/www.google.com\/recaptcha\/api\/fallback?k=6LeLvXMrAAAAAE38Im_4Oy8glwWIawWAxnTj5xPi\" frameborder=\"0\" scrolling=\"no\" width=\"310\" height=\"430\">\r\n\t\t<\/iframe>\r\n\t\t<textarea name=\"g-recaptcha-response\" rows=\"3\" cols=\"40\" placeholder=\"reCaptcha Response Here\">\r\n\t\t<\/textarea>\r\n\t<\/div>\r\n<\/noscript>\r\n<\/span>\n\t<\/div>\n<\/div><p style=\"display: none !important;\" class=\"akismet-fields-container\" data-prefix=\"_wpcf7_ak_\"><label>&#916;<textarea name=\"_wpcf7_ak_hp_textarea\" cols=\"45\" rows=\"8\" maxlength=\"100\"><\/textarea><\/label><input type=\"hidden\" id=\"ak_js_1\" name=\"_wpcf7_ak_js\" value=\"179\"\/><script type=\"text\/javascript\">\n\/* <![CDATA[ *\/\ndocument.getElementById( \"ak_js_1\" ).setAttribute( \"value\", ( new Date() ).getTime() );\n\/* ]]> *\/\n<\/script>\n<\/p><div class=\"wpcf7-response-output\" aria-hidden=\"true\"><\/div>\n<\/form>\n<\/div>\n\r\n\r\n\t\t<\/div>\n\t\t\t\t\n<style>\n#col-707713557 > .col-inner {\n  margin: 0px 0px -60px 0px;\n}\n<\/style>\n\t<\/div>\n\n\t\r\n\n\t<div id=\"col-672325551\" class=\"col small-12 large-12\"  >\n\t\t\t\t<div class=\"col-inner\"  >\n\t\t\t\n\t\t\t\r\n\r\n\t<div id=\"text-1677475260\" class=\"text\">\n\t\t\r\n\r\n<p>*Nous recommandons de remplir tous les champs afin de garantir la meilleure r\u00e9ponse possible.<\/p>\r\n\t\t\n<style>\n#text-1677475260 {\n  font-size: 0.85rem;\n  line-height: 1.5;\n}\n@media (min-width:550px) {\n  #text-1677475260 {\n    line-height: 0.75;\n  }\n}\n<\/style>\n\t<\/div>\n\t\r\n\r\n\t\t<\/div>\n\t\t\t\t\n<style>\n#col-672325551 > .col-inner {\n  margin: 0px 0px -40px 0px;\n}\n<\/style>\n\t<\/div>\n\n\t\r\n\r\n<\/div>\r\n\r\n\t\t<\/div>\n\t\t\t\t\n<style>\n#col-988816335 > .col-inner {\n  padding: 0px 0px 0px 0px;\n  margin: 0px 0px -20px 0px;\n}\n@media (min-width:550px) {\n  #col-988816335 > .col-inner {\n    padding: 20px 0px 0px 0px;\n    margin: 0px 0px -66px 0px;\n  }\n}\n<\/style>\n\t<\/div>\n\n\t\r\n\r\n<\/div>\r\n\r\n\t\t<\/div>\n\t\t\t\t\n<style>\n#col-2083664024 > .col-inner {\n  padding: 30px 10px 0px 10px;\n  border-radius: 30px;\n}\n@media (min-width:550px) {\n  #col-2083664024 > .col-inner {\n    padding: 0px 20px 0px 0px;\n  }\n}\n<\/style>\n\t<\/div>\n\n\t\r\n\r\n<\/div>\r\n\r\n\t\t<\/div>\n\n\t\t\n<style>\n#section_749190469 {\n  padding-top: 30px;\n  padding-bottom: 30px;\n}\n<\/style>\n\t<\/section>\n\t\r\n\n<h2><span class=\"ez-toc-section\" id=\"Processus_de_recuperation_apres_un_lifting_du_tiers_moyen_du_visage\"><\/span>Processus de r\u00e9cup\u00e9ration apr\u00e8s un lifting du tiers moyen du visage<span class=\"ez-toc-section-end\"><\/span><\/h2>\n<p>Le processus de r\u00e9cup\u00e9ration apr\u00e8s un lifting du tiers moyen du visage est l\u00e9g\u00e8rement plus long que celui d\u2019autres chirurgies du visage. Les patients ont g\u00e9n\u00e9ralement besoin de 3 \u00e0 4 semaines avant de pouvoir reprendre une vie sociale. La plupart constatent les r\u00e9sultats complets entre 2 et 3 mois apr\u00e8s l\u2019intervention. Les points cl\u00e9s \u00e0 respecter durant les trois premi\u00e8res semaines sont :<\/p>\n<ul>\n<li>\u00c9viter les activit\u00e9s physiques intenses et l\u2019exercice<\/li>\n<li>Dormir sur le dos avec la t\u00eate l\u00e9g\u00e8rement sur\u00e9lev\u00e9e<\/li>\n<li>Appliquer de la glace pour r\u00e9duire le gonflement<\/li>\n<\/ul>\n<p>Si des fils non r\u00e9sorbables sont utilis\u00e9s, ils doivent \u00eatre retir\u00e9s par le chirurgien environ une semaine apr\u00e8s l\u2019intervention.<\/p>\n<h2><span class=\"ez-toc-section\" id=\"Preparation_a_la_chirurgie_de_lifting_du_tiers_moyen_du_visage\"><\/span>Pr\u00e9paration \u00e0 la chirurgie de lifting du tiers moyen du visage<span class=\"ez-toc-section-end\"><\/span><\/h2>\n<p>Les pr\u00e9paratifs pr\u00e9op\u00e9ratoires sont cruciaux pour que le patient soit dans les meilleures conditions pour l\u2019intervention. Il est recommand\u00e9 d\u2019\u00e9viter les m\u00e9dicaments fluidifiants du sang tels que l\u2019aspirine, les om\u00e9ga-3 et certains compl\u00e9ments \u00e0 base de plantes. Pr\u00e9parer ses effets personnels pour une nuit d\u2019hospitalisation et organiser le retour \u00e0 domicile est \u00e9galement conseill\u00e9. Le jour de l\u2019op\u00e9ration, la peau doit \u00eatre propre et s\u00e8che, sans maquillage ni produits hydratants. Ces pr\u00e9parations contribuent au succ\u00e8s de l\u2019intervention et acc\u00e9l\u00e8rent le processus de r\u00e9cup\u00e9ration.<\/p>\n<h2><span class=\"ez-toc-section\" id=\"Comparaison_entre_lifting_du_tiers_moyen_et_lifting_complet_du_visage\"><\/span>Comparaison entre lifting du tiers moyen et lifting complet du visage<span class=\"ez-toc-section-end\"><\/span><\/h2>\n<p>Le lifting du tiers moyen du visage cible sp\u00e9cifiquement la zone situ\u00e9e entre les coins des yeux et la l\u00e8vre sup\u00e9rieure, en accentuant les pommettes et en apportant un effet de jeunesse au milieu du visage. Le lifting complet du visage, quant \u00e0 lui, concerne une zone plus large allant du cou jusqu\u2019aux sourcils et traite l\u2019affaissement des joues, des bajoues, des sillons nasog\u00e9niens, ainsi que du cou.<\/p>\n<p>Bien qu\u2019il s\u2019agisse d\u2019une proc\u00e9dure plus invasive, la r\u00e9cup\u00e9ration apr\u00e8s un lifting complet du visage peut \u00eatre plus courte ; la reprise des interactions sociales est souvent possible en 2 \u00e0 3 semaines et le retour aux activit\u00e9s quotidiennes g\u00e9n\u00e9ralement en deux semaines. Les r\u00e9sultats d\u00e9finitifs peuvent appara\u00eetre en 2 \u00e0 3 mois. Les deux interventions comportent g\u00e9n\u00e9ralement des incisions en forme de \u00ab S \u00bb le long de la ligne des cheveux et autour des oreilles. Elles rajeunissent toutes deux le visage, mais le lifting complet offre une am\u00e9lioration plus globale.<\/p>\n<h2><span class=\"ez-toc-section\" id=\"Duree_du_resultat_rajeunissant_apres_un_lifting_du_tiers_moyen_du_visage\"><\/span>Dur\u00e9e du r\u00e9sultat rajeunissant apr\u00e8s un lifting du tiers moyen du visage<span class=\"ez-toc-section-end\"><\/span><\/h2>\n<p>Les effets rajeunissants d\u2019un lifting du tiers moyen du visage peuvent varier, mais ils sont g\u00e9n\u00e9ralement durables, souvent efficaces pendant 5 \u00e0 10 ans. Parmi les facteurs qui influencent la dur\u00e9e des r\u00e9sultats, on peut citer :<\/p>\n<ul>\n<li>Le type de peau<\/li>\n<li>Le mode de vie<\/li>\n<li>L\u2019exposition au soleil<\/li>\n<li>Les facteurs g\u00e9n\u00e9tiques<\/li>\n<\/ul>\n<p>M\u00eame si le vieillissement du visage est un processus naturel, un lifting du tiers moyen du visage r\u00e9duit et ralentit significativement l\u2019apparition des signes de vieillissement. Le respect des recommandations postop\u00e9ratoires et l\u2019adoption d\u2019habitudes de vie saines aident \u00e0 pr\u00e9server les r\u00e9sultats le plus longtemps possible, am\u00e9liorant ainsi la qualit\u00e9 de vie de nombreux patients.<\/p>\n<h2><span class=\"ez-toc-section\" id=\"Combien_de_personnes_subissent_une_chirurgie_de_lifting_du_tiers_moyen_du_visage_en_Turquie\"><\/span>Combien de personnes subissent une chirurgie de lifting du tiers moyen du visage en Turquie ?<span class=\"ez-toc-section-end\"><\/span><\/h2>\n<p>Selon l\u2019<a href=\"https:\/\/www.ncbi.nlm.nih.gov\/books\/NBK564338\" target=\"_blank\" rel=\"noopener\">American Society of Plastic Surgeons<\/a>, la rhytidectomie, plus connue sous le nom de lifting du visage, fait partie des cinq interventions esth\u00e9tiques les plus pratiqu\u00e9es. Rien qu\u2019en 2019, plus de 120 000 rhytidectomies ont \u00e9t\u00e9 r\u00e9alis\u00e9es. Cette forte pr\u00e9valence souligne l\u2019importance, pour les chirurgiens esth\u00e9tiques, de bien ma\u00eetriser l\u2019histoire, l\u2019anatomie pertinente et les aspects techniques de cette intervention. Cependant, les statistiques sp\u00e9cifiques concernant la chirurgie de lifting du tiers moyen du visage, un sous-type de rhytidectomie se concentrant sur la r\u00e9gion m\u00e9diane du visage, ne sont pas d\u00e9taill\u00e9es dans ce contexte. Ainsi, le nombre exact de liftings du tiers moyen du visage r\u00e9alis\u00e9s n\u2019est pas fourni dans les informations disponibles.<\/p>\n<h2><span class=\"ez-toc-section\" id=\"Pourquoi_le_lifting_du_tiers_moyen_du_visage_est-il_peu_couteux_en_Turquie\"><\/span>Pourquoi le lifting du tiers moyen du visage est-il peu co\u00fbteux en Turquie ?<span class=\"ez-toc-section-end\"><\/span><\/h2>\n<h3><span class=\"ez-toc-section\" id=\"Pourquoi_la_chirurgie_de_lifting_du_tiers_moyen_du_visage_est-elle_si_peu_couteuse_en_Turquie\"><\/span>Pourquoi la chirurgie de lifting du tiers moyen du visage est-elle si peu co\u00fbteuse en Turquie ?<span class=\"ez-toc-section-end\"><\/span><\/h3>\n<p>Les raisons sont nombreuses. Les prix correspondent souvent au tiers de ceux pratiqu\u00e9s en Europe ou aux \u00c9tats-Unis, les infrastructures m\u00e9dicales sont fr\u00e9quemment de tr\u00e8s haute qualit\u00e9 et les m\u00e9decins ont d\u00e9velopp\u00e9 une expertise sp\u00e9cialis\u00e9e dans certains types de traitements esth\u00e9tiques.<\/p>\n<p>La Turquie est \u00e0 la fois le meilleur et le moins cher pays au monde pour le lifting du tiers moyen du visage. Comme on peut s\u2019en douter, la raison principale est \u00e9conomique. Le fait que les monnaies soient converties entre elles \u00e0 un certain taux explique en grande partie ces co\u00fbts r\u00e9duits.<\/p>\n<h2><span class=\"ez-toc-section\" id=\"Combien_coute_un_lifting_du_tiers_moyen_du_visage_a_Izmir_en_Turquie\"><\/span>Combien co\u00fbte un lifting du tiers moyen du visage \u00e0 Izmir, en Turquie ?<span class=\"ez-toc-section-end\"><\/span><\/h2>\n<div>\n<dl id=\"\">\n<dt><img decoding=\"async\" src=\"https:\/\/candanmezili.com\/wp-content\/uploads\/2023\/02\/candan-menzili-operation-packages.jpg\" alt=\"Forfait tout compris pour chirurgie esth\u00e9tique en Turquie\" width=\"1080\" height=\"608\" title=\"\"><\/dt>\n<dd>Forfait tout compris pour chirurgie esth\u00e9tique en Turquie<\/dd>\n<\/dl>\n<\/div>\n<p>Les prix des liftings du tiers moyen du visage \u00e0 Izmir sont plus bas que dans de nombreux autres endroits. La zone du visage visible lorsque l\u2019on trace le sillon sur les c\u00f4t\u00e9s du nez, la ligne horizontale passant par les commissures des l\u00e8vres et le bord externe des yeux est appel\u00e9e le tiers moyen du visage.<\/p>\n<p>Ce tiers moyen n\u2019est pas toujours associ\u00e9 au vieillissement ; dans certains cas, il peut s\u2019affaisser pour des raisons anatomiques. Un lifting du tiers moyen du visage peut \u00eatre r\u00e9alis\u00e9 selon diff\u00e9rentes techniques.<\/p>\n<p>Les pr\u00e9f\u00e9rences de la personne et son \u00e9tat de sant\u00e9 sont pris en compte lors du choix de la m\u00e9thode. Izmir, comme de nombreuses grandes villes, est un centre important pour le secteur m\u00e9dical.<\/p>\n<p>Nos m\u00e9decins, qui font autorit\u00e9 dans leur domaine, peuvent vous aider si vous avez besoin d\u2019informations sur les co\u00fbts du lifting du tiers moyen du visage \u00e0 Izmir, en Turquie.<br \/>\n<h3 class=\"accordion_title\"><span class=\"ez-toc-section\" id=\"Questions_Frequemment_Posees\"><\/span>Questions Fr\u00e9quemment Pos\u00e9es<span class=\"ez-toc-section-end\"><\/span><\/h3><div class=\"accordion\">\n\t<div id=\"accordion-1278795556\" class=\"accordion-item\">\n\t\t<a id=\"accordion-1278795556-label\" class=\"accordion-title plain\" href=\"#accordion-item-qu\u2019est-ce-qu\u2019un-midface-lift-et-quelles-zones-traite-t-il-?\" aria-expanded=\"false\" aria-controls=\"accordion-1278795556-content\">\n\t\t\t<button class=\"toggle\" aria-label=\"Basculer\"><i class=\"icon-angle-down\" aria-hidden=\"true\"><\/i><\/button>\n\t\t\t<h3 class=\"accordion-heading\" role=\"heading\" aria-level=\"3\"><span class=\"ez-toc-section\" id=\"Quest-ce_quun_midface_lift_et_quelles_zones_traite-t-il\"><\/span>Qu\u2019est-ce qu\u2019un midface lift et quelles zones traite-t-il ?<span class=\"ez-toc-section-end\"><\/span><\/h3>\n\t\t<\/a>\n\t\t<div id=\"accordion-1278795556-content\" class=\"accordion-inner\" aria-labelledby=\"accordion-1278795556-label\">\n\t\t\t\n<p>Le midface lift, \u00e9galement appel\u00e9 lifting des joues, est une intervention chirurgicale esth\u00e9tique r\u00e9alis\u00e9e pour rajeunir la partie m\u00e9diane du visage et cible sp\u00e9cifiquement la zone situ\u00e9e entre la l\u00e8vre sup\u00e9rieure et les paupi\u00e8res inf\u00e9rieures. Cette proc\u00e9dure englobe les joues, les zones sous les yeux et les sillons nasog\u00e9niens qui s\u2019\u00e9tendent des c\u00f4t\u00e9s du nez jusqu\u2019aux commissures des l\u00e8vres. Elle permet de remonter les joues affaiss\u00e9es, de restaurer le volume, d\u2019adoucir les lignes du sourire et de r\u00e9duire l\u2019aspect creux sous les yeux, afin d\u2019offrir un visage plus jeune et plus repos\u00e9.<\/p>\n\t\t<\/div>\n\t<\/div>\n\t\n\t<div id=\"accordion-2391234344\" class=\"accordion-item\">\n\t\t<a id=\"accordion-2391234344-label\" class=\"accordion-title plain\" href=\"#accordion-item-pour-qui-la-chirurgie-de-midface-lift-est-elle-recommand\u00e9e-?\" aria-expanded=\"false\" aria-controls=\"accordion-2391234344-content\">\n\t\t\t<button class=\"toggle\" aria-label=\"Basculer\"><i class=\"icon-angle-down\" aria-hidden=\"true\"><\/i><\/button>\n\t\t\t<h3 class=\"accordion-heading\" role=\"heading\" aria-level=\"3\"><span class=\"ez-toc-section\" id=\"Pour_qui_la_chirurgie_de_midface_lift_est-elle_recommandee\"><\/span>Pour qui la chirurgie de midface lift est-elle recommand\u00e9e ?<span class=\"ez-toc-section-end\"><\/span><\/h3>\n\t\t<\/a>\n\t\t<div id=\"accordion-2391234344-content\" class=\"accordion-inner\" aria-labelledby=\"accordion-2391234344-label\">\n\t\t\t\n<p>Un bon candidat pour un midface lift est g\u00e9n\u00e9ralement une personne dans la quarantaine ou la cinquantaine pr\u00e9sentant des signes de vieillissement tels que des joues affaiss\u00e9es, un aspect creux sous les yeux et des sillons nasog\u00e9niens marqu\u00e9s. Les candidats id\u00e9aux sont ceux qui sont en bonne sant\u00e9 g\u00e9n\u00e9rale, ont des attentes r\u00e9alistes et poss\u00e8dent une \u00e9lasticit\u00e9 cutan\u00e9e suffisante pour favoriser une bonne cicatrisation et des r\u00e9sultats optimaux. Des \u00e9tudes montrent que le taux de satisfaction apr\u00e8s les proc\u00e9dures de lifting est sup\u00e9rieur \u00e0 75 %. De plus, les personnes ayant une structure osseuse bien d\u00e9finie et un volume facial mod\u00e9r\u00e9 sont consid\u00e9r\u00e9es comme de bons candidats pour cette intervention. Bien que l\u2019\u00e2ge soit un facteur, la d\u00e9cision de r\u00e9aliser un midface lift doit \u00eatre bas\u00e9e sur les caract\u00e9ristiques de vieillissement propres \u00e0 chaque individu et sur ses objectifs personnels.<\/p>\n\t\t<\/div>\n\t<\/div>\n\t\n\t<div id=\"accordion-1909367977\" class=\"accordion-item\">\n\t\t<a id=\"accordion-1909367977-label\" class=\"accordion-title plain\" href=\"#accordion-item-combien-de-temps-faut-il-pour-que-les-r\u00e9sultats-de-la-chirurgie-deviennent-visibles-?\" aria-expanded=\"false\" aria-controls=\"accordion-1909367977-content\">\n\t\t\t<button class=\"toggle\" aria-label=\"Basculer\"><i class=\"icon-angle-down\" aria-hidden=\"true\"><\/i><\/button>\n\t\t\t<h3 class=\"accordion-heading\" role=\"heading\" aria-level=\"3\"><span class=\"ez-toc-section\" id=\"Combien_de_temps_faut-il_pour_que_les_resultats_de_la_chirurgie_deviennent_visibles\"><\/span>Combien de temps faut-il pour que les r\u00e9sultats de la chirurgie deviennent visibles ?<span class=\"ez-toc-section-end\"><\/span><\/h3>\n\t\t<\/a>\n\t\t<div id=\"accordion-1909367977-content\" class=\"accordion-inner\" aria-labelledby=\"accordion-1909367977-label\">\n\t\t\t\n<p>Apr\u00e8s une chirurgie de midface lift, les premi\u00e8res am\u00e9liorations sont visibles imm\u00e9diatement ; toutefois, en raison du gonflement et des ecchymoses, les r\u00e9sultats d\u00e9finitifs apparaissent g\u00e9n\u00e9ralement entre 2 et 4 mois. La phase initiale de r\u00e9cup\u00e9ration dure environ deux semaines et la plupart des patients peuvent reprendre le travail \u00e0 la fin de cette p\u00e9riode. Pour permettre une cicatrisation optimale, il est recommand\u00e9 d\u2019\u00e9viter les activit\u00e9s physiques intenses pendant six semaines. Il est important de suivre les instructions post-op\u00e9ratoires de votre chirurgien pour obtenir les meilleurs r\u00e9sultats.<\/p>\n\t\t<\/div>\n\t<\/div>\n\t\n\t<div id=\"accordion-1818638444\" class=\"accordion-item\">\n\t\t<a id=\"accordion-1818638444-label\" class=\"accordion-title plain\" href=\"#accordion-item-quel-type-d\u2019anesth\u00e9sie-est-privil\u00e9gi\u00e9-pendant-l\u2019intervention-?\" aria-expanded=\"false\" aria-controls=\"accordion-1818638444-content\">\n\t\t\t<button class=\"toggle\" aria-label=\"Basculer\"><i class=\"icon-angle-down\" aria-hidden=\"true\"><\/i><\/button>\n\t\t\t<h3 class=\"accordion-heading\" role=\"heading\" aria-level=\"3\"><span class=\"ez-toc-section\" id=\"Quel_type_danesthesie_est_privilegie_pendant_lintervention\"><\/span>Quel type d\u2019anesth\u00e9sie est privil\u00e9gi\u00e9 pendant l\u2019intervention ?<span class=\"ez-toc-section-end\"><\/span><\/h3>\n\t\t<\/a>\n\t\t<div id=\"accordion-1818638444-content\" class=\"accordion-inner\" aria-labelledby=\"accordion-1818638444-label\">\n\t\t\t\n<p>Lors d\u2019un midface lift, on peut utiliser une anesth\u00e9sie locale avec s\u00e9dation, une s\u00e9dation dite \u00ab cr\u00e9pusculaire \u00bb (s\u00e9dation intraveineuse) ou une anesth\u00e9sie g\u00e9n\u00e9rale. Le choix d\u00e9pend de la complexit\u00e9 de l\u2019intervention et des pr\u00e9f\u00e9rences du patient. L\u2019anesth\u00e9sie locale avec s\u00e9dation engourdit la zone et d\u00e9tend le patient, qui reste \u00e9veill\u00e9 sans ressentir de douleur. La s\u00e9dation cr\u00e9pusculaire procure une s\u00e9dation plus profonde, rendant le patient somnolent et moins susceptible de se souvenir de la proc\u00e9dure. L\u2019anesth\u00e9sie g\u00e9n\u00e9rale plonge le patient dans un sommeil complet. Chaque m\u00e9thode pr\u00e9sente des avantages et des risques, et doit \u00eatre soigneusement discut\u00e9e avec votre chirurgien.<\/p>\n\t\t<\/div>\n\t<\/div>\n\t\n\t<div id=\"accordion-4237320797\" class=\"accordion-item\">\n\t\t<a id=\"accordion-4237320797-label\" class=\"accordion-title plain\" href=\"#accordion-item-combien-de-temps-durent-les-effets-d\u2019un-midface-lift-?\" aria-expanded=\"false\" aria-controls=\"accordion-4237320797-content\">\n\t\t\t<button class=\"toggle\" aria-label=\"Basculer\"><i class=\"icon-angle-down\" aria-hidden=\"true\"><\/i><\/button>\n\t\t\t<h3 class=\"accordion-heading\" role=\"heading\" aria-level=\"3\"><span class=\"ez-toc-section\" id=\"Combien_de_temps_durent_les_effets_dun_midface_lift\"><\/span>Combien de temps durent les effets d\u2019un midface lift ?<span class=\"ez-toc-section-end\"><\/span><\/h3>\n\t\t<\/a>\n\t\t<div id=\"accordion-4237320797-content\" class=\"accordion-inner\" aria-labelledby=\"accordion-4237320797-label\">\n\t\t\t\n<p>Les effets d\u2019un midface lift durent g\u00e9n\u00e9ralement entre 5 et 10 ans, bien que certaines sources indiquent que cette dur\u00e9e peut atteindre 15 ans. La long\u00e9vit\u00e9 des r\u00e9sultats d\u00e9pend de facteurs tels que le type de peau, le mode de vie, l\u2019exposition au soleil et la g\u00e9n\u00e9tique. Bien que l\u2019intervention rajeunisse visiblement le visage, le processus naturel de vieillissement se poursuit et une l\u00e9g\u00e8re nouvelle laxit\u00e9 peut appara\u00eetre avec le temps.<\/p>\n\t\t<\/div>\n\t<\/div>\n\t\n<\/div>\n<div><h2><span class=\"ez-toc-section\" id=\"Avis_de\"><\/span>Avis de <span class=\"ez-toc-section-end\"><\/span><\/h2>\r\n<script defer async src='https:\/\/cdn.trustindex.io\/loader.js?a9e218c436f3563bae66a627d77'><\/script>\r\n<\/div>\n<p>&nbsp;<\/p>\n<h2><span class=\"ez-toc-section\" id=\"Nos_certificats\"><\/span>Nos certificats<span class=\"ez-toc-section-end\"><\/span><\/h2>\n\t\t<\/div>\n\t\t\t\t\t<\/div>\n\n\t\n\n\t<div id=\"col-30578936\" class=\"col medium-3 small-6 large-3\"  >\n\t\t\t\t<div class=\"col-inner\"  >\n\t\t\t\n\t\t\t\n\t<div class=\"img has-hover x md-x lg-x y md-y lg-y\" id=\"image_437491761\">\n\t\t\t\t\t\t\t\t<div class=\"img-inner dark\" >\n\t\t\t<img decoding=\"async\" width=\"500\" height=\"200\" src=\"https:\/\/candanmezili.com\/wp-content\/uploads\/2022\/08\/bakanlik-1.png\" class=\"attachment-large size-large\" alt=\"\" srcset=\"https:\/\/candanmezili.com\/wp-content\/uploads\/2022\/08\/bakanlik-1.png 500w, https:\/\/candanmezili.com\/wp-content\/uploads\/2022\/08\/bakanlik-1-300x120.png 300w\" sizes=\"(max-width: 500px) 100vw, 500px\" title=\"\">\t\t\t\t\t\t\n\t\t\t\t\t<\/div>\n\t\t\t\t\t\t\t\t\n<style>\n#image_437491761 {\n  width: 100%;\n}\n<\/style>\n\t<\/div>\n\t\n\t\t<\/div>\n\t\t\t\t\t<\/div>\n\n\t\n\n\t<div id=\"col-1707946940\" class=\"col medium-3 small-6 large-3\"  >\n\t\t\t\t<div class=\"col-inner\"  >\n\t\t\t\n\t\t\t\n\t<div class=\"img has-hover x md-x lg-x y md-y lg-y\" id=\"image_2094312583\">\n\t\t\t\t\t\t\t\t<div class=\"img-inner dark\" >\n\t\t\t<img decoding=\"async\" width=\"500\" height=\"200\" src=\"https:\/\/candanmezili.com\/wp-content\/uploads\/2022\/08\/isaps-1.png\" class=\"attachment-large size-large\" alt=\"\" srcset=\"https:\/\/candanmezili.com\/wp-content\/uploads\/2022\/08\/isaps-1.png 500w, https:\/\/candanmezili.com\/wp-content\/uploads\/2022\/08\/isaps-1-300x120.png 300w\" sizes=\"(max-width: 500px) 100vw, 500px\" title=\"\">\t\t\t\t\t\t\n\t\t\t\t\t<\/div>\n\t\t\t\t\t\t\t\t\n<style>\n#image_2094312583 {\n  width: 100%;\n}\n<\/style>\n\t<\/div>\n\t\n\t\t<\/div>\n\t\t\t\t\t<\/div>\n\n\t\n\n\t<div id=\"col-1972491942\" class=\"col medium-3 small-6 large-3\"  >\n\t\t\t\t<div class=\"col-inner\"  >\n\t\t\t\n\t\t\t\n\t<div class=\"img has-hover x md-x lg-x y md-y lg-y\" id=\"image_527584339\">\n\t\t\t\t\t\t\t\t<div class=\"img-inner dark\" >\n\t\t\t<img decoding=\"async\" width=\"500\" height=\"200\" src=\"https:\/\/candanmezili.com\/wp-content\/uploads\/2022\/08\/jci-1.png\" class=\"attachment-large size-large\" alt=\"\" srcset=\"https:\/\/candanmezili.com\/wp-content\/uploads\/2022\/08\/jci-1.png 500w, https:\/\/candanmezili.com\/wp-content\/uploads\/2022\/08\/jci-1-300x120.png 300w\" sizes=\"(max-width: 500px) 100vw, 500px\" title=\"\">\t\t\t\t\t\t\n\t\t\t\t\t<\/div>\n\t\t\t\t\t\t\t\t\n<style>\n#image_527584339 {\n  width: 100%;\n}\n<\/style>\n\t<\/div>\n\t\n\t\t<\/div>\n\t\t\t\t\t<\/div>\n\n\t\n\n\t<div id=\"col-136263744\" class=\"col medium-3 small-6 large-3\"  >\n\t\t\t\t<div class=\"col-inner\"  >\n\t\t\t\n\t\t\t\n\t<div class=\"img has-hover x md-x lg-x y md-y lg-y\" id=\"image_458256627\">\n\t\t\t\t\t\t\t\t<div class=\"img-inner dark\" >\n\t\t\t<img decoding=\"async\" width=\"500\" height=\"200\" src=\"https:\/\/candanmezili.com\/wp-content\/uploads\/2022\/08\/dernek-1.png\" class=\"attachment-large size-large\" alt=\"\" srcset=\"https:\/\/candanmezili.com\/wp-content\/uploads\/2022\/08\/dernek-1.png 500w, https:\/\/candanmezili.com\/wp-content\/uploads\/2022\/08\/dernek-1-300x120.png 300w\" sizes=\"(max-width: 500px) 100vw, 500px\" title=\"\">\t\t\t\t\t\t\n\t\t\t\t\t<\/div>\n\t\t\t\t\t\t\t\t\n<style>\n#image_458256627 {\n  width: 100%;\n}\n<\/style>\n\t<\/div>\n\t\n\t\t<\/div>\n\t\t\t\t\t<\/div>\n\n\t\n<\/div>\n","protected":false},"excerpt":{"rendered":"","protected":false},"author":2,"featured_media":42316,"parent":42215,"menu_order":0,"comment_status":"open","ping_status":"closed","template":"","meta":{"inline_featured_image":false,"footnotes":""},"class_list":["post-42349","page","type-page","status-publish","has-post-thumbnail","hentry"],"_links":{"self":[{"href":"https:\/\/candanmezili.com\/fr\/wp-json\/wp\/v2\/pages\/42349","targetHints":{"allow":["GET"]}}],"collection":[{"href":"https:\/\/candanmezili.com\/fr\/wp-json\/wp\/v2\/pages"}],"about":[{"href":"https:\/\/candanmezili.com\/fr\/wp-json\/wp\/v2\/types\/page"}],"author":[{"embeddable":true,"href":"https:\/\/candanmezili.com\/fr\/wp-json\/wp\/v2\/users\/2"}],"replies":[{"embeddable":true,"href":"https:\/\/candanmezili.com\/fr\/wp-json\/wp\/v2\/comments?post=42349"}],"version-history":[{"count":3,"href":"https:\/\/candanmezili.com\/fr\/wp-json\/wp\/v2\/pages\/42349\/revisions"}],"predecessor-version":[{"id":42352,"href":"https:\/\/candanmezili.com\/fr\/wp-json\/wp\/v2\/pages\/42349\/revisions\/42352"}],"up":[{"embeddable":true,"href":"https:\/\/candanmezili.com\/fr\/wp-json\/wp\/v2\/pages\/42215"}],"wp:featuredmedia":[{"embeddable":true,"href":"https:\/\/candanmezili.com\/fr\/wp-json\/wp\/v2\/media\/42316"}],"wp:attachment":[{"href":"https:\/\/candanmezili.com\/fr\/wp-json\/wp\/v2\/media?parent=42349"}],"curies":[{"name":"wp","href":"https:\/\/api.w.org\/{rel}","templated":true}]}}