{"id":42429,"date":"2023-04-03T10:21:06","date_gmt":"2023-04-03T07:21:06","guid":{"rendered":"https:\/\/candanmezili.com\/?page_id=42429"},"modified":"2025-12-12T16:04:21","modified_gmt":"2025-12-12T13:04:21","slug":"chirurgie-de-reduction-du-front","status":"publish","type":"page","link":"https:\/\/candanmezili.com\/fr\/visage\/chirurgie-de-reduction-du-front\/","title":{"rendered":"Chirurgie de r\u00e9duction du front"},"content":{"rendered":"<div class=\"row\"  id=\"row-1540042914\">\n\t<div id=\"col-1294598427\" class=\"col medium-12 small-12 large-12\"  >\n\t\t\t\t<div class=\"col-inner\"  >\n\t\t\t\n\t\t\t\t<div class=\"img has-hover x md-x lg-x y md-y lg-y\" id=\"image_1496872820\">\n\t\t\t\t\t\t\t\t<div class=\"img-inner dark\" >\n\t\t\t<img decoding=\"async\" width=\"1140\" height=\"500\" src=\"https:\/\/candanmezili.com\/wp-content\/uploads\/2023\/04\/Forehead-Reduction-Surgery-in-Izmir-Turkey.jpg\" class=\"attachment-full size-full\" alt=\"Forehead Reduction Surgery in Izmir, Turkey\" srcset=\"https:\/\/candanmezili.com\/wp-content\/uploads\/2023\/04\/Forehead-Reduction-Surgery-in-Izmir-Turkey.jpg 1140w, https:\/\/candanmezili.com\/wp-content\/uploads\/2023\/04\/Forehead-Reduction-Surgery-in-Izmir-Turkey-300x132.jpg 300w, https:\/\/candanmezili.com\/wp-content\/uploads\/2023\/04\/Forehead-Reduction-Surgery-in-Izmir-Turkey-1024x449.jpg 1024w, https:\/\/candanmezili.com\/wp-content\/uploads\/2023\/04\/Forehead-Reduction-Surgery-in-Izmir-Turkey-768x337.jpg 768w, https:\/\/candanmezili.com\/wp-content\/uploads\/2023\/04\/Forehead-Reduction-Surgery-in-Izmir-Turkey-640x281.jpg 640w, https:\/\/candanmezili.com\/wp-content\/uploads\/2023\/04\/Forehead-Reduction-Surgery-in-Izmir-Turkey-400x175.jpg 400w\" sizes=\"(max-width: 1140px) 100vw, 1140px\" title=\"\">\t\t\t\t\t\t\n\t\t\t\t\t<\/div>\n\t\t\t\t\t\t\t\t\n<style>\n#image_1496872820 {\n  width: 100%;\n}\n<\/style>\n\t<\/div>\n\t\t\t<\/div>\n\t\t\t\t\t<\/div>\n\n\t\n\t<div id=\"col-759738121\" class=\"col medium-12 small-12 large-12\"  >\n\t\t\t\t<div class=\"col-inner\"  >\n\t\t\t\n\t\t\t\n<p>La chirurgie de r\u00e9duction du front en Turquie est une intervention sp\u00e9cialis\u00e9e qui consiste \u00e0 raccourcir la hauteur du front en avan\u00e7ant la ligne frontale des cheveux. Cette technique permet d\u2019am\u00e9liorer l\u2019\u00e9quilibre du visage, de r\u00e9duire un front disproportionnellement haut et d\u2019optimiser l\u2019harmonie globale entre la ligne des cheveux, les sourcils et les traits du visage.<\/p>\n<p>Le co\u00fbt de la chirurgie de r\u00e9duction du front en Turquie est plus abordable que dans de nombreux pays occidentaux, tout en maintenant des normes chirurgicales \u00e9lev\u00e9es et des infrastructures m\u00e9dicales modernes. Le prix peut varier en fonction de la complexit\u00e9 de l\u2019intervention, des caract\u00e9ristiques de la ligne capillaire du patient et des traitements suppl\u00e9mentaires r\u00e9alis\u00e9s simultan\u00e9ment.<\/p>\n<p>Les r\u00e9sultats de la chirurgie de r\u00e9duction du front en Turquie sont durables, avec des am\u00e9liorations imm\u00e9diates des proportions et de l\u2019apparence du visage. Les cicatrices sont g\u00e9n\u00e9ralement bien dissimul\u00e9es le long de la ligne des cheveux, et les patients peuvent s\u2019attendre \u00e0 un aspect naturel qui s\u2019int\u00e8gre harmonieusement \u00e0 leurs traits existants.<\/p>\n<p>Les avis sur la chirurgie de r\u00e9duction du front en Turquie soulignent la satisfaction des patients quant \u00e0 l\u2019am\u00e9lioration de l\u2019\u00e9quilibre facial et au gain de confiance en soi apr\u00e8s l\u2019intervention. Candan Mezili est l\u2019un des meilleurs chirurgiens pour la chirurgie de r\u00e9duction du front en Turquie, offrant des plans chirurgicaux personnalis\u00e9s et une ex\u00e9cution minutieuse pour des r\u00e9sultats optimaux.<\/p>\n\t\t<\/div>\n\t\t\t\t\t<\/div>\n\n\t<\/div><div class=\"row\"  id=\"row-699863253\">\n\t<div id=\"col-1138616012\" class=\"col medium-12 small-12 large-12\"  >\n\t\t\t\t<div class=\"col-inner\"  >\n\t\t\t\n\t\t\t\n\n\t<section class=\"section\" id=\"section_1619716901\">\n\t\t<div class=\"section-bg fill\" >\n\t\t\t\t\t\t\t\t\t\n\t\t\t\n\n\t\t<\/div>\n\n\t\t\n\n\t\t<div class=\"section-content relative\">\n\t\t\t\r\n\r\n<div class=\"row\"  id=\"row-1478827338\">\r\n\r\n\n\t<div id=\"col-521918668\" class=\"col small-12 large-12\"  >\n\t\t\t\t<div class=\"col-inner dark\" style=\"background-color:#004e7b;\" >\n\t\t\t\n\t\t\t\r\n\r\n<div class=\"row\"  id=\"row-941117847\">\r\n\r\n\n\t<div id=\"col-421070015\" class=\"col medium-5 small-12 large-5\"  >\n\t\t\t\t<div class=\"col-inner\"  >\n\t\t\t\n\t\t\t\r\n\r\n\t<div class=\"img has-hover border-gorsel x md-x lg-x y md-y lg-y\" id=\"image_1182405952\">\n\t\t\t\t\t\t\t\t<div class=\"img-inner dark\" >\n\t\t\t<img decoding=\"async\" width=\"1500\" height=\"1531\" src=\"https:\/\/candanmezili.com\/wp-content\/uploads\/2022\/07\/candanweb.jpg\" class=\"attachment-2048x2048 size-2048x2048\" alt=\"\" srcset=\"https:\/\/candanmezili.com\/wp-content\/uploads\/2022\/07\/candanweb.jpg 1500w, https:\/\/candanmezili.com\/wp-content\/uploads\/2022\/07\/candanweb-294x300.jpg 294w, https:\/\/candanmezili.com\/wp-content\/uploads\/2022\/07\/candanweb-1003x1024.jpg 1003w, https:\/\/candanmezili.com\/wp-content\/uploads\/2022\/07\/candanweb-768x784.jpg 768w\" sizes=\"(max-width: 1500px) 100vw, 1500px\" title=\"\">\t\t\t\t\t\t\n\t\t\t\t\t<\/div>\n\t\t\t\t\t\t\t\t\n<style>\n#image_1182405952 {\n  width: 100%;\n}\n<\/style>\n\t<\/div>\n\t\r\n\r\n\r\n\t\t<\/div>\n\t\t\t\t\t<\/div>\n\n\t\r\n\n\t<div id=\"col-330275472\" class=\"col medium-7 small-12 large-7\"  >\n\t\t\t\t<div class=\"col-inner\"  >\n\t\t\t\n\t\t\t\r\n\r\n\t<div id=\"text-3776136862\" class=\"text\">\n\t\t\r\n\r\n<p><span style=\"font-size: 75%;\">Chirurgie Plastique et Esth\u00e9tique \u00e0 Izmir<\/span><br \/><span style=\"font-size: 150%;\"><strong>Op. Dr. Candan Mezili<\/strong><\/span><\/p>\r\n\t\t\n<style>\n#text-3776136862 {\n  font-size: 1rem;\n}\n@media (min-width:550px) {\n  #text-3776136862 {\n    font-size: 1.5rem;\n  }\n}\n<\/style>\n\t<\/div>\n\t\r\n\t<div id=\"text-3271922306\" class=\"text\">\n\t\t\r\n\r\n<p>J'ai \u00e9t\u00e9 dipl\u00f4m\u00e9 de la Facult\u00e9 de M\u00e9decine de l'Universit\u00e9 d'Ankara en 2005 et la m\u00eame ann\u00e9e, j'ai commenc\u00e9 ma formation de sp\u00e9cialisation en Chirurgie Plastique, Esth\u00e9tique et Reconstructrice \u00e0 la Facult\u00e9 de M\u00e9decine de l'Universit\u00e9 d'Ege. La capacit\u00e9 de remodeler et d\u2019utiliser la cr\u00e9ativit\u00e9 en chirurgie plastique a \u00e9t\u00e9 l\u2019un des principaux facteurs qui m\u2019ont conduit vers ce domaine. Au cours de ma sp\u00e9cialisation, j\u2019ai eu l\u2019opportunit\u00e9 de r\u00e9aliser d\u2019innombrables interventions aux c\u00f4t\u00e9s de nombreux professeurs renomm\u00e9s. J\u2019exerce actuellement dans ma propre clinique \u00e0 Izmir.<\/p>\r\n\t\t\n<style>\n#text-3271922306 {\n  text-align: left;\n}\n<\/style>\n\t<\/div>\n\t\r\n<a href=\"https:\/\/candanmezili.com\/fr\/sur-moi\/\" class=\"button white is-small lowercase\" style=\"border-radius:10px;\">\n\t\t<span>About Me<\/span>\n\t<i class=\"icon-angle-right\" aria-hidden=\"true\"><\/i><\/a>\n\r\n\r\n<a href=\"https:\/\/api.whatsapp.com\/send\/?phone=905334008240\" class=\"button white is-small lowercase\" style=\"border-radius:10px;\" target=\"_blank\" rel=\"noopener\">\n\t\t<span>WhatsApp<\/span>\n\t<i class=\"icon-whatsapp\" aria-hidden=\"true\"><\/i><\/a>\n\r\n\r\n<div class=\"social-icons follow-icons homepage-icon\" ><a href=\"https:\/\/www.facebook.com\/opdrcandanmezili\/\" target=\"_blank\" data-label=\"Facebook\" class=\"icon button circle is-outline tooltip facebook\" title=\"Nous suivre sur Facebook\" aria-label=\"Nous suivre sur Facebook\" rel=\"noopener nofollow\"><i class=\"icon-facebook\" aria-hidden=\"true\"><\/i><\/a><a href=\"https:\/\/www.instagram.com\/drcandanmezili\/\" target=\"_blank\" data-label=\"Instagram\" class=\"icon button circle is-outline tooltip instagram\" title=\"Nous suivre sur Instagram\" aria-label=\"Nous suivre sur Instagram\" rel=\"noopener nofollow\"><i class=\"icon-instagram\" aria-hidden=\"true\"><\/i><\/a><a href=\"mailto:info@candanmezili.com\" data-label=\"E-mail\" target=\"_blank\" class=\"icon button circle is-outline tooltip email\" title=\"Nous envoyer un email\" aria-label=\"Nous envoyer un email\" rel=\"nofollow noopener\"><i class=\"icon-envelop\" aria-hidden=\"true\"><\/i><\/a><a href=\"tel:+90 533 400 82 40\" data-label=\"Phone\" target=\"_blank\" class=\"icon button circle is-outline tooltip phone\" title=\"Appelez-nous\" aria-label=\"Appelez-nous\" rel=\"nofollow noopener\"><i class=\"icon-phone\" aria-hidden=\"true\"><\/i><\/a><a href=\"https:\/\/www.youtube.com\/@CandanMezili\/\" data-label=\"YouTube\" target=\"_blank\" class=\"icon button circle is-outline tooltip youtube\" title=\"Nous suivre sur Youtube\" aria-label=\"Nous suivre sur Youtube\" rel=\"noopener nofollow\"><i class=\"icon-youtube\" aria-hidden=\"true\"><\/i><\/a><\/div>\r\n\r\n\r\n\t\t<\/div>\n\t\t\t\t\t<\/div>\n\n\t\r\n\r\n<\/div>\r\n\r\n\t\t<\/div>\n\t\t\t\t\n<style>\n#col-521918668 > .col-inner {\n  padding: 30px 15px 1px 15px;\n  margin: 0px 0px -20px 0px;\n  border-radius: 20px;\n}\n@media (min-width:550px) {\n  #col-521918668 > .col-inner {\n    padding: 30px 30px 1px 30px;\n  }\n}\n<\/style>\n\t<\/div>\n\n\t\r\n\r\n<\/div>\r\n\r\n\t\t<\/div>\n\n\t\t\n<style>\n#section_1619716901 {\n  padding-top: 30px;\n  padding-bottom: 30px;\n}\n<\/style>\n\t<\/section>\n\t\r\n\n<div id=\"ez-toc-container\" class=\"ez-toc-v2_0_82_2 counter-hierarchy ez-toc-counter ez-toc-custom ez-toc-container-direction\">\n<div class=\"ez-toc-title-container\">\n<p class=\"ez-toc-title\" style=\"cursor:inherit\">Contenu de l\u2019article<\/p>\n<span class=\"ez-toc-title-toggle\"><a href=\"#\" class=\"ez-toc-pull-right ez-toc-btn ez-toc-btn-xs ez-toc-btn-default ez-toc-toggle\" aria-label=\"Toggle Table of Content\"><span class=\"ez-toc-js-icon-con\"><span class=\"\"><span class=\"eztoc-hide\" style=\"display:none;\">Toggle<\/span><span class=\"ez-toc-icon-toggle-span\"><svg style=\"fill: #ffffff;color:#ffffff\" xmlns=\"http:\/\/www.w3.org\/2000\/svg\" class=\"list-377408\" width=\"20px\" height=\"20px\" viewBox=\"0 0 24 24\" fill=\"none\"><path d=\"M6 6H4v2h2V6zm14 0H8v2h12V6zM4 11h2v2H4v-2zm16 0H8v2h12v-2zM4 16h2v2H4v-2zm16 0H8v2h12v-2z\" fill=\"currentColor\"><\/path><\/svg><svg style=\"fill: #ffffff;color:#ffffff\" class=\"arrow-unsorted-368013\" xmlns=\"http:\/\/www.w3.org\/2000\/svg\" width=\"10px\" height=\"10px\" viewBox=\"0 0 24 24\" version=\"1.2\" baseProfile=\"tiny\"><path d=\"M18.2 9.3l-6.2-6.3-6.2 6.3c-.2.2-.3.4-.3.7s.1.5.3.7c.2.2.4.3.7.3h11c.3 0 .5-.1.7-.3.2-.2.3-.5.3-.7s-.1-.5-.3-.7zM5.8 14.7l6.2 6.3 6.2-6.3c.2-.2.3-.5.3-.7s-.1-.5-.3-.7c-.2-.2-.4-.3-.7-.3h-11c-.3 0-.5.1-.7.3-.2.2-.3.5-.3.7s.1.5.3.7z\"\/><\/svg><\/span><\/span><\/span><\/a><\/span><\/div>\n<nav><ul class='ez-toc-list ez-toc-list-level-1 ' ><li class='ez-toc-page-1 ez-toc-heading-level-2'><a class=\"ez-toc-link ez-toc-heading-1\" href=\"https:\/\/candanmezili.com\/fr\/visage\/chirurgie-de-reduction-du-front\/#Comment_fonctionne_la_chirurgie_de_reduction_du_front\" >Comment fonctionne la chirurgie de r\u00e9duction du front ?<\/a><\/li><li class='ez-toc-page-1 ez-toc-heading-level-2'><a class=\"ez-toc-link ez-toc-heading-2\" href=\"https:\/\/candanmezili.com\/fr\/visage\/chirurgie-de-reduction-du-front\/#Combien_de_temps_faut-il_pour_se_retablir_apres_une_chirurgie_de_reduction_du_front\" >Combien de temps faut-il pour se r\u00e9tablir apr\u00e8s une chirurgie de r\u00e9duction du front ?<\/a><\/li><li class='ez-toc-page-1 ez-toc-heading-level-2'><a class=\"ez-toc-link ez-toc-heading-3\" href=\"https:\/\/candanmezili.com\/fr\/visage\/chirurgie-de-reduction-du-front\/#Les_avantages_et_les_inconvenients_de_la_chirurgie_dabaissement_de_la_ligne_capillaire\" >Les avantages et les inconv\u00e9nients de la chirurgie d\u2019abaissement de la ligne capillaire<\/a><\/li><li class='ez-toc-page-1 ez-toc-heading-level-2'><a class=\"ez-toc-link ez-toc-heading-4\" href=\"https:\/\/candanmezili.com\/fr\/visage\/chirurgie-de-reduction-du-front\/#Qui_est_un_bon_candidat_pour_la_reduction_du_front\" >Qui est un bon candidat pour la r\u00e9duction du front ?<\/a><\/li><li class='ez-toc-page-1 ez-toc-heading-level-2'><a class=\"ez-toc-link ez-toc-heading-5\" href=\"https:\/\/candanmezili.com\/fr\/visage\/chirurgie-de-reduction-du-front\/#Pourquoi_la_chirurgie_de_reduction_du_front_est-elle_peu_couteuse_en_Turquie\" >Pourquoi la chirurgie de r\u00e9duction du front est-elle peu co\u00fbteuse en Turquie ?<\/a><\/li><li class='ez-toc-page-1 ez-toc-heading-level-2'><a class=\"ez-toc-link ez-toc-heading-6\" href=\"https:\/\/candanmezili.com\/fr\/visage\/chirurgie-de-reduction-du-front\/#Combien_coute_une_chirurgie_de_reduction_du_front_a_Izmir_en_Turquie\" >Combien co\u00fbte une chirurgie de r\u00e9duction du front \u00e0 Izmir, en Turquie ?<\/a><\/li><li class='ez-toc-page-1 ez-toc-heading-level-2'><a class=\"ez-toc-link ez-toc-heading-7\" href=\"https:\/\/candanmezili.com\/fr\/visage\/chirurgie-de-reduction-du-front\/#Avis_de\" >Avis de<\/a><\/li><li class='ez-toc-page-1 ez-toc-heading-level-2'><a class=\"ez-toc-link ez-toc-heading-8\" href=\"https:\/\/candanmezili.com\/fr\/visage\/chirurgie-de-reduction-du-front\/#Nos_certificats\" >Nos certificats<\/a><\/li><\/ul><\/nav><\/div>\n<h2><span class=\"ez-toc-section\" id=\"Comment_fonctionne_la_chirurgie_de_reduction_du_front\"><\/span>Comment fonctionne la chirurgie de r\u00e9duction du front ?<span class=\"ez-toc-section-end\"><\/span><\/h2>\n<p>Pendant l\u2019intervention, le chirurgien pratique une incision le long de la ligne des cheveux, retire une partie du cuir chevelu et repositionne la ligne capillaire au niveau souhait\u00e9. Le chirurgien ferme ensuite l\u2019incision \u00e0 l\u2019aide de sutures et applique un bandage compressif afin de r\u00e9duire le gonflement.<\/p>\n<p>Dans certains cas, le chirurgien peut \u00e9galement utiliser des expanseurs tissulaires pour \u00e9tirer le cuir chevelu et cr\u00e9er davantage de peau afin de repositionner la ligne des cheveux. La dur\u00e9e de l\u2019intervention peut varier en fonction de l\u2019\u00e9tendue de la proc\u00e9dure, mais elle dure g\u00e9n\u00e9ralement entre 1 et 2 heures. L\u2019intervention est habituellement r\u00e9alis\u00e9e sous anesth\u00e9sie locale avec s\u00e9dation ou sous anesth\u00e9sie g\u00e9n\u00e9rale, selon la pr\u00e9f\u00e9rence du patient et la recommandation du chirurgien. Apr\u00e8s l\u2019op\u00e9ration, les patients peuvent ressentir un certain gonflement, des ecchymoses et un inconfort, qui peuvent \u00eatre pris en charge \u00e0 l\u2019aide de m\u00e9dicaments antalgiques et de compresses froides. Les points de suture sont g\u00e9n\u00e9ralement retir\u00e9s apr\u00e8s 7 \u00e0 10 jours, et les patients peuvent reprendre leurs activit\u00e9s quotidiennes apr\u00e8s 1 \u00e0 2 semaines.<\/p>\n<h2><span class=\"ez-toc-section\" id=\"Combien_de_temps_faut-il_pour_se_retablir_apres_une_chirurgie_de_reduction_du_front\"><\/span>Combien de temps faut-il pour se r\u00e9tablir apr\u00e8s une chirurgie de r\u00e9duction du front ?<span class=\"ez-toc-section-end\"><\/span><\/h2>\n<p>La p\u00e9riode de r\u00e9cup\u00e9ration apr\u00e8s une chirurgie de r\u00e9duction du front peut varier d\u2019un patient \u00e0 l\u2019autre. Toutefois, dans la plupart des cas, les patients peuvent reprendre le travail et leurs activit\u00e9s habituelles dans un d\u00e9lai d\u2019une \u00e0 deux semaines apr\u00e8s l\u2019intervention. Un r\u00e9tablissement complet peut prendre jusqu\u2019\u00e0 quatre semaines, p\u00e9riode durant laquelle le patient doit \u00e9viter toute activit\u00e9 intense et suivre les consignes de soins postop\u00e9ratoires fournies par le chirurgien.<\/p>\n<p><img decoding=\"async\" src=\"https:\/\/candanmezili.com\/wp-content\/uploads\/2023\/04\/Forehead-Reduction-Surgery.jpg\" alt=\"\" width=\"1140\" height=\"500\" title=\"\"><\/p>\n<h2><span class=\"ez-toc-section\" id=\"Les_avantages_et_les_inconvenients_de_la_chirurgie_dabaissement_de_la_ligne_capillaire\"><\/span>Les avantages et les inconv\u00e9nients de la chirurgie d\u2019abaissement de la ligne capillaire<span class=\"ez-toc-section-end\"><\/span><\/h2>\n<p>Le principal avantage de la chirurgie de r\u00e9duction du front est qu\u2019elle peut am\u00e9liorer de mani\u00e8re significative l\u2019apparence et la confiance en soi du patient. L\u2019intervention peut \u00e9galement corriger des probl\u00e8mes tels qu\u2019une ligne capillaire \u00e9lev\u00e9e ou un front large. Cependant, la chirurgie comporte \u00e9galement certains risques, tels que la formation de cicatrices, l\u2019infection et la perte de cheveux autour de la zone d\u2019incision.<\/p>\n<p>Il est important que les patients aient des attentes r\u00e9alistes et comprennent les risques potentiels avant de d\u00e9cider de subir l\u2019intervention. De plus, la proc\u00e9dure peut ne pas convenir aux personnes atteintes de certaines pathologies m\u00e9dicales ou ayant des ant\u00e9c\u00e9dents de cicatrices ch\u00e9lo\u00efdes. Les patients doivent discuter de leurs ant\u00e9c\u00e9dents m\u00e9dicaux et de toute pr\u00e9occupation avec leur chirurgien avant de prendre une d\u00e9cision. Dans l\u2019ensemble, bien qu\u2019il existe des avantages et des inconv\u00e9nients \u00e0 la chirurgie de r\u00e9duction du front, elle peut constituer une bonne option pour ceux qui souhaitent am\u00e9liorer leur apparence et se sentir plus confiants.<\/p>\n<h2><span class=\"ez-toc-section\" id=\"Qui_est_un_bon_candidat_pour_la_reduction_du_front\"><\/span>Qui est un bon candidat pour la r\u00e9duction du front ?<span class=\"ez-toc-section-end\"><\/span><\/h2>\n<p>Un bon candidat \u00e0 la chirurgie de r\u00e9duction du front est une personne pr\u00e9sentant une ligne capillaire haute ou un front large et souhaitant obtenir une apparence faciale plus \u00e9quilibr\u00e9e et proportionn\u00e9e. Le patient doit \u00eatre en bonne sant\u00e9 g\u00e9n\u00e9rale et avoir des attentes r\u00e9alistes quant au r\u00e9sultat de l\u2019intervention.<\/p>\n<p>En outre, un bon candidat \u00e0 cette chirurgie doit avoir une ligne capillaire stable et ne pas pr\u00e9senter de perte de cheveux significative, car la chirurgie d\u2019abaissement de la ligne capillaire implique le retrait d\u2019une bande de cuir chevelu. Les patients ayant des ant\u00e9c\u00e9dents de maladies auto-immunes ou de troubles de la coagulation peuvent ne pas \u00eatre de bons candidats pour cette intervention. Il est important que les patients discutent de leurs ant\u00e9c\u00e9dents m\u00e9dicaux et de leur \u00e9tat de sant\u00e9 actuel avec un chirurgien plasticien qualifi\u00e9 afin de d\u00e9terminer s\u2019ils sont de bons candidats \u00e0 la chirurgie de r\u00e9duction du front. Le chirurgien \u00e9valuera \u00e9galement l\u2019anatomie faciale du patient, la ligne capillaire et la qualit\u00e9 de la peau afin de d\u00e9terminer la technique et l\u2019approche les plus appropri\u00e9es pour l\u2019intervention.<\/p>\n\n\t<section class=\"section\" id=\"section_3830218\">\n\t\t<div class=\"section-bg fill\" >\n\t\t\t\t\t\t\t\t\t\n\t\t\t\n\n\t\t<\/div>\n\n\t\t\n\n\t\t<div class=\"section-content relative\">\n\t\t\t\r\n\r\n<div class=\"row\"  id=\"row-734828931\">\r\n\r\n\n\t<div id=\"col-947495477\" class=\"col small-12 large-12\"  >\n\t\t\t\t<div class=\"col-inner box-shadow-2\"  >\n\t\t\t\n\t\t\t\r\n\r\n<div class=\"row\"  id=\"row-1552582238\">\r\n\r\n\n\t<div id=\"col-974973411\" class=\"col whatsapp-alani hide-for-small medium-3 small-12 large-3\"  >\n\t\t\t\t<div class=\"col-inner box-shadow-2\" style=\"background-color:rgb(37, 211, 102);\" >\n\t\t\t\n\t\t\t\r\n\r\n\t<div id=\"text-857956210\" class=\"text\">\n\t\t\r\n\r\n<p><a href=\"https:\/\/api.whatsapp.com\/send\/?phone=905334008240&amp;text&amp;type=phone_number&amp;app_absent=0\" target=\"_blank\" rel=\"noopener\"><span style=\"color: #ffffff;\">Cliquez pour <br \/>WhatsApp 24\/7<\/span><\/a><\/p>\r\n\r\n\t\t\n<style>\n#text-857956210 {\n  font-size: 1.5rem;\n  text-align: center;\n  color: rgb(255,255,255);\n}\n#text-857956210 > * {\n  color: rgb(255,255,255);\n}\n<\/style>\n\t<\/div>\n\t\r\n\r\n\t\t<\/div>\n\t\t\t\t\n<style>\n#col-974973411 > .col-inner {\n  padding: 30px 0px 12px 0px;\n  margin: 0px 0px -31px 0px;\n}\n<\/style>\n\t<\/div>\n\n\t\r\n\n\t<div id=\"col-628241102\" class=\"col show-for-small medium-3 small-12 large-3\"  >\n\t\t\t\t<div class=\"col-inner box-shadow-2\" style=\"background-color:rgb(37, 211, 102);\" >\n\t\t\t\n\t\t\t\r\n\r\n\t<div id=\"text-3017361036\" class=\"text\">\n\t\t\r\n\r\n<p><a href=\"https:\/\/api.whatsapp.com\/send\/?phone=905334008240&amp;text&amp;type=phone_number&amp;app_absent=0\" target=\"_blank\" rel=\"noopener\"><span style=\"color: #ffffff;\">Cliquez pour WhatsApp 24\/7<\/span><\/a><\/p>\r\n\t\t\n<style>\n#text-3017361036 {\n  font-size: 1.25rem;\n  text-align: center;\n  color: rgb(255,255,255);\n}\n#text-3017361036 > * {\n  color: rgb(255,255,255);\n}\n@media (min-width:550px) {\n  #text-3017361036 {\n    font-size: 1.5rem;\n  }\n}\n<\/style>\n\t<\/div>\n\t\r\n\r\n\t\t<\/div>\n\t\t\t\t\n<style>\n#col-628241102 > .col-inner {\n  padding: 20px 0px 1px 0px;\n  margin: 0px 0px 0px 0px;\n  border-radius: 100px;\n}\n@media (min-width:550px) {\n  #col-628241102 > .col-inner {\n    margin: 0px 0px -40px 0px;\n  }\n}\n<\/style>\n\t<\/div>\n\n\t\r\n\n\t<div id=\"col-1437695153\" class=\"col medium-9 small-12 large-9\"  >\n\t\t\t\t<div class=\"col-inner text-left\"  >\n\t\t\t\n\t<div class=\"is-border\"\n\t\tstyle=\"border-width:0px 0px 0px 0px;margin:0px 0px 0px 0px;\">\n\t<\/div>\n\t\t\t\r\n\r\n<div class=\"row\"  id=\"row-1548049171\">\r\n\r\n\n\t<div id=\"col-23684797\" class=\"col small-12 large-12\"  >\n\t\t\t\t<div class=\"col-inner\"  >\n\t\t\t\n\t\t\t\r\n\r\n\n<div class=\"wpcf7 no-js\" id=\"wpcf7-f41852-o1\" lang=\"fr-FR\" dir=\"ltr\" data-wpcf7-id=\"41852\">\n<div class=\"screen-reader-response\"><p role=\"status\" aria-live=\"polite\" aria-atomic=\"true\"><\/p> <ul><\/ul><\/div>\n<form action=\"\/fr\/wp-json\/wp\/v2\/pages\/42429#wpcf7-f41852-o1\" method=\"post\" class=\"wpcf7-form init\" aria-label=\"Formulaire de contact\" novalidate=\"novalidate\" data-status=\"init\">\n<fieldset class=\"hidden-fields-container\"><input type=\"hidden\" name=\"_wpcf7\" value=\"41852\" \/><input type=\"hidden\" name=\"_wpcf7_version\" value=\"6.1.5\" \/><input type=\"hidden\" name=\"_wpcf7_locale\" value=\"fr_FR\" \/><input type=\"hidden\" name=\"_wpcf7_unit_tag\" value=\"wpcf7-f41852-o1\" \/><input type=\"hidden\" name=\"_wpcf7_container_post\" value=\"0\" \/><input type=\"hidden\" name=\"_wpcf7_posted_data_hash\" value=\"\" \/><input type=\"hidden\" name=\"_wpcf7_recaptcha_response\" value=\"\" \/>\n<\/fieldset>\n<div class=\"call-to-action\">\n\t<div class=\"col-row\">\n\t\t<div class=\"col-quarter\">\n\t\t\t<p><span class=\"wpcf7-form-control-wrap\" data-name=\"text-340\"><input size=\"40\" maxlength=\"400\" class=\"wpcf7-form-control wpcf7-text wpcf7-validates-as-required\" autocomplete=\"name\" aria-required=\"true\" aria-invalid=\"false\" placeholder=\"Nom\" value=\"\" type=\"text\" name=\"text-340\" \/><\/span>\n\t\t\t<\/p>\n\t\t<\/div>\n\t\t<div class=\"col-quarter\">\n\t\t\t<p><span class=\"wpcf7-form-control-wrap\" data-name=\"tel-10\"><input size=\"40\" maxlength=\"400\" class=\"wpcf7-form-control wpcf7-tel wpcf7-validates-as-required wpcf7-text wpcf7-validates-as-tel\" autocomplete=\"name\" aria-required=\"true\" aria-invalid=\"false\" placeholder=\"T\u00e9l\u00e9phone\" value=\"\" type=\"tel\" name=\"tel-10\" \/><\/span>\n\t\t\t<\/p>\n\t\t<\/div>\n\t\t<div class=\"col-quarter\">\n\t\t\t<p><span class=\"wpcf7-form-control-wrap\" data-name=\"email-563\"><input size=\"40\" maxlength=\"400\" class=\"wpcf7-form-control wpcf7-email wpcf7-validates-as-required wpcf7-text wpcf7-validates-as-email\" autocomplete=\"name\" aria-required=\"true\" aria-invalid=\"false\" placeholder=\"E-mail\" value=\"\" type=\"email\" name=\"email-563\" \/><\/span>\n\t\t\t<\/p>\n\t\t<\/div>\n\t\t<div class=\"col-quarter\">\n\t\t\t<p><input class=\"wpcf7-form-control wpcf7-submit has-spinner\" type=\"submit\" value=\"ENVOYER\" \/>\n\t\t\t<\/p>\n\t\t<\/div>\n\t<span class=\"wpcf7-form-control-wrap recaptcha\" data-name=\"recaptcha\"><span data-sitekey=\"6LeLvXMrAAAAAE38Im_4Oy8glwWIawWAxnTj5xPi\" class=\"wpcf7-form-control wpcf7-recaptcha g-recaptcha\"><\/span>\r\n<noscript>\r\n\t<div class=\"grecaptcha-noscript\">\r\n\t\t<iframe src=\"https:\/\/www.google.com\/recaptcha\/api\/fallback?k=6LeLvXMrAAAAAE38Im_4Oy8glwWIawWAxnTj5xPi\" frameborder=\"0\" scrolling=\"no\" width=\"310\" height=\"430\">\r\n\t\t<\/iframe>\r\n\t\t<textarea name=\"g-recaptcha-response\" rows=\"3\" cols=\"40\" placeholder=\"reCaptcha Response Here\">\r\n\t\t<\/textarea>\r\n\t<\/div>\r\n<\/noscript>\r\n<\/span>\n\t<\/div>\n<\/div><p style=\"display: none !important;\" class=\"akismet-fields-container\" data-prefix=\"_wpcf7_ak_\"><label>&#916;<textarea name=\"_wpcf7_ak_hp_textarea\" cols=\"45\" rows=\"8\" maxlength=\"100\"><\/textarea><\/label><input type=\"hidden\" id=\"ak_js_1\" name=\"_wpcf7_ak_js\" value=\"122\"\/><script type=\"text\/javascript\">\n\/* <![CDATA[ *\/\ndocument.getElementById( \"ak_js_1\" ).setAttribute( \"value\", ( new Date() ).getTime() );\n\/* ]]> *\/\n<\/script>\n<\/p><div class=\"wpcf7-response-output\" aria-hidden=\"true\"><\/div>\n<\/form>\n<\/div>\n\r\n\r\n\t\t<\/div>\n\t\t\t\t\n<style>\n#col-23684797 > .col-inner {\n  margin: 0px 0px -60px 0px;\n}\n<\/style>\n\t<\/div>\n\n\t\r\n\n\t<div id=\"col-566885454\" class=\"col small-12 large-12\"  >\n\t\t\t\t<div class=\"col-inner\"  >\n\t\t\t\n\t\t\t\r\n\r\n\t<div id=\"text-2861380544\" class=\"text\">\n\t\t\r\n\r\n<p>*Nous recommandons de remplir tous les champs afin de garantir la meilleure r\u00e9ponse possible.<\/p>\r\n\t\t\n<style>\n#text-2861380544 {\n  font-size: 0.85rem;\n  line-height: 1.5;\n}\n@media (min-width:550px) {\n  #text-2861380544 {\n    line-height: 0.75;\n  }\n}\n<\/style>\n\t<\/div>\n\t\r\n\r\n\t\t<\/div>\n\t\t\t\t\n<style>\n#col-566885454 > .col-inner {\n  margin: 0px 0px -40px 0px;\n}\n<\/style>\n\t<\/div>\n\n\t\r\n\r\n<\/div>\r\n\r\n\t\t<\/div>\n\t\t\t\t\n<style>\n#col-1437695153 > .col-inner {\n  padding: 0px 0px 0px 0px;\n  margin: 0px 0px -20px 0px;\n}\n@media (min-width:550px) {\n  #col-1437695153 > .col-inner {\n    padding: 20px 0px 0px 0px;\n    margin: 0px 0px -66px 0px;\n  }\n}\n<\/style>\n\t<\/div>\n\n\t\r\n\r\n<\/div>\r\n\r\n\t\t<\/div>\n\t\t\t\t\n<style>\n#col-947495477 > .col-inner {\n  padding: 30px 10px 0px 10px;\n  border-radius: 30px;\n}\n@media (min-width:550px) {\n  #col-947495477 > .col-inner {\n    padding: 0px 20px 0px 0px;\n  }\n}\n<\/style>\n\t<\/div>\n\n\t\r\n\r\n<\/div>\r\n\r\n\t\t<\/div>\n\n\t\t\n<style>\n#section_3830218 {\n  padding-top: 30px;\n  padding-bottom: 30px;\n}\n<\/style>\n\t<\/section>\n\t\r\n\n<h2><span class=\"ez-toc-section\" id=\"Pourquoi_la_chirurgie_de_reduction_du_front_est-elle_peu_couteuse_en_Turquie\"><\/span>Pourquoi la chirurgie de r\u00e9duction du front est-elle peu co\u00fbteuse en Turquie ?<span class=\"ez-toc-section-end\"><\/span><\/h2>\n<p>La Turquie propose des soins m\u00e9dicaux de haute qualit\u00e9 \u00e0 des prix nettement inf\u00e9rieurs \u00e0 ceux de nombreux pays occidentaux, en raison de co\u00fbts de main-d\u2019\u0153uvre et de fonctionnement plus faibles.<\/p>\n<p>En outre, la Turquie a consenti des efforts importants pour d\u00e9velopper son infrastructure et ses installations m\u00e9dicales, avec de nombreux h\u00f4pitaux et cliniques \u00e9quip\u00e9s de technologies de pointe et dot\u00e9s de professionnels de sant\u00e9 hautement qualifi\u00e9s. Le gouvernement turc a \u00e9galement mis en place des politiques de soutien au tourisme m\u00e9dical, telles que des r\u00e9ductions fiscales et des incitations offertes aux prestataires de soins. Cela a fait de la Turquie une destination de choix pour les patients \u00e0 la recherche d\u2019une chirurgie esth\u00e9tique abordable et de haute qualit\u00e9, y compris la chirurgie de r\u00e9duction du front. De plus, de nombreux professionnels de sant\u00e9 en Turquie parlent couramment anglais, ce qui facilite la communication entre les patients du monde entier et leurs m\u00e9decins, ainsi que l\u2019acc\u00e8s aux soins n\u00e9cessaires.<\/p>\n<h2><span class=\"ez-toc-section\" id=\"Combien_coute_une_chirurgie_de_reduction_du_front_a_Izmir_en_Turquie\"><\/span>Combien co\u00fbte une chirurgie de r\u00e9duction du front \u00e0 Izmir, en Turquie ?<span class=\"ez-toc-section-end\"><\/span><\/h2>\n<div>\n<dl id=\"\">\n<dt><img decoding=\"async\" src=\"https:\/\/candanmezili.com\/wp-content\/uploads\/2023\/02\/candan-menzili-operation-packages.jpg\" alt=\"Forfait tout compris pour la chirurgie esth\u00e9tique en Turquie\" width=\"1080\" height=\"608\" title=\"\"><\/dt>\n<dd>Forfait tout compris pour la chirurgie esth\u00e9tique en Turquie<\/dd>\n<\/dl>\n<\/div>\n<p>Le co\u00fbt de la chirurgie de r\u00e9duction du front \u00e0 Izmir, en Turquie, varie en fonction de l\u2019\u00e9tendue de l\u2019intervention et du prestataire. En moyenne, les patients peuvent s\u2019attendre \u00e0 payer environ 50 % de moins que ce qu\u2019ils paieraient aux \u00c9tats-Unis ou en Europe occidentale. Le co\u00fbt comprend g\u00e9n\u00e9ralement les honoraires du chirurgien, l\u2019anesth\u00e9sie, les frais hospitaliers et les soins postop\u00e9ratoires.<\/p>\n<p>Il convient de noter que le co\u00fbt de l\u2019intervention peut varier en fonction de facteurs tels que les besoins individuels du patient et la complexit\u00e9 de la chirurgie. Les patients doivent \u00e9galement prendre en compte les frais suppl\u00e9mentaires tels que les d\u00e9penses de voyage et d\u2019h\u00e9bergement lors de la planification de leur s\u00e9jour pour l\u2019intervention. Toutefois, malgr\u00e9 le co\u00fbt inf\u00e9rieur, les patients peuvent s\u2019attendre \u00e0 recevoir des soins de haute qualit\u00e9 de la part de professionnels m\u00e9dicaux exp\u00e9riment\u00e9s et qualifi\u00e9s \u00e0 Izmir, en Turquie. Il est important de faire des recherches et de choisir un chirurgien r\u00e9put\u00e9 et qualifi\u00e9 pour l\u2019intervention, m\u00eame si le co\u00fbt est inf\u00e9rieur \u00e0 celui pratiqu\u00e9 dans d\u2019autres pays.<\/p>\n<h2><span class=\"ez-toc-section\" id=\"Avis_de\"><\/span>Avis de <span class=\"ez-toc-section-end\"><\/span><\/h2>\r\n<script defer async src='https:\/\/cdn.trustindex.io\/loader.js?a9e218c436f3563bae66a627d77'><\/script>\r\n\n<h2><span class=\"ez-toc-section\" id=\"Nos_certificats\"><\/span>Nos certificats<span class=\"ez-toc-section-end\"><\/span><\/h2>\n\t\t<\/div>\n\t\t\t\t\t<\/div>\n\n\t\n\n\t<div id=\"col-831093604\" class=\"col medium-3 small-6 large-3\"  >\n\t\t\t\t<div class=\"col-inner\"  >\n\t\t\t\n\t\t\t\n\t<div class=\"img has-hover x md-x lg-x y md-y lg-y\" id=\"image_1715403392\">\n\t\t\t\t\t\t\t\t<div class=\"img-inner dark\" >\n\t\t\t<img decoding=\"async\" width=\"500\" height=\"200\" src=\"https:\/\/candanmezili.com\/wp-content\/uploads\/2022\/08\/bakanlik-1.png\" class=\"attachment-large size-large\" alt=\"\" srcset=\"https:\/\/candanmezili.com\/wp-content\/uploads\/2022\/08\/bakanlik-1.png 500w, https:\/\/candanmezili.com\/wp-content\/uploads\/2022\/08\/bakanlik-1-300x120.png 300w\" sizes=\"(max-width: 500px) 100vw, 500px\" title=\"\">\t\t\t\t\t\t\n\t\t\t\t\t<\/div>\n\t\t\t\t\t\t\t\t\n<style>\n#image_1715403392 {\n  width: 100%;\n}\n<\/style>\n\t<\/div>\n\t\n\t\t<\/div>\n\t\t\t\t\t<\/div>\n\n\t\n\n\t<div id=\"col-1004520183\" class=\"col medium-3 small-6 large-3\"  >\n\t\t\t\t<div class=\"col-inner\"  >\n\t\t\t\n\t\t\t\n\t<div class=\"img has-hover x md-x lg-x y md-y lg-y\" id=\"image_1652390926\">\n\t\t\t\t\t\t\t\t<div class=\"img-inner dark\" >\n\t\t\t<img decoding=\"async\" width=\"500\" height=\"200\" src=\"https:\/\/candanmezili.com\/wp-content\/uploads\/2022\/08\/isaps-1.png\" class=\"attachment-large size-large\" alt=\"\" srcset=\"https:\/\/candanmezili.com\/wp-content\/uploads\/2022\/08\/isaps-1.png 500w, https:\/\/candanmezili.com\/wp-content\/uploads\/2022\/08\/isaps-1-300x120.png 300w\" sizes=\"(max-width: 500px) 100vw, 500px\" title=\"\">\t\t\t\t\t\t\n\t\t\t\t\t<\/div>\n\t\t\t\t\t\t\t\t\n<style>\n#image_1652390926 {\n  width: 100%;\n}\n<\/style>\n\t<\/div>\n\t\n\t\t<\/div>\n\t\t\t\t\t<\/div>\n\n\t\n\n\t<div id=\"col-986377822\" class=\"col medium-3 small-6 large-3\"  >\n\t\t\t\t<div class=\"col-inner\"  >\n\t\t\t\n\t\t\t\n\t<div class=\"img has-hover x md-x lg-x y md-y lg-y\" id=\"image_1112702383\">\n\t\t\t\t\t\t\t\t<div class=\"img-inner dark\" >\n\t\t\t<img decoding=\"async\" width=\"500\" height=\"200\" src=\"https:\/\/candanmezili.com\/wp-content\/uploads\/2022\/08\/jci-1.png\" class=\"attachment-large size-large\" alt=\"\" srcset=\"https:\/\/candanmezili.com\/wp-content\/uploads\/2022\/08\/jci-1.png 500w, https:\/\/candanmezili.com\/wp-content\/uploads\/2022\/08\/jci-1-300x120.png 300w\" sizes=\"(max-width: 500px) 100vw, 500px\" title=\"\">\t\t\t\t\t\t\n\t\t\t\t\t<\/div>\n\t\t\t\t\t\t\t\t\n<style>\n#image_1112702383 {\n  width: 100%;\n}\n<\/style>\n\t<\/div>\n\t\n\t\t<\/div>\n\t\t\t\t\t<\/div>\n\n\t\n\n\t<div id=\"col-230120797\" class=\"col medium-3 small-6 large-3\"  >\n\t\t\t\t<div class=\"col-inner\"  >\n\t\t\t\n\t\t\t\n\t<div class=\"img has-hover x md-x lg-x y md-y lg-y\" id=\"image_757437848\">\n\t\t\t\t\t\t\t\t<div class=\"img-inner dark\" >\n\t\t\t<img decoding=\"async\" width=\"500\" height=\"200\" src=\"https:\/\/candanmezili.com\/wp-content\/uploads\/2022\/08\/dernek-1.png\" class=\"attachment-large size-large\" alt=\"\" srcset=\"https:\/\/candanmezili.com\/wp-content\/uploads\/2022\/08\/dernek-1.png 500w, https:\/\/candanmezili.com\/wp-content\/uploads\/2022\/08\/dernek-1-300x120.png 300w\" sizes=\"(max-width: 500px) 100vw, 500px\" title=\"\">\t\t\t\t\t\t\n\t\t\t\t\t<\/div>\n\t\t\t\t\t\t\t\t\n<style>\n#image_757437848 {\n  width: 100%;\n}\n<\/style>\n\t<\/div>\n\t\n\t\t<\/div>\n\t\t\t\t\t<\/div>\n\n\t\n<\/div>\n","protected":false},"excerpt":{"rendered":"","protected":false},"author":2,"featured_media":29896,"parent":42215,"menu_order":0,"comment_status":"closed","ping_status":"closed","template":"","meta":{"inline_featured_image":false,"footnotes":""},"class_list":["post-42429","page","type-page","status-publish","has-post-thumbnail","hentry"],"_links":{"self":[{"href":"https:\/\/candanmezili.com\/fr\/wp-json\/wp\/v2\/pages\/42429","targetHints":{"allow":["GET"]}}],"collection":[{"href":"https:\/\/candanmezili.com\/fr\/wp-json\/wp\/v2\/pages"}],"about":[{"href":"https:\/\/candanmezili.com\/fr\/wp-json\/wp\/v2\/types\/page"}],"author":[{"embeddable":true,"href":"https:\/\/candanmezili.com\/fr\/wp-json\/wp\/v2\/users\/2"}],"replies":[{"embeddable":true,"href":"https:\/\/candanmezili.com\/fr\/wp-json\/wp\/v2\/comments?post=42429"}],"version-history":[{"count":4,"href":"https:\/\/candanmezili.com\/fr\/wp-json\/wp\/v2\/pages\/42429\/revisions"}],"predecessor-version":[{"id":42457,"href":"https:\/\/candanmezili.com\/fr\/wp-json\/wp\/v2\/pages\/42429\/revisions\/42457"}],"up":[{"embeddable":true,"href":"https:\/\/candanmezili.com\/fr\/wp-json\/wp\/v2\/pages\/42215"}],"wp:featuredmedia":[{"embeddable":true,"href":"https:\/\/candanmezili.com\/fr\/wp-json\/wp\/v2\/media\/29896"}],"wp:attachment":[{"href":"https:\/\/candanmezili.com\/fr\/wp-json\/wp\/v2\/media?parent=42429"}],"curies":[{"name":"wp","href":"https:\/\/api.w.org\/{rel}","templated":true}]}}