{"id":42417,"date":"2017-07-14T16:09:20","date_gmt":"2017-07-14T13:09:20","guid":{"rendered":"https:\/\/candanmezili.com\/?page_id=42417"},"modified":"2026-01-05T10:26:12","modified_gmt":"2026-01-05T07:26:12","slug":"pannlyft","status":"publish","type":"page","link":"https:\/\/candanmezili.com\/sv\/ansikte\/pannlyft\/","title":{"rendered":"Pannlyft"},"content":{"rendered":"<div class=\"row\"  id=\"row-765334805\">\n\t<div id=\"col-254972793\" class=\"col medium-12 small-12 large-12\"  >\n\t\t\t\t<div class=\"col-inner\"  >\n\t\t\t\n\t\t\t\t<div class=\"img has-hover x md-x lg-x y md-y lg-y\" id=\"image_959162532\">\n\t\t\t\t\t\t\t\t<div class=\"img-inner dark\" >\n\t\t\t<img decoding=\"async\" width=\"1200\" height=\"675\" src=\"https:\/\/candanmezili.com\/wp-content\/uploads\/2022\/06\/16-1.jpg\" class=\"attachment-full size-full\" alt=\"\" srcset=\"https:\/\/candanmezili.com\/wp-content\/uploads\/2022\/06\/16-1.jpg 1200w, https:\/\/candanmezili.com\/wp-content\/uploads\/2022\/06\/16-1-300x169.jpg 300w, https:\/\/candanmezili.com\/wp-content\/uploads\/2022\/06\/16-1-1024x576.jpg 1024w, https:\/\/candanmezili.com\/wp-content\/uploads\/2022\/06\/16-1-768x432.jpg 768w\" sizes=\"(max-width: 1200px) 100vw, 1200px\" title=\"\">\t\t\t\t\t\t\n\t\t\t\t\t<\/div>\n\t\t\t\t\t\t\t\t\n<style>\n#image_959162532 {\n  width: 100%;\n}\n<\/style>\n\t<\/div>\n\t\t\t<\/div>\n\t\t\t\t\t<\/div>\n\n\t\n\t<div id=\"col-1440956309\" class=\"col medium-12 small-12 large-12\"  >\n\t\t\t\t<div class=\"col-inner\"  >\n\t\t\t\n\t\t\t\n<p>Pannlyft i Turkiet \u00e4r ett kosmetiskt ingrepp som sl\u00e4tar ut rynkor i pannan, lyfter h\u00e4ngande \u00f6gonbryn och \u00f6ppnar upp \u00f6gonomr\u00e5det f\u00f6r ett mer ungdomligt och fr\u00e4scht utseende. Genom att behandla den \u00f6vre tredjedelen av ansiktet \u00e5terst\u00e4ller det balansen och minskar \u00e5lderstecken utan att \u00e4ndra de naturliga ansiktsuttrycken.<\/p>\n<p>Kostnaden f\u00f6r pannlyft i Turkiet \u00e4r betydligt mer prisv\u00e4rd j\u00e4mf\u00f6rt med USA eller Europa, samtidigt som man erbjuder kirurgiska standarder i v\u00e4rldsklass. Priserna beror p\u00e5 vilken teknik som anv\u00e4nds \u2013 s\u00e5som endoskopiska eller traditionella metoder \u2013 graden av korrigering samt kvaliteten p\u00e5 sjukhus- och efterv\u00e5rdstj\u00e4nster.<\/p>\n<p>Resultaten av pannlyft i Turkiet \u00e4r l\u00e5ngvariga och naturliga och g\u00f6r ofta att patienter ser yngre och mer energiska ut. Genom att ompositionera v\u00e4vnader och sl\u00e4ta ut djupa linjer skapar ingreppet ett mjukare och mer avslappnat ansiktsuttryck som kan best\u00e5 i m\u00e5nga \u00e5r med r\u00e4tt hudv\u00e5rd.<\/p>\n<p>Recensioner av pannlyft i Turkiet visar h\u00f6ga n\u00f6jdhetsniv\u00e5er, d\u00e4r patienter uppskattar de subtila men effektfulla f\u00f6rb\u00e4ttringarna. Candan Mezili \u00e4r en av de b\u00e4sta kirurgerna f\u00f6r pannlyft i Turkiet och erbjuder individuellt anpassad behandlingsplanering och f\u00f6rfinade tekniker f\u00f6r konsekvent lyckade resultat.<\/p>\n\t\t<\/div>\n\t\t\t\t\t<\/div>\n\n\t<\/div><div class=\"row\"  id=\"row-183120575\">\n\t<div id=\"col-1888094425\" class=\"col medium-12 small-12 large-12\"  >\n\t\t\t\t<div class=\"col-inner\"  >\n\t\t\t\n\t\t\t\n\n\t<section class=\"section\" id=\"section_1183598414\">\n\t\t<div class=\"section-bg fill\" >\n\t\t\t\t\t\t\t\t\t\n\t\t\t\n\n\t\t<\/div>\n\n\t\t\n\n\t\t<div class=\"section-content relative\">\n\t\t\t\r\n\r\n<div class=\"row\"  id=\"row-1179982584\">\r\n\r\n\n\t<div id=\"col-2098156254\" class=\"col small-12 large-12\"  >\n\t\t\t\t<div class=\"col-inner dark\" style=\"background-color:#004e7b;\" >\n\t\t\t\n\t\t\t\r\n\r\n<div class=\"row\"  id=\"row-1691141480\">\r\n\r\n\n\t<div id=\"col-369120926\" class=\"col medium-5 small-12 large-5\"  >\n\t\t\t\t<div class=\"col-inner\"  >\n\t\t\t\n\t\t\t\r\n\r\n\t<div class=\"img has-hover border-gorsel x md-x lg-x y md-y lg-y\" id=\"image_2052975239\">\n\t\t\t\t\t\t\t\t<div class=\"img-inner dark\" >\n\t\t\t<img decoding=\"async\" width=\"1500\" height=\"1531\" src=\"https:\/\/candanmezili.com\/wp-content\/uploads\/2022\/07\/candanweb.jpg\" class=\"attachment-2048x2048 size-2048x2048\" alt=\"\" srcset=\"https:\/\/candanmezili.com\/wp-content\/uploads\/2022\/07\/candanweb.jpg 1500w, https:\/\/candanmezili.com\/wp-content\/uploads\/2022\/07\/candanweb-294x300.jpg 294w, https:\/\/candanmezili.com\/wp-content\/uploads\/2022\/07\/candanweb-1003x1024.jpg 1003w, https:\/\/candanmezili.com\/wp-content\/uploads\/2022\/07\/candanweb-768x784.jpg 768w\" sizes=\"(max-width: 1500px) 100vw, 1500px\" title=\"\">\t\t\t\t\t\t\n\t\t\t\t\t<\/div>\n\t\t\t\t\t\t\t\t\n<style>\n#image_2052975239 {\n  width: 100%;\n}\n<\/style>\n\t<\/div>\n\t\r\n\r\n\r\n\t\t<\/div>\n\t\t\t\t\t<\/div>\n\n\t\r\n\n\t<div id=\"col-64968499\" class=\"col medium-7 small-12 large-7\"  >\n\t\t\t\t<div class=\"col-inner\"  >\n\t\t\t\n\t\t\t\r\n\r\n\t<div id=\"text-760572807\" class=\"text\">\n\t\t\r\n\r\n<p><span style=\"font-size: 75%;\">Plastik- och Estetikkirurgi i Izmir<\/span><br \/><span style=\"font-size: 150%;\"><strong>Op. Dr. Candan Mezili<\/strong><\/span><\/p>\r\n\t\t\n<style>\n#text-760572807 {\n  font-size: 1rem;\n}\n@media (min-width:550px) {\n  #text-760572807 {\n    font-size: 1.5rem;\n  }\n}\n<\/style>\n\t<\/div>\n\t\r\n\t<div id=\"text-4062730027\" class=\"text\">\n\t\t\r\n\r\n<p>Jag tog examen fr\u00e5n medicinska fakulteten vid Ankara Universitet \u00e5r 2005, och samma \u00e5r p\u00e5b\u00f6rjade jag min specialistutbildning inom plastikkirurgi, estetisk och rekonstruktiv kirurgi vid Ege Universitet. F\u00f6rm\u00e5gan att omforma och anv\u00e4nda kreativitet inom plastikkirurgi var de avg\u00f6rande faktorerna som ledde mig in i detta omr\u00e5de. Under min specialistutbildning fick jag m\u00f6jlighet att utf\u00f6ra otaliga operationer tillsammans med m\u00e5nga framst\u00e5ende professorer. Jag bedriver nu min verksamhet p\u00e5 min egen klinik i Izmir.<\/p>\r\n\t\t\n<style>\n#text-4062730027 {\n  text-align: left;\n}\n<\/style>\n\t<\/div>\n\t\r\n<a href=\"https:\/\/candanmezili.com\/sv\/om-mig\/\" class=\"button white is-small lowercase\" style=\"border-radius:10px;\">\n\t\t<span>About Me<\/span>\n\t<i class=\"icon-angle-right\" aria-hidden=\"true\"><\/i><\/a>\n\r\n\r\n<a href=\"https:\/\/api.whatsapp.com\/send\/?phone=905334008240\" class=\"button white is-small lowercase\" style=\"border-radius:10px;\" target=\"_blank\" rel=\"noopener\">\n\t\t<span>WhatsApp<\/span>\n\t<i class=\"icon-whatsapp\" aria-hidden=\"true\"><\/i><\/a>\n\r\n\r\n<div class=\"social-icons follow-icons homepage-icon\" ><a href=\"https:\/\/www.facebook.com\/opdrcandanmezili\/\" target=\"_blank\" data-label=\"Facebook\" class=\"icon button circle is-outline tooltip facebook\" title=\"Follow on Facebook\" aria-label=\"Follow on Facebook\" rel=\"noopener nofollow\"><i class=\"icon-facebook\" aria-hidden=\"true\"><\/i><\/a><a href=\"https:\/\/www.instagram.com\/drcandanmezili\/\" target=\"_blank\" data-label=\"Instagram\" class=\"icon button circle is-outline tooltip instagram\" title=\"Follow on Instagram\" aria-label=\"Follow on Instagram\" rel=\"noopener nofollow\"><i class=\"icon-instagram\" aria-hidden=\"true\"><\/i><\/a><a href=\"mailto:info@candanmezili.com\" data-label=\"E-mail\" target=\"_blank\" class=\"icon button circle is-outline tooltip email\" title=\"Skicka ett mail till oss\" aria-label=\"Skicka ett mail till oss\" rel=\"nofollow noopener\"><i class=\"icon-envelop\" aria-hidden=\"true\"><\/i><\/a><a href=\"tel:+90 533 400 82 40\" data-label=\"Phone\" target=\"_blank\" class=\"icon button circle is-outline tooltip phone\" title=\"Call us\" aria-label=\"Call us\" rel=\"nofollow noopener\"><i class=\"icon-phone\" aria-hidden=\"true\"><\/i><\/a><a href=\"https:\/\/www.youtube.com\/@CandanMezili\/\" data-label=\"YouTube\" target=\"_blank\" class=\"icon button circle is-outline tooltip youtube\" title=\"Follow on YouTube\" aria-label=\"Follow on YouTube\" rel=\"noopener nofollow\"><i class=\"icon-youtube\" aria-hidden=\"true\"><\/i><\/a><\/div>\r\n\r\n\r\n\t\t<\/div>\n\t\t\t\t\t<\/div>\n\n\t\r\n\r\n<\/div>\r\n\r\n\t\t<\/div>\n\t\t\t\t\n<style>\n#col-2098156254 > .col-inner {\n  padding: 30px 15px 1px 15px;\n  margin: 0px 0px -20px 0px;\n  border-radius: 20px;\n}\n@media (min-width:550px) {\n  #col-2098156254 > .col-inner {\n    padding: 30px 30px 1px 30px;\n  }\n}\n<\/style>\n\t<\/div>\n\n\t\r\n\r\n<\/div>\r\n\r\n\t\t<\/div>\n\n\t\t\n<style>\n#section_1183598414 {\n  padding-top: 30px;\n  padding-bottom: 30px;\n}\n<\/style>\n\t<\/section>\n\t\r\n\n<div id=\"ez-toc-container\" class=\"ez-toc-v2_0_82_2 counter-hierarchy ez-toc-counter ez-toc-custom ez-toc-container-direction\">\n<div class=\"ez-toc-title-container\">\n<p class=\"ez-toc-title\" style=\"cursor:inherit\">Textinneh\u00e5ll<\/p>\n<span class=\"ez-toc-title-toggle\"><a href=\"#\" class=\"ez-toc-pull-right ez-toc-btn ez-toc-btn-xs ez-toc-btn-default ez-toc-toggle\" aria-label=\"Toggle Table of Content\"><span class=\"ez-toc-js-icon-con\"><span class=\"\"><span class=\"eztoc-hide\" style=\"display:none;\">Toggle<\/span><span class=\"ez-toc-icon-toggle-span\"><svg style=\"fill: #ffffff;color:#ffffff\" xmlns=\"http:\/\/www.w3.org\/2000\/svg\" class=\"list-377408\" width=\"20px\" height=\"20px\" viewBox=\"0 0 24 24\" fill=\"none\"><path d=\"M6 6H4v2h2V6zm14 0H8v2h12V6zM4 11h2v2H4v-2zm16 0H8v2h12v-2zM4 16h2v2H4v-2zm16 0H8v2h12v-2z\" fill=\"currentColor\"><\/path><\/svg><svg style=\"fill: #ffffff;color:#ffffff\" class=\"arrow-unsorted-368013\" xmlns=\"http:\/\/www.w3.org\/2000\/svg\" width=\"10px\" height=\"10px\" viewBox=\"0 0 24 24\" version=\"1.2\" baseProfile=\"tiny\"><path d=\"M18.2 9.3l-6.2-6.3-6.2 6.3c-.2.2-.3.4-.3.7s.1.5.3.7c.2.2.4.3.7.3h11c.3 0 .5-.1.7-.3.2-.2.3-.5.3-.7s-.1-.5-.3-.7zM5.8 14.7l6.2 6.3 6.2-6.3c.2-.2.3-.5.3-.7s-.1-.5-.3-.7c-.2-.2-.4-.3-.7-.3h-11c-.3 0-.5.1-.7.3-.2.2-.3.5-.3.7s.1.5.3.7z\"\/><\/svg><\/span><\/span><\/span><\/a><\/span><\/div>\n<nav><ul class='ez-toc-list ez-toc-list-level-1 ' ><li class='ez-toc-page-1 ez-toc-heading-level-2'><a class=\"ez-toc-link ez-toc-heading-1\" href=\"https:\/\/candanmezili.com\/sv\/ansikte\/pannlyft\/#Egenskaper_hos_pannlyftskirurgi_hos_kvinnor\" >Egenskaper hos pannlyftskirurgi hos kvinnor<\/a><\/li><li class='ez-toc-page-1 ez-toc-heading-level-2'><a class=\"ez-toc-link ez-toc-heading-2\" href=\"https:\/\/candanmezili.com\/sv\/ansikte\/pannlyft\/#Pannlyftsprocedurer_hos_man\" >Pannlyftsprocedurer hos m\u00e4n<\/a><\/li><li class='ez-toc-page-1 ez-toc-heading-level-2'><a class=\"ez-toc-link ez-toc-heading-3\" href=\"https:\/\/candanmezili.com\/sv\/ansikte\/pannlyft\/#Forloppet_vid_pannlyftskirurgi\" >F\u00f6rloppet vid pannlyftskirurgi<\/a><\/li><li class='ez-toc-page-1 ez-toc-heading-level-2'><a class=\"ez-toc-link ez-toc-heading-4\" href=\"https:\/\/candanmezili.com\/sv\/ansikte\/pannlyft\/#Mojliga_risker_med_pannlyftskirurgi\" >M\u00f6jliga risker med pannlyftskirurgi<\/a><\/li><li class='ez-toc-page-1 ez-toc-heading-level-2'><a class=\"ez-toc-link ez-toc-heading-5\" href=\"https:\/\/candanmezili.com\/sv\/ansikte\/pannlyft\/#Aterhamtningsprocess_efter_pann-_och_temporalt_lyft\" >\u00c5terh\u00e4mtningsprocess efter pann- och temporalt lyft<\/a><\/li><li class='ez-toc-page-1 ez-toc-heading-level-2'><a class=\"ez-toc-link ez-toc-heading-6\" href=\"https:\/\/candanmezili.com\/sv\/ansikte\/pannlyft\/#Nar_kan_pannlyftskirurgi_utforas\" >N\u00e4r kan pannlyftskirurgi utf\u00f6ras?<\/a><\/li><li class='ez-toc-page-1 ez-toc-heading-level-2'><a class=\"ez-toc-link ez-toc-heading-7\" href=\"https:\/\/candanmezili.com\/sv\/ansikte\/pannlyft\/#Kombination_av_pann-_och_temporalt_lyft\" >Kombination av pann- och temporalt lyft<\/a><\/li><li class='ez-toc-page-1 ez-toc-heading-level-2'><a class=\"ez-toc-link ez-toc-heading-8\" href=\"https:\/\/candanmezili.com\/sv\/ansikte\/pannlyft\/#Ar_det_sakert_att_gora_pannlyftskirurgi_i_Turkiet\" >\u00c4r det s\u00e4kert att g\u00f6ra pannlyftskirurgi i Turkiet?<\/a><\/li><li class='ez-toc-page-1 ez-toc-heading-level-2'><a class=\"ez-toc-link ez-toc-heading-9\" href=\"https:\/\/candanmezili.com\/sv\/ansikte\/pannlyft\/#Typer_av_pannlyft_i_Turkiet\" >Typer av pannlyft i Turkiet<\/a><\/li><li class='ez-toc-page-1 ez-toc-heading-level-2'><a class=\"ez-toc-link ez-toc-heading-10\" href=\"https:\/\/candanmezili.com\/sv\/ansikte\/pannlyft\/#Varfor_ar_pannlyftskirurgi_billig_i_Turkiet\" >Varf\u00f6r \u00e4r pannlyftskirurgi billig i Turkiet?<\/a><\/li><li class='ez-toc-page-1 ez-toc-heading-level-2'><a class=\"ez-toc-link ez-toc-heading-11\" href=\"https:\/\/candanmezili.com\/sv\/ansikte\/pannlyft\/#Vad_ar_framgangsgraden_for_pannlyft_i_Turkiet\" >Vad \u00e4r framg\u00e5ngsgraden f\u00f6r pannlyft i Turkiet?<\/a><\/li><li class='ez-toc-page-1 ez-toc-heading-level-2'><a class=\"ez-toc-link ez-toc-heading-12\" href=\"https:\/\/candanmezili.com\/sv\/ansikte\/pannlyft\/#Hur_manga_personer_far_pannlyft_i_Turkiet\" >Hur m\u00e5nga personer f\u00e5r pannlyft i Turkiet?<\/a><\/li><li class='ez-toc-page-1 ez-toc-heading-level-2'><a class=\"ez-toc-link ez-toc-heading-13\" href=\"https:\/\/candanmezili.com\/sv\/ansikte\/pannlyft\/#Hur_mycket_kostar_pannlyft_i_Izmir_Turkiet\" >Hur mycket kostar pannlyft i Izmir, Turkiet?<\/a><ul class='ez-toc-list-level-3' ><li class='ez-toc-heading-level-3'><a class=\"ez-toc-link ez-toc-heading-14\" href=\"https:\/\/candanmezili.com\/sv\/ansikte\/pannlyft\/#Frequently_Asked_Questions\" >Frequently Asked Questions<\/a><\/li><li class='ez-toc-page-1 ez-toc-heading-level-3'><a class=\"ez-toc-link ez-toc-heading-15\" href=\"https:\/\/candanmezili.com\/sv\/ansikte\/pannlyft\/#In_which_situations_is_a_forehead_lift_surgery_preferred\" >In which situations is a forehead lift surgery preferred?<\/a><\/li><li class='ez-toc-page-1 ez-toc-heading-level-3'><a class=\"ez-toc-link ez-toc-heading-16\" href=\"https:\/\/candanmezili.com\/sv\/ansikte\/pannlyft\/#Does_this_surgery_affect_the_position_of_the_eyebrows\" >Does this surgery affect the position of the eyebrows?<\/a><\/li><li class='ez-toc-page-1 ez-toc-heading-level-3'><a class=\"ez-toc-link ez-toc-heading-17\" href=\"https:\/\/candanmezili.com\/sv\/ansikte\/pannlyft\/#What_techniques_are_used_during_a_forehead_lift_procedure\" >What techniques are used during a forehead lift procedure?<\/a><\/li><li class='ez-toc-page-1 ez-toc-heading-level-3'><a class=\"ez-toc-link ez-toc-heading-18\" href=\"https:\/\/candanmezili.com\/sv\/ansikte\/pannlyft\/#Are_scars_visible_in_the_forehead_area_after_surgery\" >Are scars visible in the forehead area after surgery?<\/a><\/li><li class='ez-toc-page-1 ez-toc-heading-level-3'><a class=\"ez-toc-link ez-toc-heading-19\" href=\"https:\/\/candanmezili.com\/sv\/ansikte\/pannlyft\/#How_long_do_the_results_of_a_forehead_lift_last\" >How long do the results of a forehead lift last?<\/a><\/li><\/ul><\/li><li class='ez-toc-page-1 ez-toc-heading-level-2'><a class=\"ez-toc-link ez-toc-heading-20\" href=\"https:\/\/candanmezili.com\/sv\/ansikte\/pannlyft\/#Recensioner\" >Recensioner<\/a><\/li><li class='ez-toc-page-1 ez-toc-heading-level-2'><a class=\"ez-toc-link ez-toc-heading-21\" href=\"https:\/\/candanmezili.com\/sv\/ansikte\/pannlyft\/#Vara_certifikat\" >V\u00e5ra certifikat<\/a><\/li><\/ul><\/nav><\/div>\n<h2><span class=\"ez-toc-section\" id=\"Egenskaper_hos_pannlyftskirurgi_hos_kvinnor\"><\/span>Egenskaper hos pannlyftskirurgi hos kvinnor<span class=\"ez-toc-section-end\"><\/span><\/h2>\n<p>Pannlyftskirurgi \u00e4r ett kosmetiskt ingrepp som anv\u00e4nds f\u00f6r att minska \u00e5lderstecken hos kvinnor och utf\u00f6rs vanligtvis p\u00e5 dem som \u00e4r \u00f6ver 40 \u00e5r. Det \u00e4r ett idealiskt alternativ f\u00f6r patienter med god allm\u00e4n h\u00e4lsa. Innan operationen genomf\u00f6r l\u00e4karen en noggrann unders\u00f6kning och n\u00f6dv\u00e4ndiga tester. Denna procedur hj\u00e4lper kvinnor att uppn\u00e5 ett mer livfullt och fr\u00e4scht utseende och st\u00e4rker deras sj\u00e4lvf\u00f6rtroende. Under ingreppet kan f\u00f6ljande tekniker anv\u00e4ndas beroende p\u00e5 patientens behov:<\/p>\n<ul>\n<li>\u00d6gonbrynslyft<\/li>\n<li>Temporalt lyft<\/li>\n<li>F\u00f6rminskning av pannan<\/li>\n<li>F\u00f6rstoring av pannan<\/li>\n<li>S\u00e4nkning av h\u00e5rf\u00e4stet<\/li>\n<\/ul>\n<h2><span class=\"ez-toc-section\" id=\"Pannlyftsprocedurer_hos_man\"><\/span>Pannlyftsprocedurer hos m\u00e4n<span class=\"ez-toc-section-end\"><\/span><\/h2>\n<p>Hos manliga patienter utf\u00f6rs pannlyftskirurgi f\u00f6r att minska \u00e5lderstecken. Valet av kirurgisk teknik \u00e4r avg\u00f6rande och tar h\u00e4nsyn till patientens behov och h\u00e5rstatus. Denna procedur f\u00f6redras ofta f\u00f6r m\u00e4n \u00f6ver 40 \u00e5rs \u00e5lder som inte har n\u00e5gra betydande h\u00e4lsoproblem. Hos m\u00e4n b\u00f6r kirurgiska \u00e4rr d\u00f6ljas s\u00e5 mycket som m\u00f6jligt, eller s\u00e5 b\u00f6r tekniker med minimal \u00e4rrbildning anv\u00e4ndas. Dessutom b\u00f6r man vara noggrann med att inte skapa ett feminint utseende n\u00e4r \u00f6gonbrynen lyfts.<\/p>\n<h2><span class=\"ez-toc-section\" id=\"Forloppet_vid_pannlyftskirurgi\"><\/span>F\u00f6rloppet vid pannlyftskirurgi<span class=\"ez-toc-section-end\"><\/span><\/h2>\n<p>Pann- och temporalt lyft \u00e4r en kosmetisk procedur som syftar till att minska \u00e5lderstecken. F\u00f6re ingreppet utv\u00e4rderas patientens allm\u00e4nna h\u00e4lsa noggrant f\u00f6r att minimera potentiella risker. L\u00e4karen v\u00e4ljer den mest l\u00e4mpliga typen av anestesi f\u00f6r patienten. Det finns tv\u00e5 huvudsakliga typer av anestesi:<\/p>\n<ul>\n<li>Allm\u00e4n anestesi<\/li>\n<li>Lokalbed\u00f6vning<\/li>\n<\/ul>\n<p>Endoskopisk kirurgi \u00e4r en metod som ofta har valts under de senaste \u00e5ren. Under denna procedur g\u00f6rs sm\u00e5 snitt under huden och en kamera f\u00f6rs in. Kirurgen utf\u00f6r operationen med hj\u00e4lp av denna kamera. \u00c5terh\u00e4mtningen efter operationen g\u00e5r f\u00f6rh\u00e5llandevis snabbt. \u00c4rren \u00e4r vanligtvis dolda i h\u00e5rf\u00e4stet, vilket g\u00f6r dem osynliga utifr\u00e5n. Denna procedur tar normalt mellan 1,5 och 2 timmar och patienterna skrivs vanligtvis ut samma dag. Om den kombineras med andra kosmetiska ingrepp kan operationstiden f\u00f6rl\u00e4ngas.<\/p>\n\n\t<section class=\"section\" id=\"section_1089779515\">\n\t\t<div class=\"section-bg fill\" >\n\t\t\t\t\t\t\t\t\t\n\t\t\t\n\n\t\t<\/div>\n\n\t\t\n\n\t\t<div class=\"section-content relative\">\n\t\t\t\r\n\r\n<div class=\"row\"  id=\"row-145423903\">\r\n\r\n\n\t<div id=\"col-1160547146\" class=\"col small-12 large-12\"  >\n\t\t\t\t<div class=\"col-inner box-shadow-2\"  >\n\t\t\t\n\t\t\t\r\n\r\n<div class=\"row\"  id=\"row-2134904810\">\r\n\r\n\n\t<div id=\"col-1515884424\" class=\"col whatsapp-alani hide-for-small medium-3 small-12 large-3\"  >\n\t\t\t\t<div class=\"col-inner box-shadow-2\" style=\"background-color:rgb(37, 211, 102);\" >\n\t\t\t\n\t\t\t\r\n\r\n\t<div id=\"text-1776469857\" class=\"text\">\n\t\t\r\n\r\n<p><a href=\"https:\/\/api.whatsapp.com\/send\/?phone=905334008240&amp;text&amp;type=phone_number&amp;app_absent=0\" target=\"_blank\" rel=\"noopener\"><span style=\"color: #ffffff;\">Klicka f\u00f6r <br \/>24\/7 WhatsApp<\/span><\/a><\/p>\r\n\r\n\t\t\n<style>\n#text-1776469857 {\n  font-size: 1.5rem;\n  text-align: center;\n  color: rgb(255,255,255);\n}\n#text-1776469857 > * {\n  color: rgb(255,255,255);\n}\n<\/style>\n\t<\/div>\n\t\r\n\r\n\t\t<\/div>\n\t\t\t\t\n<style>\n#col-1515884424 > .col-inner {\n  padding: 30px 0px 12px 0px;\n  margin: 0px 0px -31px 0px;\n}\n<\/style>\n\t<\/div>\n\n\t\r\n\n\t<div id=\"col-111826273\" class=\"col show-for-small medium-3 small-12 large-3\"  >\n\t\t\t\t<div class=\"col-inner box-shadow-2\" style=\"background-color:rgb(37, 211, 102);\" >\n\t\t\t\n\t\t\t\r\n\r\n\t<div id=\"text-2117423073\" class=\"text\">\n\t\t\r\n\r\n<p><a href=\"https:\/\/api.whatsapp.com\/send\/?phone=905334008240&amp;text&amp;type=phone_number&amp;app_absent=0\" target=\"_blank\" rel=\"noopener\"><span style=\"color: #ffffff;\">Klicka f\u00f6r 24\/7 WhatsApp<\/span><\/a><\/p>\r\n\t\t\n<style>\n#text-2117423073 {\n  font-size: 1.25rem;\n  text-align: center;\n  color: rgb(255,255,255);\n}\n#text-2117423073 > * {\n  color: rgb(255,255,255);\n}\n@media (min-width:550px) {\n  #text-2117423073 {\n    font-size: 1.5rem;\n  }\n}\n<\/style>\n\t<\/div>\n\t\r\n\r\n\t\t<\/div>\n\t\t\t\t\n<style>\n#col-111826273 > .col-inner {\n  padding: 20px 0px 1px 0px;\n  margin: 0px 0px 0px 0px;\n  border-radius: 100px;\n}\n@media (min-width:550px) {\n  #col-111826273 > .col-inner {\n    margin: 0px 0px -40px 0px;\n  }\n}\n<\/style>\n\t<\/div>\n\n\t\r\n\n\t<div id=\"col-482947345\" class=\"col medium-9 small-12 large-9\"  >\n\t\t\t\t<div class=\"col-inner text-left\"  >\n\t\t\t\n\t<div class=\"is-border\"\n\t\tstyle=\"border-width:0px 0px 0px 0px;margin:0px 0px 0px 0px;\">\n\t<\/div>\n\t\t\t\r\n\r\n<div class=\"row\"  id=\"row-708929466\">\r\n\r\n\n\t<div id=\"col-429338299\" class=\"col small-12 large-12\"  >\n\t\t\t\t<div class=\"col-inner\"  >\n\t\t\t\n\t\t\t\r\n\r\n\n<div class=\"wpcf7 no-js\" id=\"wpcf7-f41853-o1\" lang=\"sv-SE\" dir=\"ltr\" data-wpcf7-id=\"41853\">\n<div class=\"screen-reader-response\"><p role=\"status\" aria-live=\"polite\" aria-atomic=\"true\"><\/p> <ul><\/ul><\/div>\n<form action=\"\/sv\/wp-json\/wp\/v2\/pages\/42417#wpcf7-f41853-o1\" method=\"post\" class=\"wpcf7-form init\" aria-label=\"Kontaktformul\u00e4r\" novalidate=\"novalidate\" data-status=\"init\">\n<fieldset class=\"hidden-fields-container\"><input type=\"hidden\" name=\"_wpcf7\" value=\"41853\" \/><input type=\"hidden\" name=\"_wpcf7_version\" value=\"6.1.5\" \/><input type=\"hidden\" name=\"_wpcf7_locale\" value=\"sv_SE\" \/><input type=\"hidden\" name=\"_wpcf7_unit_tag\" value=\"wpcf7-f41853-o1\" \/><input type=\"hidden\" name=\"_wpcf7_container_post\" value=\"0\" \/><input type=\"hidden\" name=\"_wpcf7_posted_data_hash\" value=\"\" \/><input type=\"hidden\" name=\"_wpcf7_recaptcha_response\" value=\"\" \/>\n<\/fieldset>\n<div class=\"call-to-action\">\n\t<div class=\"col-row\">\n\t\t<div class=\"col-quarter\">\n\t\t\t<p><span class=\"wpcf7-form-control-wrap\" data-name=\"text-340\"><input size=\"40\" maxlength=\"400\" class=\"wpcf7-form-control wpcf7-text wpcf7-validates-as-required\" autocomplete=\"name\" aria-required=\"true\" aria-invalid=\"false\" placeholder=\"Namn\" value=\"\" type=\"text\" name=\"text-340\" \/><\/span>\n\t\t\t<\/p>\n\t\t<\/div>\n\t\t<div class=\"col-quarter\">\n\t\t\t<p><span class=\"wpcf7-form-control-wrap\" data-name=\"tel-10\"><input size=\"40\" maxlength=\"400\" class=\"wpcf7-form-control wpcf7-tel wpcf7-validates-as-required wpcf7-text wpcf7-validates-as-tel\" autocomplete=\"name\" aria-required=\"true\" aria-invalid=\"false\" placeholder=\"Telefon\" value=\"\" type=\"tel\" name=\"tel-10\" \/><\/span>\n\t\t\t<\/p>\n\t\t<\/div>\n\t\t<div class=\"col-quarter\">\n\t\t\t<p><span class=\"wpcf7-form-control-wrap\" data-name=\"email-563\"><input size=\"40\" maxlength=\"400\" class=\"wpcf7-form-control wpcf7-email wpcf7-validates-as-required wpcf7-text wpcf7-validates-as-email\" autocomplete=\"name\" aria-required=\"true\" aria-invalid=\"false\" placeholder=\"E-post\" value=\"\" type=\"email\" name=\"email-563\" \/><\/span>\n\t\t\t<\/p>\n\t\t<\/div>\n\t\t<div class=\"col-quarter\">\n\t\t\t<p><input class=\"wpcf7-form-control wpcf7-submit has-spinner\" type=\"submit\" value=\"SKICKA\" \/>\n\t\t\t<\/p>\n\t\t<\/div>\n\t<span class=\"wpcf7-form-control-wrap recaptcha\" data-name=\"recaptcha\"><span data-sitekey=\"6LeLvXMrAAAAAE38Im_4Oy8glwWIawWAxnTj5xPi\" class=\"wpcf7-form-control wpcf7-recaptcha g-recaptcha\"><\/span>\r\n<noscript>\r\n\t<div class=\"grecaptcha-noscript\">\r\n\t\t<iframe src=\"https:\/\/www.google.com\/recaptcha\/api\/fallback?k=6LeLvXMrAAAAAE38Im_4Oy8glwWIawWAxnTj5xPi\" frameborder=\"0\" scrolling=\"no\" width=\"310\" height=\"430\">\r\n\t\t<\/iframe>\r\n\t\t<textarea name=\"g-recaptcha-response\" rows=\"3\" cols=\"40\" placeholder=\"reCaptcha-svar h\u00e4r\">\r\n\t\t<\/textarea>\r\n\t<\/div>\r\n<\/noscript>\r\n<\/span>\n\t<\/div>\n<\/div><p style=\"display: none !important;\" class=\"akismet-fields-container\" data-prefix=\"_wpcf7_ak_\"><label>&#916;<textarea name=\"_wpcf7_ak_hp_textarea\" cols=\"45\" rows=\"8\" maxlength=\"100\"><\/textarea><\/label><input type=\"hidden\" id=\"ak_js_1\" name=\"_wpcf7_ak_js\" value=\"13\"\/><script type=\"text\/javascript\">\n\/* <![CDATA[ *\/\ndocument.getElementById( \"ak_js_1\" ).setAttribute( \"value\", ( new Date() ).getTime() );\n\/* ]]> *\/\n<\/script>\n<\/p><div class=\"wpcf7-response-output\" aria-hidden=\"true\"><\/div>\n<\/form>\n<\/div>\n\r\n\r\n\t\t<\/div>\n\t\t\t\t\n<style>\n#col-429338299 > .col-inner {\n  margin: 0px 0px -60px 0px;\n}\n<\/style>\n\t<\/div>\n\n\t\r\n\n\t<div id=\"col-1284021364\" class=\"col small-12 large-12\"  >\n\t\t\t\t<div class=\"col-inner\"  >\n\t\t\t\n\t\t\t\r\n\r\n\t<div id=\"text-786834301\" class=\"text\">\n\t\t\r\n\r\n<p>*Vi rekommenderar att fylla i alla f\u00e4lt f\u00f6r att s\u00e4kerst\u00e4lla b\u00e4sta m\u00f6jliga svar.<\/p>\r\n\t\t\n<style>\n#text-786834301 {\n  font-size: 0.85rem;\n  line-height: 1.5;\n}\n@media (min-width:550px) {\n  #text-786834301 {\n    line-height: 0.75;\n  }\n}\n<\/style>\n\t<\/div>\n\t\r\n\r\n\t\t<\/div>\n\t\t\t\t\n<style>\n#col-1284021364 > .col-inner {\n  margin: 0px 0px -40px 0px;\n}\n<\/style>\n\t<\/div>\n\n\t\r\n\r\n<\/div>\r\n\r\n\t\t<\/div>\n\t\t\t\t\n<style>\n#col-482947345 > .col-inner {\n  padding: 0px 0px 0px 0px;\n  margin: 0px 0px -20px 0px;\n}\n@media (min-width:550px) {\n  #col-482947345 > .col-inner {\n    padding: 20px 0px 0px 0px;\n    margin: 0px 0px -66px 0px;\n  }\n}\n<\/style>\n\t<\/div>\n\n\t\r\n\r\n<\/div>\r\n\r\n\t\t<\/div>\n\t\t\t\t\n<style>\n#col-1160547146 > .col-inner {\n  padding: 30px 10px 0px 10px;\n  border-radius: 30px;\n}\n@media (min-width:550px) {\n  #col-1160547146 > .col-inner {\n    padding: 0px 20px 0px 0px;\n  }\n}\n<\/style>\n\t<\/div>\n\n\t\r\n\r\n<\/div>\r\n\r\n\t\t<\/div>\n\n\t\t\n<style>\n#section_1089779515 {\n  padding-top: 30px;\n  padding-bottom: 30px;\n}\n<\/style>\n\t<\/section>\n\t\r\n\n<h2><span class=\"ez-toc-section\" id=\"Mojliga_risker_med_pannlyftskirurgi\"><\/span>M\u00f6jliga risker med pannlyftskirurgi<span class=\"ez-toc-section-end\"><\/span><\/h2>\n<p>Precis som vid alla operationer inneb\u00e4r pannlyftskirurgi vissa risker. Bl\u00e5m\u00e4rken och svullnad efter ingreppet \u00e4r normalt och l\u00e4ker med tiden. Bl\u00f6dning och infektion kan f\u00f6rekomma i mindre \u00e4n 1 % av fallen. Domningar i operationsomr\u00e5det \u00e4r vanligtvis tillf\u00e4lliga men kan i s\u00e4llsynta fall bli permanenta. Sm\u00e4rtan \u00e4r mer uttalad under de f\u00f6rsta dagarna men minskar gradvis. Skador p\u00e5 ansiktsnerverna \u00e4r i regel tillf\u00e4lliga och g\u00e5r ofta tillbaka helt. Dessutom b\u00f6r infektionsrisken beaktas vid denna typ av operationer. Andra potentiella komplikationer vid pann- och temporala lyftprocedurer inkluderar:<\/p>\n<ul>\n<li>Infektion<\/li>\n<li>Bl\u00f6dning<\/li>\n<li>Problem med s\u00e5rl\u00e4kning<\/li>\n<li>K\u00e4nselbortfall eller k\u00e4nself\u00f6r\u00e4ndringar<\/li>\n<li>F\u00f6r\u00e4ndringar i h\u00e5rf\u00e4stet<\/li>\n<li>Asymmetri<\/li>\n<\/ul>\n<p>\u00c4ven om dessa komplikationer \u00e4r s\u00e4llsynta kan erfarenheten hos den plastikkirurg, rekonstruktiv och estetisk kirurg som utf\u00f6r ingreppet i h\u00f6g grad minska riskerna. Att f\u00f6lja dessa rekommendationer hj\u00e4lper dig att ta dig igenom tiden efter operationen p\u00e5 ett smidigt och behagligt s\u00e4tt.<\/p>\n<h2><span class=\"ez-toc-section\" id=\"Aterhamtningsprocess_efter_pann-_och_temporalt_lyft\"><\/span>\u00c5terh\u00e4mtningsprocess efter pann- och temporalt lyft<span class=\"ez-toc-section-end\"><\/span><\/h2>\n<p>\u00c5terh\u00e4mtningsprocessen efter pann- och temporalt lyft varierar fr\u00e5n person till person. Generellt sker en tydlig f\u00f6rb\u00e4ttring inom en till tv\u00e5 veckor. Under denna period \u00e4r kost, vila och stresshantering mycket viktiga. Bl\u00e5m\u00e4rken, sm\u00e4rta och svullnad under \u00e5terh\u00e4mtningen \u00e4r normala. \u00c5terg\u00e5ng till arbete tar vanligtvis tv\u00e5 till tre veckor. Efterv\u00e5rden innefattar:<\/p>\n<ul>\n<li>Att f\u00f6lja l\u00e4karens r\u00e5d om s\u00e5rv\u00e5rd<\/li>\n<li>Att vila och anv\u00e4nda kuddar f\u00f6r att h\u00f6ja huvudet<\/li>\n<li>Att undvika tunga fysiska aktiviteter<\/li>\n<li>Att applicera kalla kompresser f\u00f6r att minska svullnad<\/li>\n<li>Att skydda sig mot sol exponering tills bl\u00e5m\u00e4rkena har f\u00f6rsvunnit<\/li>\n<li>Att g\u00e5 p\u00e5 regelbundna h\u00e4lsokontroller och kontakta l\u00e4karen om n\u00e5gra komplikationer uppst\u00e5r<\/li>\n<\/ul>\n<h2><span class=\"ez-toc-section\" id=\"Nar_kan_pannlyftskirurgi_utforas\"><\/span>N\u00e4r kan pannlyftskirurgi utf\u00f6ras?<span class=\"ez-toc-section-end\"><\/span><\/h2>\n<p>Det finns ingen strikt \u00e5ldersgr\u00e4ns f\u00f6r pannoperationer. Ansiktets tillst\u00e5nd \u00e4r viktigare \u00e4n \u00e5ldern, men dessa operationer rekommenderas vanligtvis efter 40 \u00e5rs \u00e5lder. Vid denna \u00e5lder blir linjer och slapp hud i ansiktet mer uttalade. \u00c4ven om det finns individuella skillnader \u00e4r den b\u00e4sta tiden f\u00f6r dessa ingrepp oftast efter 40.<\/p>\n<h2><span class=\"ez-toc-section\" id=\"Kombination_av_pann-_och_temporalt_lyft\"><\/span>Kombination av pann- och temporalt lyft<span class=\"ez-toc-section-end\"><\/span><\/h2>\n<p>Pann- och temporala lyftoperationer planeras ofta tillsammans. Detta tillv\u00e4gag\u00e5ngss\u00e4tt g\u00f6r det m\u00f6jligt f\u00f6r patienter att behandla b\u00e5da omr\u00e5dena under en och samma session. Efter en unders\u00f6kning fastst\u00e4ller l\u00e4karen den b\u00e4sta behandlingsmetoden f\u00f6r patientens tillst\u00e5nd. Dessutom finns det inga k\u00e4nda biverkningar av att utf\u00f6ra dessa tv\u00e5 procedurer samtidigt.<\/p>\n<h2><span class=\"ez-toc-section\" id=\"Ar_det_sakert_att_gora_pannlyftskirurgi_i_Turkiet\"><\/span>\u00c4r det s\u00e4kert att g\u00f6ra pannlyftskirurgi i Turkiet?<span class=\"ez-toc-section-end\"><\/span><\/h2>\n<div>\n<dl id=\"\">\n<dt><img decoding=\"async\" src=\"https:\/\/candanmezili.com\/wp-content\/uploads\/2022\/06\/candan1-min.png\" alt=\"Dr. Candan Mezili is doing operation in Izmir, Turkey\" width=\"1000\" height=\"667\" title=\"\"><\/dt>\n<dd>Dr. Candan Mezili utf\u00f6r en operation i Izmir, Turkiet<\/dd>\n<\/dl>\n<\/div>\n<p>I Turkiet \u00e4r riskerna med pannlyftskirurgi extremt sm\u00e5. D\u00e4rf\u00f6r \u00e4r det riskfritt att genomg\u00e5 detta ingrepp i Turkiet. Det finns ingen risk f\u00f6r infektion. Det finns inga synliga \u00e4rr eftersom snitten \u00e4r s\u00e5 sm\u00e5.<\/p>\n<p>Det \u00e4r dock mycket viktigt att du f\u00f6ljer l\u00e4karens r\u00e5d. Annars tar det l\u00e4ngre tid f\u00f6r svullnad, \u00f6dem och bl\u00e5m\u00e4rken att g\u00e5 tillbaka och problem kan uppst\u00e5 i suturregionerna.<\/p>\n<p>Ta dina l\u00e4kemedel regelbundet och bes\u00f6k din l\u00e4kare om du beh\u00f6ver ytterligare medicinering. Du m\u00e5ste v\u00e4lja r\u00e4tt l\u00e4kare samt en klinik eller ett sjukhus som erbjuder full service. Om du g\u00f6r detta uppst\u00e5r inga os\u00e4kerhetsproblem.<\/p>\n<h2><span class=\"ez-toc-section\" id=\"Typer_av_pannlyft_i_Turkiet\"><\/span>Typer av pannlyft i Turkiet<span class=\"ez-toc-section-end\"><\/span><\/h2>\n<p>Syftet med ett pannlyft, \u00e4ven kallat brow lift, \u00e4r att f\u00f6rb\u00e4ttra utseendet p\u00e5 pannan och \u00f6gonbrynen. Traditionellt pannlyft, endoskopiskt pannlyft och pannlyft med begr\u00e4nsad incision \u00e4r bland de olika pannlyftsprocedurer som kan utf\u00f6ras i Izmir, Turkiet.<\/p>\n<p>Det traditionella pannlyftet inneb\u00e4r att man g\u00f6r ett snitt l\u00e4ngs h\u00e5rf\u00e4stet och sedan lyfter huden och den underliggande v\u00e4vnaden f\u00f6r att minska rynkor och lyfta \u00f6gonbrynen. Sm\u00e5 snitt och ett endoskop anv\u00e4nds vid endoskopiskt pannlyft, en minimalt invasiv procedur, f\u00f6r att lyfta v\u00e4vnaden. En variant av det standardm\u00e4ssiga pannlyftet, kallat pannlyft med begr\u00e4nsad incision, anv\u00e4nder mindre snitt f\u00f6r att minska \u00e4rrbildning.<\/p>\n<h2><span class=\"ez-toc-section\" id=\"Varfor_ar_pannlyftskirurgi_billig_i_Turkiet\"><\/span>Varf\u00f6r \u00e4r pannlyftskirurgi billig i Turkiet?<span class=\"ez-toc-section-end\"><\/span><\/h2>\n<p>Efter en unders\u00f6kning f\u00f6r att bed\u00f6ma deformiteter i panna och ansikte ger turkiska l\u00e4kare patienten omfattande information om priser f\u00f6r pann- och \u00f6gonbrynslyft.<\/p>\n<p>Eftersom tekniken f\u00f6r pannlyftskirurgi i Turkiet, l\u00e4karens erfarenhet, centret och de procedurer som ska anv\u00e4ndas alla best\u00e4ms inom ramen f\u00f6r individuellt anpassade planer, varierar priserna f\u00f6r pann- och \u00f6gonbrynslyft fr\u00e5n person till person.<\/p>\n<p>Anledningen till att Turkiet \u00e4r billigast i denna kategori \u00e4r dock helt och h\u00e5llet ekonomisk. Den turkiska valutan \u00e4r mindre v\u00e4rd j\u00e4mf\u00f6rt med andra l\u00e4nders valutor. D\u00e4rf\u00f6r har Turkiet positionen som det billigaste alternativet.<\/p>\n<h2><span class=\"ez-toc-section\" id=\"Vad_ar_framgangsgraden_for_pannlyft_i_Turkiet\"><\/span>Vad \u00e4r framg\u00e5ngsgraden f\u00f6r pannlyft i Turkiet?<span class=\"ez-toc-section-end\"><\/span><\/h2>\n<p>En studie av <a href=\"https:\/\/jamanetwork.com\/journals\/jamaotolaryngology\/article-abstract\/612301\" target=\"_blank\" rel=\"noopener\">Dr. Peter A. Adamson<\/a>, som unders\u00f6kte 51 pannlyftsprocedurer, visade en h\u00f6g niv\u00e5 av patientn\u00f6jdhet. Resultaten bestod fr\u00e4mst av ett f\u00f6rb\u00e4ttrat utseende tack vare korrigering av h\u00e4ngande \u00f6gonbryn och glabell\u00e4r ptos samt minskning av rynkor i pannan och glabella. Forskningen lyfte ocks\u00e5 fram flera potentiella risker relaterade till pannlyft. Tillf\u00e4lligt h\u00e5ravfall s\u00e5gs hos en tredjedel av patienterna, medan 8 % upplevde permanent h\u00e5ravfall. Dessutom rapporterades en \u00f6kning av \u00e4rrstorlek i 32 % av fallen. G\u00e4llande domningar i pannan var detta ett permanent problem hos 8 % av patienterna, \u00e4ven om man i allm\u00e4nhet f\u00f6rv\u00e4ntar sig att nervregeneration sker \u00f6ver tid, vilket l\u00f6ser domningarna i de flesta fall.<\/p>\n<h2><span class=\"ez-toc-section\" id=\"Hur_manga_personer_far_pannlyft_i_Turkiet\"><\/span>Hur m\u00e5nga personer f\u00e5r pannlyft i Turkiet?<span class=\"ez-toc-section-end\"><\/span><\/h2>\n<p>Enligt <a href=\"https:\/\/www.plasticsurgery.org\/news\/plastic-surgery-statistics\" target=\"_blank\" rel=\"noopener\">American Society of Plastic Surgeons<\/a> uppgick antalet pannlyftsprocedurer som utf\u00f6rdes 2022 till 13 318. Denna siffra motsvarar en minskning p\u00e5 17 % j\u00e4mf\u00f6rt med f\u00f6reg\u00e5ende \u00e5r. Pannlyft, \u00e4ven k\u00e4nda som brow lifts, \u00e4r kosmetiska operationer som syftar till att lyfta h\u00e4ngande \u00f6gonbryn och ta bort pannrynkor. Dessa statistikdata \u00e5terspeglar en specifik trend i preferenser f\u00f6r kosmetisk kirurgi och indikerar en liten nedg\u00e5ng i populariteten eller behovet av pannlyft under 2022 j\u00e4mf\u00f6rt med \u00e5ret dessf\u00f6rinnan.<\/p>\n<h2><span class=\"ez-toc-section\" id=\"Hur_mycket_kostar_pannlyft_i_Izmir_Turkiet\"><\/span>Hur mycket kostar pannlyft i Izmir, Turkiet?<span class=\"ez-toc-section-end\"><\/span><\/h2>\n<div>\n<dl id=\"\">\n<dt><img decoding=\"async\" src=\"https:\/\/candanmezili.com\/wp-content\/uploads\/2023\/02\/candan-menzili-operation-packages.jpg\" alt=\"All-inclusive-package for cosmetic surgery in Turkey\" width=\"1080\" height=\"608\" title=\"\"><\/dt>\n<dd>All-inclusive-paket f\u00f6r kosmetisk kirurgi i Turkiet<\/dd>\n<\/dl>\n<\/div>\n<table>\n<thead>\n<tr>\n<th>Country<\/th>\n<th>Average Cost of Forehead Lift Surgery (EUR)<\/th>\n<\/tr>\n<\/thead>\n<tbody>\n<tr>\n<td>Germany<\/td>\n<td>\u20ac10,000 &#8211; \u20ac30,000<\/td>\n<\/tr>\n<tr>\n<td>United Kingdom<\/td>\n<td>\u20ac8,000 &#8211; \u20ac20,000<\/td>\n<\/tr>\n<tr>\n<td>France<\/td>\n<td>\u20ac9,000 &#8211; \u20ac24,000<\/td>\n<\/tr>\n<tr>\n<td>Italy<\/td>\n<td>\u20ac8,000 &#8211; \u20ac20,000<\/td>\n<\/tr>\n<tr>\n<td>Spain<\/td>\n<td>\u20ac7,000 &#8211; \u20ac18,000<\/td>\n<\/tr>\n<tr>\n<td>Netherlands<\/td>\n<td>\u20ac10,000 &#8211; \u20ac30,000<\/td>\n<\/tr>\n<tr>\n<td>Switzerland<\/td>\n<td>\u20ac12,000 &#8211; \u20ac36,000<\/td>\n<\/tr>\n<tr>\n<td>Belgium<\/td>\n<td>\u20ac9,000 &#8211; \u20ac24,000<\/td>\n<\/tr>\n<tr>\n<td>Turkey<\/td>\n<td>\u20ac3,000 &#8211; \u20ac4,000<\/td>\n<\/tr>\n<\/tbody>\n<\/table>\n<p>Det finns m\u00e5nga l\u00e4kare i Izmir som \u00e4r experter inom detta omr\u00e5de, \u00e4ven om kostnaden f\u00f6r pannlyftskirurgi i Izmir, Turkiet, varierar beroende p\u00e5 sjukhuset d\u00e4r operationen utf\u00f6rs och kirurgen som utf\u00f6r ingreppet.<\/p>\n<p>Idag kan m\u00e4nniskor snabbt vidarebefordra sina klagom\u00e5l om sitt utseende till r\u00e4tt instanser och p\u00e5b\u00f6rja en behandlingsprocess. Izmir har en viktig position inom m\u00e5nga olika omr\u00e5den, inklusive h\u00e4lsosektorn.<\/p>\n<p>Izmir framst\u00e5r som en betydelsefull stad p\u00e5 detta omr\u00e5de om du vill f\u00e5 b\u00e4sta m\u00f6jliga v\u00e5rd och behandling. Beroende p\u00e5 proceduren kan priserna variera.<\/p>\n<p>Du kan tala med v\u00e5ra l\u00e4kare, som \u00e4r professionella inom sina omr\u00e5den, om du vill l\u00e4ra dig mer om kostnaden f\u00f6r pannlyftskirurgi i Izmir.<\/p>\n<h3 class=\"accordion_title\"><span class=\"ez-toc-section\" id=\"Frequently_Asked_Questions\"><\/span>Frequently Asked Questions<span class=\"ez-toc-section-end\"><\/span><\/h3><div class=\"accordion\">\n\t<div id=\"accordion-3982910793\" class=\"accordion-item\">\n\t\t<a id=\"accordion-3982910793-label\" class=\"accordion-title plain\" href=\"#accordion-item-in-which-situations-is-a-forehead-lift-surgery-preferred?\" aria-expanded=\"false\" aria-controls=\"accordion-3982910793-content\">\n\t\t\t<button class=\"toggle\" aria-label=\"Toggle\"><i class=\"icon-angle-down\" aria-hidden=\"true\"><\/i><\/button>\n\t\t\t<h3 class=\"accordion-heading\" role=\"heading\" aria-level=\"3\"><span class=\"ez-toc-section\" id=\"In_which_situations_is_a_forehead_lift_surgery_preferred\"><\/span>In which situations is a forehead lift surgery preferred?<span class=\"ez-toc-section-end\"><\/span><\/h3>\n\t\t<\/a>\n\t\t<div id=\"accordion-3982910793-content\" class=\"accordion-inner\" aria-labelledby=\"accordion-3982910793-label\">\n\t\t\t\n<p>Forehead lift surgery is generally preferred for individuals with drooping eyebrows (brow ptosis), deep forehead wrinkles, frowning lines between the eyebrows, or sagging in the temple area (temple drooping). This procedure is performed to correct low-set eyebrows that create a tired, sad, or angry facial expression and to provide a younger, more refreshed appearance. Additionally, when low eyebrows obstruct the upper field of vision, lifting the eyebrows can improve visual function. It also offers an aesthetic solution for young individuals with congenitally low-set eyebrows that give a downcast expression.<\/p>\n\t\t<\/div>\n\t<\/div>\n\t\n\t<div id=\"accordion-406700770\" class=\"accordion-item\">\n\t\t<a id=\"accordion-406700770-label\" class=\"accordion-title plain\" href=\"#accordion-item-does-this-surgery-affect-the-position-of-the-eyebrows?\" aria-expanded=\"false\" aria-controls=\"accordion-406700770-content\">\n\t\t\t<button class=\"toggle\" aria-label=\"Toggle\"><i class=\"icon-angle-down\" aria-hidden=\"true\"><\/i><\/button>\n\t\t\t<h3 class=\"accordion-heading\" role=\"heading\" aria-level=\"3\"><span class=\"ez-toc-section\" id=\"Does_this_surgery_affect_the_position_of_the_eyebrows\"><\/span>Does this surgery affect the position of the eyebrows?<span class=\"ez-toc-section-end\"><\/span><\/h3>\n\t\t<\/a>\n\t\t<div id=\"accordion-406700770-content\" class=\"accordion-inner\" aria-labelledby=\"accordion-406700770-label\">\n\t\t\t\n<p>Yes, a forehead lift surgery, also known as a brow lift, elevates the eyebrows to a more youthful position. Studies have proven that endoscopic brow lift results in a significant increase in eyebrow height with long-lasting results. Additionally, this procedure corrects forehead wrinkles and tightens sagging skin, improving the overall appearance of the upper face.<\/p>\n\t\t<\/div>\n\t<\/div>\n\t\n\t<div id=\"accordion-708185660\" class=\"accordion-item\">\n\t\t<a id=\"accordion-708185660-label\" class=\"accordion-title plain\" href=\"#accordion-item-what-techniques-are-used-during-a-forehead-lift-procedure?\" aria-expanded=\"false\" aria-controls=\"accordion-708185660-content\">\n\t\t\t<button class=\"toggle\" aria-label=\"Toggle\"><i class=\"icon-angle-down\" aria-hidden=\"true\"><\/i><\/button>\n\t\t\t<h3 class=\"accordion-heading\" role=\"heading\" aria-level=\"3\"><span class=\"ez-toc-section\" id=\"What_techniques_are_used_during_a_forehead_lift_procedure\"><\/span>What techniques are used during a forehead lift procedure?<span class=\"ez-toc-section-end\"><\/span><\/h3>\n\t\t<\/a>\n\t\t<div id=\"accordion-708185660-content\" class=\"accordion-inner\" aria-labelledby=\"accordion-708185660-label\">\n\t\t\t\n<p>Various techniques are employed in forehead lift surgery. Endoscopic forehead lift involves making small incisions behind the hairline and repositioning tissues with the aid of an endoscope, offering minimal scarring and a short recovery period. Coronal forehead lift requires a longer incision in the scalp, providing a significant lift but with a higher risk of scarring and longer recovery time. Trichophytic forehead lift is performed by making an incision behind the hairline to remove a portion of the forehead skin, with the scars concealed among the hair. Temporal forehead lift uses incisions made within the hairline to slightly elevate the outer portion of the eyebrows, offering low risk and rapid recovery. Trans-blepharoplasty forehead lift is performed through an upper eyelid incision to lift the outer brow and is often combined with eyelid surgery. One of the non-surgical options, neurotoxin injections, temporarily weakens the muscles that pull the eyebrows downward to provide a mild lift. The choice of technique is based on the patient&#8217;s anatomy, aesthetic goals, and the required degree of correction.<\/p>\n\t\t<\/div>\n\t<\/div>\n\t\n\t<div id=\"accordion-3649185610\" class=\"accordion-item\">\n\t\t<a id=\"accordion-3649185610-label\" class=\"accordion-title plain\" href=\"#accordion-item-are-scars-visible-in-the-forehead-area-after-surgery?\" aria-expanded=\"false\" aria-controls=\"accordion-3649185610-content\">\n\t\t\t<button class=\"toggle\" aria-label=\"Toggle\"><i class=\"icon-angle-down\" aria-hidden=\"true\"><\/i><\/button>\n\t\t\t<h3 class=\"accordion-heading\" role=\"heading\" aria-level=\"3\"><span class=\"ez-toc-section\" id=\"Are_scars_visible_in_the_forehead_area_after_surgery\"><\/span>Are scars visible in the forehead area after surgery?<span class=\"ez-toc-section-end\"><\/span><\/h3>\n\t\t<\/a>\n\t\t<div id=\"accordion-3649185610-content\" class=\"accordion-inner\" aria-labelledby=\"accordion-3649185610-label\">\n\t\t\t\n<p>The visibility of scars after a forehead lift depends on the surgical technique used and individual healing factors. In an endoscopic forehead lift, the small incisions made within the hairline generally result in minimal scarring that becomes less noticeable over time. In contrast, longer incisions used in traditional methods may lead to more visible scars; however, these are usually concealed by the hairline. Proper post-operative care, sun protection, and adherence to your surgeon\u2019s instructions play an important role in reducing scar visibility. Overall, scars tend to fade significantly and become less noticeable within a few months to a year.<\/p>\n\t\t<\/div>\n\t<\/div>\n\t\n\t<div id=\"accordion-2449092019\" class=\"accordion-item\">\n\t\t<a id=\"accordion-2449092019-label\" class=\"accordion-title plain\" href=\"#accordion-item-how-long-do-the-results-of-a-forehead-lift-last?\" aria-expanded=\"false\" aria-controls=\"accordion-2449092019-content\">\n\t\t\t<button class=\"toggle\" aria-label=\"Toggle\"><i class=\"icon-angle-down\" aria-hidden=\"true\"><\/i><\/button>\n\t\t\t<h3 class=\"accordion-heading\" role=\"heading\" aria-level=\"3\"><span class=\"ez-toc-section\" id=\"How_long_do_the_results_of_a_forehead_lift_last\"><\/span>How long do the results of a forehead lift last?<span class=\"ez-toc-section-end\"><\/span><\/h3>\n\t\t<\/a>\n\t\t<div id=\"accordion-2449092019-content\" class=\"accordion-inner\" aria-labelledby=\"accordion-2449092019-label\">\n\t\t\t\n<p>The results of a forehead lift surgery generally last between 5 and 10 years, and in some patients, this period may be even longer. The longevity of the results depends on the surgical technique used, skin quality, the aging process, and lifestyle factors such as sun exposure or smoking. For example, the less invasive endoscopic forehead lift may offer a faster recovery but may not be as long-lasting as the traditional coronal forehead lift. A healthy lifestyle and proper skin care can help extend the effects of the surgery.<\/p>\n\t\t<\/div>\n\t<\/div>\n\t\n<\/div>\n<div><h2><span class=\"ez-toc-section\" id=\"Recensioner\"><\/span> Recensioner<span class=\"ez-toc-section-end\"><\/span><\/h2>\r\n<script defer async src='https:\/\/cdn.trustindex.io\/loader.js?a9e218c436f3563bae66a627d77'><\/script>\r\n<\/div>\n<p>&nbsp;<\/p>\n<h2><span class=\"ez-toc-section\" id=\"Vara_certifikat\"><\/span>V\u00e5ra certifikat<span class=\"ez-toc-section-end\"><\/span><\/h2>\n\t\t<\/div>\n\t\t\t\t\t<\/div>\n\n\t\n\n\t<div id=\"col-1277985191\" class=\"col medium-3 small-6 large-3\"  >\n\t\t\t\t<div class=\"col-inner\"  >\n\t\t\t\n\t\t\t\n\t<div class=\"img has-hover x md-x lg-x y md-y lg-y\" id=\"image_1205317438\">\n\t\t\t\t\t\t\t\t<div class=\"img-inner dark\" >\n\t\t\t<img decoding=\"async\" width=\"500\" height=\"200\" src=\"https:\/\/candanmezili.com\/wp-content\/uploads\/2022\/08\/bakanlik-1.png\" class=\"attachment-large size-large\" alt=\"\" srcset=\"https:\/\/candanmezili.com\/wp-content\/uploads\/2022\/08\/bakanlik-1.png 500w, https:\/\/candanmezili.com\/wp-content\/uploads\/2022\/08\/bakanlik-1-300x120.png 300w\" sizes=\"(max-width: 500px) 100vw, 500px\" title=\"\">\t\t\t\t\t\t\n\t\t\t\t\t<\/div>\n\t\t\t\t\t\t\t\t\n<style>\n#image_1205317438 {\n  width: 100%;\n}\n<\/style>\n\t<\/div>\n\t\n\t\t<\/div>\n\t\t\t\t\t<\/div>\n\n\t\n\n\t<div id=\"col-171740568\" class=\"col medium-3 small-6 large-3\"  >\n\t\t\t\t<div class=\"col-inner\"  >\n\t\t\t\n\t\t\t\n\t<div class=\"img has-hover x md-x lg-x y md-y lg-y\" id=\"image_1961251439\">\n\t\t\t\t\t\t\t\t<div class=\"img-inner dark\" >\n\t\t\t<img decoding=\"async\" width=\"500\" height=\"200\" src=\"https:\/\/candanmezili.com\/wp-content\/uploads\/2022\/08\/isaps-1.png\" class=\"attachment-large size-large\" alt=\"\" srcset=\"https:\/\/candanmezili.com\/wp-content\/uploads\/2022\/08\/isaps-1.png 500w, https:\/\/candanmezili.com\/wp-content\/uploads\/2022\/08\/isaps-1-300x120.png 300w\" sizes=\"(max-width: 500px) 100vw, 500px\" title=\"\">\t\t\t\t\t\t\n\t\t\t\t\t<\/div>\n\t\t\t\t\t\t\t\t\n<style>\n#image_1961251439 {\n  width: 100%;\n}\n<\/style>\n\t<\/div>\n\t\n\t\t<\/div>\n\t\t\t\t\t<\/div>\n\n\t\n\n\t<div id=\"col-1883043279\" class=\"col medium-3 small-6 large-3\"  >\n\t\t\t\t<div class=\"col-inner\"  >\n\t\t\t\n\t\t\t\n\t<div class=\"img has-hover x md-x lg-x y md-y lg-y\" id=\"image_104466164\">\n\t\t\t\t\t\t\t\t<div class=\"img-inner dark\" >\n\t\t\t<img decoding=\"async\" width=\"500\" height=\"200\" src=\"https:\/\/candanmezili.com\/wp-content\/uploads\/2022\/08\/jci-1.png\" class=\"attachment-large size-large\" alt=\"\" srcset=\"https:\/\/candanmezili.com\/wp-content\/uploads\/2022\/08\/jci-1.png 500w, https:\/\/candanmezili.com\/wp-content\/uploads\/2022\/08\/jci-1-300x120.png 300w\" sizes=\"(max-width: 500px) 100vw, 500px\" title=\"\">\t\t\t\t\t\t\n\t\t\t\t\t<\/div>\n\t\t\t\t\t\t\t\t\n<style>\n#image_104466164 {\n  width: 100%;\n}\n<\/style>\n\t<\/div>\n\t\n\t\t<\/div>\n\t\t\t\t\t<\/div>\n\n\t\n\n\t<div id=\"col-1121069471\" class=\"col medium-3 small-6 large-3\"  >\n\t\t\t\t<div class=\"col-inner\"  >\n\t\t\t\n\t\t\t\n\t<div class=\"img has-hover x md-x lg-x y md-y lg-y\" id=\"image_847683896\">\n\t\t\t\t\t\t\t\t<div class=\"img-inner dark\" >\n\t\t\t<img decoding=\"async\" width=\"500\" height=\"200\" src=\"https:\/\/candanmezili.com\/wp-content\/uploads\/2022\/08\/dernek-1.png\" class=\"attachment-large size-large\" alt=\"\" srcset=\"https:\/\/candanmezili.com\/wp-content\/uploads\/2022\/08\/dernek-1.png 500w, https:\/\/candanmezili.com\/wp-content\/uploads\/2022\/08\/dernek-1-300x120.png 300w\" sizes=\"(max-width: 500px) 100vw, 500px\" title=\"\">\t\t\t\t\t\t\n\t\t\t\t\t<\/div>\n\t\t\t\t\t\t\t\t\n<style>\n#image_847683896 {\n  width: 100%;\n}\n<\/style>\n\t<\/div>\n\t\n\t\t<\/div>\n\t\t\t\t\t<\/div>\n\n\t\n<\/div>\n","protected":false},"excerpt":{"rendered":"","protected":false},"author":2,"featured_media":42326,"parent":42222,"menu_order":0,"comment_status":"open","ping_status":"closed","template":"","meta":{"inline_featured_image":false,"footnotes":""},"class_list":["post-42417","page","type-page","status-publish","has-post-thumbnail","hentry"],"_links":{"self":[{"href":"https:\/\/candanmezili.com\/sv\/wp-json\/wp\/v2\/pages\/42417","targetHints":{"allow":["GET"]}}],"collection":[{"href":"https:\/\/candanmezili.com\/sv\/wp-json\/wp\/v2\/pages"}],"about":[{"href":"https:\/\/candanmezili.com\/sv\/wp-json\/wp\/v2\/types\/page"}],"author":[{"embeddable":true,"href":"https:\/\/candanmezili.com\/sv\/wp-json\/wp\/v2\/users\/2"}],"replies":[{"embeddable":true,"href":"https:\/\/candanmezili.com\/sv\/wp-json\/wp\/v2\/comments?post=42417"}],"version-history":[{"count":4,"href":"https:\/\/candanmezili.com\/sv\/wp-json\/wp\/v2\/pages\/42417\/revisions"}],"predecessor-version":[{"id":43301,"href":"https:\/\/candanmezili.com\/sv\/wp-json\/wp\/v2\/pages\/42417\/revisions\/43301"}],"up":[{"embeddable":true,"href":"https:\/\/candanmezili.com\/sv\/wp-json\/wp\/v2\/pages\/42222"}],"wp:featuredmedia":[{"embeddable":true,"href":"https:\/\/candanmezili.com\/sv\/wp-json\/wp\/v2\/media\/42326"}],"wp:attachment":[{"href":"https:\/\/candanmezili.com\/sv\/wp-json\/wp\/v2\/media?parent=42417"}],"curies":[{"name":"wp","href":"https:\/\/api.w.org\/{rel}","templated":true}]}}